{"id":10400,"date":"2025-06-25T08:07:08","date_gmt":"2025-06-25T08:07:08","guid":{"rendered":"https:\/\/oftalmedic.rwdesarrollos.es\/principales-afecciones-visuales\/"},"modified":"2025-06-25T08:07:10","modified_gmt":"2025-06-25T08:07:10","slug":"principales-afecciones-visuales","status":"publish","type":"page","link":"https:\/\/oftalmedic.es\/de\/principales-afecciones-visuales\/","title":{"rendered":"Wichtigste visuelle Bedingungen"},"content":{"rendered":"[vc_row type=&#8220;full_width_background&#8220; full_screen_row_position=&#8220;middle&#8220; column_margin=&#8220;default&#8220; column_direction=&#8220;default&#8220; column_direction_tablet=&#8220;default&#8220; column_direction_phone=&#8220;default&#8220; scene_position=&#8220;center&#8220; top_padding=&#8220;80&#8243; text_color=&#8220;dark&#8220; text_align=&#8220;center&#8220; row_border_radius=&#8220;none&#8220; row_border_radius_applies=&#8220;bg&#8220; overlay_strength=&#8220;0.3&#8243; gradient_direction=&#8220;left_to_right&#8220; shape_divider_color=&#8220;#c9d6e8&#8243; shape_divider_position=&#8220;bottom&#8220; shape_divider_height=&#8220;100&#8243; bg_image_animation=&#8220;none&#8220; shape_type=&#8220;mountains&#8220;][vc_column column_padding=&#8220;no-extra-padding&#8220; column_padding_tablet=&#8220;inherit&#8220; column_padding_phone=&#8220;inherit&#8220; column_padding_position=&#8220;all&#8220; background_color_opacity=&#8220;1&#8243; background_hover_color_opacity=&#8220;1&#8243; column_shadow=&#8220;none&#8220; column_border_radius=&#8220;none&#8220; column_link_target=&#8220;_self&#8220; gradient_direction=&#8220;left_to_right&#8220; overlay_strength=&#8220;0.3&#8243; width=&#8220;1\/1&#8243; tablet_width_inherit=&#8220;default&#8220; tablet_text_alignment=&#8220;default&#8220; phone_text_alignment=&#8220;default&#8220; column_border_width=&#8220;none&#8220; column_border_style=&#8220;solid&#8220; bg_image_animation=&#8220;none&#8220;][split_line_heading animation_type=&#8220;default&#8220;]\n<h1>Wichtigste visuelle Bedingungen<\/h1>\n[\/split_line_heading][\/vc_column][\/vc_row][vc_row type=&#8220;in_container&#8220; full_screen_row_position=&#8220;middle&#8220; column_margin=&#8220;default&#8220; column_direction=&#8220;default&#8220; column_direction_tablet=&#8220;default&#8220; column_direction_phone=&#8220;default&#8220; scene_position=&#8220;center&#8220; text_color=&#8220;dark&#8220; text_align=&#8220;left&#8220; row_border_radius=&#8220;none&#8220; row_border_radius_applies=&#8220;bg&#8220; overlay_strength=&#8220;0.3&#8243; gradient_direction=&#8220;left_to_right&#8220; shape_divider_position=&#8220;bottom&#8220; bg_image_animation=&#8220;none&#8220;][vc_column column_padding=&#8220;no-extra-padding&#8220; column_padding_tablet=&#8220;inherit&#8220; column_padding_phone=&#8220;inherit&#8220; column_padding_position=&#8220;all&#8220; background_color_opacity=&#8220;1&#8243; background_hover_color_opacity=&#8220;1&#8243; column_shadow=&#8220;none&#8220; column_border_radius=&#8220;none&#8220; column_link_target=&#8220;_self&#8220; gradient_direction=&#8220;left_to_right&#8220; overlay_strength=&#8220;0.3&#8243; width=&#8220;1\/1&#8243; tablet_width_inherit=&#8220;default&#8220; tablet_text_alignment=&#8220;default&#8220; phone_text_alignment=&#8220;default&#8220; column_border_width=&#8220;none&#8220; column_border_style=&#8220;solid&#8220; bg_image_animation=&#8220;none&#8220;][divider line_type=&#8220;No Line&#8220;][\/vc_column][\/vc_row][vc_row type=&#8220;in_container&#8220; full_screen_row_position=&#8220;middle&#8220; column_margin=&#8220;default&#8220; column_direction=&#8220;default&#8220; column_direction_tablet=&#8220;default&#8220; column_direction_phone=&#8220;default&#8220; scene_position=&#8220;center&#8220; text_color=&#8220;dark&#8220; text_align=&#8220;left&#8220; row_border_radius=&#8220;none&#8220; row_border_radius_applies=&#8220;bg&#8220; overlay_strength=&#8220;0.3&#8243; gradient_direction=&#8220;left_to_right&#8220; shape_divider_position=&#8220;bottom&#8220; bg_image_animation=&#8220;none&#8220;][vc_column column_padding=&#8220;no-extra-padding&#8220; column_padding_tablet=&#8220;inherit&#8220; column_padding_phone=&#8220;inherit&#8220; column_padding_position=&#8220;all&#8220; background_color_opacity=&#8220;1&#8243; background_hover_color_opacity=&#8220;1&#8243; column_shadow=&#8220;none&#8220; column_border_radius=&#8220;none&#8220; column_link_target=&#8220;_self&#8220; gradient_direction=&#8220;left_to_right&#8220; overlay_strength=&#8220;0.3&#8243; width=&#8220;1\/1&#8243; tablet_width_inherit=&#8220;default&#8220; tablet_text_alignment=&#8220;default&#8220; phone_text_alignment=&#8220;default&#8220; column_border_width=&#8220;none&#8220; column_border_style=&#8220;solid&#8220; bg_image_animation=&#8220;none&#8220;][vc_column_text]Viele Menschen haben die Angewohnheit, nur dann zum Augenarzt zu gehen, wenn sie unter Sehst\u00f6rungen leiden. Die Pr\u00e4vention ist jedoch unerl\u00e4sslich, um eine bessere Behandlung und Prognose von Seherkrankungen zu gew\u00e4hrleisten. Aus diesem Grund ist es ratsam, regelm\u00e4\u00dfig zum Facharzt zu gehen, um sich <strong>augen\u00e4rztlich untersuchen<\/strong> zu lassen. Es sollte nicht vergessen werden, dass Augenkrankheiten alle Altersgruppen betreffen.   <\/p>\n<ul>\n<li>In der Kindheit<\/li>\n<\/ul>\n<p>Das angegebene Alter f\u00fcr den Beginn regelm\u00e4\u00dfiger Vorsorgeuntersuchungen betr\u00e4gt 3 Jahre. Im Falle einer Ver\u00e4nderung des Sehverm\u00f6gens oder wenn eine Familienanamnese genetischer Grundlagen vorliegt, sollten Sie jedoch so schnell wie m\u00f6glich einen Augenarzt konsultieren. <\/p>\n<ul>\n<li>In der Jugend<\/li>\n<\/ul>\n<p><a href=\"https:\/\/oftalmedic.es\/de\/cirugia-refractiva\/\" target=\"_blank\" rel=\"noopener\"><strong>Refraktionsfehler<\/strong><\/a> (Kurzsichtigkeit, Weitsichtigkeit und Astigmatismus) sind die h\u00e4ufigsten Probleme. Obwohl es keine verl\u00e4sslichen Daten \u00fcber den Zusammenhang zwischen Kurzsichtigkeit und der Nutzung elektronischer Ger\u00e4te gibt, ist die Wahrheit, dass die Zeit, die mit dem Kontakt von Menschen aus n\u00e4chster N\u00e4he verbracht wird, erheblich zunimmt. In jedem Fall ist es wichtig, sie verantwortungsbewusst zu verwenden, um eine m\u00f6gliche Verschlechterung des visuellen Systems zu vermeiden.  <\/p>\n<ul>\n<li>Im Erwachsenenalter<\/li>\n<\/ul>\n<p>Eine der h\u00e4ufigsten Pathologien ist <a href=\"https:\/\/oftalmedic.es\/de\/cataratas\/\" target=\"_blank\" rel=\"noopener noreferrer\"><strong>der Graue Star.<\/strong><\/a> Tats\u00e4chlich tragen der Anstieg der Lebenserwartung und die Alterung der Bev\u00f6lkerung zu ihrer zunehmenden Pr\u00e4valenz bei. Es ist auch die h\u00e4ufigste Ursache f\u00fcr <strong>Sehbehinderungen<\/strong> in der Welt. Sie tritt als Folge des fortschreitenden Verlusts der Transparenz der kristallinen Linse auf, die die nat\u00fcrliche Linse des Auges ist.[\/vc_column_text][\/vc_column][\/vc_row][vc_row type=&#8220;in_container&#8220; full_screen_row_position=&#8220;middle&#8220; column_margin=&#8220;default&#8220; column_direction=&#8220;default&#8220; column_direction_tablet=&#8220;default&#8220; column_direction_phone=&#8220;default&#8220; scene_position=&#8220;center&#8220; top_padding=&#8220;20&#8243; text_color=&#8220;dark&#8220; text_align=&#8220;center&#8220; row_border_radius=&#8220;none&#8220; row_border_radius_applies=&#8220;bg&#8220; class=&#8220;todas&#8220; id=&#8220;sub-menu-afecciones&#8220; overlay_strength=&#8220;0.3&#8243; gradient_direction=&#8220;left_to_right&#8220; shape_divider_color=&#8220;#c9d6e8&#8243; shape_divider_position=&#8220;bottom&#8220; shape_divider_height=&#8220;100&#8243; bg_image_animation=&#8220;none&#8220; shape_type=&#8220;mountains&#8220;][vc_column column_padding=&#8220;no-extra-padding&#8220; column_padding_tablet=&#8220;inherit&#8220; column_padding_phone=&#8220;inherit&#8220; column_padding_position=&#8220;all&#8220; background_color_opacity=&#8220;1&#8243; background_hover_color_opacity=&#8220;1&#8243; column_shadow=&#8220;none&#8220; column_border_radius=&#8220;none&#8220; column_link_target=&#8220;_self&#8220; gradient_direction=&#8220;left_to_right&#8220; overlay_strength=&#8220;0.3&#8243; width=&#8220;1\/1&#8243; tablet_width_inherit=&#8220;default&#8220; tablet_text_alignment=&#8220;default&#8220; phone_text_alignment=&#8220;default&#8220; column_border_width=&#8220;none&#8220; column_border_style=&#8220;solid&#8220; bg_image_animation=&#8220;none&#8220;][page_submenu alignment=&#8220;center&#8220; bg_color=&#8220;&#8220;][page_link link_url=&#8220;\/principales-afecciones-visuales\/&#8220; title=&#8220;Alle anzeigen&#8220; id=&#8220;1614244730524-3&#8243; tab_id=&#8220;1614244730527-6&#8243;] [\/page_link][page_link link_url=&#8220;\/principales-afecciones-visuales\/infancia&#8220; title=&#8220;Fr\u00fche Kindheit&#8220; id=&#8220;1614244730600-3&#8243; tab_id=&#8220;1614244730602-2&#8243;] [\/page_link][page_link link_url=&#8220;\/principales-afecciones-visuales\/adolescencia&#8220; title=&#8220;Adoleszenz&#8220; id=&#8220;1614244730629-6&#8243; tab_id=&#8220;1614244730631-9&#8243;] [\/page_link][page_link link_url=&#8220;\/principales-afecciones-visuales\/edad-adulta&#8220; title=&#8220;Erwachsensein&#8220; id=&#8220;1614244730671-5&#8243; tab_id=&#8220;1614244730673-3&#8243;] [\/page_link][page_link link_url=&#8220;\/principales-afecciones-visuales\/tercera-edad\/&#8220; title=&#8220;\u00c4ltlich&#8220; id=&#8220;1614244730719-2&#8243; tab_id=&#8220;1614244730720-9&#8243;] [\/page_link][\/page_submenu][\/vc_column][\/vc_row][vc_row type=&#8220;full_width_background&#8220; full_screen_row_position=&#8220;middle&#8220; column_margin=&#8220;default&#8220; column_direction=&#8220;default&#8220; column_direction_tablet=&#8220;default&#8220; column_direction_phone=&#8220;default&#8220; scene_position=&#8220;center&#8220; top_padding=&#8220;30&#8243; bottom_padding=&#8220;80&#8243; text_color=&#8220;dark&#8220; text_align=&#8220;left&#8220; row_border_radius=&#8220;none&#8220; row_border_radius_applies=&#8220;bg&#8220; id=&#8220;principales-afecciones-links&#8220; overlay_strength=&#8220;0.3&#8243; gradient_direction=&#8220;left_to_right&#8220; shape_divider_position=&#8220;bottom&#8220; bg_image_animation=&#8220;none&#8220; shape_type=&#8220;&#8220;][vc_column column_padding=&#8220;no-extra-padding&#8220; column_padding_tablet=&#8220;inherit&#8220; column_padding_phone=&#8220;inherit&#8220; column_padding_position=&#8220;all&#8220; background_color_opacity=&#8220;1&#8243; background_hover_color_opacity=&#8220;1&#8243; column_shadow=&#8220;none&#8220; column_border_radius=&#8220;none&#8220; column_link_target=&#8220;_self&#8220; gradient_direction=&#8220;left_to_right&#8220; overlay_strength=&#8220;0.3&#8243; width=&#8220;1\/3&#8243; tablet_width_inherit=&#8220;default&#8220; tablet_text_alignment=&#8220;default&#8220; phone_text_alignment=&#8220;default&#8220; column_border_width=&#8220;none&#8220; column_border_style=&#8220;solid&#8220; bg_image_animation=&#8220;none&#8220;]<div class=\"nectar-fancy-ul\" data-list-icon=\"fa fa-angle-right\" data-animation=\"true\" data-animation-delay=\"0\" data-color=\"accent-color\" data-spacing=\"default\" data-alignment=\"left\"> \n<ul>\n<li><a href=\"?page_id=4254\">Makula-Loch<\/a><\/li>\n<li><a href=\"?page_id=4254\">Astigmatismus<\/a><\/li>\n<li><a href=\"?page_id=4254\">Blepharitis<\/a><\/li>\n<li><a href=\"?page_id=4254\">Tr\u00e4nens\u00e4cke auf den Augenlidern<\/a><\/li>\n<li><a href=\"?page_id=4257\">St\u00fcrze<\/a><\/li>\n<li><a href=\"?page_id=4314\">Angeborener Grauer Star<\/a><\/li>\n<li><a href=\"?page_id=4206\">Bindehautentz\u00fcndung<\/a><\/li>\n<li><a href=\"?page_id=4254\">Dakryozystitis<\/a><\/li>\n<li><a href=\"?page_id=4314\">Farbenblindheit<\/a><\/li>\n<li><a href=\"?page_id=4257\">Altersbedingte Makuladegeneration<\/a><\/li>\n<li><a href=\"?page_id=4254\">Netzhautabl\u00f6sung<\/a><\/li>\n<li><a href=\"?page_id=4254\">Hintere Glask\u00f6rperabl\u00f6sung<\/a><\/li>\n<li><a href=\"?page_id=4254\">Ektropium und Entropium<\/a><\/li>\n<\/ul>\n <\/div>[\/vc_column][vc_column column_padding=&#8220;no-extra-padding&#8220; column_padding_tablet=&#8220;inherit&#8220; column_padding_phone=&#8220;inherit&#8220; column_padding_position=&#8220;all&#8220; background_color_opacity=&#8220;1&#8243; background_hover_color_opacity=&#8220;1&#8243; column_shadow=&#8220;none&#8220; column_border_radius=&#8220;none&#8220; column_link_target=&#8220;_self&#8220; gradient_direction=&#8220;left_to_right&#8220; overlay_strength=&#8220;0.3&#8243; width=&#8220;1\/3&#8243; tablet_width_inherit=&#8220;default&#8220; tablet_text_alignment=&#8220;default&#8220; phone_text_alignment=&#8220;default&#8220; column_border_width=&#8220;none&#8220; column_border_style=&#8220;solid&#8220; bg_image_animation=&#8220;none&#8220;]<div class=\"nectar-fancy-ul\" data-list-icon=\"fa fa-angle-right\" data-animation=\"true\" data-animation-delay=\"0\" data-color=\"accent-color\" data-spacing=\"default\" data-alignment=\"left\"> \n<ul>\n<li><a href=\"?page_id=4254\">Makula\u00f6dem<\/a><\/li>\n<li><a href=\"?page_id=4314\">Strabismus<\/a><\/li>\n<li><a href=\"?page_id=4257\">Glaukom<\/a><\/li>\n<li><a href=\"?page_id=4314\">Angeborenes Glaukom<\/a><\/li>\n<li><a href=\"?page_id=4254\">Weitblick<\/a><\/li>\n<li><a href=\"?page_id=4254\">Epiretinale Membran der Makula<\/a><\/li>\n<li><a href=\"?page_id=4254\">Kurzsichtigkeit<\/a><\/li>\n<li><a href=\"?page_id=4206\">Myopia magna<\/a><\/li>\n<li><a href=\"?page_id=4254\">Verstopfung des Tr\u00e4nenkanals<\/a><\/li>\n<li><a href=\"?page_id=4254\">Ven\u00f6se oder arterielle Verschl\u00fcsse der Netzhaut<\/a><\/li>\n<li><a href=\"?page_id=4254\">Trockenes Auge<\/a><\/li>\n<li><a href=\"?page_id=4314\">Tr\u00e4ges Auge oder Amblyopie<\/a><\/li>\n<li><a href=\"?page_id=4254\">Schilddr\u00fcsenorbitopathie<\/a><\/li>\n<\/ul>\n <\/div>[\/vc_column][vc_column column_padding=&#8220;no-extra-padding&#8220; column_padding_tablet=&#8220;inherit&#8220; column_padding_phone=&#8220;inherit&#8220; column_padding_position=&#8220;all&#8220; background_color_opacity=&#8220;1&#8243; background_hover_color_opacity=&#8220;1&#8243; column_shadow=&#8220;none&#8220; column_border_radius=&#8220;none&#8220; column_link_target=&#8220;_self&#8220; gradient_direction=&#8220;left_to_right&#8220; overlay_strength=&#8220;0.3&#8243; width=&#8220;1\/3&#8243; tablet_width_inherit=&#8220;default&#8220; tablet_text_alignment=&#8220;default&#8220; phone_text_alignment=&#8220;default&#8220; column_border_width=&#8220;none&#8220; column_border_style=&#8220;solid&#8220; bg_image_animation=&#8220;none&#8220;]<div class=\"nectar-fancy-ul\" data-list-icon=\"fa fa-angle-right\" data-animation=\"true\" data-animation-delay=\"0\" data-color=\"accent-color\" data-spacing=\"default\" data-alignment=\"left\"> \n<ul>\n<li><a href=\"?page_id=4254\">Gerstenkorn und Chalazion<\/a><\/li>\n<li><a href=\"?page_id=4254\">Presbyopie oder \u00dcberanstrengung der Augen<\/a><\/li>\n<li><a href=\"?page_id=4254\">Pterygium und Pinguecula<\/a><\/li>\n<li><a href=\"?page_id=4254\">Ptosis der Augenlider<\/a><\/li>\n<li><a href=\"?page_id=4314\">Ptosis des infantilen Augenlids<\/a><\/li>\n<li><a href=\"?page_id=4254\">Keratitis<\/a><\/li>\n<li><a href=\"?page_id=4254\">Keratokonus<\/a><\/li>\n<li><a href=\"?page_id=4257\">Diabetische Retinopathie<\/a><\/li>\n<li><a href=\"?page_id=4254\">Retinitis pigmentosa<\/a><\/li>\n<li><a href=\"?page_id=4254\">Faltenbehandlung<\/a><\/li>\n<li><a href=\"?page_id=4254\">Hornhautgeschw\u00fcr<\/a><\/li>\n<li><a href=\"?page_id=4254\">Xanthelasmen<\/a><\/li>\n<\/ul>\n <\/div>[\/vc_column][\/vc_row]\n","protected":false},"excerpt":{"rendered":"<p>[vc_row type=&#8220;full_width_background&#8220; full_screen_row_position=&#8220;middle&#8220; column_margin=&#8220;default&#8220; column_direction=&#8220;default&#8220; column_direction_tablet=&#8220;default&#8220; column_direction_phone=&#8220;default&#8220; scene_position=&#8220;center&#8220; top_padding=&#8220;80&#8243; text_color=&#8220;dark&#8220; text_align=&#8220;center&#8220; row_border_radius=&#8220;none&#8220; row_border_radius_applies=&#8220;bg&#8220; overlay_strength=&#8220;0.3&#8243; gradient_direction=&#8220;left_to_right&#8220; shape_divider_color=&#8220;#c9d6e8&#8243; shape_divider_position=&#8220;bottom&#8220; shape_divider_height=&#8220;100&#8243; bg_image_animation=&#8220;none&#8220; shape_type=&#8220;mountains&#8220;][vc_column column_padding=&#8220;no-extra-padding&#8220; column_padding_tablet=&#8220;inherit&#8220; column_padding_phone=&#8220;inherit&#8220; column_padding_position=&#8220;all&#8220; background_color_opacity=&#8220;1&#8243; background_hover_color_opacity=&#8220;1&#8243; column_shadow=&#8220;none&#8220; column_border_radius=&#8220;none&#8220; column_link_target=&#8220;_self&#8220; gradient_direction=&#8220;left_to_right&#8220; overlay_strength=&#8220;0.3&#8243; width=&#8220;1\/1&#8243; tablet_width_inherit=&#8220;default&#8220; tablet_text_alignment=&#8220;default&#8220; phone_text_alignment=&#8220;default&#8220; column_border_width=&#8220;none&#8220; column_border_style=&#8220;solid&#8220; bg_image_animation=&#8220;none&#8220;][split_line_heading animation_type=&#8220;default&#8220;] Wichtigste visuelle Bedingungen [\/split_line_heading][\/vc_column][\/vc_row][vc_row type=&#8220;in_container&#8220; full_screen_row_position=&#8220;middle&#8220; column_margin=&#8220;default&#8220; column_direction=&#8220;default&#8220; column_direction_tablet=&#8220;default&#8220; column_direction_phone=&#8220;default&#8220; scene_position=&#8220;center&#8220; text_color=&#8220;dark&#8220; text_align=&#8220;left&#8220; row_border_radius=&#8220;none&#8220; row_border_radius_applies=&#8220;bg&#8220; overlay_strength=&#8220;0.3&#8243; gradient_direction=&#8220;left_to_right&#8220; shape_divider_position=&#8220;bottom&#8220; bg_image_animation=&#8220;none&#8220;][vc_column column_padding=&#8220;no-extra-padding&#8220; column_padding_tablet=&#8220;inherit&#8220;&#8230;<\/p>\n","protected":false},"author":2,"featured_media":4231,"parent":0,"menu_order":0,"comment_status":"closed","ping_status":"closed","template":"","meta":{"footnotes":""},"class_list":["post-10400","page","type-page","status-publish","has-post-thumbnail"],"yoast_head":"<!-- This site is optimized with the Yoast SEO plugin v27.1.1 - https:\/\/yoast.com\/product\/yoast-seo-wordpress\/ -->\n<title>Sehbedingungen | Augenkrankheiten | Klinik Salv\u00e0<\/title>\n<meta name=\"description\" content=\"Sehen Sie sich die wichtigsten visuellen Bedingungen an. Im Folgenden beschreiben wir die h\u00e4ufigsten Sehprobleme, die wir in der Salv\u00e0-Klinik behandeln.\" \/>\n<meta name=\"robots\" content=\"index, follow, max-snippet:-1, max-image-preview:large, max-video-preview:-1\" \/>\n<link rel=\"canonical\" href=\"https:\/\/oftalmedic.es\/de\/principales-afecciones-visuales\/\" \/>\n<meta property=\"og:locale\" content=\"de_DE\" \/>\n<meta property=\"og:type\" content=\"article\" \/>\n<meta property=\"og:title\" content=\"Sehbedingungen | Augenkrankheiten | Klinik Salv\u00e0\" \/>\n<meta property=\"og:description\" content=\"Sehen Sie sich die wichtigsten visuellen Bedingungen an. Im Folgenden beschreiben wir die h\u00e4ufigsten Sehprobleme, die wir in der Salv\u00e0-Klinik behandeln.\" \/>\n<meta property=\"og:url\" content=\"https:\/\/oftalmedic.es\/de\/principales-afecciones-visuales\/\" \/>\n<meta property=\"og:site_name\" content=\"Oftalmedic Salv\u00e1\" \/>\n<meta property=\"article:publisher\" content=\"https:\/\/www.facebook.com\/OftalmedicSalva\/\" \/>\n<meta property=\"article:modified_time\" content=\"2025-06-25T08:07:10+00:00\" \/>\n<meta property=\"og:image\" content=\"https:\/\/oftalmedic.es\/wp-content\/uploads\/2018\/12\/edad-adulta-afecciones-oftalmedic.jpg\" \/>\n\t<meta property=\"og:image:width\" content=\"800\" \/>\n\t<meta property=\"og:image:height\" content=\"500\" \/>\n\t<meta property=\"og:image:type\" content=\"image\/jpeg\" \/>\n<meta name=\"twitter:card\" content=\"summary_large_image\" \/>\n<meta name=\"twitter:site\" content=\"@OftalmedicSalva\" \/>\n<meta name=\"twitter:label1\" content=\"Gesch\u00e4tzte Lesezeit\" \/>\n\t<meta name=\"twitter:data1\" content=\"7\u00a0Minuten\" \/>\n<script type=\"application\/ld+json\" class=\"yoast-schema-graph\">{\"@context\":\"https:\/\/schema.org\",\"@graph\":[{\"@type\":\"WebPage\",\"@id\":\"https:\/\/oftalmedic.es\/de\/principales-afecciones-visuales\/\",\"url\":\"https:\/\/oftalmedic.es\/de\/principales-afecciones-visuales\/\",\"name\":\"Sehbedingungen | Augenkrankheiten | Klinik Salv\u00e0\",\"isPartOf\":{\"@id\":\"https:\/\/oftalmedic.es\/de\/#website\"},\"primaryImageOfPage\":{\"@id\":\"https:\/\/oftalmedic.es\/de\/principales-afecciones-visuales\/#primaryimage\"},\"image\":{\"@id\":\"https:\/\/oftalmedic.es\/de\/principales-afecciones-visuales\/#primaryimage\"},\"thumbnailUrl\":\"https:\/\/oftalmedic.es\/wp-content\/uploads\/2018\/12\/edad-adulta-afecciones-oftalmedic.jpg\",\"datePublished\":\"2025-06-25T08:07:08+00:00\",\"dateModified\":\"2025-06-25T08:07:10+00:00\",\"description\":\"Sehen Sie sich die wichtigsten visuellen Bedingungen an. Im Folgenden beschreiben wir die h\u00e4ufigsten Sehprobleme, die wir in der Salv\u00e0-Klinik behandeln.\",\"breadcrumb\":{\"@id\":\"https:\/\/oftalmedic.es\/de\/principales-afecciones-visuales\/#breadcrumb\"},\"inLanguage\":\"de\",\"potentialAction\":[{\"@type\":\"ReadAction\",\"target\":[\"https:\/\/oftalmedic.es\/de\/principales-afecciones-visuales\/\"]}]},{\"@type\":\"ImageObject\",\"inLanguage\":\"de\",\"@id\":\"https:\/\/oftalmedic.es\/de\/principales-afecciones-visuales\/#primaryimage\",\"url\":\"https:\/\/oftalmedic.es\/wp-content\/uploads\/2018\/12\/edad-adulta-afecciones-oftalmedic.jpg\",\"contentUrl\":\"https:\/\/oftalmedic.es\/wp-content\/uploads\/2018\/12\/edad-adulta-afecciones-oftalmedic.jpg\",\"width\":800,\"height\":500,\"caption\":\"EDAD ADULTA\"},{\"@type\":\"BreadcrumbList\",\"@id\":\"https:\/\/oftalmedic.es\/de\/principales-afecciones-visuales\/#breadcrumb\",\"itemListElement\":[{\"@type\":\"ListItem\",\"position\":1,\"name\":\"Portada\",\"item\":\"https:\/\/oftalmedic.es\/de\/\"},{\"@type\":\"ListItem\",\"position\":2,\"name\":\"Wichtigste visuelle Bedingungen\"}]},{\"@type\":\"WebSite\",\"@id\":\"https:\/\/oftalmedic.es\/de\/#website\",\"url\":\"https:\/\/oftalmedic.es\/de\/\",\"name\":\"Oftalmedic Salv\u00e1\",\"description\":\"Red de cl\u00ednicas oftalmol\u00f3gicas de referencia en Baleares. Pionera en tecnolog\u00eda l\u00e1ser para cirug\u00eda de cataratas y correcci\u00f3n de la miop\u00eda, hipermetrop\u00eda, astigmatismo y presbicia o vista cansada.\",\"publisher\":{\"@id\":\"https:\/\/oftalmedic.es\/de\/#organization\"},\"potentialAction\":[{\"@type\":\"SearchAction\",\"target\":{\"@type\":\"EntryPoint\",\"urlTemplate\":\"https:\/\/oftalmedic.es\/de\/?s={search_term_string}\"},\"query-input\":{\"@type\":\"PropertyValueSpecification\",\"valueRequired\":true,\"valueName\":\"search_term_string\"}}],\"inLanguage\":\"de\"},{\"@type\":\"Organization\",\"@id\":\"https:\/\/oftalmedic.es\/de\/#organization\",\"name\":\"[wpseo_titles]company_Nombre\",\"url\":\"https:\/\/oftalmedic.es\/de\/\",\"logo\":{\"@type\":\"ImageObject\",\"inLanguage\":\"de\",\"@id\":\"https:\/\/oftalmedic.es\/de\/#\/schema\/logo\/image\/\",\"url\":\"https:\/\/oftalmedic.es\/wp-content\/uploads\/2018\/06\/logo-oftalmedic.png\",\"contentUrl\":\"https:\/\/oftalmedic.es\/wp-content\/uploads\/2018\/06\/logo-oftalmedic.png\",\"width\":200,\"height\":58,\"caption\":\"[wpseo_titles]company_Nombre\"},\"image\":{\"@id\":\"https:\/\/oftalmedic.es\/de\/#\/schema\/logo\/image\/\"},\"sameAs\":[\"https:\/\/www.facebook.com\/OftalmedicSalva\/\",\"https:\/\/x.com\/OftalmedicSalva\",\"https:\/\/www.instagram.com\/oftalmedic_salva\",\"https:\/\/www.youtube.com\/channel\/UCWrAdUQk6ZmrfVUqBwX0cug\",\"https:\/\/www.linkedin.com\/company\/oftalmedic-clnica-salv\/\"]}]}<\/script>\n<!-- \/ Yoast SEO plugin. -->","yoast_head_json":{"title":"Sehbedingungen | Augenkrankheiten | Klinik Salv\u00e0","description":"Sehen Sie sich die wichtigsten visuellen Bedingungen an. Im Folgenden beschreiben wir die h\u00e4ufigsten Sehprobleme, die wir in der Salv\u00e0-Klinik behandeln.","robots":{"index":"index","follow":"follow","max-snippet":"max-snippet:-1","max-image-preview":"max-image-preview:large","max-video-preview":"max-video-preview:-1"},"canonical":"https:\/\/oftalmedic.es\/de\/principales-afecciones-visuales\/","og_locale":"de_DE","og_type":"article","og_title":"Sehbedingungen | Augenkrankheiten | Klinik Salv\u00e0","og_description":"Sehen Sie sich die wichtigsten visuellen Bedingungen an. Im Folgenden beschreiben wir die h\u00e4ufigsten Sehprobleme, die wir in der Salv\u00e0-Klinik behandeln.","og_url":"https:\/\/oftalmedic.es\/de\/principales-afecciones-visuales\/","og_site_name":"Oftalmedic Salv\u00e1","article_publisher":"https:\/\/www.facebook.com\/OftalmedicSalva\/","article_modified_time":"2025-06-25T08:07:10+00:00","og_image":[{"width":800,"height":500,"url":"https:\/\/oftalmedic.es\/wp-content\/uploads\/2018\/12\/edad-adulta-afecciones-oftalmedic.jpg","type":"image\/jpeg"}],"twitter_card":"summary_large_image","twitter_site":"@OftalmedicSalva","twitter_misc":{"Gesch\u00e4tzte Lesezeit":"7\u00a0Minuten"},"schema":{"@context":"https:\/\/schema.org","@graph":[{"@type":"WebPage","@id":"https:\/\/oftalmedic.es\/de\/principales-afecciones-visuales\/","url":"https:\/\/oftalmedic.es\/de\/principales-afecciones-visuales\/","name":"Sehbedingungen | Augenkrankheiten | Klinik Salv\u00e0","isPartOf":{"@id":"https:\/\/oftalmedic.es\/de\/#website"},"primaryImageOfPage":{"@id":"https:\/\/oftalmedic.es\/de\/principales-afecciones-visuales\/#primaryimage"},"image":{"@id":"https:\/\/oftalmedic.es\/de\/principales-afecciones-visuales\/#primaryimage"},"thumbnailUrl":"https:\/\/oftalmedic.es\/wp-content\/uploads\/2018\/12\/edad-adulta-afecciones-oftalmedic.jpg","datePublished":"2025-06-25T08:07:08+00:00","dateModified":"2025-06-25T08:07:10+00:00","description":"Sehen Sie sich die wichtigsten visuellen Bedingungen an. Im Folgenden beschreiben wir die h\u00e4ufigsten Sehprobleme, die wir in der Salv\u00e0-Klinik behandeln.","breadcrumb":{"@id":"https:\/\/oftalmedic.es\/de\/principales-afecciones-visuales\/#breadcrumb"},"inLanguage":"de","potentialAction":[{"@type":"ReadAction","target":["https:\/\/oftalmedic.es\/de\/principales-afecciones-visuales\/"]}]},{"@type":"ImageObject","inLanguage":"de","@id":"https:\/\/oftalmedic.es\/de\/principales-afecciones-visuales\/#primaryimage","url":"https:\/\/oftalmedic.es\/wp-content\/uploads\/2018\/12\/edad-adulta-afecciones-oftalmedic.jpg","contentUrl":"https:\/\/oftalmedic.es\/wp-content\/uploads\/2018\/12\/edad-adulta-afecciones-oftalmedic.jpg","width":800,"height":500,"caption":"EDAD ADULTA"},{"@type":"BreadcrumbList","@id":"https:\/\/oftalmedic.es\/de\/principales-afecciones-visuales\/#breadcrumb","itemListElement":[{"@type":"ListItem","position":1,"name":"Portada","item":"https:\/\/oftalmedic.es\/de\/"},{"@type":"ListItem","position":2,"name":"Wichtigste visuelle Bedingungen"}]},{"@type":"WebSite","@id":"https:\/\/oftalmedic.es\/de\/#website","url":"https:\/\/oftalmedic.es\/de\/","name":"Oftalmedic Salv\u00e1","description":"Red de cl\u00ednicas oftalmol\u00f3gicas de referencia en Baleares. Pionera en tecnolog\u00eda l\u00e1ser para cirug\u00eda de cataratas y correcci\u00f3n de la miop\u00eda, hipermetrop\u00eda, astigmatismo y presbicia o vista cansada.","publisher":{"@id":"https:\/\/oftalmedic.es\/de\/#organization"},"potentialAction":[{"@type":"SearchAction","target":{"@type":"EntryPoint","urlTemplate":"https:\/\/oftalmedic.es\/de\/?s={search_term_string}"},"query-input":{"@type":"PropertyValueSpecification","valueRequired":true,"valueName":"search_term_string"}}],"inLanguage":"de"},{"@type":"Organization","@id":"https:\/\/oftalmedic.es\/de\/#organization","name":"[wpseo_titles]company_Nombre","url":"https:\/\/oftalmedic.es\/de\/","logo":{"@type":"ImageObject","inLanguage":"de","@id":"https:\/\/oftalmedic.es\/de\/#\/schema\/logo\/image\/","url":"https:\/\/oftalmedic.es\/wp-content\/uploads\/2018\/06\/logo-oftalmedic.png","contentUrl":"https:\/\/oftalmedic.es\/wp-content\/uploads\/2018\/06\/logo-oftalmedic.png","width":200,"height":58,"caption":"[wpseo_titles]company_Nombre"},"image":{"@id":"https:\/\/oftalmedic.es\/de\/#\/schema\/logo\/image\/"},"sameAs":["https:\/\/www.facebook.com\/OftalmedicSalva\/","https:\/\/x.com\/OftalmedicSalva","https:\/\/www.instagram.com\/oftalmedic_salva","https:\/\/www.youtube.com\/channel\/UCWrAdUQk6ZmrfVUqBwX0cug","https:\/\/www.linkedin.com\/company\/oftalmedic-clnica-salv\/"]}]}},"_links":{"self":[{"href":"https:\/\/oftalmedic.es\/de\/wp-json\/wp\/v2\/pages\/10400","targetHints":{"allow":["GET"]}}],"collection":[{"href":"https:\/\/oftalmedic.es\/de\/wp-json\/wp\/v2\/pages"}],"about":[{"href":"https:\/\/oftalmedic.es\/de\/wp-json\/wp\/v2\/types\/page"}],"author":[{"embeddable":true,"href":"https:\/\/oftalmedic.es\/de\/wp-json\/wp\/v2\/users\/2"}],"replies":[{"embeddable":true,"href":"https:\/\/oftalmedic.es\/de\/wp-json\/wp\/v2\/comments?post=10400"}],"version-history":[{"count":0,"href":"https:\/\/oftalmedic.es\/de\/wp-json\/wp\/v2\/pages\/10400\/revisions"}],"wp:featuredmedia":[{"embeddable":true,"href":"https:\/\/oftalmedic.es\/de\/wp-json\/wp\/v2\/media\/4231"}],"wp:attachment":[{"href":"https:\/\/oftalmedic.es\/de\/wp-json\/wp\/v2\/media?parent=10400"}],"curies":[{"name":"wp","href":"https:\/\/api.w.org\/{rel}","templated":true}]}}