{"id":10694,"date":"2025-06-25T08:23:58","date_gmt":"2025-06-25T08:23:58","guid":{"rendered":"https:\/\/oftalmedic.rwdesarrollos.es\/patologias\/"},"modified":"2025-07-02T12:17:25","modified_gmt":"2025-07-02T12:17:25","slug":"patologias","status":"publish","type":"page","link":"https:\/\/oftalmedic.es\/de\/augenoberflaeche\/patologias\/","title":{"rendered":"Erkrankungen der Augenoberfl\u00e4che und der Hornhaut"},"content":{"rendered":"[vc_row type=&#8220;full_width_background&#8220; full_screen_row_position=&#8220;middle&#8220; column_margin=&#8220;default&#8220; column_direction=&#8220;default&#8220; column_direction_tablet=&#8220;default&#8220; column_direction_phone=&#8220;default&#8220; bg_color=&#8220;#ffffff&#8220; scene_position=&#8220;center&#8220; top_padding=&#8220;0&#8243; bottom_padding=&#8220;0&#8243; text_color=&#8220;light&#8220; text_align=&#8220;left&#8220; row_border_radius=&#8220;none&#8220; row_border_radius_applies=&#8220;bg&#8220; id=&#8220;specialty_title&#8220; overlay_strength=&#8220;0.3&#8243; gradient_direction=&#8220;left_to_right&#8220; shape_divider_position=&#8220;bottom&#8220; bg_image_animation=&#8220;none&#8220; shape_type=&#8220;&#8220;][vc_column column_padding=&#8220;no-extra-padding&#8220; column_padding_tablet=&#8220;inherit&#8220; column_padding_phone=&#8220;inherit&#8220; column_padding_position=&#8220;all&#8220; background_color_opacity=&#8220;1&#8243; background_hover_color_opacity=&#8220;1&#8243; column_shadow=&#8220;none&#8220; column_border_radius=&#8220;none&#8220; column_link_target=&#8220;_self&#8220; gradient_direction=&#8220;left_to_right&#8220; overlay_strength=&#8220;0.3&#8243; width=&#8220;1\/1&#8243; tablet_width_inherit=&#8220;default&#8220; tablet_text_alignment=&#8220;default&#8220; phone_text_alignment=&#8220;default&#8220; column_border_width=&#8220;none&#8220; column_border_style=&#8220;solid&#8220; bg_image_animation=&#8220;none&#8220;][vc_column_text]\n<h5 style=\"text-align: left;\">Augenoberfl\u00e4che und Hornhaut<\/h5>\n[\/vc_column_text][\/vc_column][\/vc_row][vc_row type=&#8220;full_width_background&#8220; full_screen_row_position=&#8220;middle&#8220; column_margin=&#8220;default&#8220; column_direction=&#8220;default&#8220; column_direction_tablet=&#8220;default&#8220; column_direction_phone=&#8220;default&#8220; scene_position=&#8220;center&#8220; text_color=&#8220;dark&#8220; text_align=&#8220;left&#8220; row_border_radius=&#8220;none&#8220; row_border_radius_applies=&#8220;bg&#8220; id=&#8220;submenu_especialidades&#8220; overlay_strength=&#8220;0.3&#8243; gradient_direction=&#8220;left_to_right&#8220; shape_divider_position=&#8220;bottom&#8220; bg_image_animation=&#8220;none&#8220; shape_type=&#8220;&#8220;][vc_column column_padding=&#8220;no-extra-padding&#8220; column_padding_tablet=&#8220;inherit&#8220; column_padding_phone=&#8220;inherit&#8220; column_padding_position=&#8220;all&#8220; background_color_opacity=&#8220;1&#8243; background_hover_color_opacity=&#8220;1&#8243; column_shadow=&#8220;none&#8220; column_border_radius=&#8220;none&#8220; column_link_target=&#8220;_self&#8220; gradient_direction=&#8220;left_to_right&#8220; overlay_strength=&#8220;0.3&#8243; width=&#8220;1\/1&#8243; tablet_width_inherit=&#8220;default&#8220; tablet_text_alignment=&#8220;default&#8220; phone_text_alignment=&#8220;default&#8220; column_border_width=&#8220;none&#8220; column_border_style=&#8220;solid&#8220; bg_image_animation=&#8220;none&#8220;][page_submenu alignment=&#8220;left&#8220; sticky=&#8220;true&#8220; bg_color=&#8220;#c9d6e8&#8243;][page_link link_url=&#8220;\/superficie-ocular\/&#8220; title=&#8220;Was ist es&#8220; id=&#8220;1616663381047-5&#8243; tab_id=&#8220;1616663381056-1&#8243;] [\/page_link][page_link title=&#8220;Pathologien&#8220; id=&#8220;1616663381132-10&#8243; link_url=&#8220;\/superficie-ocular\/patologias&#8220; tab_id=&#8220;1616663381139-0&#8243;][\/page_link][page_link title=&#8220;H\u00e4ufig gestellte Fragen&#8220; id=&#8220;1616663381179-3&#8243; link_url=&#8220;\/superficie-ocular\/faq&#8220; tab_id=&#8220;1616663381181-10&#8243;][\/page_link][\/page_submenu][\/vc_column][\/vc_row][vc_row type=&#8220;in_container&#8220; full_screen_row_position=&#8220;middle&#8220; column_margin=&#8220;default&#8220; column_direction=&#8220;default&#8220; column_direction_tablet=&#8220;default&#8220; column_direction_phone=&#8220;default&#8220; scene_position=&#8220;center&#8220; top_padding=&#8220;30&#8243; text_color=&#8220;dark&#8220; text_align=&#8220;left&#8220; row_border_radius=&#8220;none&#8220; row_border_radius_applies=&#8220;bg&#8220; overlay_strength=&#8220;0.3&#8243; gradient_direction=&#8220;left_to_right&#8220; shape_divider_position=&#8220;bottom&#8220; bg_image_animation=&#8220;none&#8220; shape_type=&#8220;&#8220;][vc_column column_padding=&#8220;no-extra-padding&#8220; column_padding_tablet=&#8220;inherit&#8220; column_padding_phone=&#8220;inherit&#8220; column_padding_position=&#8220;all&#8220; background_color_opacity=&#8220;1&#8243; background_hover_color_opacity=&#8220;1&#8243; column_shadow=&#8220;none&#8220; column_border_radius=&#8220;none&#8220; column_link_target=&#8220;_self&#8220; gradient_direction=&#8220;left_to_right&#8220; overlay_strength=&#8220;0.3&#8243; width=&#8220;1\/1&#8243; tablet_width_inherit=&#8220;default&#8220; tablet_text_alignment=&#8220;default&#8220; phone_text_alignment=&#8220;default&#8220; column_border_width=&#8220;none&#8220; column_border_style=&#8220;solid&#8220; bg_image_animation=&#8220;none&#8220;][vc_column_text]\n<h1 style=\"text-align: center;\">Wichtigste Pathologien<\/h1>\n<h5 style=\"text-align: center;\">die die Spezialit\u00e4t der Augenoberfl\u00e4che und der Hornhaut l\u00f6st<\/h5>\n[\/vc_column_text][\/vc_column][\/vc_row][vc_row type=&#8220;in_container&#8220; full_screen_row_position=&#8220;middle&#8220; column_margin=&#8220;default&#8220; column_direction=&#8220;default&#8220; column_direction_tablet=&#8220;default&#8220; column_direction_phone=&#8220;default&#8220; scene_position=&#8220;center&#8220; text_color=&#8220;dark&#8220; text_align=&#8220;left&#8220; row_border_radius=&#8220;none&#8220; row_border_radius_applies=&#8220;bg&#8220; overlay_strength=&#8220;0.3&#8243; gradient_direction=&#8220;left_to_right&#8220; shape_divider_position=&#8220;bottom&#8220; bg_image_animation=&#8220;none&#8220;][vc_column column_padding=&#8220;no-extra-padding&#8220; column_padding_tablet=&#8220;inherit&#8220; column_padding_phone=&#8220;inherit&#8220; column_padding_position=&#8220;all&#8220; background_color_opacity=&#8220;1&#8243; background_hover_color_opacity=&#8220;1&#8243; column_shadow=&#8220;none&#8220; column_border_radius=&#8220;none&#8220; column_link_target=&#8220;_self&#8220; gradient_direction=&#8220;left_to_right&#8220; overlay_strength=&#8220;0.3&#8243; width=&#8220;1\/1&#8243; tablet_width_inherit=&#8220;default&#8220; tablet_text_alignment=&#8220;default&#8220; phone_text_alignment=&#8220;default&#8220; column_border_width=&#8220;none&#8220; column_border_style=&#8220;solid&#8220; bg_image_animation=&#8220;none&#8220;][vc_column_text]Es gibt verschiedene Pathologien der Augenoberfl\u00e4che, die ihre Eigenschaften ver\u00e4ndern und Sehst\u00f6rungen verursachen k\u00f6nnen, darunter entz\u00fcndliche Erkrankungen der Hornhaut (<a href=\"https:\/\/oftalmedic.es\/de\/augenoberflaeche\/keratitis\/\" target=\"_blank\" rel=\"noopener noreferrer\">Keratitis<\/a>) und der Bindehaut (<a href=\"https:\/\/oftalmedic.es\/de\/augenoberflaeche\/bindehautentzuendung-2\/\" target=\"_blank\" rel=\"noopener noreferrer\">Konjunktivitis<\/a>), Deformationen der Hornhautstruktur (<a href=\"https:\/\/oftalmedic.es\/de\/augenoberflaeche\/keratokonus\/\" target=\"_blank\" rel=\"noopener noreferrer\">Keratokonus<\/a>), infekti\u00f6se Erkrankungen des Augapfels (<a href=\"https:\/\/oftalmedic.es\/de\/augenoberflaeche\/ulcera-corneal\/\" target=\"_blank\" rel=\"noopener noreferrer\">Hornhautgeschw\u00fcre<\/a>) oder Ver\u00e4nderungen des Tr\u00e4nenfilms (<a href=\"https:\/\/oftalmedic.es\/de\/augenoberflaeche\/ojo-seco\/\" target=\"_blank\" rel=\"noopener noreferrer\">trockenes Auge<\/a>).<\/p>\n<p>Die Augenoberfl\u00e4che besteht aus verschiedenen Strukturen, die f\u00fcr den Schutz des Auges und eine optimale Sehf\u00e4higkeit verantwortlich sind. Dies sind die Hornhaut, die Bindehaut, die Augenlider und die Tr\u00e4nendr\u00fcsen. <\/p>\n<p>Die <strong>Hornhaut <\/strong>ist die \u00e4u\u00dfere Schicht des Auges, die als Linse fungiert und durch die Licht in den Augapfel eindringt. Seine Transparenz und seine krummlinige Form sind zwei wesentliche Eigenschaften, damit er seine Funktion, Bilder auf der Netzhaut zu fokussieren, korrekt erf\u00fcllen kann. Auf der anderen Seite sch\u00fctzt die Hornhaut das Auge vor m\u00f6glichen Traumata und Infektionen, indem sie sich besonders sensibel gegen\u00fcber \u00e4u\u00dferen Einfl\u00fcssen verh\u00e4lt.  <\/p>\n<p>Die <strong>Bindehaut<\/strong> ist eine Membran, die die Sklera, den wei\u00dfen Teil des Auges, und die Augenlider auf der Innenseite bedeckt.<\/p>\n<p>Die <strong>Tr\u00e4nendr\u00fcsen<\/strong> und <strong>Augenlider<\/strong> sind f\u00fcr die Produktion und Verteilung des Tr\u00e4nenfilms auf der Augenoberfl\u00e4che verantwortlich. Seine Funktion ist wichtig, um sein Austrocknen zu verhindern. <\/p>\n<p>In den letzten Jahren hat sich diese ophthalmologische Subspezialit\u00e4t in Bezug auf diagnostische Techniken und Chirurgie erheblich weiterentwickelt.[\/vc_column_text][\/vc_column][\/vc_row][vc_row type=&#8220;in_container&#8220; full_screen_row_position=&#8220;middle&#8220; column_margin=&#8220;default&#8220; column_direction=&#8220;default&#8220; column_direction_tablet=&#8220;default&#8220; column_direction_phone=&#8220;default&#8220; scene_position=&#8220;center&#8220; top_padding=&#8220;50&#8243; text_color=&#8220;dark&#8220; text_align=&#8220;left&#8220; row_border_radius=&#8220;none&#8220; row_border_radius_applies=&#8220;bg&#8220; id=&#8220;grid-especialidades&#8220; overlay_strength=&#8220;0.3&#8243; gradient_direction=&#8220;left_to_right&#8220; shape_divider_position=&#8220;bottom&#8220; bg_image_animation=&#8220;none&#8220; shape_type=&#8220;&#8220;][vc_column column_padding=&#8220;no-extra-padding&#8220; column_padding_tablet=&#8220;inherit&#8220; column_padding_phone=&#8220;inherit&#8220; column_padding_position=&#8220;all&#8220; background_color_opacity=&#8220;1&#8243; background_hover_color_opacity=&#8220;1&#8243; column_shadow=&#8220;none&#8220; column_border_radius=&#8220;none&#8220; column_link_target=&#8220;_self&#8220; gradient_direction=&#8220;left_to_right&#8220; overlay_strength=&#8220;0.3&#8243; width=&#8220;1\/1&#8243; tablet_width_inherit=&#8220;default&#8220; tablet_text_alignment=&#8220;default&#8220; phone_text_alignment=&#8220;default&#8220; column_border_width=&#8220;none&#8220; column_border_style=&#8220;solid&#8220; bg_image_animation=&#8220;none&#8220;][vc_gallery type=&#8220;image_grid&#8220; images=&#8220;5322,3014,3018,3022,3027,3031&#8243; display_title_caption=&#8220;true&#8220; layout=&#8220;3&#8243; item_spacing=&#8220;default&#8220; gallery_style=&#8220;3&#8243; load_in_animation=&#8220;fade_in_from_bottom&#8220; el_id=&#8220;especialidades&#8220;][\/vc_column][\/vc_row]\n","protected":false},"excerpt":{"rendered":"<p>[vc_row type=&#8220;full_width_background&#8220; full_screen_row_position=&#8220;middle&#8220; column_margin=&#8220;default&#8220; column_direction=&#8220;default&#8220; column_direction_tablet=&#8220;default&#8220; column_direction_phone=&#8220;default&#8220; bg_color=&#8220;#ffffff&#8220; scene_position=&#8220;center&#8220; top_padding=&#8220;0&#8243; bottom_padding=&#8220;0&#8243; text_color=&#8220;light&#8220; text_align=&#8220;left&#8220; row_border_radius=&#8220;none&#8220; row_border_radius_applies=&#8220;bg&#8220; id=&#8220;specialty_title&#8220; overlay_strength=&#8220;0.3&#8243; gradient_direction=&#8220;left_to_right&#8220; shape_divider_position=&#8220;bottom&#8220; bg_image_animation=&#8220;none&#8220; shape_type=&#8220;&#8220;][vc_column column_padding=&#8220;no-extra-padding&#8220; column_padding_tablet=&#8220;inherit&#8220; column_padding_phone=&#8220;inherit&#8220; column_padding_position=&#8220;all&#8220; background_color_opacity=&#8220;1&#8243; background_hover_color_opacity=&#8220;1&#8243; column_shadow=&#8220;none&#8220; column_border_radius=&#8220;none&#8220; column_link_target=&#8220;_self&#8220; gradient_direction=&#8220;left_to_right&#8220; overlay_strength=&#8220;0.3&#8243; width=&#8220;1\/1&#8243; tablet_width_inherit=&#8220;default&#8220; tablet_text_alignment=&#8220;default&#8220; phone_text_alignment=&#8220;default&#8220; column_border_width=&#8220;none&#8220; column_border_style=&#8220;solid&#8220; bg_image_animation=&#8220;none&#8220;][vc_column_text] Augenoberfl\u00e4che und Hornhaut [\/vc_column_text][\/vc_column][\/vc_row][vc_row type=&#8220;full_width_background&#8220; full_screen_row_position=&#8220;middle&#8220; column_margin=&#8220;default&#8220; column_direction=&#8220;default&#8220; column_direction_tablet=&#8220;default&#8220; column_direction_phone=&#8220;default&#8220; scene_position=&#8220;center&#8220; text_color=&#8220;dark&#8220; text_align=&#8220;left&#8220; row_border_radius=&#8220;none&#8220; row_border_radius_applies=&#8220;bg&#8220; id=&#8220;submenu_especialidades&#8220; overlay_strength=&#8220;0.3&#8243; gradient_direction=&#8220;left_to_right&#8220; shape_divider_position=&#8220;bottom&#8220; bg_image_animation=&#8220;none&#8220; shape_type=&#8220;&#8220;][vc_column&#8230;<\/p>\n","protected":false},"author":2,"featured_media":4680,"parent":11316,"menu_order":0,"comment_status":"closed","ping_status":"closed","template":"","meta":{"footnotes":""},"class_list":["post-10694","page","type-page","status-publish","has-post-thumbnail"],"yoast_head":"<!-- This site is optimized with the Yoast SEO plugin v27.1.1 - https:\/\/yoast.com\/product\/yoast-seo-wordpress\/ -->\n<title>Pathologien der Augenoberfl\u00e4che | Klinik f\u00fcr Augenheilkunde Salv\u00e0<\/title>\n<meta name=\"description\" content=\"Pathologien der Augenoberfl\u00e4che und der Hornhaut. Wenden Sie sich an das Spezialistenteam der Augenklinik Salv\u00e0 auf Mallorca.\" \/>\n<meta name=\"robots\" content=\"index, follow, max-snippet:-1, max-image-preview:large, max-video-preview:-1\" \/>\n<link rel=\"canonical\" href=\"https:\/\/oftalmedic.es\/de\/augenoberflaeche\/patologias\/\" \/>\n<meta property=\"og:locale\" content=\"de_DE\" \/>\n<meta property=\"og:type\" content=\"article\" \/>\n<meta property=\"og:title\" content=\"Pathologien der Augenoberfl\u00e4che | Klinik f\u00fcr Augenheilkunde Salv\u00e0\" \/>\n<meta property=\"og:description\" content=\"Pathologien der Augenoberfl\u00e4che und der Hornhaut. Wenden Sie sich an das Spezialistenteam der Augenklinik Salv\u00e0 auf Mallorca.\" \/>\n<meta property=\"og:url\" content=\"https:\/\/oftalmedic.es\/de\/augenoberflaeche\/patologias\/\" \/>\n<meta property=\"og:site_name\" content=\"Oftalmedic Salv\u00e1\" \/>\n<meta property=\"article:publisher\" content=\"https:\/\/www.facebook.com\/OftalmedicSalva\/\" \/>\n<meta property=\"article:modified_time\" content=\"2025-07-02T12:17:25+00:00\" \/>\n<meta property=\"og:image\" content=\"https:\/\/oftalmedic.es\/wp-content\/uploads\/2018\/12\/Superficieocular-especialidad.jpg\" \/>\n\t<meta property=\"og:image:width\" content=\"369\" \/>\n\t<meta property=\"og:image:height\" content=\"302\" \/>\n\t<meta property=\"og:image:type\" content=\"image\/jpeg\" \/>\n<meta name=\"twitter:card\" content=\"summary_large_image\" \/>\n<meta name=\"twitter:site\" content=\"@OftalmedicSalva\" \/>\n<meta name=\"twitter:label1\" content=\"Gesch\u00e4tzte Lesezeit\" \/>\n\t<meta name=\"twitter:data1\" content=\"5\u00a0Minuten\" \/>\n<script type=\"application\/ld+json\" class=\"yoast-schema-graph\">{\"@context\":\"https:\/\/schema.org\",\"@graph\":[{\"@type\":\"WebPage\",\"@id\":\"https:\/\/oftalmedic.es\/de\/augenoberflaeche\/patologias\/\",\"url\":\"https:\/\/oftalmedic.es\/de\/augenoberflaeche\/patologias\/\",\"name\":\"Pathologien der Augenoberfl\u00e4che | Klinik f\u00fcr Augenheilkunde Salv\u00e0\",\"isPartOf\":{\"@id\":\"https:\/\/oftalmedic.es\/de\/#website\"},\"primaryImageOfPage\":{\"@id\":\"https:\/\/oftalmedic.es\/de\/augenoberflaeche\/patologias\/#primaryimage\"},\"image\":{\"@id\":\"https:\/\/oftalmedic.es\/de\/augenoberflaeche\/patologias\/#primaryimage\"},\"thumbnailUrl\":\"https:\/\/oftalmedic.es\/wp-content\/uploads\/2018\/12\/Superficieocular-especialidad.jpg\",\"datePublished\":\"2025-06-25T08:23:58+00:00\",\"dateModified\":\"2025-07-02T12:17:25+00:00\",\"description\":\"Pathologien der Augenoberfl\u00e4che und der Hornhaut. Wenden Sie sich an das Spezialistenteam der Augenklinik Salv\u00e0 auf Mallorca.\",\"breadcrumb\":{\"@id\":\"https:\/\/oftalmedic.es\/de\/augenoberflaeche\/patologias\/#breadcrumb\"},\"inLanguage\":\"de\",\"potentialAction\":[{\"@type\":\"ReadAction\",\"target\":[\"https:\/\/oftalmedic.es\/de\/augenoberflaeche\/patologias\/\"]}]},{\"@type\":\"ImageObject\",\"inLanguage\":\"de\",\"@id\":\"https:\/\/oftalmedic.es\/de\/augenoberflaeche\/patologias\/#primaryimage\",\"url\":\"https:\/\/oftalmedic.es\/wp-content\/uploads\/2018\/12\/Superficieocular-especialidad.jpg\",\"contentUrl\":\"https:\/\/oftalmedic.es\/wp-content\/uploads\/2018\/12\/Superficieocular-especialidad.jpg\",\"width\":369,\"height\":302,\"caption\":\"preguntas SUPERFICIE OCULAR Y C\u00d3RNEA\"},{\"@type\":\"BreadcrumbList\",\"@id\":\"https:\/\/oftalmedic.es\/de\/augenoberflaeche\/patologias\/#breadcrumb\",\"itemListElement\":[{\"@type\":\"ListItem\",\"position\":1,\"name\":\"Portada\",\"item\":\"https:\/\/oftalmedic.es\/de\/\"},{\"@type\":\"ListItem\",\"position\":2,\"name\":\"Augenoberfl\u00e4che\",\"item\":\"https:\/\/oftalmedic.es\/de\/augenoberflaeche\/\"},{\"@type\":\"ListItem\",\"position\":3,\"name\":\"Erkrankungen der Augenoberfl\u00e4che und der Hornhaut\"}]},{\"@type\":\"WebSite\",\"@id\":\"https:\/\/oftalmedic.es\/de\/#website\",\"url\":\"https:\/\/oftalmedic.es\/de\/\",\"name\":\"Oftalmedic Salv\u00e1\",\"description\":\"Red de cl\u00ednicas oftalmol\u00f3gicas de referencia en Baleares. Pionera en tecnolog\u00eda l\u00e1ser para cirug\u00eda de cataratas y correcci\u00f3n de la miop\u00eda, hipermetrop\u00eda, astigmatismo y presbicia o vista cansada.\",\"publisher\":{\"@id\":\"https:\/\/oftalmedic.es\/de\/#organization\"},\"potentialAction\":[{\"@type\":\"SearchAction\",\"target\":{\"@type\":\"EntryPoint\",\"urlTemplate\":\"https:\/\/oftalmedic.es\/de\/?s={search_term_string}\"},\"query-input\":{\"@type\":\"PropertyValueSpecification\",\"valueRequired\":true,\"valueName\":\"search_term_string\"}}],\"inLanguage\":\"de\"},{\"@type\":\"Organization\",\"@id\":\"https:\/\/oftalmedic.es\/de\/#organization\",\"name\":\"[wpseo_titles]company_Nombre\",\"url\":\"https:\/\/oftalmedic.es\/de\/\",\"logo\":{\"@type\":\"ImageObject\",\"inLanguage\":\"de\",\"@id\":\"https:\/\/oftalmedic.es\/de\/#\/schema\/logo\/image\/\",\"url\":\"https:\/\/oftalmedic.es\/wp-content\/uploads\/2018\/06\/logo-oftalmedic.png\",\"contentUrl\":\"https:\/\/oftalmedic.es\/wp-content\/uploads\/2018\/06\/logo-oftalmedic.png\",\"width\":200,\"height\":58,\"caption\":\"[wpseo_titles]company_Nombre\"},\"image\":{\"@id\":\"https:\/\/oftalmedic.es\/de\/#\/schema\/logo\/image\/\"},\"sameAs\":[\"https:\/\/www.facebook.com\/OftalmedicSalva\/\",\"https:\/\/x.com\/OftalmedicSalva\",\"https:\/\/www.instagram.com\/oftalmedic_salva\",\"https:\/\/www.youtube.com\/channel\/UCWrAdUQk6ZmrfVUqBwX0cug\",\"https:\/\/www.linkedin.com\/company\/oftalmedic-clnica-salv\/\"]}]}<\/script>\n<!-- \/ Yoast SEO plugin. -->","yoast_head_json":{"title":"Pathologien der Augenoberfl\u00e4che | Klinik f\u00fcr Augenheilkunde Salv\u00e0","description":"Pathologien der Augenoberfl\u00e4che und der Hornhaut. Wenden Sie sich an das Spezialistenteam der Augenklinik Salv\u00e0 auf Mallorca.","robots":{"index":"index","follow":"follow","max-snippet":"max-snippet:-1","max-image-preview":"max-image-preview:large","max-video-preview":"max-video-preview:-1"},"canonical":"https:\/\/oftalmedic.es\/de\/augenoberflaeche\/patologias\/","og_locale":"de_DE","og_type":"article","og_title":"Pathologien der Augenoberfl\u00e4che | Klinik f\u00fcr Augenheilkunde Salv\u00e0","og_description":"Pathologien der Augenoberfl\u00e4che und der Hornhaut. Wenden Sie sich an das Spezialistenteam der Augenklinik Salv\u00e0 auf Mallorca.","og_url":"https:\/\/oftalmedic.es\/de\/augenoberflaeche\/patologias\/","og_site_name":"Oftalmedic Salv\u00e1","article_publisher":"https:\/\/www.facebook.com\/OftalmedicSalva\/","article_modified_time":"2025-07-02T12:17:25+00:00","og_image":[{"width":369,"height":302,"url":"https:\/\/oftalmedic.es\/wp-content\/uploads\/2018\/12\/Superficieocular-especialidad.jpg","type":"image\/jpeg"}],"twitter_card":"summary_large_image","twitter_site":"@OftalmedicSalva","twitter_misc":{"Gesch\u00e4tzte Lesezeit":"5\u00a0Minuten"},"schema":{"@context":"https:\/\/schema.org","@graph":[{"@type":"WebPage","@id":"https:\/\/oftalmedic.es\/de\/augenoberflaeche\/patologias\/","url":"https:\/\/oftalmedic.es\/de\/augenoberflaeche\/patologias\/","name":"Pathologien der Augenoberfl\u00e4che | Klinik f\u00fcr Augenheilkunde Salv\u00e0","isPartOf":{"@id":"https:\/\/oftalmedic.es\/de\/#website"},"primaryImageOfPage":{"@id":"https:\/\/oftalmedic.es\/de\/augenoberflaeche\/patologias\/#primaryimage"},"image":{"@id":"https:\/\/oftalmedic.es\/de\/augenoberflaeche\/patologias\/#primaryimage"},"thumbnailUrl":"https:\/\/oftalmedic.es\/wp-content\/uploads\/2018\/12\/Superficieocular-especialidad.jpg","datePublished":"2025-06-25T08:23:58+00:00","dateModified":"2025-07-02T12:17:25+00:00","description":"Pathologien der Augenoberfl\u00e4che und der Hornhaut. Wenden Sie sich an das Spezialistenteam der Augenklinik Salv\u00e0 auf Mallorca.","breadcrumb":{"@id":"https:\/\/oftalmedic.es\/de\/augenoberflaeche\/patologias\/#breadcrumb"},"inLanguage":"de","potentialAction":[{"@type":"ReadAction","target":["https:\/\/oftalmedic.es\/de\/augenoberflaeche\/patologias\/"]}]},{"@type":"ImageObject","inLanguage":"de","@id":"https:\/\/oftalmedic.es\/de\/augenoberflaeche\/patologias\/#primaryimage","url":"https:\/\/oftalmedic.es\/wp-content\/uploads\/2018\/12\/Superficieocular-especialidad.jpg","contentUrl":"https:\/\/oftalmedic.es\/wp-content\/uploads\/2018\/12\/Superficieocular-especialidad.jpg","width":369,"height":302,"caption":"preguntas SUPERFICIE OCULAR Y C\u00d3RNEA"},{"@type":"BreadcrumbList","@id":"https:\/\/oftalmedic.es\/de\/augenoberflaeche\/patologias\/#breadcrumb","itemListElement":[{"@type":"ListItem","position":1,"name":"Portada","item":"https:\/\/oftalmedic.es\/de\/"},{"@type":"ListItem","position":2,"name":"Augenoberfl\u00e4che","item":"https:\/\/oftalmedic.es\/de\/augenoberflaeche\/"},{"@type":"ListItem","position":3,"name":"Erkrankungen der Augenoberfl\u00e4che und der Hornhaut"}]},{"@type":"WebSite","@id":"https:\/\/oftalmedic.es\/de\/#website","url":"https:\/\/oftalmedic.es\/de\/","name":"Oftalmedic Salv\u00e1","description":"Red de cl\u00ednicas oftalmol\u00f3gicas de referencia en Baleares. Pionera en tecnolog\u00eda l\u00e1ser para cirug\u00eda de cataratas y correcci\u00f3n de la miop\u00eda, hipermetrop\u00eda, astigmatismo y presbicia o vista cansada.","publisher":{"@id":"https:\/\/oftalmedic.es\/de\/#organization"},"potentialAction":[{"@type":"SearchAction","target":{"@type":"EntryPoint","urlTemplate":"https:\/\/oftalmedic.es\/de\/?s={search_term_string}"},"query-input":{"@type":"PropertyValueSpecification","valueRequired":true,"valueName":"search_term_string"}}],"inLanguage":"de"},{"@type":"Organization","@id":"https:\/\/oftalmedic.es\/de\/#organization","name":"[wpseo_titles]company_Nombre","url":"https:\/\/oftalmedic.es\/de\/","logo":{"@type":"ImageObject","inLanguage":"de","@id":"https:\/\/oftalmedic.es\/de\/#\/schema\/logo\/image\/","url":"https:\/\/oftalmedic.es\/wp-content\/uploads\/2018\/06\/logo-oftalmedic.png","contentUrl":"https:\/\/oftalmedic.es\/wp-content\/uploads\/2018\/06\/logo-oftalmedic.png","width":200,"height":58,"caption":"[wpseo_titles]company_Nombre"},"image":{"@id":"https:\/\/oftalmedic.es\/de\/#\/schema\/logo\/image\/"},"sameAs":["https:\/\/www.facebook.com\/OftalmedicSalva\/","https:\/\/x.com\/OftalmedicSalva","https:\/\/www.instagram.com\/oftalmedic_salva","https:\/\/www.youtube.com\/channel\/UCWrAdUQk6ZmrfVUqBwX0cug","https:\/\/www.linkedin.com\/company\/oftalmedic-clnica-salv\/"]}]}},"_links":{"self":[{"href":"https:\/\/oftalmedic.es\/de\/wp-json\/wp\/v2\/pages\/10694","targetHints":{"allow":["GET"]}}],"collection":[{"href":"https:\/\/oftalmedic.es\/de\/wp-json\/wp\/v2\/pages"}],"about":[{"href":"https:\/\/oftalmedic.es\/de\/wp-json\/wp\/v2\/types\/page"}],"author":[{"embeddable":true,"href":"https:\/\/oftalmedic.es\/de\/wp-json\/wp\/v2\/users\/2"}],"replies":[{"embeddable":true,"href":"https:\/\/oftalmedic.es\/de\/wp-json\/wp\/v2\/comments?post=10694"}],"version-history":[{"count":0,"href":"https:\/\/oftalmedic.es\/de\/wp-json\/wp\/v2\/pages\/10694\/revisions"}],"up":[{"embeddable":true,"href":"https:\/\/oftalmedic.es\/de\/wp-json\/wp\/v2\/pages\/11316"}],"wp:featuredmedia":[{"embeddable":true,"href":"https:\/\/oftalmedic.es\/de\/wp-json\/wp\/v2\/media\/4680"}],"wp:attachment":[{"href":"https:\/\/oftalmedic.es\/de\/wp-json\/wp\/v2\/media?parent=10694"}],"curies":[{"name":"wp","href":"https:\/\/api.w.org\/{rel}","templated":true}]}}