{"id":11667,"date":"2025-07-08T07:09:18","date_gmt":"2025-07-08T07:09:18","guid":{"rendered":"https:\/\/oftalmedic.rwdesarrollos.es\/cirugia-refractiva\/faq-refraktive-chirurgie\/"},"modified":"2025-10-17T08:18:36","modified_gmt":"2025-10-17T08:18:36","slug":"faq-refraktive-chirurgie","status":"publish","type":"page","link":"https:\/\/oftalmedic.es\/de\/cirugia-refractiva\/faq-refraktive-chirurgie\/","title":{"rendered":"FAQ zur refraktiven Chirurgie"},"content":{"rendered":"[vc_row type=&#8220;full_width_background&#8220; full_screen_row_position=&#8220;middle&#8220; column_margin=&#8220;default&#8220; column_direction=&#8220;default&#8220; column_direction_tablet=&#8220;default&#8220; column_direction_phone=&#8220;default&#8220; scene_position=&#8220;center&#8220; text_color=&#8220;dark&#8220; text_align=&#8220;left&#8220; row_border_radius=&#8220;none&#8220; row_border_radius_applies=&#8220;bg&#8220; overflow=&#8220;visible&#8220; id=&#8220;specialty_title&#8220; overlay_strength=&#8220;0.3&#8243; gradient_direction=&#8220;left_to_right&#8220; shape_divider_position=&#8220;bottom&#8220; bg_image_animation=&#8220;none&#8220; shape_type=&#8220;&#8220;][vc_column column_padding=&#8220;no-extra-padding&#8220; column_padding_tablet=&#8220;inherit&#8220; column_padding_phone=&#8220;inherit&#8220; column_padding_position=&#8220;all&#8220; column_element_direction_desktop=&#8220;default&#8220; column_element_spacing=&#8220;default&#8220; desktop_text_alignment=&#8220;default&#8220; tablet_text_alignment=&#8220;default&#8220; phone_text_alignment=&#8220;default&#8220; background_color_opacity=&#8220;1&#8243; background_hover_color_opacity=&#8220;1&#8243; column_backdrop_filter=&#8220;none&#8220; column_shadow=&#8220;none&#8220; column_border_radius=&#8220;none&#8220; column_link_target=&#8220;_self&#8220; column_position=&#8220;default&#8220; gradient_direction=&#8220;left_to_right&#8220; overlay_strength=&#8220;0.3&#8243; width=&#8220;1\/1&#8243; tablet_width_inherit=&#8220;default&#8220; animation_type=&#8220;default&#8220; bg_image_animation=&#8220;none&#8220; border_type=&#8220;simple&#8220; column_border_width=&#8220;none&#8220; column_border_style=&#8220;solid&#8220;][vc_column_text]\n<h5 style=\"text-align: left;\">Refraktive Chirurgie<\/h5>\n[\/vc_column_text][\/vc_column][\/vc_row][vc_row type=&#8220;full_width_background&#8220; full_screen_row_position=&#8220;middle&#8220; column_margin=&#8220;default&#8220; column_direction=&#8220;default&#8220; column_direction_tablet=&#8220;default&#8220; column_direction_phone=&#8220;default&#8220; scene_position=&#8220;center&#8220; text_color=&#8220;dark&#8220; text_align=&#8220;left&#8220; row_border_radius=&#8220;none&#8220; row_border_radius_applies=&#8220;bg&#8220; overflow=&#8220;visible&#8220; id=&#8220;submenu_especialidades&#8220; overlay_strength=&#8220;0.3&#8243; gradient_direction=&#8220;left_to_right&#8220; shape_divider_position=&#8220;bottom&#8220; bg_image_animation=&#8220;none&#8220; shape_type=&#8220;&#8220;][vc_column column_padding=&#8220;no-extra-padding&#8220; column_padding_tablet=&#8220;inherit&#8220; column_padding_phone=&#8220;inherit&#8220; column_padding_position=&#8220;all&#8220; column_element_direction_desktop=&#8220;default&#8220; column_element_spacing=&#8220;default&#8220; desktop_text_alignment=&#8220;default&#8220; tablet_text_alignment=&#8220;default&#8220; phone_text_alignment=&#8220;default&#8220; background_color_opacity=&#8220;1&#8243; background_hover_color_opacity=&#8220;1&#8243; column_backdrop_filter=&#8220;none&#8220; column_shadow=&#8220;none&#8220; column_border_radius=&#8220;none&#8220; column_link_target=&#8220;_self&#8220; column_position=&#8220;default&#8220; gradient_direction=&#8220;left_to_right&#8220; overlay_strength=&#8220;0.3&#8243; width=&#8220;1\/1&#8243; tablet_width_inherit=&#8220;default&#8220; animation_type=&#8220;default&#8220; bg_image_animation=&#8220;none&#8220; border_type=&#8220;simple&#8220; column_border_width=&#8220;none&#8220; column_border_style=&#8220;solid&#8220;][page_submenu alignment=&#8220;left&#8220; sticky=&#8220;true&#8220; bg_color=&#8220;#c9d6e8&#8243;][page_link link_url=&#8220;\/cirugia-refractiva\/&#8220; title=&#8220;Was ist es&#8220; id=&#8220;1760688976252-5&#8243; tab_id=&#8220;1760688976253-7&#8243;] [\/page_link][page_link link_url=&#8220;\/cirugia-refractiva\/miopia&#8220; title=&#8220;Kurzsichtigkeit&#8220; id=&#8220;1760688976281-4&#8243; tab_id=&#8220;1760688976281-9&#8243;] [\/page_link][page_link title=&#8220;Weitblick&#8220; id=&#8220;1760688976287-6&#8243; link_url=&#8220;\/cirugia-refractiva\/hipermetropia&#8220; tab_id=&#8220;1760688976287-10&#8243;][\/page_link][page_link title=&#8220;Astigmatismus&#8220; id=&#8220;1760688976298-3&#8243; link_url=&#8220;https:\/\/oftalmedic.es\/cirugia-refractiva\/astigmatismo-2\/&#8220; tab_id=&#8220;1760688976299-6&#8243;][\/page_link][page_link title=&#8220;Laserchirurgie&#8220; id=&#8220;1760688976315-3&#8243; link_url=&#8220;\/cirugia-refractiva\/cirugia-laser\/&#8220; tab_id=&#8220;1760688976315-10&#8243;][\/page_link][page_link title=&#8220;Intraokularlinsen&#8220; id=&#8220;1760688976322-9&#8243; link_url=&#8220;\/cirugia-refractiva\/lentes-intraoculares&#8220; tab_id=&#8220;1760688976322-7&#8243;][\/page_link][page_link link_new_tab=&#8220;true&#8220; title=&#8220;Preise&#8220; id=&#8220;1760688982471-10&#8243; tab_id=&#8220;1760688982471-8&#8243; link_url=&#8220;https:\/\/oftalmedic.es\/precio-cirugia-refractiva\/&#8220;][\/page_link][page_link title=&#8220;FAQ&#8220; id=&#8220;1760688976331-8&#8243; link_url=&#8220;#&#8220; tab_id=&#8220;1760688976332-7&#8243;][\/page_link][\/page_submenu][\/vc_column][\/vc_row][vc_row type=&#8220;full_width_background&#8220; full_screen_row_position=&#8220;middle&#8220; column_margin=&#8220;default&#8220; column_direction=&#8220;default&#8220; column_direction_tablet=&#8220;default&#8220; column_direction_phone=&#8220;default&#8220; bg_color=&#8220;#ffffff&#8220; scene_position=&#8220;center&#8220; top_padding=&#8220;80&#8243; bottom_padding=&#8220;150&#8243; text_color=&#8220;dark&#8220; text_align=&#8220;left&#8220; row_border_radius=&#8220;none&#8220; row_border_radius_applies=&#8220;bg&#8220; overflow=&#8220;visible&#8220; overlay_strength=&#8220;0.3&#8243; gradient_direction=&#8220;left_to_right&#8220; enable_shape_divider=&#8220;true&#8220; shape_divider_color=&#8220;#d0d9e8&#8243; shape_divider_position=&#8220;bottom&#8220; shape_divider_height=&#8220;100&#8243; bg_image_animation=&#8220;none&#8220; shape_type=&#8220;curve_opacity&#8220;][vc_column column_padding=&#8220;padding-3-percent&#8220; column_padding_tablet=&#8220;inherit&#8220; column_padding_phone=&#8220;inherit&#8220; column_padding_position=&#8220;right&#8220; column_element_direction_desktop=&#8220;default&#8220; column_element_spacing=&#8220;default&#8220; desktop_text_alignment=&#8220;default&#8220; tablet_text_alignment=&#8220;default&#8220; phone_text_alignment=&#8220;default&#8220; background_color_opacity=&#8220;1&#8243; background_hover_color_opacity=&#8220;1&#8243; column_backdrop_filter=&#8220;none&#8220; column_shadow=&#8220;none&#8220; column_border_radius=&#8220;none&#8220; column_link_target=&#8220;_self&#8220; column_position=&#8220;default&#8220; gradient_direction=&#8220;left_to_right&#8220; overlay_strength=&#8220;0.3&#8243; width=&#8220;1\/1&#8243; tablet_width_inherit=&#8220;default&#8220; animation_type=&#8220;default&#8220; bg_image_animation=&#8220;none&#8220; border_type=&#8220;simple&#8220; column_border_width=&#8220;none&#8220; column_border_style=&#8220;solid&#8220;][vc_column_text el_class=&#8220;blue&#8220;]\n<h1 style=\"text-align: left;\">H\u00e4ufig gestellte Fragen zu REFRACTIVE SURGERY<\/h1>\n<p>Wir m\u00f6chten Ihnen die h\u00e4ufigsten Fragen unserer Patienten zu ihren Fehlsichtigkeiten und den von uns angebotenen<a href=\"https:\/\/oftalmedic.es\/de\/cirugia-refractiva\/\"> refraktiv-chirurgischen<\/a> Techniken zur Korrektur dieser Fehlsichtigkeiten beantworten.[\/vc_column_text][\/vc_column][\/vc_row][vc_row type=&#8220;full_width_background&#8220; full_screen_row_position=&#8220;middle&#8220; column_margin=&#8220;default&#8220; equal_height=&#8220;yes&#8220; content_placement=&#8220;top&#8220; column_direction=&#8220;default&#8220; column_direction_tablet=&#8220;default&#8220; column_direction_phone=&#8220;default&#8220; bg_color=&#8220;#d0d9e8&#8243; scene_position=&#8220;center&#8220; top_padding=&#8220;60&#8243; bottom_padding=&#8220;100&#8243; text_color=&#8220;dark&#8220; text_align=&#8220;left&#8220; row_border_radius=&#8220;none&#8220; row_border_radius_applies=&#8220;bg&#8220; overflow=&#8220;visible&#8220; id=&#8220;faqs&#8220; overlay_strength=&#8220;0.3&#8243; gradient_direction=&#8220;left_to_right&#8220; shape_divider_color=&#8220;#ffffff&#8220; shape_divider_position=&#8220;bottom&#8220; shape_divider_height=&#8220;100&#8243; bg_image_animation=&#8220;none&#8220; shape_type=&#8220;speech&#8220;][vc_column column_padding=&#8220;no-extra-padding&#8220; column_padding_tablet=&#8220;inherit&#8220; column_padding_phone=&#8220;inherit&#8220; column_padding_position=&#8220;all&#8220; column_element_direction_desktop=&#8220;default&#8220; column_element_spacing=&#8220;default&#8220; desktop_text_alignment=&#8220;default&#8220; tablet_text_alignment=&#8220;default&#8220; phone_text_alignment=&#8220;default&#8220; background_color_opacity=&#8220;1&#8243; background_hover_color_opacity=&#8220;1&#8243; column_backdrop_filter=&#8220;none&#8220; column_shadow=&#8220;none&#8220; column_border_radius=&#8220;none&#8220; column_link_target=&#8220;_self&#8220; column_position=&#8220;default&#8220; gradient_direction=&#8220;left_to_right&#8220; overlay_strength=&#8220;0.3&#8243; width=&#8220;1\/1&#8243; tablet_width_inherit=&#8220;default&#8220; animation_type=&#8220;default&#8220; bg_image_animation=&#8220;none&#8220; border_type=&#8220;simple&#8220; column_border_width=&#8220;none&#8220; column_border_style=&#8220;solid&#8220;][divider line_type=&#8220;No Line&#8220;][vc_column_text]\n<h3>\u00dcBER KURZSICHTIGKEIT, WEITSICHTIGKEIT UND ASTIGMATISMUS<\/h3>\n[\/vc_column_text][divider line_type=&#8220;No Line&#8220; custom_height=&#8220;30&#8243;][toggles style=&#8220;minimal&#8220;][toggle color=&#8220;Accent-Color&#8220; heading_tag=&#8220;default&#8220; heading_tag_functionality=&#8220;default&#8220; title=&#8220;1) Was verursacht Myopie?&#8220;][vc_column_text]Menschen, die an Kurzsichtigkeit leiden, zeichnen sich durch Ver\u00e4nderungen der verschiedenen Strukturen des Auges aus, wie z. B. der Hornhautkr\u00fcmmung, der optischen St\u00e4rke der Augenlinse (\u00fcberm\u00e4\u00dfige St\u00e4rke) oder der Gr\u00f6\u00dfe des Augapfels (\u00fcberm\u00e4\u00dfige L\u00e4nge).[\/vc_column_text][\/toggle][toggle color=&#8220;Accent-Color&#8220; heading_tag=&#8220;default&#8220; heading_tag_functionality=&#8220;default&#8220; title=&#8220;2)Was sind die Symptome der Myopie?&#8220;][vc_column_text]Das Hauptsymptom eines Patienten mit Myopie ist , dass er\/sie in der Ferne schlecht und in der N\u00e4he optimal sieht. Andere Symptome , unter denen sie leiden k\u00f6nnen , sind visuelle M\u00fcdigkeit, Kopfschmerzen, Konzentrationsschwierigkeiten, st\u00e4ndige Trockenheit\/Juckreiz der Augen usw&#8230;[\/vc_column_text][\/toggle][toggle color=&#8220;Accent-Color&#8220; heading_tag=&#8220;default&#8220; heading_tag_functionality=&#8220;default&#8220; title=&#8220;3)Wann kann Myopie auftreten und wann h\u00f6rt sie auf?&#8220;][vc_column_text]\n<div class=\"wpb_text_column wpb_content_element \">\n<div class=\"wpb_wrapper\">\n<p>Die Symptome der Myopie k\u00f6nnen bereits in jungen Jahren auftreten, aber auch Erwachsene k\u00f6nnen an Myopie leiden. Je nach Einzelfall stabilisiert sich die Myopie in der Regel nach dem Alter von 20 Jahren. <\/p>\n<\/div>\n<\/div>\n[\/vc_column_text][\/toggle][toggle color=&#8220;Accent-Color&#8220; heading_tag=&#8220;default&#8220; heading_tag_functionality=&#8220;default&#8220; title=&#8220;Mehr Fragen sehen&#8220;][vc_column_text]<strong>4) Wie kann die Kurzsichtigkeit korrigiert werden?<\/strong><\/p>\n<p>Bei Oftalmedic Salv\u00e0 bieten wir derzeit zwei verschiedene Techniken als Alternative zu Brillen oder Kontaktlinsen an: die Excimer-Laser-Chirurgie und die Implantation von Intraokularlinsen, auch ICL-Linsen genannt.<\/p>\n<p>In einer ersten pr\u00e4operativen Konsultation wird der Augenarzt Ihren Fall individuell untersuchen, um das f\u00fcr Ihre Situation und Ihre Bed\u00fcrfnisse am besten geeignete Verfahren oder die am besten geeignete Lasertechnik zu bestimmen.<\/p>\n<p><strong>5) Wird Myopie vererbt?<\/strong><\/p>\n<p>Die Myopie ist stark erblich bedingt, kann aber auch bei Menschen ohne famili\u00e4re Vorbelastung auftreten.<\/p>\n<p><strong>6) Was ist die Ursache f\u00fcr Weitsichtigkeit?<\/strong><\/p>\n<p>Menschen, die an Hyperopie leiden, zeichnen sich durch Ver\u00e4nderungen der verschiedenen Strukturen des Auges aus, wie z. B. der Hornhautkr\u00fcmmung, der optischen St\u00e4rke der Augenlinse (geringe Brechkraft) oder der Gr\u00f6\u00dfe des Augapfels (k\u00fcrzer als die normale L\u00e4nge).<\/p>\n<p><strong>7) Was sind die Symptome der Weitsichtigkeit?<\/strong><\/p>\n<p>Das Hauptsymptom der Hyperopie ist schlechtes Sehen in der N\u00e4he. Wenn die Weitsichtigkeit gering ist, sieht der Patient in der Ferne gut, obwohl die Fokussierungs- oder Akkommodationsanstrengung gr\u00f6\u00dfer ist. Dies kann zu anderen Symptomen wie Kopfschmerzen und \u00dcberanstrengung der Augen f\u00fchren.  <\/p>\n<p><strong>8) Wann kann Weitsichtigkeit auftreten?<\/strong><\/p>\n<p>Weitsichtigkeit betrifft die meisten Neugeborenen, da ihre Augen noch nicht voll entwickelt sind. Im Jugendalter haben junge Menschen mit Weitsichtigkeit und einer niedrigen Sehst\u00e4rke in der Regel keine Probleme mit der Sehsch\u00e4rfe, da sie diese durch Akkomodation ausgleichen. Bei Erwachsenen \u00fcber 40 Jahren kann Weitsichtigkeit mit Alterssichtigkeit oder Augenbeschwerden verwechselt werden.  <\/p>\n<p><strong>9) Wie kann Weitsichtigkeit korrigiert werden?<\/strong><\/p>\n<p>Bei Neugeborenen korrigiert sich diese Sehanomalie in der Regel von selbst, wenn das Kind w\u00e4chst.<\/p>\n<p>F\u00fcr Erwachsene , die auf eine Brille oder Kontaktlinsen verzichten m\u00f6chten, stehen zwei Verfahren zur Korrektur der Weitsichtigkeit zur Verf\u00fcgung: die Excimer-Laser-Chirurgie und die Implantation von Intraokularlinsen, auch ICL-Linsen genannt.<\/p>\n<p><strong>10)Kann ich neben der Weitsichtigkeit noch ein anderes refraktives Problem haben?<\/strong><\/p>\n<p>Ja, Weitsichtigkeit kann mit anderen Sehanomalien wie Astigmatismus und\/oder Alterssichtigkeit verbunden sein. Andererseits ist es nicht m\u00f6glich, dass eine Person sowohl weitsichtig als auch kurzsichtig ist.  <\/p>\n<p><strong>11) Was ist die Ursache f\u00fcr Astigmatismus?<\/strong><\/p>\n<p>Menschen, die an Astigmatismus leiden, zeichnen sich durch eine ver\u00e4nderte Hornhautkr\u00fcmmung aus, d. h. ihre Hornhaut ist nicht symmetrisch, sondern unregelm\u00e4\u00dfig gekr\u00fcmmt.<\/p>\n<p><strong>12) Was sind die Symptome von Astigmatismus?<\/strong><\/p>\n<p>Die Symptome, die der Patient wahrnehmen kann, sind je nach Alter, Art des Astigmatismus oder Verschreibung unterschiedlich. Das Hauptsymptom des Astigmatismus ist verschwommenes und verzerrtes Sehen von nahen und fernen Objekten sowie Schwierigkeiten bei der Wahrnehmung von kleinen Details in allen Entfernungen. <\/p>\n<p><strong>13) Wie kann ich feststellen, ob ich Astigmatismus habe?<\/strong><\/p>\n<p>In leichten F\u00e4llen ist es m\u00f6glich, keine Anzeichen von Astigmatismus zu erkennen. Bei Kindern ist es ratsam, ab dem Alter von 3 bis 4 Jahren durch eine vollst\u00e4ndige augen\u00e4rztliche Untersuchung besonders auf ihre Sehqualit\u00e4t zu achten, da ein unkorrigierter Astigmatismus zu einem Problem mit tr\u00e4gen Augen f\u00fchren kann. <\/p>\n<p><strong>14) Kann ich neben Astigmatismus noch ein anderes refraktives Problem haben?<\/strong><\/p>\n<p>Ja, denn Astigmatismus tritt nicht immer isoliert auf. Es ist durchaus \u00fcblich, dass er mit Myopie oder Hyperopie einhergeht. <\/p>\n<p><strong>15) Wie kann man Astigmatismus vorbeugen?<\/strong><\/p>\n<p>Astigmatismus ist das dritth\u00e4ufigste Sehproblem der Spanier (nach Kurzsichtigkeit und Sehschw\u00e4che). Obwohl er in der Bev\u00f6lkerung sehr h\u00e4ufig vorkommt, l\u00e4sst sich sein Auftreten nicht verhindern. Es ist daher ratsam, sich regelm\u00e4\u00dfig augen\u00e4rztlich untersuchen zu lassen, um sie rechtzeitig zu erkennen oder auszuschlie\u00dfen.[\/vc_column_text][\/toggle][\/toggles][divider line_type=&#8220;No Line&#8220;][vc_column_text]\n<h3>\u00dcBER REFRAKTIVE LASERCHIRURGIE<\/h3>\n[\/vc_column_text][divider line_type=&#8220;No Line&#8220; custom_height=&#8220;30&#8243;][toggles style=&#8220;minimal&#8220;][toggle color=&#8220;Accent-Color&#8220; heading_tag=&#8220;default&#8220; heading_tag_functionality=&#8220;default&#8220; title=&#8220;1) Welche Kriterien m\u00fcssen erf\u00fcllt sein, um f\u00fcr eine refraktive Laseroperation in Frage zu kommen?&#8220;][vc_column_text]Das Alter des Patienten, die morphologischen Eigenschaften seiner Hornhaut und seine aktuelle Sehst\u00e4rke sind einige der Faktoren, die wir analysieren, um festzustellen, ob er f\u00fcr eine refraktive Laseroperation in Frage kommt.[\/vc_column_text][\/toggle][toggle color=&#8220;Accent-Color&#8220; heading_tag=&#8220;default&#8220; heading_tag_functionality=&#8220;default&#8220; title=&#8220;2) Was geschieht, wenn ich f\u00fcr eine refraktive Laseroperation nicht geeignet bin?&#8220;][vc_column_text]Die Tatsache, dass sich Ihre Sehst\u00e4rke seit mindestens einem Jahr nicht stabilisiert hat, die Morphologie Ihrer Hornhaut oder bestimmte Pathologien der Netzhaut sind F\u00e4lle, die eine refraktive Laserchirurgie nicht ratsam erscheinen lassen. In Ihrer pers\u00f6nlichen pr\u00e4operativen Studie werden Sie \u00fcber die in Ihrem Fall am besten geeignete Alternative zu diesem Verfahren beraten.[\/vc_column_text][\/toggle][toggle color=&#8220;Accent-Color&#8220; heading_tag=&#8220;default&#8220; heading_tag_functionality=&#8220;default&#8220; title=&#8220;3) Kann ich mich diesem Verfahren unterziehen, wenn ich \u00fcber 40 Jahre alt bin?&#8220;][vc_column_text]Bedenken Sie, dass ab dem 40. Lebensjahr die ersten Symptome der Presbyopie auftreten. F\u00fcr den Fall, dass Sie die Alterssichtigkeit im Rahmen desselben Verfahrens wie einen anderen Brechungsfehler beheben m\u00f6chten, wird daher die M\u00f6glichkeit der Implantation einer Intraokularlinse gepr\u00fcft, die die Nah- und Fernsicht korrigiert.[\/vc_column_text][\/toggle][toggle color=&#8220;Accent-Color&#8220; heading_tag=&#8220;default&#8220; heading_tag_functionality=&#8220;default&#8220; title=&#8220;Mehr Fragen sehen&#8220;][vc_column_text]<strong>4) Worin besteht die Intervention?<\/strong><\/p>\n<p>Mit einem \u00e4u\u00dferst pr\u00e4zisen Laser wird die Hornhaut so geformt, dass der Defekt, der die Fehlsichtigkeit verursacht, sicher beseitigt wird. Wir bieten eine Premium-Option dank der Femtosekunden-Lasertechnologie, die es erm\u00f6glicht, dieses Verfahren zu 100 % mit dem Laser durchzuf\u00fchren, ohne Skalpell oder Einstiche. <\/p>\n<p><strong>5) Kann ich mich einer Laseroperation unterziehen, wenn ich eine sehr hohe Kurzsichtigkeit habe?<\/strong><\/p>\n<p>Um eine \u00fcberm\u00e4\u00dfige Hornhautverformung zu vermeiden, die bei der hohen Korrektion Ihrer Myopie notwendig w\u00e4re, wird die Implantation einer Intraokularlinse als L\u00f6sung in Betracht gezogen. Diese Technik ersetzt nicht die Laserbehandlung, sondern bietet eine M\u00f6glichkeit, wenn der Patient f\u00fcr eine Laserbehandlung nicht geeignet ist. <\/p>\n<p><strong>6)Wie lange dauert die Operation?<\/strong><\/p>\n<p>Der Eingriff dauert nur wenige Minuten und wird ambulant durchgef\u00fchrt, so dass der Patient noch am selben Tag auf eigenen F\u00fc\u00dfen nach Hause gehen kann.<\/p>\n<p><strong>7) Ist das Verfahren schmerzhaft?<\/strong><\/p>\n<p>Nein, da vorher eine <a href=\"https:\/\/es.wikipedia.org\/wiki\/Anest%C3%A9sico_t%C3%B3pico\">\u00f6rtliche Bet\u00e4ubung<\/a> (in Form von Tropfen) durchgef\u00fchrt wird und der Patient daher keine Schmerzen versp\u00fcrt.<\/p>\n<p><strong>8) Wann werde ich nach der Behandlung wieder gut sehen k\u00f6nnen?<\/strong><\/p>\n<p>Innerhalb von 24-48 Stunden erholt sich die Sehqualit\u00e4t des Patienten in der Regel fast sofort.<\/p>\n<p><strong>9) Wie sieht die postoperative Erholung aus?<\/strong><\/p>\n<p>Es ist ratsam, eine Woche zu warten, bevor man zur Arbeit zur\u00fcckkehrt, auch wenn dies, wenn n\u00f6tig, innerhalb weniger Tage m\u00f6glich ist. Wenn Sie hingegen Kontaktsportarten aus\u00fcben, sollten Sie etwa einen Monat warten. Die t\u00e4glichen Aktivit\u00e4ten k\u00f6nnen sofort nach der Operation wieder aufgenommen werden, allerdings h\u00e4ngt dies vom Wohlbefinden des Patienten ab.  <\/p>\n<p><strong>10) Ist es m\u00f6glich, dass sich mein Brechungsfehler nach der Operation vergr\u00f6\u00dfert?<\/strong><\/p>\n<p>Wenn die Sehsch\u00e4rfe zum Zeitpunkt der Operation bereits stabil war, muss sie zumindest in den ersten 10 Jahren nicht weiter ansteigen (es k\u00f6nnen sich parallele Fehlsichtigkeiten wie z. B. Augenbeschwerden entwickeln). Wenn sich die Fehlsichtigkeit zum Zeitpunkt der Operation jedoch weiterentwickelt hat, ist es wahrscheinlich, dass sie weiter fortschreitet. Aus diesem Grund empfehlen wir den Patienten, mit der Operation zu warten, bis sich ihr Refraktionsproblem stabilisiert hat.[\/vc_column_text][\/toggle][\/toggles][divider line_type=&#8220;No Line&#8220;][vc_column_text]\n<h3>\u00dcBER ICL-LINSEN<\/h3>\n[\/vc_column_text][divider line_type=&#8220;No Line&#8220; custom_height=&#8220;30&#8243;][toggles style=&#8220;minimal&#8220;][toggle color=&#8220;Accent-Color&#8220; heading_tag=&#8220;default&#8220; heading_tag_functionality=&#8220;default&#8220; title=&#8220;1) Was sind ICL-Linsen?&#8220;][vc_column_text]Diese Linsen, die auch als phakische Linsen bezeichnet werden, werden zur Korrektur von Kurzsichtigkeit, Weitsichtigkeit oder Astigmatismus sowie verschiedener Anomalien im selben Verfahren verwendet. Sie zeichnen sich durch ihre hohe Kompatibilit\u00e4t mit dem nat\u00fcrlichen Gewebe des Auges und ihre Anpassungsf\u00e4higkeit aus, die auf das Material zur\u00fcckzuf\u00fchren ist, aus dem sie hergestellt werden (Collamer, das flexibel und weich ist). Sie werden f\u00fcr jedes Auge und jede Person individuell angepasst und bieten eine breite Palette von Verordnungen.[\/vc_column_text][\/toggle][toggle color=&#8220;Accent-Color&#8220; heading_tag=&#8220;default&#8220; heading_tag_functionality=&#8220;default&#8220; title=&#8220;2) Wie funktionieren die ICL-Linsen?&#8220;][vc_column_text]Das sind Linsen, die im Inneren des Auges auf die Augenlinse aufgesetzt werden und \u00e4hnlich wie eine Kontaktlinse funktionieren.[\/vc_column_text][\/toggle][toggle color=&#8220;Accent-Color&#8220; heading_tag=&#8220;default&#8220; heading_tag_functionality=&#8220;default&#8220; title=&#8220;3) In welchen F\u00e4llen werden ICL-Linsen eingesetzt?&#8220;][vc_column_text]ICL-Linsen haben sich als empfehlenswerte Option f\u00fcr Patienten etabliert, die noch keine Sehschw\u00e4che entwickelt haben (vor allem junge Menschen zwischen 20 und 40 Jahren), oder f\u00fcr diejenigen, die aufgrund der Eigenschaften ihres Auges eine hohe Sehst\u00e4rke oder eine unzureichende Hornhautdicke f\u00fcr diese Art von Eingriff haben.[\/vc_column_text][\/toggle][toggle color=&#8220;Accent-Color&#8220; heading_tag=&#8220;default&#8220; heading_tag_functionality=&#8220;default&#8220; title=&#8220;Mehr Fragen sehen&#8220;][vc_column_text]<strong>4) Welche Vorteile bieten sie?<\/strong><\/p>\n<p>Die ICL-Linsenimplantation ist ein ambulanter Eingriff, der kurz und schmerzlos ist und eine rasche Wiederherstellung der Sehqualit\u00e4t des Patienten erm\u00f6glicht. Au\u00dferdem ist der Eingriff reversibel, da er keine der Strukturen des Auges ver\u00e4ndert. <\/p>\n<p><strong>5) Wie unterscheidet sich diese Technik von der des Excimer-Lasers?<\/strong><\/p>\n<p>F\u00fcr die Implantation von ICL-Linsen ist es nicht notwendig, die Hornhaut zu modellieren oder die Linse zu entfernen; die Linsen werden einfach auf die Hornhaut aufgesetzt. Auf diese Weise werden alle Fehlsichtigkeiten korrigiert und gleichzeitig diese beiden Strukturen (Augenlinse und Hornhaut) f\u00fcr die Zukunft erhalten.[\/vc_column_text][\/toggle][\/toggles][\/vc_column][\/vc_row]\n","protected":false},"excerpt":{"rendered":"<p>[vc_row type=&#8220;full_width_background&#8220; full_screen_row_position=&#8220;middle&#8220; column_margin=&#8220;default&#8220; column_direction=&#8220;default&#8220; column_direction_tablet=&#8220;default&#8220; column_direction_phone=&#8220;default&#8220; scene_position=&#8220;center&#8220; text_color=&#8220;dark&#8220; text_align=&#8220;left&#8220; row_border_radius=&#8220;none&#8220; row_border_radius_applies=&#8220;bg&#8220; overflow=&#8220;visible&#8220; id=&#8220;specialty_title&#8220; overlay_strength=&#8220;0.3&#8243; gradient_direction=&#8220;left_to_right&#8220; shape_divider_position=&#8220;bottom&#8220; bg_image_animation=&#8220;none&#8220; shape_type=&#8220;&#8220;][vc_column column_padding=&#8220;no-extra-padding&#8220; column_padding_tablet=&#8220;inherit&#8220; column_padding_phone=&#8220;inherit&#8220; column_padding_position=&#8220;all&#8220; column_element_direction_desktop=&#8220;default&#8220; column_element_spacing=&#8220;default&#8220; desktop_text_alignment=&#8220;default&#8220; tablet_text_alignment=&#8220;default&#8220; phone_text_alignment=&#8220;default&#8220; background_color_opacity=&#8220;1&#8243; background_hover_color_opacity=&#8220;1&#8243; column_backdrop_filter=&#8220;none&#8220; column_shadow=&#8220;none&#8220; column_border_radius=&#8220;none&#8220; column_link_target=&#8220;_self&#8220; column_position=&#8220;default&#8220; gradient_direction=&#8220;left_to_right&#8220; overlay_strength=&#8220;0.3&#8243; width=&#8220;1\/1&#8243; tablet_width_inherit=&#8220;default&#8220; animation_type=&#8220;default&#8220; bg_image_animation=&#8220;none&#8220; border_type=&#8220;simple&#8220; column_border_width=&#8220;none&#8220; column_border_style=&#8220;solid&#8220;][vc_column_text] Refraktive Chirurgie [\/vc_column_text][\/vc_column][\/vc_row][vc_row type=&#8220;full_width_background&#8220; full_screen_row_position=&#8220;middle&#8220; column_margin=&#8220;default&#8220; column_direction=&#8220;default&#8220; column_direction_tablet=&#8220;default&#8220; column_direction_phone=&#8220;default&#8220; scene_position=&#8220;center&#8220; text_color=&#8220;dark&#8220; text_align=&#8220;left&#8220; row_border_radius=&#8220;none&#8220; row_border_radius_applies=&#8220;bg&#8220; overflow=&#8220;visible&#8220; id=&#8220;submenu_especialidades&#8220;&#8230;<\/p>\n","protected":false},"author":1,"featured_media":0,"parent":10549,"menu_order":0,"comment_status":"closed","ping_status":"closed","template":"","meta":{"footnotes":""},"class_list":["post-11667","page","type-page","status-publish"],"yoast_head":"<!-- This site is optimized with the Yoast SEO plugin v27.1.1 - https:\/\/yoast.com\/product\/yoast-seo-wordpress\/ -->\n<title>Refractiva Palma : Preise f\u00fcr refraktive Chirurgie: Cl\u00ednica Oftalmedic Salv\u00e0<\/title>\n<meta name=\"description\" content=\"Pr\u00fcfen Sie unsere Preise f\u00fcr refraktive Chirurgie in Palma. In der Klinik Oftalmedic Salv\u00e0 sind wir Spezialisten f\u00fcr moderne Augenheilkunde f\u00fcr die ganze Familie.\" \/>\n<meta name=\"robots\" content=\"index, follow, max-snippet:-1, max-image-preview:large, max-video-preview:-1\" \/>\n<link rel=\"canonical\" href=\"https:\/\/oftalmedic.es\/de\/cirugia-refractiva\/faq-refraktive-chirurgie\/\" \/>\n<meta property=\"og:locale\" content=\"de_DE\" \/>\n<meta property=\"og:type\" content=\"article\" \/>\n<meta property=\"og:title\" content=\"Refractiva Palma : Preise f\u00fcr refraktive Chirurgie: Cl\u00ednica Oftalmedic Salv\u00e0\" \/>\n<meta property=\"og:description\" content=\"Pr\u00fcfen Sie unsere Preise f\u00fcr refraktive Chirurgie in Palma. In der Klinik Oftalmedic Salv\u00e0 sind wir Spezialisten f\u00fcr moderne Augenheilkunde f\u00fcr die ganze Familie.\" \/>\n<meta property=\"og:url\" content=\"https:\/\/oftalmedic.es\/de\/cirugia-refractiva\/faq-refraktive-chirurgie\/\" \/>\n<meta property=\"og:site_name\" content=\"Oftalmedic Salv\u00e1\" \/>\n<meta property=\"article:publisher\" content=\"https:\/\/www.facebook.com\/OftalmedicSalva\/\" \/>\n<meta property=\"article:modified_time\" content=\"2025-10-17T08:18:36+00:00\" \/>\n<meta name=\"twitter:card\" content=\"summary_large_image\" \/>\n<meta name=\"twitter:site\" content=\"@OftalmedicSalva\" \/>\n<meta name=\"twitter:label1\" content=\"Gesch\u00e4tzte Lesezeit\" \/>\n\t<meta name=\"twitter:data1\" content=\"8\u00a0Minuten\" \/>\n<script type=\"application\/ld+json\" class=\"yoast-schema-graph\">{\"@context\":\"https:\/\/schema.org\",\"@graph\":[{\"@type\":\"WebPage\",\"@id\":\"https:\/\/oftalmedic.es\/de\/cirugia-refractiva\/faq-refraktive-chirurgie\/\",\"url\":\"https:\/\/oftalmedic.es\/de\/cirugia-refractiva\/faq-refraktive-chirurgie\/\",\"name\":\"Refractiva Palma : Preise f\u00fcr refraktive Chirurgie: Cl\u00ednica Oftalmedic Salv\u00e0\",\"isPartOf\":{\"@id\":\"https:\/\/oftalmedic.es\/de\/#website\"},\"datePublished\":\"2025-07-08T07:09:18+00:00\",\"dateModified\":\"2025-10-17T08:18:36+00:00\",\"description\":\"Pr\u00fcfen Sie unsere Preise f\u00fcr refraktive Chirurgie in Palma. In der Klinik Oftalmedic Salv\u00e0 sind wir Spezialisten f\u00fcr moderne Augenheilkunde f\u00fcr die ganze Familie.\",\"breadcrumb\":{\"@id\":\"https:\/\/oftalmedic.es\/de\/cirugia-refractiva\/faq-refraktive-chirurgie\/#breadcrumb\"},\"inLanguage\":\"de\",\"potentialAction\":[{\"@type\":\"ReadAction\",\"target\":[\"https:\/\/oftalmedic.es\/de\/cirugia-refractiva\/faq-refraktive-chirurgie\/\"]}]},{\"@type\":\"BreadcrumbList\",\"@id\":\"https:\/\/oftalmedic.es\/de\/cirugia-refractiva\/faq-refraktive-chirurgie\/#breadcrumb\",\"itemListElement\":[{\"@type\":\"ListItem\",\"position\":1,\"name\":\"Portada\",\"item\":\"https:\/\/oftalmedic.es\/de\/\"},{\"@type\":\"ListItem\",\"position\":2,\"name\":\"Refraktive Chirurgie\",\"item\":\"https:\/\/oftalmedic.es\/de\/cirugia-refractiva\/\"},{\"@type\":\"ListItem\",\"position\":3,\"name\":\"FAQ zur refraktiven Chirurgie\"}]},{\"@type\":\"WebSite\",\"@id\":\"https:\/\/oftalmedic.es\/de\/#website\",\"url\":\"https:\/\/oftalmedic.es\/de\/\",\"name\":\"Oftalmedic Salv\u00e1\",\"description\":\"Red de cl\u00ednicas oftalmol\u00f3gicas de referencia en Baleares. Pionera en tecnolog\u00eda l\u00e1ser para cirug\u00eda de cataratas y correcci\u00f3n de la miop\u00eda, hipermetrop\u00eda, astigmatismo y presbicia o vista cansada.\",\"publisher\":{\"@id\":\"https:\/\/oftalmedic.es\/de\/#organization\"},\"potentialAction\":[{\"@type\":\"SearchAction\",\"target\":{\"@type\":\"EntryPoint\",\"urlTemplate\":\"https:\/\/oftalmedic.es\/de\/?s={search_term_string}\"},\"query-input\":{\"@type\":\"PropertyValueSpecification\",\"valueRequired\":true,\"valueName\":\"search_term_string\"}}],\"inLanguage\":\"de\"},{\"@type\":\"Organization\",\"@id\":\"https:\/\/oftalmedic.es\/de\/#organization\",\"name\":\"[wpseo_titles]company_Nombre\",\"url\":\"https:\/\/oftalmedic.es\/de\/\",\"logo\":{\"@type\":\"ImageObject\",\"inLanguage\":\"de\",\"@id\":\"https:\/\/oftalmedic.es\/de\/#\/schema\/logo\/image\/\",\"url\":\"https:\/\/oftalmedic.es\/wp-content\/uploads\/2018\/06\/logo-oftalmedic.png\",\"contentUrl\":\"https:\/\/oftalmedic.es\/wp-content\/uploads\/2018\/06\/logo-oftalmedic.png\",\"width\":200,\"height\":58,\"caption\":\"[wpseo_titles]company_Nombre\"},\"image\":{\"@id\":\"https:\/\/oftalmedic.es\/de\/#\/schema\/logo\/image\/\"},\"sameAs\":[\"https:\/\/www.facebook.com\/OftalmedicSalva\/\",\"https:\/\/x.com\/OftalmedicSalva\",\"https:\/\/www.instagram.com\/oftalmedic_salva\",\"https:\/\/www.youtube.com\/channel\/UCWrAdUQk6ZmrfVUqBwX0cug\",\"https:\/\/www.linkedin.com\/company\/oftalmedic-clnica-salv\/\"]}]}<\/script>\n<!-- \/ Yoast SEO plugin. -->","yoast_head_json":{"title":"Refractiva Palma : Preise f\u00fcr refraktive Chirurgie: Cl\u00ednica Oftalmedic Salv\u00e0","description":"Pr\u00fcfen Sie unsere Preise f\u00fcr refraktive Chirurgie in Palma. In der Klinik Oftalmedic Salv\u00e0 sind wir Spezialisten f\u00fcr moderne Augenheilkunde f\u00fcr die ganze Familie.","robots":{"index":"index","follow":"follow","max-snippet":"max-snippet:-1","max-image-preview":"max-image-preview:large","max-video-preview":"max-video-preview:-1"},"canonical":"https:\/\/oftalmedic.es\/de\/cirugia-refractiva\/faq-refraktive-chirurgie\/","og_locale":"de_DE","og_type":"article","og_title":"Refractiva Palma : Preise f\u00fcr refraktive Chirurgie: Cl\u00ednica Oftalmedic Salv\u00e0","og_description":"Pr\u00fcfen Sie unsere Preise f\u00fcr refraktive Chirurgie in Palma. In der Klinik Oftalmedic Salv\u00e0 sind wir Spezialisten f\u00fcr moderne Augenheilkunde f\u00fcr die ganze Familie.","og_url":"https:\/\/oftalmedic.es\/de\/cirugia-refractiva\/faq-refraktive-chirurgie\/","og_site_name":"Oftalmedic Salv\u00e1","article_publisher":"https:\/\/www.facebook.com\/OftalmedicSalva\/","article_modified_time":"2025-10-17T08:18:36+00:00","twitter_card":"summary_large_image","twitter_site":"@OftalmedicSalva","twitter_misc":{"Gesch\u00e4tzte Lesezeit":"8\u00a0Minuten"},"schema":{"@context":"https:\/\/schema.org","@graph":[{"@type":"WebPage","@id":"https:\/\/oftalmedic.es\/de\/cirugia-refractiva\/faq-refraktive-chirurgie\/","url":"https:\/\/oftalmedic.es\/de\/cirugia-refractiva\/faq-refraktive-chirurgie\/","name":"Refractiva Palma : Preise f\u00fcr refraktive Chirurgie: Cl\u00ednica Oftalmedic Salv\u00e0","isPartOf":{"@id":"https:\/\/oftalmedic.es\/de\/#website"},"datePublished":"2025-07-08T07:09:18+00:00","dateModified":"2025-10-17T08:18:36+00:00","description":"Pr\u00fcfen Sie unsere Preise f\u00fcr refraktive Chirurgie in Palma. In der Klinik Oftalmedic Salv\u00e0 sind wir Spezialisten f\u00fcr moderne Augenheilkunde f\u00fcr die ganze Familie.","breadcrumb":{"@id":"https:\/\/oftalmedic.es\/de\/cirugia-refractiva\/faq-refraktive-chirurgie\/#breadcrumb"},"inLanguage":"de","potentialAction":[{"@type":"ReadAction","target":["https:\/\/oftalmedic.es\/de\/cirugia-refractiva\/faq-refraktive-chirurgie\/"]}]},{"@type":"BreadcrumbList","@id":"https:\/\/oftalmedic.es\/de\/cirugia-refractiva\/faq-refraktive-chirurgie\/#breadcrumb","itemListElement":[{"@type":"ListItem","position":1,"name":"Portada","item":"https:\/\/oftalmedic.es\/de\/"},{"@type":"ListItem","position":2,"name":"Refraktive Chirurgie","item":"https:\/\/oftalmedic.es\/de\/cirugia-refractiva\/"},{"@type":"ListItem","position":3,"name":"FAQ zur refraktiven Chirurgie"}]},{"@type":"WebSite","@id":"https:\/\/oftalmedic.es\/de\/#website","url":"https:\/\/oftalmedic.es\/de\/","name":"Oftalmedic Salv\u00e1","description":"Red de cl\u00ednicas oftalmol\u00f3gicas de referencia en Baleares. Pionera en tecnolog\u00eda l\u00e1ser para cirug\u00eda de cataratas y correcci\u00f3n de la miop\u00eda, hipermetrop\u00eda, astigmatismo y presbicia o vista cansada.","publisher":{"@id":"https:\/\/oftalmedic.es\/de\/#organization"},"potentialAction":[{"@type":"SearchAction","target":{"@type":"EntryPoint","urlTemplate":"https:\/\/oftalmedic.es\/de\/?s={search_term_string}"},"query-input":{"@type":"PropertyValueSpecification","valueRequired":true,"valueName":"search_term_string"}}],"inLanguage":"de"},{"@type":"Organization","@id":"https:\/\/oftalmedic.es\/de\/#organization","name":"[wpseo_titles]company_Nombre","url":"https:\/\/oftalmedic.es\/de\/","logo":{"@type":"ImageObject","inLanguage":"de","@id":"https:\/\/oftalmedic.es\/de\/#\/schema\/logo\/image\/","url":"https:\/\/oftalmedic.es\/wp-content\/uploads\/2018\/06\/logo-oftalmedic.png","contentUrl":"https:\/\/oftalmedic.es\/wp-content\/uploads\/2018\/06\/logo-oftalmedic.png","width":200,"height":58,"caption":"[wpseo_titles]company_Nombre"},"image":{"@id":"https:\/\/oftalmedic.es\/de\/#\/schema\/logo\/image\/"},"sameAs":["https:\/\/www.facebook.com\/OftalmedicSalva\/","https:\/\/x.com\/OftalmedicSalva","https:\/\/www.instagram.com\/oftalmedic_salva","https:\/\/www.youtube.com\/channel\/UCWrAdUQk6ZmrfVUqBwX0cug","https:\/\/www.linkedin.com\/company\/oftalmedic-clnica-salv\/"]}]}},"_links":{"self":[{"href":"https:\/\/oftalmedic.es\/de\/wp-json\/wp\/v2\/pages\/11667","targetHints":{"allow":["GET"]}}],"collection":[{"href":"https:\/\/oftalmedic.es\/de\/wp-json\/wp\/v2\/pages"}],"about":[{"href":"https:\/\/oftalmedic.es\/de\/wp-json\/wp\/v2\/types\/page"}],"author":[{"embeddable":true,"href":"https:\/\/oftalmedic.es\/de\/wp-json\/wp\/v2\/users\/1"}],"replies":[{"embeddable":true,"href":"https:\/\/oftalmedic.es\/de\/wp-json\/wp\/v2\/comments?post=11667"}],"version-history":[{"count":0,"href":"https:\/\/oftalmedic.es\/de\/wp-json\/wp\/v2\/pages\/11667\/revisions"}],"up":[{"embeddable":true,"href":"https:\/\/oftalmedic.es\/de\/wp-json\/wp\/v2\/pages\/10549"}],"wp:attachment":[{"href":"https:\/\/oftalmedic.es\/de\/wp-json\/wp\/v2\/media?parent=11667"}],"curies":[{"name":"wp","href":"https:\/\/api.w.org\/{rel}","templated":true}]}}