{"id":11734,"date":"2025-07-08T14:21:39","date_gmt":"2025-07-08T14:21:39","guid":{"rendered":"https:\/\/oftalmedic.rwdesarrollos.es\/team\/dra-olivia-rodriguez-quet\/"},"modified":"2025-07-08T14:21:40","modified_gmt":"2025-07-08T14:21:40","slug":"dra-olivia-rodriguez-quet","status":"publish","type":"page","link":"https:\/\/oftalmedic.es\/de\/equipo\/dra-olivia-rodriguez-quet\/","title":{"rendered":"Dra. Olivia Rodr\u00edguez Quet"},"content":{"rendered":"[vc_row type=&#8220;in_container&#8220; full_screen_row_position=&#8220;middle&#8220; column_margin=&#8220;default&#8220; column_direction=&#8220;default&#8220; column_direction_tablet=&#8220;default&#8220; column_direction_phone=&#8220;default&#8220; scene_position=&#8220;center&#8220; bottom_padding=&#8220;30&#8243; text_color=&#8220;dark&#8220; text_align=&#8220;left&#8220; row_border_radius=&#8220;none&#8220; row_border_radius_applies=&#8220;bg&#8220; overflow=&#8220;visible&#8220; overlay_strength=&#8220;0.3&#8243; gradient_direction=&#8220;left_to_right&#8220; shape_divider_position=&#8220;bottom&#8220; bg_image_animation=&#8220;none&#8220; shape_type=&#8220;&#8220;][vc_column column_padding=&#8220;no-extra-padding&#8220; column_padding_tablet=&#8220;inherit&#8220; column_padding_phone=&#8220;inherit&#8220; column_padding_position=&#8220;all&#8220; column_element_direction_desktop=&#8220;default&#8220; column_element_spacing=&#8220;default&#8220; desktop_text_alignment=&#8220;default&#8220; tablet_text_alignment=&#8220;default&#8220; phone_text_alignment=&#8220;default&#8220; background_color_opacity=&#8220;1&#8243; background_hover_color_opacity=&#8220;1&#8243; column_backdrop_filter=&#8220;none&#8220; column_shadow=&#8220;none&#8220; column_border_radius=&#8220;none&#8220; column_link_target=&#8220;_self&#8220; column_position=&#8220;default&#8220; gradient_direction=&#8220;left_to_right&#8220; overlay_strength=&#8220;0.3&#8243; width=&#8220;2\/3&#8243; tablet_width_inherit=&#8220;default&#8220; animation_type=&#8220;default&#8220; bg_image_animation=&#8220;none&#8220; border_type=&#8220;simple&#8220; column_border_width=&#8220;none&#8220; column_border_style=&#8220;solid&#8220;][vc_row_inner column_margin=&#8220;default&#8220; column_direction=&#8220;default&#8220; column_direction_tablet=&#8220;default&#8220; column_direction_phone=&#8220;default&#8220; text_align=&#8220;left&#8220; row_position=&#8220;default&#8220; row_position_tablet=&#8220;inherit&#8220; row_position_phone=&#8220;inherit&#8220; overflow=&#8220;visible&#8220; pointer_events=&#8220;all&#8220;][vc_column_inner column_padding=&#8220;no-extra-padding&#8220; column_padding_tablet=&#8220;inherit&#8220; column_padding_phone=&#8220;inherit&#8220; column_padding_position=&#8220;all&#8220; column_element_direction_desktop=&#8220;default&#8220; column_element_spacing=&#8220;default&#8220; desktop_text_alignment=&#8220;default&#8220; tablet_text_alignment=&#8220;default&#8220; phone_text_alignment=&#8220;default&#8220; background_color_opacity=&#8220;1&#8243; background_hover_color_opacity=&#8220;1&#8243; column_backdrop_filter=&#8220;none&#8220; column_shadow=&#8220;none&#8220; column_border_radius=&#8220;none&#8220; column_link_target=&#8220;_self&#8220; overflow=&#8220;visible&#8220; gradient_direction=&#8220;left_to_right&#8220; overlay_strength=&#8220;0.3&#8243; width=&#8220;1\/3&#8243; tablet_width_inherit=&#8220;default&#8220; animation_type=&#8220;default&#8220; bg_image_animation=&#8220;none&#8220; border_type=&#8220;simple&#8220; column_border_width=&#8220;none&#8220; column_border_style=&#8220;solid&#8220;][image_with_animation image_url=&#8220;8386&#8243; image_size=&#8220;full&#8220; animation_type=&#8220;entrance&#8220; animation=&#8220;Fade In&#8220; animation_easing=&#8220;default&#8220; animation_movement_type=&#8220;transform_y&#8220; hover_animation=&#8220;none&#8220; alignment=&#8220;&#8220; border_radius=&#8220;none&#8220; box_shadow=&#8220;none&#8220; image_loading=&#8220;default&#8220; max_width=&#8220;100%&#8220; max_width_mobile=&#8220;default&#8220;][\/vc_column_inner][vc_column_inner column_padding=&#8220;no-extra-padding&#8220; column_padding_tablet=&#8220;inherit&#8220; column_padding_phone=&#8220;inherit&#8220; column_padding_position=&#8220;all&#8220; column_element_direction_desktop=&#8220;default&#8220; column_element_spacing=&#8220;default&#8220; desktop_text_alignment=&#8220;default&#8220; tablet_text_alignment=&#8220;default&#8220; phone_text_alignment=&#8220;default&#8220; background_color_opacity=&#8220;1&#8243; background_hover_color_opacity=&#8220;1&#8243; column_backdrop_filter=&#8220;none&#8220; column_shadow=&#8220;none&#8220; column_border_radius=&#8220;none&#8220; column_link_target=&#8220;_self&#8220; overflow=&#8220;visible&#8220; gradient_direction=&#8220;left_to_right&#8220; overlay_strength=&#8220;0.3&#8243; width=&#8220;2\/3&#8243; tablet_width_inherit=&#8220;default&#8220; animation_type=&#8220;default&#8220; bg_image_animation=&#8220;none&#8220; border_type=&#8220;simple&#8220; column_border_width=&#8220;none&#8220; column_border_style=&#8220;solid&#8220;][vc_column_text]\n<h1>Dra. Olivia Rodr\u00edguez Quet <\/h1>\n<p>Anzahl der Hochschulen: 072876817[\/vc_column_text][divider line_type=&#8220;Small Line&#8220; line_alignment=&#8220;default&#8220; line_thickness=&#8220;4&#8243; divider_color=&#8220;default&#8220; animate=&#8220;yes&#8220; custom_height=&#8220;30&#8243;][vc_column_text]\n<h5>Qualifikationen und Ausbildung<\/h5>\n<ul>\n<li>Abschluss in Medizin an der Universit\u00e4t von Salamanca, 2017.<\/li>\n<li>Facharzt f\u00fcr Augenheilkunde \u00fcber MIR am Hospital Cl\u00ednico San Carlos (Madrid), 2022.<\/li>\n<li>Ausbildungsaufenthalt in der Abteilung f\u00fcr Hornhaut- und Linsenchirurgie am Institut f\u00fcr Augenheilkunde Fern\u00e1ndez-Vega.<\/li>\n<li>Ausbildungsaufenthalt in der Abteilung f\u00fcr Kinderaugenheilkunde des Hospital Universitario Ni\u00f1o Jes\u00fas.<\/li>\n<li>Doktorand der Sehwissenschaften an der Universit\u00e4t Complutense in Madrid.<\/li>\n<li>Fellow of the European Board of Ophthalmology (FEBO).<\/li>\n<li>Master-Abschluss in klinischer Ophthalmologie von der CEU Cardenal Herrera Universit\u00e4t.<\/li>\n<li>Universit\u00e4tsexperte f\u00fcr Augenchirurgie an der Universit\u00e4t CEU Cardenal Herrera.<\/li>\n<\/ul>\n<h5>Berufliche Laufbahn<\/h5>\n<ul>\n<li>Assistenzarzt in der Augenheilkunde am Hospital Cl\u00ednico San Carlos de Madrid, 2018-2022.<\/li>\n<li>Entwicklung der Gesundheitsversorgung in der Abteilung f\u00fcr Augenheilkunde des Hospital Cl\u00ednico San Carlos, 2018-2022.<\/li>\n<li>Augenarzt bei Oftalmedic Salv\u00e0 seit 2022.<\/li>\n<\/ul>\n<h5>Wissenschaftliche Aktivit\u00e4ten<\/h5>\n<ul>\n<li>Referent auf dem Mallorca Facorefractiva Kongress 2023. Oktober 2023. <\/li>\n<li>Rodr\u00edguez-Quet O, S\u00e1nchez-Nav\u00e9s J. M\u00fcndliche Mitteilung: &#8222;Analysis of the changes induced on corneal asphericity and aberrometry in myopic patients after presbyLASIK&#8220;. 99. Kongress der Spanischen Gesellschaft f\u00fcr Ophthalmologie. Sevilla, September 2023.  <\/li>\n<li>Fern\u00e1ndez-Vigo JI, G\u00f3mez de Lia\u00f1o CN, Rodr\u00edguez-Quet O, Burgos-Blasco B, Montol\u00edo-Marzo E, de-Pablo-G\u00f3mez-de-Lia\u00f1o L, Gonz\u00e1lez-Martin-Moro J, Garc\u00eda-Feij\u00f3o J. Clinical update in nanophthalmos: Merkmale, Krankheiten und damit verbundene Komplikationen. Arch Soc Esp Oftalmol (Engl Ed). 2023 Oct 7:S2173-5794(23)  <\/li>\n<li>Jim\u00e9nez-Santos M, S\u00e1enz-Franc\u00e9s F, Rodr\u00edguez-Quet O, Cerv\u00e1n-Lopez I, Santos-Bueso E, Martinez-de-la-Casa JM, Ja\u00f1ez-Escalada L. Abh\u00e4ngigkeit der Hornhauthysterese von der nicht-zentralen Hornhautdicke bei gesunden Probanden. J Fr Ophtalmol. Oktober 2023; 46(8):866-872.  <\/li>\n<li>Fern\u00e1ndez-Vigo JI, Rodr\u00edguez-Quet O, Montol\u00edo-Marzo E, Burgos-Blasco B, Kudsieh B, Gonz\u00e1lez-Martin-Moro J, Garc\u00eda-Feij\u00f3o J. Anterior Scleral Thickness and Other Dimensions in Nanophthalmos by Swept-Source Optical Coherence Tomography: Eine vergleichende Studie. J Clin Med. 2023 Aug 26;12(17):5564.  <\/li>\n<li>Teilnahme an der von SEO 2022 geforderten Mitteilung. &#8222;Update zur Diagnose und Behandlung von Pachychoroid-Erkrankungen&#8220;. <\/li>\n<li>G\u00fcemes-Villahoz N, Rodr\u00edguez-Quet O, D\u00edaz-Valle D. Akute \u00fcbersteigerte Meibomitis als Erstmanifestation des Sweet-Syndroms. Ophthalmology. 2020 Aug;127(8):1036. Doi:10.1016\/j.ophtha.2020.04.040.   <\/li>\n<li>S\u00e1nchez-Quir\u00f3s J, Rodr\u00edguez-Quet O, Rego-Lorca D, Carrasco-Lopez-Brea M, Santos-Bueso E. Bilaterale solare Makulopathie bei einem Patienten mit bipolarer St\u00f6rung. Arch Soc Esp Oftalmol (Engl Ed). 2020 Dec 25:S0365-6691(20)30434-2. doi: 10.1016\/j.oftal.2020.10.013.   <\/li>\n<li>Epitheliale Einschlusszyste als Folge einer Glaukomoperation. Vorstellung von zwei F\u00e4llen (Podiumsmitteilung). Rodr\u00edguez-Quet O, Benito-Pascual B, M\u00e9ndez-Hern\u00e1ndez CD, Garc\u00eda-Feij\u00f3o J. XVI Congress of the Spanish Glaucoma Society, Palma de Mallorca, 2022.  <\/li>\n<li>Wie wirken sich gro\u00dfe Glaukomstudien auf unsere t\u00e4gliche klinische Praxis aus? Ocular Hypertension (OHTS) (m\u00fcndliche Mitteilung). Rodr\u00edguez-Quet O, Garc\u00eda-S\u00e1enz S. XVI Congress of the Spanish Glaucoma Society, Palma de Mallorca, 2022.  <\/li>\n<li>Die Bedeutung des Tr\u00e4nenfilms in der Vorderabschnittschirurgie (Diskussion am runden Tisch). Rodr\u00edguez-Quet O. 6\u00baCurso de Actualizaci\u00f3n para MIR &amp; POSTMIR (SECOIR), Toledo, 2022. <\/li>\n<li>Bewertung der biomechanischen und topographischen Parameter der Hornhaut bei Patienten mit Alopecia areata: Neue Befunde in einer kontrollierten Studie (comunicaci\u00f3n en panel). Burgos-Blasco B, Burgos-Blasco P, Arriola-Villalobos P, Rodr\u00edguez-Quet O, Fern\u00e1ndez-Vigo JI, Saceda-Corralo D, Va\u00f1o-Galvan S, Garc\u00eda-Feij\u00f3o J. CONGRESO: 2022 ASCRS ASOA Annual Meeting, Washington (EEUU), 2022. <\/li>\n<li>Epitheliale Einschlusszyste als Folge einer Glaukomoperation (m\u00fcndliche Mitteilung). Rodr\u00edguez-Quet O, Benito-Pascual B, M\u00e9ndez-Hern\u00e1ndez C, Garc\u00eda-Feij\u00f3o, J. Seminar der Abteilung f\u00fcr Ophthalmologie Prof. Garc\u00eda S\u00e1nchez, Aula Instituto Castroviejo, 2021. <\/li>\n<li>Ophthalmologische und orbitale Ver\u00e4nderungen beim Crouzon-Syndrom (m\u00fcndliche Mitteilung). Rodr\u00edguez-Quet O, Rivera-Zori M, Guti\u00e9rrez-Partida B, Puertas-Bordallo D. XXVIII Congress of the Spanish Society of Strabology and Paediatric Ophthalmology (SEEOP) Virtual, Madrid, 2021. <\/li>\n<li>Okulomotorische Parese im Zusammenhang mit der ersten Welle der COVID-19-Krankheit in Spanien (m\u00fcndliche Mitteilung). Rodr\u00edguez-Quet O, Pascual-Prieto J, Hern\u00e1ndez-Garc\u00eda E, G\u00f3mez-de-Lia\u00f1o-S\u00e1nchez R. XXVIII Congreso de la Sociedad Espa\u00f1ola de Estrabolog\u00eda y Oftalmolog\u00eda Pedi\u00e1trica (SEEOP) Virtual, Madrid, 2021. <\/li>\n<li>Mit 3D-Druck entwickelter Simulator f\u00fcr die Strabismus-Chirurgie (m\u00fcndliche Mitteilung). Garc\u00eda-Caride S, Rodr\u00edguez-Quet O, Hern\u00e1ndez-Garc\u00eda E, G\u00f3mez-de-Lia\u00f1o-S\u00e1nchez R. XXVIII Congreso de la Sociedad Espa\u00f1ola de Estrabolog\u00eda y Oftalmolog\u00eda Pedi\u00e1trica (SEEOP) Virtual, Madrid, 2021. <\/li>\n<li>Extraokulare Hirnnervenparese w\u00e4hrend der ersten Welle von COVID-19-Infektionen in Spanien (Kommentar der Redaktion). G\u00f3mez-de-Lia\u00f1o S\u00e1nchez R, Rodr\u00edguez-Quet O, Pascual-Prieto J, Hern\u00e1ndez-Garc\u00eda E. International Strabismological Association Website, 2021. <\/li>\n<li>Ophthalmologische Untersuchung des vorderen Pols bei Patienten mit Alopecia areata: m\u00f6glicher Zusammenhang mit Keratokonus (Panelmitteilung). Burgos-Blasco P, Burgos-Blasco B, Rodr\u00edguez-Quet O, Saceda-Corralo D, Va\u00f1o-Galv\u00e1n S, Fern\u00e1ndez-Vigo JI, Garc\u00eda-Feij\u00f3o J, Arriola-Villalobos P. XXII Reuni\u00f3n Nacional del Grupo Espa\u00f1ol de Tricolog\u00eda de la AEDV, Barcelona, 2021. Zweiter Platz f\u00fcr den Preis f\u00fcr das beste Trichologie-Poster.  <\/li>\n<li>Epitheliale Einschlusszyste als Folge einer Glaukomoperation. Vorstellung von zwei F\u00e4llen ( Podiumsmitteilung ). Rodr\u00edguez-Quet O, Benito-Pascual B, M\u00e9ndez-Hern\u00e1ndez CD, Garc\u00eda-Feij\u00f3o J. 2021 Annual Meeting of the Madrid Ophthalmological Society, Madrid, 2021.  <\/li>\n<li>Ver\u00e4nderungen in der Biomechanik und Topographie der Hornhaut bei Patienten mit Alopecia areata (Podiumsmitteilung). Burgos-Blasco B, Burgos-Blasco P, Rodr\u00edguez-Quet O, Saceda-C\u00f3rralo D, Arriola-Villalobos P. 2021 Annual Meeting of the Madrid Ophthalmological Society, Madrid, 2021. <\/li>\n<li>Auto-FALK: Rotationsexzentrische anteriore lamell\u00e4re Autokeratoplastik mit Femtosekundenlaser (Videosymposium). Geg\u00fandez-Fern\u00e1ndez JA, Ari\u00f1o-Guti\u00e9rrez M, D\u00edaz-Valle D, Rodr\u00edguez-Quet O. 2021 Annual Meeting of the Madrid Ophthalmological Society, Madrid, 2021. <\/li>\n<li>Zusammenhang zwischen zentraler und peripherer Hornhautdicke und glaukomat\u00f6ser Sch\u00e4digung des Gesichtsfelds (Panelmitteilung). AUTOREN: S\u00e1nchez-Quir\u00f3s J, Jim\u00e9nez-Santos M, Rodr\u00edguez-Quet O, Santos-Bueso E, S\u00e1enz-Franc\u00e9s F. 2021 Annual Meeting of the Madrid Ophthalmological Society, Madrid, 2021. <\/li>\n<li>Akute exaggerierte Meibomitis als erste klinische Manifestation des Sweet-Syndroms ( Panel-Mitteilung ). G\u00fcemes-Villahoz N, Rodr\u00edguez-Quet O. 96 Congreso\/ I Virtual de la Sociedad Espa\u00f1ola de Oftalmolog\u00eda, Madrid, 2020. <\/li>\n<li>Akkommodation und Alterssichtigkeit. Rodr\u00edguez-Quet O. Vortrag gehalten auf dem XXIII Curso Nacional de Iniciaci\u00f3n a la Refracci\u00f3n para Residentes de Oftalmolog\u00eda. Provinzialinstitut f\u00fcr Augenheilkunde von Madrid, 2020.  <\/li>\n<li>Boston-Keratoprothese bei einem Patienten mit einer zwischen zwei sich \u00fcberlappenden Hornhautlinsen eingeklemmten Intraokularlinse (Panel-Mitteilung). D\u00edaz-Valle D, Rodr\u00edguez-Quet O. 96th Congress\/ I Virtual Congress of the Spanish Society of Ophthalmology, Madrid, 2020. <\/li>\n<li>Akuter Sehverlust infolge eines Hypophysenmakroadenoms (Podiumsmitteilung). Carrasco-L\u00f3pez-Brea M, Rodr\u00edguez-Quet O, S\u00e1nchez-Quir\u00f3s J, Gin\u00e9s-Gallego C. Seminar der Abteilung f\u00fcr Ophthalmologie Prof. Garc\u00eda S\u00e1nchez. Jahr XLII, Aula Instituto Castroviejo, 2020.  <\/li>\n<li>Optische Koh\u00e4renztomographie-Angiographie des retinalen Gef\u00e4\u00dfnetzes und Kolorimetrie des Sehnervenkopfes bei Glaukompatienten (Panel-Mitteilung). M\u00e9ndez-Hern\u00e1ndez C, Wang S, Gonz\u00e1lez-Hern\u00e1ndez M, Fern\u00e1ndez-Fern\u00e1ndez R, Rodr\u00edguez-Quet O, Gonz\u00e1lez-de-la-Rosa M. 14th European Glaucoma Society Congress (online), 2020. <\/li>\n<li>Straatsma-Syndrom. Vorstellung von zwei F\u00e4llen (Podiumsmitteilung). Rodr\u00edguez-Quet O, Rouco-Fern\u00e1ndez A, Burgos-Blasco B, Santos-Bueso E, S\u00e1enz-Franc\u00e9s-San-Baldomero F. XCV Congreso de la Sociedad Espa\u00f1ola de Oftalmolog\u00eda, Madrid, 2019.  <\/li>\n<li>Horner-Syndrom. Fallserie (Podiumsmitteilung). Rouco-Fern\u00e1ndez A; Rodr\u00edguez-Quet O; Gin\u00e9s-Gallego C; Narv\u00e1ez-Palaz\u00f3n C; P\u00e9rez-\u00c1lvarez MJ. XCV Kongress der Spanischen Gesellschaft f\u00fcr Ophthalmologie, Madrid, 2019.   <\/li>\n<li>Sonnenmakulopathie bei einem Patienten mit bipolarer St\u00f6rung ( Panel-Mitteilung ). S\u00e1nchez-Quir\u00f3s J, Rodr\u00edguez-Quet O, Rego-Lorca D, Carrasco-Lopez-Brea M, Santos-Bueso E. XCV Congreso de la Sociedad Espa\u00f1ola de Oftalmolog\u00eda, Madrid, 2019. <\/li>\n<li>Straatsma-Syndrom. Vorstellung von drei F\u00e4llen ( Podiumsmitteilung ). Rodr\u00edguez-Quet O, Rouco-Fern\u00e1ndez A, Burgos-Blasco B, Santos-Bueso E, S\u00e1enz-Franc\u00e9s-San-Baldomero F. Annual Meeting of the Madrid Ophthalmological Society, Madrid, 2018.  <\/li>\n<li>Horner-Syndrom. Fallserie ( Podiumsmitteilung ). Rouco-Fern\u00e1ndez A; Rodr\u00edguez-Quet O; Gin\u00e9s-Gallego C; Narv\u00e1ez-Palaz\u00f3n C; P\u00e9rez-\u00c1lvarez MJ. Jahrestagung der Madrider Ophthalmologischen Gesellschaft, Madrid, 2018.   <\/li>\n<li>Aktualisierungskurs \u00fcber multimodale Bildgebung in der Netzhautpathologie (Bayer), 2021.<\/li>\n<li>Kurs \u00fcber komplexe Kataraktchirurgie im Rahmen des Programms Aula FV- Johnson &amp; Johnson Vision, Madrid, 2021.<\/li>\n<li>Kurs \u00fcber den sicheren Gebrauch von Arzneimitteln, Subdirecci\u00f3n General de Farmacia y Productos Sanitarios. Gesundheitsamt Madrid, 2021. <\/li>\n<li>PROA. Alcon Ophthalmology Residency Programme, 2021. <\/li>\n<li>IV Auffrischungskurs f\u00fcr MIR und POSTMIR: Grundlagen der Hornhaut- und Phako-Implanto-Refraktiven Chirurgie. Spanische Gesellschaft f\u00fcr Hornhaut und Implanto-Refraktive Augenchirurgie. Kongresszentrum &#8222;El Greco&#8220; in Toledo, 2020.  <\/li>\n<li>Webinar zum ophthalmologischen Ultraschall. Chirurgische Abteilung f\u00fcr Netzhaut und intraokulare Tumore bei Erwachsenen. Universit\u00e4t von Santiago de Compostela, 2020.  <\/li>\n<li>XXIII. Nationaler Kurs zur Einf\u00fchrung in die Refraktion f\u00fcr Assistenz\u00e4rzte der Augenheilkunde. Provinzialinstitut f\u00fcr Augenheilkunde in Madrid, 2020. <\/li>\n<li>Kurs \u00fcber Glaukom. Universit\u00e4tsinstitut f\u00fcr angewandte Ophthalmobiologie (IOBA) der Universit\u00e4t Valladolid, 2020. <\/li>\n<li>XXXII. Monographischer Kurs zur Einf\u00fchrung in die Augenheilkunde. Ram\u00f3n Castroviejo Research Institute, Madrid, 2019. <\/li>\n<li>Wetlab Alcon. Kataraktchirurgie und Hornhautn\u00e4hte, Madrid, 2019. <\/li>\n<li>IV Praktischer Auffrischungskurs \u00fcber Bildgebungsverfahren in der Augenheilkunde. Hospital Universitario Fundaci\u00f3n Alcorc\u00f3n, 2019. <\/li>\n<li>Retina f\u00fcr Fach\u00e4rzte, Madrid, 2019.<\/li>\n<li>XIV. Symposium f\u00fcr geriatrische Ophthalmologie &#8222;Neurodegenerative Erkrankungen: das Auge und das Gehirn eine symbiotische Beziehung&#8220;. Ram\u00f3n Castroviejo Ophthalmology Research Institute, Madrid, 2019. <\/li>\n<li>Strahlenschutz-Ausbildungskurs. Grundstufe. Hospital Universitario Cl\u00ednico San Carlos, 2018.  <\/li>\n<li>Einf\u00fchrungskurs \u00fcber das Management der Notfallpathologie, Madrid, 2018.<\/li>\n<li>Kurs zur unmittelbaren Lebenserhaltung f\u00fcr Assistenz\u00e4rzte. Hospital Universitario Cl\u00ednico San Carlos, 2018. <\/li>\n<li>XXI. Nationaler Kurs zur Einf\u00fchrung in die Refraktion f\u00fcr Assistenz\u00e4rzte der Augenheilkunde. Provinzialinstitut f\u00fcr Augenheilkunde in Madrid, 2018. <\/li>\n<li>Kurs \u00fcber Chirurgie des vorderen Segments und der Augenoberfl\u00e4che f\u00fcr \u00c4rzte in Ausbildung. Complejo Asistencial Universitario de Le\u00f3n, 2018. <\/li>\n<li>Wetlab Alcon. Einf\u00fchrungskurs zur Phakoemulsifikation, Madrid, 2018. <\/li>\n<li>Kontinuierliche Teilnahme an den klinischen Sitzungen der Abteilung f\u00fcr Augenheilkunde des Hospital Cl\u00ednico San Carlos.<\/li>\n<li>6. Auffrischungskurs f\u00fcr MIR &amp; POSTMIR (SECOIR), Toledo (2022).<\/li>\n<li>Teilnahme an der Studie \u00fcber die Sehqualit\u00e4t und die biometrischen und refraktiven Ver\u00e4nderungen nach posteriorer Kapsulotomie mit ND:YAG-Laser. Gemeinsam mit Dr. Arriola-Villalobos, Dr. Carrasco-L\u00f3pez-Brea. <\/li>\n<li>Teilnahme an der retrospektiven kontrollierten Studie Intrastromale Hornhautringe und Progression des Keratokonus. Gemeinsam mit Dr. Benito-Pascual, Dr. Arriola-Villalobos, Dr. Termine, Dr. Vidal-Villegas, Dr. Cui\u00f1a-Sardi\u00f1a und Dr. D\u00edaz-Valle.    <\/li>\n<li>Teilnahme an der anatomischen Untersuchung von Augen mit Nanophthalmus. Gemeinsam mit Dr. Fern\u00e1ndez-Vigo, Dr. Burgos-Blasco, Dr. Ly-Yang und Dr. Garc\u00eda-Feij\u00f3o.  <\/li>\n<li>Teilnahme an der Studie \u00fcber Augenver\u00e4nderungen bei Alopecia areata. Gemeinsam mit Dr. Burgos-Blasco, Dr. Arriola-Villalobos, Dr. Saceda-Corralo.  <\/li>\n<\/ul>\n<h5>Andere Informationen von Interesse<\/h5>\n<ul>\n<li>Mitglied der Spanischen Gesellschaft f\u00fcr Ophthalmologie (SEO).<\/li>\n<li>Mitglied der Madrider Gesellschaft f\u00fcr Ophthalmologie.<\/li>\n<li>Mitglied der Europ\u00e4ischen Gesellschaft der Katarakt- und refraktiven Chirurgen (ESCRS).<\/li>\n<li>Mitglied der Spanischen Gesellschaft f\u00fcr Implanto-Refraktive Augenchirurgie (SECOIR).<\/li>\n<\/ul>\n<h5>Sprachen<\/h5>\n<p>Englisch, Franz\u00f6sisch, Spanisch.[\/vc_column_text][nectar_btn size=&#8220;small&#8220; button_style=&#8220;regular&#8220; button_color_2=&#8220;Accent-Color&#8220; icon_family=&#8220;none&#8220; url=&#8220;\/equipo\/&#8220; text=&#8220;MEDIZINISCHES TEAM&#8220; margin_top=&#8220;30px&#8220;][\/vc_column_inner][\/vc_row_inner][\/vc_column][vc_column column_padding=&#8220;padding-2-percent&#8220; column_padding_tablet=&#8220;inherit&#8220; column_padding_phone=&#8220;inherit&#8220; column_padding_position=&#8220;left-right&#8220; column_element_direction_desktop=&#8220;default&#8220; column_element_spacing=&#8220;default&#8220; desktop_text_alignment=&#8220;default&#8220; tablet_text_alignment=&#8220;default&#8220; phone_text_alignment=&#8220;default&#8220; background_color_opacity=&#8220;1&#8243; background_hover_color_opacity=&#8220;1&#8243; column_backdrop_filter=&#8220;none&#8220; column_shadow=&#8220;none&#8220; column_border_radius=&#8220;none&#8220; column_link_target=&#8220;_self&#8220; column_position=&#8220;default&#8220; gradient_direction=&#8220;left_to_right&#8220; overlay_strength=&#8220;0.3&#8243; width=&#8220;1\/3&#8243; tablet_width_inherit=&#8220;default&#8220; animation_type=&#8220;default&#8220; bg_image_animation=&#8220;none&#8220; border_type=&#8220;simple&#8220; column_border_width=&#8220;none&#8220; column_border_style=&#8220;solid&#8220;][vc_column_text css=&#8220;.vc_custom_1656414102158{padding-top: 20px !important;padding-right: 20px !important;padding-bottom: 20px !important;padding-left: 20px !important;background-color: #f8f8f8 !important;}&#8220;]\n<h5><strong>Spezialisiert auf <\/strong><\/h5>\n<ul>\n<li class=\"m_3265373467215399838MsoListParagraph\"><a href=\"https:\/\/oftalmedic.es\/de\/cirugia-refractiva\/\" target=\"_blank\" rel=\"noopener\">Refraktive Chirurgie<\/a><\/li>\n<li><a href=\"https:\/\/oftalmedic.es\/de\/augenoberflaeche\/\" target=\"_blank\" rel=\"noopener\">Hornhaut<\/a><\/li>\n<li><a href=\"https:\/\/oftalmedic.es\/de\/augenoberflaeche\/\" target=\"_blank\" rel=\"noopener\">Augenoberfl\u00e4che<\/a><\/li>\n<li><a href=\"https:\/\/oftalmedic.es\/de\/cataratas\/\" target=\"_blank\" rel=\"noopener\">Katarakt-Behandlung<\/a><\/li>\n<li><a href=\"https:\/\/oftalmedic.es\/de\/oftalmologia-general\/\" target=\"_blank\" rel=\"noopener\">Allgemeine Ophthalmologie<\/a><\/li>\n<\/ul>\n[\/vc_column_text][divider line_type=&#8220;No Line&#8220;][\/vc_column][\/vc_row]\n","protected":false},"excerpt":{"rendered":"<p>[vc_row type=&#8220;in_container&#8220; full_screen_row_position=&#8220;middle&#8220; column_margin=&#8220;default&#8220; column_direction=&#8220;default&#8220; column_direction_tablet=&#8220;default&#8220; column_direction_phone=&#8220;default&#8220; scene_position=&#8220;center&#8220; bottom_padding=&#8220;30&#8243; text_color=&#8220;dark&#8220; text_align=&#8220;left&#8220; row_border_radius=&#8220;none&#8220; row_border_radius_applies=&#8220;bg&#8220; overflow=&#8220;visible&#8220; overlay_strength=&#8220;0.3&#8243; gradient_direction=&#8220;left_to_right&#8220; shape_divider_position=&#8220;bottom&#8220; bg_image_animation=&#8220;none&#8220; shape_type=&#8220;&#8220;][vc_column column_padding=&#8220;no-extra-padding&#8220; column_padding_tablet=&#8220;inherit&#8220; column_padding_phone=&#8220;inherit&#8220; column_padding_position=&#8220;all&#8220; column_element_direction_desktop=&#8220;default&#8220; column_element_spacing=&#8220;default&#8220; desktop_text_alignment=&#8220;default&#8220; tablet_text_alignment=&#8220;default&#8220; phone_text_alignment=&#8220;default&#8220; background_color_opacity=&#8220;1&#8243; background_hover_color_opacity=&#8220;1&#8243; column_backdrop_filter=&#8220;none&#8220; column_shadow=&#8220;none&#8220; column_border_radius=&#8220;none&#8220; column_link_target=&#8220;_self&#8220; column_position=&#8220;default&#8220; gradient_direction=&#8220;left_to_right&#8220; overlay_strength=&#8220;0.3&#8243; width=&#8220;2\/3&#8243; tablet_width_inherit=&#8220;default&#8220; animation_type=&#8220;default&#8220; bg_image_animation=&#8220;none&#8220; border_type=&#8220;simple&#8220; column_border_width=&#8220;none&#8220; column_border_style=&#8220;solid&#8220;][vc_row_inner column_margin=&#8220;default&#8220; column_direction=&#8220;default&#8220; column_direction_tablet=&#8220;default&#8220; column_direction_phone=&#8220;default&#8220; text_align=&#8220;left&#8220; row_position=&#8220;default&#8220; row_position_tablet=&#8220;inherit&#8220; row_position_phone=&#8220;inherit&#8220; overflow=&#8220;visible&#8220; pointer_events=&#8220;all&#8220;][vc_column_inner column_padding=&#8220;no-extra-padding&#8220; column_padding_tablet=&#8220;inherit&#8220; column_padding_phone=&#8220;inherit&#8220; column_padding_position=&#8220;all&#8220; column_element_direction_desktop=&#8220;default&#8220; column_element_spacing=&#8220;default&#8220;&#8230;<\/p>\n","protected":false},"author":5,"featured_media":0,"parent":12465,"menu_order":0,"comment_status":"closed","ping_status":"closed","template":"","meta":{"footnotes":""},"class_list":["post-11734","page","type-page","status-publish"],"yoast_head":"<!-- This site is optimized with the Yoast SEO plugin v27.1.1 - https:\/\/yoast.com\/product\/yoast-seo-wordpress\/ -->\n<title>Dr. Olivia Rodr\u00edguez Quet, Refraktive Chirurgie, Oftalmedic Salv\u00e0<\/title>\n<meta name=\"description\" content=\"Dr. Olivia Rodr\u00edguez Quet . Spezialistin f\u00fcr refraktive Chirurgie, Hornhaut- und Kataraktbehandlung in Palma. Augenarzt bei Oftalmedic Salv\u00e0.\" \/>\n<meta name=\"robots\" content=\"index, follow, max-snippet:-1, max-image-preview:large, max-video-preview:-1\" \/>\n<link rel=\"canonical\" href=\"https:\/\/oftalmedic.es\/de\/equipo\/dra-olivia-rodriguez-quet\/\" \/>\n<meta property=\"og:locale\" content=\"de_DE\" \/>\n<meta property=\"og:type\" content=\"article\" \/>\n<meta property=\"og:title\" content=\"Dr. Olivia Rodr\u00edguez Quet, Refraktive Chirurgie, Oftalmedic Salv\u00e0\" \/>\n<meta property=\"og:description\" content=\"Dr. Olivia Rodr\u00edguez Quet . Spezialistin f\u00fcr refraktive Chirurgie, Hornhaut- und Kataraktbehandlung in Palma. Augenarzt bei Oftalmedic Salv\u00e0.\" \/>\n<meta property=\"og:url\" content=\"https:\/\/oftalmedic.es\/de\/equipo\/dra-olivia-rodriguez-quet\/\" \/>\n<meta property=\"og:site_name\" content=\"Oftalmedic Salv\u00e1\" \/>\n<meta property=\"article:publisher\" content=\"https:\/\/www.facebook.com\/OftalmedicSalva\/\" \/>\n<meta property=\"article:modified_time\" content=\"2025-07-08T14:21:40+00:00\" \/>\n<meta name=\"twitter:card\" content=\"summary_large_image\" \/>\n<meta name=\"twitter:site\" content=\"@OftalmedicSalva\" \/>\n<meta name=\"twitter:label1\" content=\"Gesch\u00e4tzte Lesezeit\" \/>\n\t<meta name=\"twitter:data1\" content=\"11\u00a0Minuten\" \/>\n<script type=\"application\/ld+json\" class=\"yoast-schema-graph\">{\"@context\":\"https:\/\/schema.org\",\"@graph\":[{\"@type\":\"WebPage\",\"@id\":\"https:\/\/oftalmedic.es\/de\/equipo\/dra-olivia-rodriguez-quet\/\",\"url\":\"https:\/\/oftalmedic.es\/de\/equipo\/dra-olivia-rodriguez-quet\/\",\"name\":\"Dr. Olivia Rodr\u00edguez Quet, Refraktive Chirurgie, Oftalmedic Salv\u00e0\",\"isPartOf\":{\"@id\":\"https:\/\/oftalmedic.es\/de\/#website\"},\"datePublished\":\"2025-07-08T14:21:39+00:00\",\"dateModified\":\"2025-07-08T14:21:40+00:00\",\"description\":\"Dr. Olivia Rodr\u00edguez Quet . Spezialistin f\u00fcr refraktive Chirurgie, Hornhaut- und Kataraktbehandlung in Palma. Augenarzt bei Oftalmedic Salv\u00e0.\",\"breadcrumb\":{\"@id\":\"https:\/\/oftalmedic.es\/de\/equipo\/dra-olivia-rodriguez-quet\/#breadcrumb\"},\"inLanguage\":\"de\",\"potentialAction\":[{\"@type\":\"ReadAction\",\"target\":[\"https:\/\/oftalmedic.es\/de\/equipo\/dra-olivia-rodriguez-quet\/\"]}]},{\"@type\":\"BreadcrumbList\",\"@id\":\"https:\/\/oftalmedic.es\/de\/equipo\/dra-olivia-rodriguez-quet\/#breadcrumb\",\"itemListElement\":[{\"@type\":\"ListItem\",\"position\":1,\"name\":\"Portada\",\"item\":\"https:\/\/oftalmedic.es\/de\/\"},{\"@type\":\"ListItem\",\"position\":2,\"name\":\"Dra. Olivia Rodr\u00edguez Quet\"}]},{\"@type\":\"WebSite\",\"@id\":\"https:\/\/oftalmedic.es\/de\/#website\",\"url\":\"https:\/\/oftalmedic.es\/de\/\",\"name\":\"Oftalmedic Salv\u00e1\",\"description\":\"Red de cl\u00ednicas oftalmol\u00f3gicas de referencia en Baleares. Pionera en tecnolog\u00eda l\u00e1ser para cirug\u00eda de cataratas y correcci\u00f3n de la miop\u00eda, hipermetrop\u00eda, astigmatismo y presbicia o vista cansada.\",\"publisher\":{\"@id\":\"https:\/\/oftalmedic.es\/de\/#organization\"},\"potentialAction\":[{\"@type\":\"SearchAction\",\"target\":{\"@type\":\"EntryPoint\",\"urlTemplate\":\"https:\/\/oftalmedic.es\/de\/?s={search_term_string}\"},\"query-input\":{\"@type\":\"PropertyValueSpecification\",\"valueRequired\":true,\"valueName\":\"search_term_string\"}}],\"inLanguage\":\"de\"},{\"@type\":\"Organization\",\"@id\":\"https:\/\/oftalmedic.es\/de\/#organization\",\"name\":\"[wpseo_titles]company_Nombre\",\"url\":\"https:\/\/oftalmedic.es\/de\/\",\"logo\":{\"@type\":\"ImageObject\",\"inLanguage\":\"de\",\"@id\":\"https:\/\/oftalmedic.es\/de\/#\/schema\/logo\/image\/\",\"url\":\"https:\/\/oftalmedic.es\/wp-content\/uploads\/2018\/06\/logo-oftalmedic.png\",\"contentUrl\":\"https:\/\/oftalmedic.es\/wp-content\/uploads\/2018\/06\/logo-oftalmedic.png\",\"width\":200,\"height\":58,\"caption\":\"[wpseo_titles]company_Nombre\"},\"image\":{\"@id\":\"https:\/\/oftalmedic.es\/de\/#\/schema\/logo\/image\/\"},\"sameAs\":[\"https:\/\/www.facebook.com\/OftalmedicSalva\/\",\"https:\/\/x.com\/OftalmedicSalva\",\"https:\/\/www.instagram.com\/oftalmedic_salva\",\"https:\/\/www.youtube.com\/channel\/UCWrAdUQk6ZmrfVUqBwX0cug\",\"https:\/\/www.linkedin.com\/company\/oftalmedic-clnica-salv\/\"]}]}<\/script>\n<!-- \/ Yoast SEO plugin. -->","yoast_head_json":{"title":"Dr. Olivia Rodr\u00edguez Quet, Refraktive Chirurgie, Oftalmedic Salv\u00e0","description":"Dr. Olivia Rodr\u00edguez Quet . Spezialistin f\u00fcr refraktive Chirurgie, Hornhaut- und Kataraktbehandlung in Palma. Augenarzt bei Oftalmedic Salv\u00e0.","robots":{"index":"index","follow":"follow","max-snippet":"max-snippet:-1","max-image-preview":"max-image-preview:large","max-video-preview":"max-video-preview:-1"},"canonical":"https:\/\/oftalmedic.es\/de\/equipo\/dra-olivia-rodriguez-quet\/","og_locale":"de_DE","og_type":"article","og_title":"Dr. Olivia Rodr\u00edguez Quet, Refraktive Chirurgie, Oftalmedic Salv\u00e0","og_description":"Dr. Olivia Rodr\u00edguez Quet . Spezialistin f\u00fcr refraktive Chirurgie, Hornhaut- und Kataraktbehandlung in Palma. Augenarzt bei Oftalmedic Salv\u00e0.","og_url":"https:\/\/oftalmedic.es\/de\/equipo\/dra-olivia-rodriguez-quet\/","og_site_name":"Oftalmedic Salv\u00e1","article_publisher":"https:\/\/www.facebook.com\/OftalmedicSalva\/","article_modified_time":"2025-07-08T14:21:40+00:00","twitter_card":"summary_large_image","twitter_site":"@OftalmedicSalva","twitter_misc":{"Gesch\u00e4tzte Lesezeit":"11\u00a0Minuten"},"schema":{"@context":"https:\/\/schema.org","@graph":[{"@type":"WebPage","@id":"https:\/\/oftalmedic.es\/de\/equipo\/dra-olivia-rodriguez-quet\/","url":"https:\/\/oftalmedic.es\/de\/equipo\/dra-olivia-rodriguez-quet\/","name":"Dr. Olivia Rodr\u00edguez Quet, Refraktive Chirurgie, Oftalmedic Salv\u00e0","isPartOf":{"@id":"https:\/\/oftalmedic.es\/de\/#website"},"datePublished":"2025-07-08T14:21:39+00:00","dateModified":"2025-07-08T14:21:40+00:00","description":"Dr. Olivia Rodr\u00edguez Quet . Spezialistin f\u00fcr refraktive Chirurgie, Hornhaut- und Kataraktbehandlung in Palma. Augenarzt bei Oftalmedic Salv\u00e0.","breadcrumb":{"@id":"https:\/\/oftalmedic.es\/de\/equipo\/dra-olivia-rodriguez-quet\/#breadcrumb"},"inLanguage":"de","potentialAction":[{"@type":"ReadAction","target":["https:\/\/oftalmedic.es\/de\/equipo\/dra-olivia-rodriguez-quet\/"]}]},{"@type":"BreadcrumbList","@id":"https:\/\/oftalmedic.es\/de\/equipo\/dra-olivia-rodriguez-quet\/#breadcrumb","itemListElement":[{"@type":"ListItem","position":1,"name":"Portada","item":"https:\/\/oftalmedic.es\/de\/"},{"@type":"ListItem","position":2,"name":"Dra. Olivia Rodr\u00edguez Quet"}]},{"@type":"WebSite","@id":"https:\/\/oftalmedic.es\/de\/#website","url":"https:\/\/oftalmedic.es\/de\/","name":"Oftalmedic Salv\u00e1","description":"Red de cl\u00ednicas oftalmol\u00f3gicas de referencia en Baleares. Pionera en tecnolog\u00eda l\u00e1ser para cirug\u00eda de cataratas y correcci\u00f3n de la miop\u00eda, hipermetrop\u00eda, astigmatismo y presbicia o vista cansada.","publisher":{"@id":"https:\/\/oftalmedic.es\/de\/#organization"},"potentialAction":[{"@type":"SearchAction","target":{"@type":"EntryPoint","urlTemplate":"https:\/\/oftalmedic.es\/de\/?s={search_term_string}"},"query-input":{"@type":"PropertyValueSpecification","valueRequired":true,"valueName":"search_term_string"}}],"inLanguage":"de"},{"@type":"Organization","@id":"https:\/\/oftalmedic.es\/de\/#organization","name":"[wpseo_titles]company_Nombre","url":"https:\/\/oftalmedic.es\/de\/","logo":{"@type":"ImageObject","inLanguage":"de","@id":"https:\/\/oftalmedic.es\/de\/#\/schema\/logo\/image\/","url":"https:\/\/oftalmedic.es\/wp-content\/uploads\/2018\/06\/logo-oftalmedic.png","contentUrl":"https:\/\/oftalmedic.es\/wp-content\/uploads\/2018\/06\/logo-oftalmedic.png","width":200,"height":58,"caption":"[wpseo_titles]company_Nombre"},"image":{"@id":"https:\/\/oftalmedic.es\/de\/#\/schema\/logo\/image\/"},"sameAs":["https:\/\/www.facebook.com\/OftalmedicSalva\/","https:\/\/x.com\/OftalmedicSalva","https:\/\/www.instagram.com\/oftalmedic_salva","https:\/\/www.youtube.com\/channel\/UCWrAdUQk6ZmrfVUqBwX0cug","https:\/\/www.linkedin.com\/company\/oftalmedic-clnica-salv\/"]}]}},"_links":{"self":[{"href":"https:\/\/oftalmedic.es\/de\/wp-json\/wp\/v2\/pages\/11734","targetHints":{"allow":["GET"]}}],"collection":[{"href":"https:\/\/oftalmedic.es\/de\/wp-json\/wp\/v2\/pages"}],"about":[{"href":"https:\/\/oftalmedic.es\/de\/wp-json\/wp\/v2\/types\/page"}],"author":[{"embeddable":true,"href":"https:\/\/oftalmedic.es\/de\/wp-json\/wp\/v2\/users\/5"}],"replies":[{"embeddable":true,"href":"https:\/\/oftalmedic.es\/de\/wp-json\/wp\/v2\/comments?post=11734"}],"version-history":[{"count":0,"href":"https:\/\/oftalmedic.es\/de\/wp-json\/wp\/v2\/pages\/11734\/revisions"}],"up":[{"embeddable":true,"href":"https:\/\/oftalmedic.es\/de\/wp-json\/wp\/v2\/pages\/12465"}],"wp:attachment":[{"href":"https:\/\/oftalmedic.es\/de\/wp-json\/wp\/v2\/media?parent=11734"}],"curies":[{"name":"wp","href":"https:\/\/api.w.org\/{rel}","templated":true}]}}