{"id":11738,"date":"2025-07-08T14:26:14","date_gmt":"2025-07-08T14:26:14","guid":{"rendered":"https:\/\/oftalmedic.rwdesarrollos.es\/team\/dr-pablo-pereira-nogueira\/"},"modified":"2025-07-08T14:26:15","modified_gmt":"2025-07-08T14:26:15","slug":"dr-pablo-pereira-nogueira","status":"publish","type":"page","link":"https:\/\/oftalmedic.es\/de\/equipo\/dr-pablo-pereira-nogueira\/","title":{"rendered":"Dr. Pablo Pereira Nogueira"},"content":{"rendered":"[vc_row type=&#8220;in_container&#8220; full_screen_row_position=&#8220;middle&#8220; column_margin=&#8220;default&#8220; column_direction=&#8220;default&#8220; column_direction_tablet=&#8220;default&#8220; column_direction_phone=&#8220;default&#8220; scene_position=&#8220;center&#8220; bottom_padding=&#8220;30&#8243; text_color=&#8220;dark&#8220; text_align=&#8220;left&#8220; row_border_radius=&#8220;none&#8220; row_border_radius_applies=&#8220;bg&#8220; overflow=&#8220;visible&#8220; overlay_strength=&#8220;0.3&#8243; gradient_direction=&#8220;left_to_right&#8220; shape_divider_position=&#8220;bottom&#8220; bg_image_animation=&#8220;none&#8220; shape_type=&#8220;&#8220;][vc_column column_padding=&#8220;no-extra-padding&#8220; column_padding_tablet=&#8220;inherit&#8220; column_padding_phone=&#8220;inherit&#8220; column_padding_position=&#8220;all&#8220; column_element_direction_desktop=&#8220;default&#8220; column_element_spacing=&#8220;default&#8220; desktop_text_alignment=&#8220;default&#8220; tablet_text_alignment=&#8220;default&#8220; phone_text_alignment=&#8220;default&#8220; background_color_opacity=&#8220;1&#8243; background_hover_color_opacity=&#8220;1&#8243; column_backdrop_filter=&#8220;none&#8220; column_shadow=&#8220;none&#8220; column_border_radius=&#8220;none&#8220; column_link_target=&#8220;_self&#8220; column_position=&#8220;default&#8220; gradient_direction=&#8220;left_to_right&#8220; overlay_strength=&#8220;0.3&#8243; width=&#8220;2\/3&#8243; tablet_width_inherit=&#8220;default&#8220; animation_type=&#8220;default&#8220; bg_image_animation=&#8220;none&#8220; border_type=&#8220;simple&#8220; column_border_width=&#8220;none&#8220; column_border_style=&#8220;solid&#8220;][vc_row_inner column_margin=&#8220;default&#8220; column_direction=&#8220;default&#8220; column_direction_tablet=&#8220;default&#8220; column_direction_phone=&#8220;default&#8220; text_align=&#8220;left&#8220; row_position=&#8220;default&#8220; row_position_tablet=&#8220;inherit&#8220; row_position_phone=&#8220;inherit&#8220; overflow=&#8220;visible&#8220; pointer_events=&#8220;all&#8220;][vc_column_inner column_padding=&#8220;no-extra-padding&#8220; column_padding_tablet=&#8220;inherit&#8220; column_padding_phone=&#8220;inherit&#8220; column_padding_position=&#8220;all&#8220; column_element_direction_desktop=&#8220;default&#8220; column_element_spacing=&#8220;default&#8220; desktop_text_alignment=&#8220;default&#8220; tablet_text_alignment=&#8220;default&#8220; phone_text_alignment=&#8220;default&#8220; background_color_opacity=&#8220;1&#8243; background_hover_color_opacity=&#8220;1&#8243; column_backdrop_filter=&#8220;none&#8220; column_shadow=&#8220;none&#8220; column_border_radius=&#8220;none&#8220; column_link_target=&#8220;_self&#8220; overflow=&#8220;visible&#8220; gradient_direction=&#8220;left_to_right&#8220; overlay_strength=&#8220;0.3&#8243; width=&#8220;1\/3&#8243; tablet_width_inherit=&#8220;default&#8220; animation_type=&#8220;default&#8220; bg_image_animation=&#8220;none&#8220; border_type=&#8220;simple&#8220; column_border_width=&#8220;none&#8220; column_border_style=&#8220;solid&#8220;][image_with_animation image_url=&#8220;8783&#8243; image_size=&#8220;full&#8220; animation_type=&#8220;entrance&#8220; animation=&#8220;Fade In&#8220; animation_easing=&#8220;default&#8220; animation_movement_type=&#8220;transform_y&#8220; hover_animation=&#8220;none&#8220; alignment=&#8220;&#8220; border_radius=&#8220;none&#8220; box_shadow=&#8220;none&#8220; image_loading=&#8220;default&#8220; max_width=&#8220;100%&#8220; max_width_mobile=&#8220;default&#8220;][\/vc_column_inner][vc_column_inner column_padding=&#8220;no-extra-padding&#8220; column_padding_tablet=&#8220;inherit&#8220; column_padding_phone=&#8220;inherit&#8220; column_padding_position=&#8220;all&#8220; column_element_direction_desktop=&#8220;default&#8220; column_element_spacing=&#8220;default&#8220; desktop_text_alignment=&#8220;default&#8220; tablet_text_alignment=&#8220;default&#8220; phone_text_alignment=&#8220;default&#8220; background_color_opacity=&#8220;1&#8243; background_hover_color_opacity=&#8220;1&#8243; column_backdrop_filter=&#8220;none&#8220; column_shadow=&#8220;none&#8220; column_border_radius=&#8220;none&#8220; column_link_target=&#8220;_self&#8220; overflow=&#8220;visible&#8220; gradient_direction=&#8220;left_to_right&#8220; overlay_strength=&#8220;0.3&#8243; width=&#8220;2\/3&#8243; tablet_width_inherit=&#8220;default&#8220; animation_type=&#8220;default&#8220; bg_image_animation=&#8220;none&#8220; border_type=&#8220;simple&#8220; column_border_width=&#8220;none&#8220; column_border_style=&#8220;solid&#8220;][vc_column_text]\n<h1>Dr. Pablo Pereira Nogueira<\/h1>\n<p>Mitgliedsnummer: 072878609[\/vc_column_text][divider line_type=&#8220;Small Line&#8220; line_alignment=&#8220;default&#8220; line_thickness=&#8220;4&#8243; divider_color=&#8220;default&#8220; animate=&#8220;yes&#8220; custom_height=&#8220;30&#8243;][vc_column_text]\n<h5>Abschluss und Ausbildung<\/h5>\n<ul>\n<li>Abschluss in Medizin an der Universit\u00e4t Santiago de Compostela, 2017.<\/li>\n<li>Facharzt f\u00fcr Augenheilkunde \u00fcber MIR am Universit\u00e4tsklinikum Ram\u00f3n y Cajal (Madrid), 2023.<\/li>\n<li>Europ\u00e4isches Diplom f\u00fcr Augenheilkunde (EBO), 2022.<\/li>\n<li>Optik. Refraktion und Instrumentenpr\u00fcfung in der Ophthalmologie. Internationaler Rat f\u00fcr Ophthalmologie (ICO), 2021.  <\/li>\n<li>Die wissenschaftliche Grundlagenpr\u00fcfung in Augenheilkunde. International Council of Ophthalmology (ICO), 2020. <\/li>\n<li>Stipendium SICUE. Krankenhaus Bellvitge (Barcelona), 2014\u20132015. <\/li>\n<li>Beca ERASMUS. Litauische Universit\u00e4t f\u00fcr Gesundheitswissenschaften (Kaunas, Litauen), 2015-2016. <\/li>\n<\/ul>\n<h5>Berufliche Laufbahn<\/h5>\n<ul>\n<li>Augenarzt bei Oftalmedic Salv\u00e0 seit 2023.<\/li>\n<li>Facharzt f\u00fcr Strabismus und Augenheilkunde am Hospital Universitario Son Espases seit 2023.<\/li>\n<li>Assistenz\u00e4rztin\/Assistenzarzt f\u00fcr Augenheilkunde am Hospital Universitario Ram\u00f3n y Cajal (Madrid), 2019-2023.<\/li>\n<\/ul>\n<h5>Wissenschaftliche Aktivit\u00e4ten<\/h5>\n<ul>\n<li>Morillo-Gonz\u00e1lez J, Hern\u00e1ndez-Huerta D, Guillama-Henr\u00edquez A, Correa-Palacio A, Pereira-Nogueira P. Beyond the Respiratory System: Ein Fallbericht, der die Auswirkungen von COVID-19 auf psychische Erkrankungen und ihre k\u00f6rperlichen Folgen aufzeigt. J Clin Psychiatry. 2020 Jun 16;81(4):20l13465. doi: 10.4088\/JCP.20l13465. PMID: 32558406.    <\/li>\n<li>Rodr\u00edguez del Valle JM, Ye Zhu C, Huelin Alcubierre FJ, Pereira Nogueira P. Thyroid Strabismus. Update on adult strabism, Spanische Gesellschaft f\u00fcr Augenheilkunde, 2023. <\/li>\n<li>Teilnahme als Sub-Investigator an der klinischen Studie: VISPER: Randomised Comparison of Two OVDs in Cataract Surgery. Untersuchung zum Vergleich der postoperativen Ergebnisse zwischen zwei koh\u00e4siven viskoelastischen Linsen. Prospektive, randomisierte, multizentrische, doppelblinde, internationale, prospektive Studie. Mitarbeiter des Projekts &#8222;Fight Retinal Blindness&#8220; (FRB).   <\/li>\n<li>Vergleich und \u00dcbereinstimmung von Messungen der zentralen Hornhautdicke mit sieben verschiedenen Ger\u00e4ten. Pereira Nogueira P, Diez Alvarez L, Jaumandreu Urquijo L, Arruza Santos ME, Moreno Pascual C, D\u00edaz Montealegre A, Rios Torres M, Mu\u00f1oz Negrete FJ. Spanish Glaucoma Society Congress, 2023.  <\/li>\n<li>Vierpunkt-Artefakt. Arruza Santos ME, Moreno Pascual C, Diez \u00c1lvarez L, Jaumandreu Urquijo L, Pereira Nogueira P, D\u00edaz Montealegre A, Mu\u00f1oz Negrete FJ. Kongress der Spanischen Gesellschaft f\u00fcr Glaukom, 2023.  <\/li>\n<li>Behandlung und Differentialdiagnose der infekti\u00f6sen Keratitis. Pereira Nogueira P. Annual Meeting of the Madrid Ophthalmological Society, 2022. <\/li>\n<li>Pachychoroid, immer h\u00e4ufiger in unserer Praxis. Eine \u00dcberpr\u00fcfung von zwei F\u00e4llen mit multimodaler Bildgebung. Pereira Nogueira P, Gomez Mariscal M. Poster pr\u00e4sentiert auf dem Kongress der Spanischen Gesellschaft f\u00fcr Ophthalmologie, 2022.  <\/li>\n<li>Hypotonie und Aderhautabl\u00f6sung im Zusammenhang mit einer \u00dcberempfindlichkeit gegen topische Betablocker. Pereira Nogueira P, Jaumandreu Urquijo L, Diez Alvarez L, D\u00edaz Montealegre A, Ventas Ayala B, Arruza Santos ME. Poster pr\u00e4sentiert auf dem Kongress der Spanischen Gesellschaft f\u00fcr Ophthalmologie, 2022.  <\/li>\n<li>Orbitales Kompartmentsyndrom bei p\u00e4diatrischen Patienten: nicht alles ist eine infekti\u00f6se Zellulitis. Pereira Nogueira P, Barrancos Juli\u00e1n C, Albandea Jim\u00e9nez AR, Alonso Formento N. Poster pr\u00e4sentiert auf dem Kongress der Spanischen Gesellschaft f\u00fcr okulare und orbitale plastische Chirurgie, 2022. <\/li>\n<li>Superinfektion eines herpetischen Hornhautgeschw\u00fcrs durch Scopulariopsis brevicaulis. Ventas Ayala B, Mingo Bot\u00edn D, Pereira Nogueira P, Salv\u00e1 Palomeque T, Aguado Casanova V, Mart\u00edn Ares A. Poster presented at the Congreso de la Sociedad Espa\u00f1ola de Cirug\u00eda Ocular Implanto-Refractiva, 2021. <\/li>\n<li>Femtosekundenlaser-unterst\u00fctzte Keilresektion. Salv\u00e1 Palomeque T, Arnalich Montiel F, Ventas Ayala B, Pereira Nogueira P, Mart\u00edn Ares A. Poster pr\u00e4sentiert auf dem Congreso de la Sociedad Espa\u00f1ola de Cirug\u00eda Ocular Implanto-Refractiva, 2021. <\/li>\n<li>Ophthalmologische Beteiligung als Erstmanifestation bei famili\u00e4rem Pseudoxanthoma elasticum. Ventas Ayala B, Aguado Casanova V, Gonz\u00e1lez L\u00f3pez JJ, Pereira Nogueira P, Salv\u00e1 Palomeque T, D\u00edaz Montealegre A. Poster pr\u00e4sentiert auf dem Kongress der Spanischen Gesellschaft f\u00fcr Ophthalmologie, 2020. <\/li>\n<\/ul>\n<h5>Sprachen<\/h5>\n<p>Spanisch, Galicisch, Englisch.[\/vc_column_text][nectar_btn size=&#8220;small&#8220; button_style=&#8220;regular&#8220; button_color_2=&#8220;Accent-Color&#8220; icon_family=&#8220;none&#8220; url=&#8220;\/equipo\/&#8220; text=&#8220;MEDIZINISCHES TEAM&#8220; margin_top=&#8220;30px&#8220;][\/vc_column_inner][\/vc_row_inner][\/vc_column][vc_column column_padding=&#8220;padding-2-percent&#8220; column_padding_tablet=&#8220;inherit&#8220; column_padding_phone=&#8220;inherit&#8220; column_padding_position=&#8220;left-right&#8220; column_element_direction_desktop=&#8220;default&#8220; column_element_spacing=&#8220;default&#8220; desktop_text_alignment=&#8220;default&#8220; tablet_text_alignment=&#8220;default&#8220; phone_text_alignment=&#8220;default&#8220; background_color_opacity=&#8220;1&#8243; background_hover_color_opacity=&#8220;1&#8243; column_backdrop_filter=&#8220;none&#8220; column_shadow=&#8220;none&#8220; column_border_radius=&#8220;none&#8220; column_link_target=&#8220;_self&#8220; column_position=&#8220;default&#8220; gradient_direction=&#8220;left_to_right&#8220; overlay_strength=&#8220;0.3&#8243; width=&#8220;1\/3&#8243; tablet_width_inherit=&#8220;default&#8220; animation_type=&#8220;default&#8220; bg_image_animation=&#8220;none&#8220; border_type=&#8220;simple&#8220; column_border_width=&#8220;none&#8220; column_border_style=&#8220;solid&#8220;][vc_column_text css=&#8220;.vc_custom_1695189889997{padding-top: 20px !important;padding-right: 20px !important;padding-bottom: 20px !important;padding-left: 20px !important;background-color: #f8f8f8 !important;}&#8220;]\n<h5><strong>Spezialist f\u00fcr <\/strong><\/h5>\n<ul>\n<li class=\"m_3265373467215399838MsoListParagraph\">Strabismus<\/li>\n<li class=\"m_3265373467215399838MsoListParagraph\"><a href=\"https:\/\/oftalmedic.es\/de\/paediatrische-ophthalmologie\/\" target=\"_blank\" rel=\"noopener\">P\u00e4diatrische Ophthalmologie<\/a><\/li>\n<li><a href=\"https:\/\/oftalmedic.es\/de\/oftalmologia-general\/\" target=\"_blank\" rel=\"noopener\">Allgemeine Ophthalmologie<\/a><\/li>\n<li><a href=\"https:\/\/oftalmedic.es\/de\/cataratas\/\" target=\"_blank\" rel=\"noopener\">Katarakt-Behandlung<\/a><\/li>\n<\/ul>\n[\/vc_column_text][divider line_type=&#8220;No Line&#8220;][\/vc_column][\/vc_row]\n","protected":false},"excerpt":{"rendered":"<p>[vc_row type=&#8220;in_container&#8220; full_screen_row_position=&#8220;middle&#8220; column_margin=&#8220;default&#8220; column_direction=&#8220;default&#8220; column_direction_tablet=&#8220;default&#8220; column_direction_phone=&#8220;default&#8220; scene_position=&#8220;center&#8220; bottom_padding=&#8220;30&#8243; text_color=&#8220;dark&#8220; text_align=&#8220;left&#8220; row_border_radius=&#8220;none&#8220; row_border_radius_applies=&#8220;bg&#8220; overflow=&#8220;visible&#8220; overlay_strength=&#8220;0.3&#8243; gradient_direction=&#8220;left_to_right&#8220; shape_divider_position=&#8220;bottom&#8220; bg_image_animation=&#8220;none&#8220; shape_type=&#8220;&#8220;][vc_column column_padding=&#8220;no-extra-padding&#8220; column_padding_tablet=&#8220;inherit&#8220; column_padding_phone=&#8220;inherit&#8220; column_padding_position=&#8220;all&#8220; column_element_direction_desktop=&#8220;default&#8220; column_element_spacing=&#8220;default&#8220; desktop_text_alignment=&#8220;default&#8220; tablet_text_alignment=&#8220;default&#8220; phone_text_alignment=&#8220;default&#8220; background_color_opacity=&#8220;1&#8243; background_hover_color_opacity=&#8220;1&#8243; column_backdrop_filter=&#8220;none&#8220; column_shadow=&#8220;none&#8220; column_border_radius=&#8220;none&#8220; column_link_target=&#8220;_self&#8220; column_position=&#8220;default&#8220; gradient_direction=&#8220;left_to_right&#8220; overlay_strength=&#8220;0.3&#8243; width=&#8220;2\/3&#8243; tablet_width_inherit=&#8220;default&#8220; animation_type=&#8220;default&#8220; bg_image_animation=&#8220;none&#8220; border_type=&#8220;simple&#8220; column_border_width=&#8220;none&#8220; column_border_style=&#8220;solid&#8220;][vc_row_inner column_margin=&#8220;default&#8220; column_direction=&#8220;default&#8220; column_direction_tablet=&#8220;default&#8220; column_direction_phone=&#8220;default&#8220; text_align=&#8220;left&#8220; row_position=&#8220;default&#8220; row_position_tablet=&#8220;inherit&#8220; row_position_phone=&#8220;inherit&#8220; overflow=&#8220;visible&#8220; pointer_events=&#8220;all&#8220;][vc_column_inner column_padding=&#8220;no-extra-padding&#8220; column_padding_tablet=&#8220;inherit&#8220; column_padding_phone=&#8220;inherit&#8220; column_padding_position=&#8220;all&#8220; column_element_direction_desktop=&#8220;default&#8220; column_element_spacing=&#8220;default&#8220;&#8230;<\/p>\n","protected":false},"author":5,"featured_media":0,"parent":12465,"menu_order":0,"comment_status":"closed","ping_status":"closed","template":"","meta":{"footnotes":""},"class_list":["post-11738","page","type-page","status-publish"],"yoast_head":"<!-- This site is optimized with the Yoast SEO plugin v27.1.1 - https:\/\/yoast.com\/product\/yoast-seo-wordpress\/ -->\n<title>Dr. Pablo Pereira Nogueira | Schielen und p\u00e4diatrische Ophthalmologie<\/title>\n<meta name=\"description\" content=\"Dr. Pablo Pereira Nogueira. Spezialist f\u00fcr Schielen, p\u00e4diatrische Augenheilkunde und allgemeine Augenheilkunde in Palma de Mallorca.\" \/>\n<meta name=\"robots\" content=\"index, follow, max-snippet:-1, max-image-preview:large, max-video-preview:-1\" \/>\n<link rel=\"canonical\" href=\"https:\/\/oftalmedic.es\/de\/equipo\/dr-pablo-pereira-nogueira\/\" \/>\n<meta property=\"og:locale\" content=\"de_DE\" \/>\n<meta property=\"og:type\" content=\"article\" \/>\n<meta property=\"og:title\" content=\"Dr. Pablo Pereira Nogueira | Schielen und p\u00e4diatrische Ophthalmologie\" \/>\n<meta property=\"og:description\" content=\"Dr. Pablo Pereira Nogueira. Spezialist f\u00fcr Schielen, p\u00e4diatrische Augenheilkunde und allgemeine Augenheilkunde in Palma de Mallorca.\" \/>\n<meta property=\"og:url\" content=\"https:\/\/oftalmedic.es\/de\/equipo\/dr-pablo-pereira-nogueira\/\" \/>\n<meta property=\"og:site_name\" content=\"Oftalmedic Salv\u00e1\" \/>\n<meta property=\"article:publisher\" content=\"https:\/\/www.facebook.com\/OftalmedicSalva\/\" \/>\n<meta property=\"article:modified_time\" content=\"2025-07-08T14:26:15+00:00\" \/>\n<meta name=\"twitter:card\" content=\"summary_large_image\" \/>\n<meta name=\"twitter:site\" content=\"@OftalmedicSalva\" \/>\n<meta name=\"twitter:label1\" content=\"Gesch\u00e4tzte Lesezeit\" \/>\n\t<meta name=\"twitter:data1\" content=\"6\u00a0Minuten\" \/>\n<script type=\"application\/ld+json\" class=\"yoast-schema-graph\">{\"@context\":\"https:\/\/schema.org\",\"@graph\":[{\"@type\":\"WebPage\",\"@id\":\"https:\/\/oftalmedic.es\/de\/equipo\/dr-pablo-pereira-nogueira\/\",\"url\":\"https:\/\/oftalmedic.es\/de\/equipo\/dr-pablo-pereira-nogueira\/\",\"name\":\"Dr. Pablo Pereira Nogueira | Schielen und p\u00e4diatrische Ophthalmologie\",\"isPartOf\":{\"@id\":\"https:\/\/oftalmedic.es\/de\/#website\"},\"datePublished\":\"2025-07-08T14:26:14+00:00\",\"dateModified\":\"2025-07-08T14:26:15+00:00\",\"description\":\"Dr. Pablo Pereira Nogueira. Spezialist f\u00fcr Schielen, p\u00e4diatrische Augenheilkunde und allgemeine Augenheilkunde in Palma de Mallorca.\",\"breadcrumb\":{\"@id\":\"https:\/\/oftalmedic.es\/de\/equipo\/dr-pablo-pereira-nogueira\/#breadcrumb\"},\"inLanguage\":\"de\",\"potentialAction\":[{\"@type\":\"ReadAction\",\"target\":[\"https:\/\/oftalmedic.es\/de\/equipo\/dr-pablo-pereira-nogueira\/\"]}]},{\"@type\":\"BreadcrumbList\",\"@id\":\"https:\/\/oftalmedic.es\/de\/equipo\/dr-pablo-pereira-nogueira\/#breadcrumb\",\"itemListElement\":[{\"@type\":\"ListItem\",\"position\":1,\"name\":\"Portada\",\"item\":\"https:\/\/oftalmedic.es\/de\/\"},{\"@type\":\"ListItem\",\"position\":2,\"name\":\"Dr. Pablo Pereira Nogueira\"}]},{\"@type\":\"WebSite\",\"@id\":\"https:\/\/oftalmedic.es\/de\/#website\",\"url\":\"https:\/\/oftalmedic.es\/de\/\",\"name\":\"Oftalmedic Salv\u00e1\",\"description\":\"Red de cl\u00ednicas oftalmol\u00f3gicas de referencia en Baleares. Pionera en tecnolog\u00eda l\u00e1ser para cirug\u00eda de cataratas y correcci\u00f3n de la miop\u00eda, hipermetrop\u00eda, astigmatismo y presbicia o vista cansada.\",\"publisher\":{\"@id\":\"https:\/\/oftalmedic.es\/de\/#organization\"},\"potentialAction\":[{\"@type\":\"SearchAction\",\"target\":{\"@type\":\"EntryPoint\",\"urlTemplate\":\"https:\/\/oftalmedic.es\/de\/?s={search_term_string}\"},\"query-input\":{\"@type\":\"PropertyValueSpecification\",\"valueRequired\":true,\"valueName\":\"search_term_string\"}}],\"inLanguage\":\"de\"},{\"@type\":\"Organization\",\"@id\":\"https:\/\/oftalmedic.es\/de\/#organization\",\"name\":\"[wpseo_titles]company_Nombre\",\"url\":\"https:\/\/oftalmedic.es\/de\/\",\"logo\":{\"@type\":\"ImageObject\",\"inLanguage\":\"de\",\"@id\":\"https:\/\/oftalmedic.es\/de\/#\/schema\/logo\/image\/\",\"url\":\"https:\/\/oftalmedic.es\/wp-content\/uploads\/2018\/06\/logo-oftalmedic.png\",\"contentUrl\":\"https:\/\/oftalmedic.es\/wp-content\/uploads\/2018\/06\/logo-oftalmedic.png\",\"width\":200,\"height\":58,\"caption\":\"[wpseo_titles]company_Nombre\"},\"image\":{\"@id\":\"https:\/\/oftalmedic.es\/de\/#\/schema\/logo\/image\/\"},\"sameAs\":[\"https:\/\/www.facebook.com\/OftalmedicSalva\/\",\"https:\/\/x.com\/OftalmedicSalva\",\"https:\/\/www.instagram.com\/oftalmedic_salva\",\"https:\/\/www.youtube.com\/channel\/UCWrAdUQk6ZmrfVUqBwX0cug\",\"https:\/\/www.linkedin.com\/company\/oftalmedic-clnica-salv\/\"]}]}<\/script>\n<!-- \/ Yoast SEO plugin. -->","yoast_head_json":{"title":"Dr. Pablo Pereira Nogueira | Schielen und p\u00e4diatrische Ophthalmologie","description":"Dr. Pablo Pereira Nogueira. Spezialist f\u00fcr Schielen, p\u00e4diatrische Augenheilkunde und allgemeine Augenheilkunde in Palma de Mallorca.","robots":{"index":"index","follow":"follow","max-snippet":"max-snippet:-1","max-image-preview":"max-image-preview:large","max-video-preview":"max-video-preview:-1"},"canonical":"https:\/\/oftalmedic.es\/de\/equipo\/dr-pablo-pereira-nogueira\/","og_locale":"de_DE","og_type":"article","og_title":"Dr. Pablo Pereira Nogueira | Schielen und p\u00e4diatrische Ophthalmologie","og_description":"Dr. Pablo Pereira Nogueira. Spezialist f\u00fcr Schielen, p\u00e4diatrische Augenheilkunde und allgemeine Augenheilkunde in Palma de Mallorca.","og_url":"https:\/\/oftalmedic.es\/de\/equipo\/dr-pablo-pereira-nogueira\/","og_site_name":"Oftalmedic Salv\u00e1","article_publisher":"https:\/\/www.facebook.com\/OftalmedicSalva\/","article_modified_time":"2025-07-08T14:26:15+00:00","twitter_card":"summary_large_image","twitter_site":"@OftalmedicSalva","twitter_misc":{"Gesch\u00e4tzte Lesezeit":"6\u00a0Minuten"},"schema":{"@context":"https:\/\/schema.org","@graph":[{"@type":"WebPage","@id":"https:\/\/oftalmedic.es\/de\/equipo\/dr-pablo-pereira-nogueira\/","url":"https:\/\/oftalmedic.es\/de\/equipo\/dr-pablo-pereira-nogueira\/","name":"Dr. Pablo Pereira Nogueira | Schielen und p\u00e4diatrische Ophthalmologie","isPartOf":{"@id":"https:\/\/oftalmedic.es\/de\/#website"},"datePublished":"2025-07-08T14:26:14+00:00","dateModified":"2025-07-08T14:26:15+00:00","description":"Dr. Pablo Pereira Nogueira. Spezialist f\u00fcr Schielen, p\u00e4diatrische Augenheilkunde und allgemeine Augenheilkunde in Palma de Mallorca.","breadcrumb":{"@id":"https:\/\/oftalmedic.es\/de\/equipo\/dr-pablo-pereira-nogueira\/#breadcrumb"},"inLanguage":"de","potentialAction":[{"@type":"ReadAction","target":["https:\/\/oftalmedic.es\/de\/equipo\/dr-pablo-pereira-nogueira\/"]}]},{"@type":"BreadcrumbList","@id":"https:\/\/oftalmedic.es\/de\/equipo\/dr-pablo-pereira-nogueira\/#breadcrumb","itemListElement":[{"@type":"ListItem","position":1,"name":"Portada","item":"https:\/\/oftalmedic.es\/de\/"},{"@type":"ListItem","position":2,"name":"Dr. Pablo Pereira Nogueira"}]},{"@type":"WebSite","@id":"https:\/\/oftalmedic.es\/de\/#website","url":"https:\/\/oftalmedic.es\/de\/","name":"Oftalmedic Salv\u00e1","description":"Red de cl\u00ednicas oftalmol\u00f3gicas de referencia en Baleares. Pionera en tecnolog\u00eda l\u00e1ser para cirug\u00eda de cataratas y correcci\u00f3n de la miop\u00eda, hipermetrop\u00eda, astigmatismo y presbicia o vista cansada.","publisher":{"@id":"https:\/\/oftalmedic.es\/de\/#organization"},"potentialAction":[{"@type":"SearchAction","target":{"@type":"EntryPoint","urlTemplate":"https:\/\/oftalmedic.es\/de\/?s={search_term_string}"},"query-input":{"@type":"PropertyValueSpecification","valueRequired":true,"valueName":"search_term_string"}}],"inLanguage":"de"},{"@type":"Organization","@id":"https:\/\/oftalmedic.es\/de\/#organization","name":"[wpseo_titles]company_Nombre","url":"https:\/\/oftalmedic.es\/de\/","logo":{"@type":"ImageObject","inLanguage":"de","@id":"https:\/\/oftalmedic.es\/de\/#\/schema\/logo\/image\/","url":"https:\/\/oftalmedic.es\/wp-content\/uploads\/2018\/06\/logo-oftalmedic.png","contentUrl":"https:\/\/oftalmedic.es\/wp-content\/uploads\/2018\/06\/logo-oftalmedic.png","width":200,"height":58,"caption":"[wpseo_titles]company_Nombre"},"image":{"@id":"https:\/\/oftalmedic.es\/de\/#\/schema\/logo\/image\/"},"sameAs":["https:\/\/www.facebook.com\/OftalmedicSalva\/","https:\/\/x.com\/OftalmedicSalva","https:\/\/www.instagram.com\/oftalmedic_salva","https:\/\/www.youtube.com\/channel\/UCWrAdUQk6ZmrfVUqBwX0cug","https:\/\/www.linkedin.com\/company\/oftalmedic-clnica-salv\/"]}]}},"_links":{"self":[{"href":"https:\/\/oftalmedic.es\/de\/wp-json\/wp\/v2\/pages\/11738","targetHints":{"allow":["GET"]}}],"collection":[{"href":"https:\/\/oftalmedic.es\/de\/wp-json\/wp\/v2\/pages"}],"about":[{"href":"https:\/\/oftalmedic.es\/de\/wp-json\/wp\/v2\/types\/page"}],"author":[{"embeddable":true,"href":"https:\/\/oftalmedic.es\/de\/wp-json\/wp\/v2\/users\/5"}],"replies":[{"embeddable":true,"href":"https:\/\/oftalmedic.es\/de\/wp-json\/wp\/v2\/comments?post=11738"}],"version-history":[{"count":0,"href":"https:\/\/oftalmedic.es\/de\/wp-json\/wp\/v2\/pages\/11738\/revisions"}],"up":[{"embeddable":true,"href":"https:\/\/oftalmedic.es\/de\/wp-json\/wp\/v2\/pages\/12465"}],"wp:attachment":[{"href":"https:\/\/oftalmedic.es\/de\/wp-json\/wp\/v2\/media?parent=11738"}],"curies":[{"name":"wp","href":"https:\/\/api.w.org\/{rel}","templated":true}]}}