{"id":11871,"date":"2025-07-09T05:46:58","date_gmt":"2025-07-09T05:46:58","guid":{"rendered":"https:\/\/oftalmedic.rwdesarrollos.es\/team\/dr-juan-antonio-aragon-roca\/"},"modified":"2025-07-09T05:47:00","modified_gmt":"2025-07-09T05:47:00","slug":"dr-juan-antonio-aragon-roca","status":"publish","type":"page","link":"https:\/\/oftalmedic.es\/de\/equipo\/dr-juan-antonio-aragon-roca\/","title":{"rendered":"Dr. Juan Antonio Arag\u00f3n Roca"},"content":{"rendered":"[vc_row type=&#8220;in_container&#8220; full_screen_row_position=&#8220;middle&#8220; column_margin=&#8220;default&#8220; column_direction=&#8220;default&#8220; column_direction_tablet=&#8220;default&#8220; column_direction_phone=&#8220;default&#8220; scene_position=&#8220;center&#8220; bottom_padding=&#8220;30&#8243; text_color=&#8220;dark&#8220; text_align=&#8220;left&#8220; row_border_radius=&#8220;none&#8220; row_border_radius_applies=&#8220;bg&#8220; overlay_strength=&#8220;0.3&#8243; gradient_direction=&#8220;left_to_right&#8220; shape_divider_position=&#8220;bottom&#8220; bg_image_animation=&#8220;none&#8220; shape_type=&#8220;&#8220;][vc_column column_padding=&#8220;no-extra-padding&#8220; column_padding_tablet=&#8220;inherit&#8220; column_padding_phone=&#8220;inherit&#8220; column_padding_position=&#8220;all&#8220; column_element_spacing=&#8220;default&#8220; background_color_opacity=&#8220;1&#8243; background_hover_color_opacity=&#8220;1&#8243; column_shadow=&#8220;none&#8220; column_border_radius=&#8220;none&#8220; column_link_target=&#8220;_self&#8220; gradient_direction=&#8220;left_to_right&#8220; overlay_strength=&#8220;0.3&#8243; width=&#8220;2\/3&#8243; tablet_width_inherit=&#8220;default&#8220; tablet_text_alignment=&#8220;default&#8220; phone_text_alignment=&#8220;default&#8220; bg_image_animation=&#8220;none&#8220; border_type=&#8220;simple&#8220; column_border_width=&#8220;none&#8220; column_border_style=&#8220;solid&#8220;][vc_row_inner column_margin=&#8220;default&#8220; column_direction=&#8220;default&#8220; column_direction_tablet=&#8220;default&#8220; column_direction_phone=&#8220;default&#8220; text_align=&#8220;left&#8220;][vc_column_inner column_padding=&#8220;no-extra-padding&#8220; column_padding_tablet=&#8220;inherit&#8220; column_padding_phone=&#8220;inherit&#8220; column_padding_position=&#8220;all&#8220; column_element_spacing=&#8220;default&#8220; background_color_opacity=&#8220;1&#8243; background_hover_color_opacity=&#8220;1&#8243; column_shadow=&#8220;none&#8220; column_border_radius=&#8220;none&#8220; column_link_target=&#8220;_self&#8220; gradient_direction=&#8220;left_to_right&#8220; overlay_strength=&#8220;0.3&#8243; width=&#8220;1\/3&#8243; tablet_width_inherit=&#8220;default&#8220; bg_image_animation=&#8220;none&#8220; border_type=&#8220;simple&#8220; column_border_width=&#8220;none&#8220; column_border_style=&#8220;solid&#8220;][image_with_animation image_url=&#8220;4841&#8243; animation=&#8220;Fade In&#8220; hover_animation=&#8220;none&#8220; alignment=&#8220;&#8220; border_radius=&#8220;none&#8220; box_shadow=&#8220;none&#8220; image_loading=&#8220;default&#8220; max_width=&#8220;100%&#8220; max_width_mobile=&#8220;default&#8220;][\/vc_column_inner][vc_column_inner column_padding=&#8220;no-extra-padding&#8220; column_padding_tablet=&#8220;inherit&#8220; column_padding_phone=&#8220;inherit&#8220; column_padding_position=&#8220;all&#8220; column_element_spacing=&#8220;default&#8220; background_color_opacity=&#8220;1&#8243; background_hover_color_opacity=&#8220;1&#8243; column_shadow=&#8220;none&#8220; column_border_radius=&#8220;none&#8220; column_link_target=&#8220;_self&#8220; gradient_direction=&#8220;left_to_right&#8220; overlay_strength=&#8220;0.3&#8243; width=&#8220;2\/3&#8243; tablet_width_inherit=&#8220;default&#8220; bg_image_animation=&#8220;none&#8220; border_type=&#8220;simple&#8220; column_border_width=&#8220;none&#8220; column_border_style=&#8220;solid&#8220;][vc_column_text]\n<h1>Dr. Juan Antonio Arag\u00f3n Roca<\/h1>\n<p>Anzahl der Hochschulen: 074705862[\/vc_column_text][divider line_type=&#8220;Small Line&#8220; line_alignment=&#8220;default&#8220; line_thickness=&#8220;4&#8243; divider_color=&#8220;default&#8220; animate=&#8220;yes&#8220; custom_height=&#8220;30&#8243;][vc_column_text]\n<h5>Qualifikationen und Ausbildung<\/h5>\n<ul>\n<li>Abschluss in Medizin und Chirurgie an der Universit\u00e4t von Granada, 1996.<\/li>\n<li>Facharzt f\u00fcr Augenheilkunde \u00fcber das MIR am Universit\u00e4tskrankenhaus von Valladolid.<\/li>\n<li>Promotionsstudium im Rahmen des Programms &#8222;Forschung in den Sehwissenschaften&#8220; des IOBA Universit\u00e4tsinstituts f\u00fcr angewandte Augenheilkunde (Universit\u00e4t Valladolid), 2000.<\/li>\n<li>Erlangung der Suficiencia Investigadora, 2000.<\/li>\n<li>Master-Abschluss in Gesundheitsmanagement, verliehen von der Universit\u00e4t der Balearen, 2016-2017.<\/li>\n<\/ul>\n<h5>Berufliche Laufbahn<\/h5>\n<ul>\n<li>Augenarzt bei Oftalmedic Salv\u00e0 seit 2009.<\/li>\n<li>Facharzt f\u00fcr vitreoretinale Chirurgie am Hospital Universitario Son Dureta\/Son Espases (2002-heute).<\/li>\n<li>Koordinator der Abteilung f\u00fcr Augenheilkunde, Hospital Universitario Son Espases, Palma de Mallorca (2017-2018).<\/li>\n<li>Leiterin der Abteilung f\u00fcr Augenheilkunde, Hospital Universitario Son Espases (2018-heute).<\/li>\n<\/ul>\n<h5>Lehrt\u00e4tigkeit<\/h5>\n<ul>\n<li>Au\u00dferordentlicher Professor an der Universitat de les Illes Balears (UIB), Medizinische Fakult\u00e4t, Augenheilkunde (2018-heute).<\/li>\n<li>Lehrender Mitarbeiter in der Ausbildung von Assistenz\u00e4rzten f\u00fcr Augenheilkunde ( 2002-2020).<\/li>\n<li>Dozentin f\u00fcr Augenheilkunde am Universit\u00e4tskrankenhaus Son Dureta (2005-2008).<\/li>\n<\/ul>\n<h5>Wissenschaftliche Aktivit\u00e4ten<\/h5>\n<ul>\n<li>Forscher im Zusammenhang mit dem Projekt: &#8222;Hemmung der experimentellen proliferativen Vitreoretinopathie (PVR) durch Cox-2-Hemmer&#8220; VA043\/01. Junta de Castilla y Le\u00f3n. Zentrum: IOBA.   2000.<\/li>\n<li>Wissenschaftliche Mitarbeiterin in der Post-Zulassungsstudie zur Bewertung der Ver\u00e4nderung der Sehqualit\u00e4t von Patienten mit altersbedingter Makuladegeneration (AMD), die mit photodynamischer Therapie mit Verteporfin behandelt wurden (VILO-Studie)&#8220;. Geldgeber: Novartis. <\/li>\n<li>Wissenschaftliche Mitarbeiterin in der &#8222;Offenen multizentrischen Studie zur Untersuchung der Wirksamkeit von Macugen bei der Erhaltung der Sehfunktion bei Patienten mit altersbedingter Makuladegeneration und des Nutzens einer Behandlung der choroidalen Neovaskularisation&#8220;. Geldgeber: Pfizer <\/li>\n<li>Studienleiter in der offenen, multizentrischen, 12-monatigen Phase-IIIB-Studie zur Bewertung der Wirksamkeit und Vertr\u00e4glichkeit von Ranizumab bei Patienten mit Netzhaut\u00f6demen&#8220;. Sponsor. Novartis.  <\/li>\n<li>Maquet JA, Dios E, Arag\u00f3n J, Bailez C, Ussa F, Laguna N. Protocol for mitomycin C use in glaucoma surgery. <em>Acta Ophthalmol Scand<\/em>. 2005 Apr;83(2):196-200. <\/li>\n<li>Rodriguez de la R\u00faa E, Pastor JC, Arag\u00f3n J, Mayo-Iscar A, Mart\u00ednez V, Garc\u00eda-Arum\u00ed J, Giraldo A, Sanabria-Ruiz Colmenares MR, Miranda I. Interaction between surgical procedure for repairing retinal detachment and clinical risk factors for proliferative vitreoretinopathy. <em>Curr Eye Res<\/em>. 2005 Feb;30(2):147-53. <\/li>\n<li>Olea JL, G\u00f3mez-Resa M, Cervera-Peris MM, Arag\u00f3n JA. Silikon\u00f6ltr\u00f6pfchen in neu verpackten anti-vaskul\u00e4ren endothelialen Wachstumsfaktoren f\u00fcr intravitreale Injektionen: Auf der Suche nach der Hauptquelle der Kontamination. <em>Eur J Ophthalmol<\/em>. 2020;30(4):774-779. doi:10.1177\/1120672118823133.   <\/li>\n<li>Olea JL, Sastre M, Arag\u00f3n JA, Cardona A, Mateos JM. Behandlung der retinalen angiomat\u00f6sen Proliferation (RAP). Retrospektive Studie <em>Arch Soc Esp Oftalmol<\/em>. 2007 Jan;82(1):27-35.   <\/li>\n<li>Olea JL, Arag\u00f3n JA, Zapata ME, Tur JA. [Merkmale von Patienten mit feuchter altersbedingter Makuladegeneration und geringer Aufnahme von Lutein und Zeaxanthin]. <em>Arch Soc Esp Oftalmol<\/em>. 2012 Apr; 87(4):112-8. doi: 10.1016\/j.oftal.2011.10.007. Epub 2012 Mar 14. Spanisch. PubMed PMID: 22482894.      <\/li>\n<li>Bibiloni Mdel M, Zapata ME, Arag\u00f3n JA, Pons A, Olea JL, Tur JA. Estimation of antioxidants dietary intake in wet age-related macular degeneration patients. <em>Nutr Hosp<\/em>. 2014 Apr 1; 29(4):880-8. doi: 10.3305\/nh.2014.29.4.7078. PubMed PMID: 24679031.    <\/li>\n<li>Escudero Bodenlle L, Olea Vallejo JL, Pons Crespi M, Arag\u00f3n Roca JA, Costa Jordao C. Anti-TNF: Neuartige Behandlung bei okul\u00e4rer Sarkoidose. <em>Medicina Balear<\/em> 2017; 32 (3); 47-49. doi: 10.3306\/MEDICINABALEAR.32.03.47. <\/li>\n<li>E Basauri, A Achurra, J Arag\u00f3n, J Catal\u00e1, L Cordov\u00e9s, M L\u00f3pez, J Mart\u00ednez Toldos, J Nadal, L Sararols. 2011 &#8222;Endoftamitis Infecciosa&#8220; <em>Gu\u00edas de Pr\u00e1ctica Cl\u00ednica de la SERV<\/em>. ISBN 978-84-614-7906-1 DL: M-7027-2011.  <\/li>\n<li>E Basauri, A Achurra, J Arag\u00f3n, J Catal\u00e1, L Cordov\u00e9s, M L\u00f3pez, J Mart\u00ednez Toldos, J Nadal, L Sararols. 2011 &#8222;Infekti\u00f6se Endophthamitis&#8220; <em> SERV-Leitlinien f\u00fcr die klinische Praxis<\/em>. Erste \u00dcberarbeitung. ISBN 978-84-606-5736-1 DL: C-132-2015.   <\/li>\n<li>E Basauri, J Arag\u00f3n, J Catal\u00e1, L Cordov\u00e9s, M L\u00f3pez, J Mart\u00ednez Toldos, A Achurra. 2011 &#8222;Infekti\u00f6se Endophthamitis&#8220; <em> SERV-Leitlinien f\u00fcr die klinische Praxis<\/em>. Zweite \u00dcberarbeitung. ISBN 978-84-697-9684-9 DL: C-156-2018.   <\/li>\n<li>Transpupill\u00e4re Thermotherapie (TTT) bei progressiver okkulter AMD. Sastre M., Aragon JA., Mateos 1M., Mulet P. M\u00fcndliche Mitteilung auf dem 81. Kongress der Spanischen Gesellschaft f\u00fcr Augenheilkunde. Zaragoza, 2005.<\/li>\n<li>Entfernung der peripapill\u00e4ren neovaskul\u00e4ren Membran. Urdiales A., Sastre M., Aragon JA. M\u00fcndliche Mitteilung auf dem 81. Kongress der Spanischen Gesellschaft f\u00fcr Ophthalmologie. Zaragoza, 2005.   <\/li>\n<li>M\u00fcndliche Mitteilung auf der 23. Nationalen Uveitis-Tagung 2010, Spanische Gesellschaft f\u00fcr Uveitis und Augenentz\u00fcndungen (SEDU) und Spanische Multizentrische Uveitis-Gruppe (GEMU). Valencia, 2010. <\/li>\n<li>Optische Koh\u00e4renztomographie (OCT) bei Vitreoretina. Dr. Juan Antonio Arag\u00f3n Roca. M\u00fcndliche Mitteilung im Rahmen des I Curso de Imagen en Vitreoretina Hospital Son Espases, 2016.  <\/li>\n<li>Ponente en el curso Iniciaci\u00f3n a la Vitrectom\u00eda, Laboratorios Alcon. Barcelona, 2005, 2006, 2007, 2008. <\/li>\n<li>Referent auf dem 82. Kongress der Spanischen Gesellschaft f\u00fcr Augenheilkunde. Altersbedingte Makuladegeneration. Bedeutende klinische F\u00e4lle. Direktor: Dr. Jos\u00e9 Luis Olea Vallejo.    2006.<\/li>\n<li>Referent auf der I. Tagung \u00fcber Diabetes und Adipositas. Olea JL, Arag\u00f3n JA. Palma de Mallorca, 2007.  <\/li>\n<li>JL Olea, JA Arag\u00f3n, JM Mateos, P Mulet. &#8222;Uveitis aufgrund von Immunregeneration&#8220;, Podiumsmitteilung. Nationale Tagung der spanischen multizentrischen Uveitis-Gruppe, 2006.  <\/li>\n<li>JA Arag\u00f3n. &#8222;Obstruktion der zentralen Netzhautarterie in einem mit Ranibizumab behandelten Fall von AMD&#8220;, Panel-Mitteilung. 84. Kongress der Spanischen Gesellschaft f\u00fcr Ophthalmologie, 2008.  <\/li>\n<li>M Gomez-Resa, JL Olea, P Rocha-Cabrera, JA Aragon. &#8222;Effectiveness of infliximab in Behcet disease with previous development ofanti-infliximab antibodies&#8220;, comunicaci\u00f3n en panel. 17. EURETINA-Kongress, Barcelona, 2017.  <\/li>\n<li>Olea JL, Arag\u00f3n JA, Mateos JM, Mulet P, G\u00f3mez Resa M. &#8222;Results in clinical practice with a treat&amp;extend regimen in wet AMD&#8220;, panel communication. XXI Congress of the Spanish Retina and Vitreous Society (SERV), Madrid, 2017. <\/li>\n<\/ul>\n<h5>Andere Informationen von Interesse<\/h5>\n<ul>\n<li>Emili Darder Award, Real Acad\u00e8mia de Medicina de les Illes Balears: &#8222;Estudio epidemiol\u00f3gico de la retinopat\u00eda del prematuro de Baleares&#8220; (Co-Autor). 2010.<\/li>\n<li>Emili Darder Award, Royal Academy of Medicine of the Balearic Islands: &#8222;Charakteristika der Bev\u00f6lkerung mit geringer Aufnahme von Luein und Zeaxanthin bei Patienten mit feuchter AMD auf den Balearen&#8220; (Kategorie Medizin oder Chirurgie, Hygiene und Sozialmedizin) (Co-Autor). 2010.<\/li>\n<\/ul>\n<h5>Sprachen<\/h5>\n<p>Spanisch, Katalanisch, Englisch.[\/vc_column_text][nectar_btn size=&#8220;small&#8220; button_style=&#8220;regular&#8220; button_color_2=&#8220;Accent-Color&#8220; icon_family=&#8220;none&#8220; url=&#8220;\/equipo\/&#8220; text=&#8220;MEDIZINISCHES TEAM&#8220; margin_top=&#8220;30px&#8220;][\/vc_column_inner][\/vc_row_inner][\/vc_column][vc_column column_padding=&#8220;padding-2-percent&#8220; column_padding_tablet=&#8220;inherit&#8220; column_padding_phone=&#8220;inherit&#8220; column_padding_position=&#8220;left-right&#8220; column_element_spacing=&#8220;default&#8220; background_color_opacity=&#8220;1&#8243; background_hover_color_opacity=&#8220;1&#8243; column_shadow=&#8220;none&#8220; column_border_radius=&#8220;none&#8220; column_link_target=&#8220;_self&#8220; gradient_direction=&#8220;left_to_right&#8220; overlay_strength=&#8220;0.3&#8243; width=&#8220;1\/3&#8243; tablet_width_inherit=&#8220;default&#8220; tablet_text_alignment=&#8220;default&#8220; phone_text_alignment=&#8220;default&#8220; bg_image_animation=&#8220;none&#8220; border_type=&#8220;simple&#8220; column_border_width=&#8220;none&#8220; column_border_style=&#8220;solid&#8220;][vc_column_text css=&#8220;.vc_custom_1642766114475{padding-top: 20px !important;padding-right: 20px !important;padding-bottom: 20px !important;padding-left: 20px !important;background-color: #f8f8f8 !important;}&#8220;]\n<h5><strong>Spezialisiert auf<\/strong><\/h5>\n<ul>\n<li><a href=\"https:\/\/oftalmedic.es\/de\/unidad-de-retina\/\" target=\"_blank\" rel=\"noopener\">Netzhaut und Glask\u00f6rpereinheit<\/a><\/li>\n<\/ul>\n[\/vc_column_text][divider line_type=&#8220;No Line&#8220;][\/vc_column][\/vc_row]\n","protected":false},"excerpt":{"rendered":"<p>[vc_row type=&#8220;in_container&#8220; full_screen_row_position=&#8220;middle&#8220; column_margin=&#8220;default&#8220; column_direction=&#8220;default&#8220; column_direction_tablet=&#8220;default&#8220; column_direction_phone=&#8220;default&#8220; scene_position=&#8220;center&#8220; bottom_padding=&#8220;30&#8243; text_color=&#8220;dark&#8220; text_align=&#8220;left&#8220; row_border_radius=&#8220;none&#8220; row_border_radius_applies=&#8220;bg&#8220; overlay_strength=&#8220;0.3&#8243; gradient_direction=&#8220;left_to_right&#8220; shape_divider_position=&#8220;bottom&#8220; bg_image_animation=&#8220;none&#8220; shape_type=&#8220;&#8220;][vc_column column_padding=&#8220;no-extra-padding&#8220; column_padding_tablet=&#8220;inherit&#8220; column_padding_phone=&#8220;inherit&#8220; column_padding_position=&#8220;all&#8220; column_element_spacing=&#8220;default&#8220; background_color_opacity=&#8220;1&#8243; background_hover_color_opacity=&#8220;1&#8243; column_shadow=&#8220;none&#8220; column_border_radius=&#8220;none&#8220; column_link_target=&#8220;_self&#8220; gradient_direction=&#8220;left_to_right&#8220; overlay_strength=&#8220;0.3&#8243; width=&#8220;2\/3&#8243; tablet_width_inherit=&#8220;default&#8220; tablet_text_alignment=&#8220;default&#8220; phone_text_alignment=&#8220;default&#8220; bg_image_animation=&#8220;none&#8220; border_type=&#8220;simple&#8220; column_border_width=&#8220;none&#8220; column_border_style=&#8220;solid&#8220;][vc_row_inner column_margin=&#8220;default&#8220; column_direction=&#8220;default&#8220; column_direction_tablet=&#8220;default&#8220; column_direction_phone=&#8220;default&#8220; text_align=&#8220;left&#8220;][vc_column_inner column_padding=&#8220;no-extra-padding&#8220; column_padding_tablet=&#8220;inherit&#8220; column_padding_phone=&#8220;inherit&#8220; column_padding_position=&#8220;all&#8220; column_element_spacing=&#8220;default&#8220; background_color_opacity=&#8220;1&#8243; background_hover_color_opacity=&#8220;1&#8243; column_shadow=&#8220;none&#8220; column_border_radius=&#8220;none&#8220; column_link_target=&#8220;_self&#8220; gradient_direction=&#8220;left_to_right&#8220; overlay_strength=&#8220;0.3&#8243; width=&#8220;1\/3&#8243; tablet_width_inherit=&#8220;default&#8220; bg_image_animation=&#8220;none&#8220; border_type=&#8220;simple&#8220; column_border_width=&#8220;none&#8220;&#8230;<\/p>\n","protected":false},"author":2,"featured_media":0,"parent":12465,"menu_order":0,"comment_status":"closed","ping_status":"closed","template":"","meta":{"footnotes":""},"class_list":["post-11871","page","type-page","status-publish"],"yoast_head":"<!-- This site is optimized with the Yoast SEO plugin v27.1.1 - https:\/\/yoast.com\/product\/yoast-seo-wordpress\/ -->\n<title>Dr. Juan Antonio Arag\u00f3n | Spezialist f\u00fcr Netzhaut und Glask\u00f6rper<\/title>\n<meta name=\"description\" content=\"Dr. Juan Antonio Arag\u00f3n Roca. Spezialist f\u00fcr die Behandlung von Netzhaut- und Glask\u00f6rpererkrankungen. Augenarzt bei Oftalmedic Salv\u00e0. Vereinbaren Sie online einen Termin.\" \/>\n<meta name=\"robots\" content=\"index, follow, max-snippet:-1, max-image-preview:large, max-video-preview:-1\" \/>\n<link rel=\"canonical\" href=\"https:\/\/oftalmedic.es\/de\/equipo\/dr-juan-antonio-aragon-roca\/\" \/>\n<meta property=\"og:locale\" content=\"de_DE\" \/>\n<meta property=\"og:type\" content=\"article\" \/>\n<meta property=\"og:title\" content=\"Dr. Juan Antonio Arag\u00f3n | Spezialist f\u00fcr Netzhaut und Glask\u00f6rper\" \/>\n<meta property=\"og:description\" content=\"Dr. Juan Antonio Arag\u00f3n Roca. Spezialist f\u00fcr die Behandlung von Netzhaut- und Glask\u00f6rpererkrankungen. Augenarzt bei Oftalmedic Salv\u00e0. Vereinbaren Sie online einen Termin.\" \/>\n<meta property=\"og:url\" content=\"https:\/\/oftalmedic.es\/de\/equipo\/dr-juan-antonio-aragon-roca\/\" \/>\n<meta property=\"og:site_name\" content=\"Oftalmedic Salv\u00e1\" \/>\n<meta property=\"article:publisher\" content=\"https:\/\/www.facebook.com\/OftalmedicSalva\/\" \/>\n<meta property=\"article:modified_time\" content=\"2025-07-09T05:47:00+00:00\" \/>\n<meta name=\"twitter:card\" content=\"summary_large_image\" \/>\n<meta name=\"twitter:site\" content=\"@OftalmedicSalva\" \/>\n<meta name=\"twitter:label1\" content=\"Gesch\u00e4tzte Lesezeit\" \/>\n\t<meta name=\"twitter:data1\" content=\"7\u00a0Minuten\" \/>\n<script type=\"application\/ld+json\" class=\"yoast-schema-graph\">{\"@context\":\"https:\/\/schema.org\",\"@graph\":[{\"@type\":\"WebPage\",\"@id\":\"https:\/\/oftalmedic.es\/de\/equipo\/dr-juan-antonio-aragon-roca\/\",\"url\":\"https:\/\/oftalmedic.es\/de\/equipo\/dr-juan-antonio-aragon-roca\/\",\"name\":\"Dr. Juan Antonio Arag\u00f3n | Spezialist f\u00fcr Netzhaut und Glask\u00f6rper\",\"isPartOf\":{\"@id\":\"https:\/\/oftalmedic.es\/de\/#website\"},\"datePublished\":\"2025-07-09T05:46:58+00:00\",\"dateModified\":\"2025-07-09T05:47:00+00:00\",\"description\":\"Dr. Juan Antonio Arag\u00f3n Roca. Spezialist f\u00fcr die Behandlung von Netzhaut- und Glask\u00f6rpererkrankungen. Augenarzt bei Oftalmedic Salv\u00e0. Vereinbaren Sie online einen Termin.\",\"breadcrumb\":{\"@id\":\"https:\/\/oftalmedic.es\/de\/equipo\/dr-juan-antonio-aragon-roca\/#breadcrumb\"},\"inLanguage\":\"de\",\"potentialAction\":[{\"@type\":\"ReadAction\",\"target\":[\"https:\/\/oftalmedic.es\/de\/equipo\/dr-juan-antonio-aragon-roca\/\"]}]},{\"@type\":\"BreadcrumbList\",\"@id\":\"https:\/\/oftalmedic.es\/de\/equipo\/dr-juan-antonio-aragon-roca\/#breadcrumb\",\"itemListElement\":[{\"@type\":\"ListItem\",\"position\":1,\"name\":\"Portada\",\"item\":\"https:\/\/oftalmedic.es\/de\/\"},{\"@type\":\"ListItem\",\"position\":2,\"name\":\"Dr. Juan Antonio Arag\u00f3n Roca\"}]},{\"@type\":\"WebSite\",\"@id\":\"https:\/\/oftalmedic.es\/de\/#website\",\"url\":\"https:\/\/oftalmedic.es\/de\/\",\"name\":\"Oftalmedic Salv\u00e1\",\"description\":\"Red de cl\u00ednicas oftalmol\u00f3gicas de referencia en Baleares. Pionera en tecnolog\u00eda l\u00e1ser para cirug\u00eda de cataratas y correcci\u00f3n de la miop\u00eda, hipermetrop\u00eda, astigmatismo y presbicia o vista cansada.\",\"publisher\":{\"@id\":\"https:\/\/oftalmedic.es\/de\/#organization\"},\"potentialAction\":[{\"@type\":\"SearchAction\",\"target\":{\"@type\":\"EntryPoint\",\"urlTemplate\":\"https:\/\/oftalmedic.es\/de\/?s={search_term_string}\"},\"query-input\":{\"@type\":\"PropertyValueSpecification\",\"valueRequired\":true,\"valueName\":\"search_term_string\"}}],\"inLanguage\":\"de\"},{\"@type\":\"Organization\",\"@id\":\"https:\/\/oftalmedic.es\/de\/#organization\",\"name\":\"[wpseo_titles]company_Nombre\",\"url\":\"https:\/\/oftalmedic.es\/de\/\",\"logo\":{\"@type\":\"ImageObject\",\"inLanguage\":\"de\",\"@id\":\"https:\/\/oftalmedic.es\/de\/#\/schema\/logo\/image\/\",\"url\":\"https:\/\/oftalmedic.es\/wp-content\/uploads\/2018\/06\/logo-oftalmedic.png\",\"contentUrl\":\"https:\/\/oftalmedic.es\/wp-content\/uploads\/2018\/06\/logo-oftalmedic.png\",\"width\":200,\"height\":58,\"caption\":\"[wpseo_titles]company_Nombre\"},\"image\":{\"@id\":\"https:\/\/oftalmedic.es\/de\/#\/schema\/logo\/image\/\"},\"sameAs\":[\"https:\/\/www.facebook.com\/OftalmedicSalva\/\",\"https:\/\/x.com\/OftalmedicSalva\",\"https:\/\/www.instagram.com\/oftalmedic_salva\",\"https:\/\/www.youtube.com\/channel\/UCWrAdUQk6ZmrfVUqBwX0cug\",\"https:\/\/www.linkedin.com\/company\/oftalmedic-clnica-salv\/\"]}]}<\/script>\n<!-- \/ Yoast SEO plugin. -->","yoast_head_json":{"title":"Dr. Juan Antonio Arag\u00f3n | Spezialist f\u00fcr Netzhaut und Glask\u00f6rper","description":"Dr. Juan Antonio Arag\u00f3n Roca. Spezialist f\u00fcr die Behandlung von Netzhaut- und Glask\u00f6rpererkrankungen. Augenarzt bei Oftalmedic Salv\u00e0. Vereinbaren Sie online einen Termin.","robots":{"index":"index","follow":"follow","max-snippet":"max-snippet:-1","max-image-preview":"max-image-preview:large","max-video-preview":"max-video-preview:-1"},"canonical":"https:\/\/oftalmedic.es\/de\/equipo\/dr-juan-antonio-aragon-roca\/","og_locale":"de_DE","og_type":"article","og_title":"Dr. Juan Antonio Arag\u00f3n | Spezialist f\u00fcr Netzhaut und Glask\u00f6rper","og_description":"Dr. Juan Antonio Arag\u00f3n Roca. Spezialist f\u00fcr die Behandlung von Netzhaut- und Glask\u00f6rpererkrankungen. Augenarzt bei Oftalmedic Salv\u00e0. Vereinbaren Sie online einen Termin.","og_url":"https:\/\/oftalmedic.es\/de\/equipo\/dr-juan-antonio-aragon-roca\/","og_site_name":"Oftalmedic Salv\u00e1","article_publisher":"https:\/\/www.facebook.com\/OftalmedicSalva\/","article_modified_time":"2025-07-09T05:47:00+00:00","twitter_card":"summary_large_image","twitter_site":"@OftalmedicSalva","twitter_misc":{"Gesch\u00e4tzte Lesezeit":"7\u00a0Minuten"},"schema":{"@context":"https:\/\/schema.org","@graph":[{"@type":"WebPage","@id":"https:\/\/oftalmedic.es\/de\/equipo\/dr-juan-antonio-aragon-roca\/","url":"https:\/\/oftalmedic.es\/de\/equipo\/dr-juan-antonio-aragon-roca\/","name":"Dr. Juan Antonio Arag\u00f3n | Spezialist f\u00fcr Netzhaut und Glask\u00f6rper","isPartOf":{"@id":"https:\/\/oftalmedic.es\/de\/#website"},"datePublished":"2025-07-09T05:46:58+00:00","dateModified":"2025-07-09T05:47:00+00:00","description":"Dr. Juan Antonio Arag\u00f3n Roca. Spezialist f\u00fcr die Behandlung von Netzhaut- und Glask\u00f6rpererkrankungen. Augenarzt bei Oftalmedic Salv\u00e0. Vereinbaren Sie online einen Termin.","breadcrumb":{"@id":"https:\/\/oftalmedic.es\/de\/equipo\/dr-juan-antonio-aragon-roca\/#breadcrumb"},"inLanguage":"de","potentialAction":[{"@type":"ReadAction","target":["https:\/\/oftalmedic.es\/de\/equipo\/dr-juan-antonio-aragon-roca\/"]}]},{"@type":"BreadcrumbList","@id":"https:\/\/oftalmedic.es\/de\/equipo\/dr-juan-antonio-aragon-roca\/#breadcrumb","itemListElement":[{"@type":"ListItem","position":1,"name":"Portada","item":"https:\/\/oftalmedic.es\/de\/"},{"@type":"ListItem","position":2,"name":"Dr. Juan Antonio Arag\u00f3n Roca"}]},{"@type":"WebSite","@id":"https:\/\/oftalmedic.es\/de\/#website","url":"https:\/\/oftalmedic.es\/de\/","name":"Oftalmedic Salv\u00e1","description":"Red de cl\u00ednicas oftalmol\u00f3gicas de referencia en Baleares. Pionera en tecnolog\u00eda l\u00e1ser para cirug\u00eda de cataratas y correcci\u00f3n de la miop\u00eda, hipermetrop\u00eda, astigmatismo y presbicia o vista cansada.","publisher":{"@id":"https:\/\/oftalmedic.es\/de\/#organization"},"potentialAction":[{"@type":"SearchAction","target":{"@type":"EntryPoint","urlTemplate":"https:\/\/oftalmedic.es\/de\/?s={search_term_string}"},"query-input":{"@type":"PropertyValueSpecification","valueRequired":true,"valueName":"search_term_string"}}],"inLanguage":"de"},{"@type":"Organization","@id":"https:\/\/oftalmedic.es\/de\/#organization","name":"[wpseo_titles]company_Nombre","url":"https:\/\/oftalmedic.es\/de\/","logo":{"@type":"ImageObject","inLanguage":"de","@id":"https:\/\/oftalmedic.es\/de\/#\/schema\/logo\/image\/","url":"https:\/\/oftalmedic.es\/wp-content\/uploads\/2018\/06\/logo-oftalmedic.png","contentUrl":"https:\/\/oftalmedic.es\/wp-content\/uploads\/2018\/06\/logo-oftalmedic.png","width":200,"height":58,"caption":"[wpseo_titles]company_Nombre"},"image":{"@id":"https:\/\/oftalmedic.es\/de\/#\/schema\/logo\/image\/"},"sameAs":["https:\/\/www.facebook.com\/OftalmedicSalva\/","https:\/\/x.com\/OftalmedicSalva","https:\/\/www.instagram.com\/oftalmedic_salva","https:\/\/www.youtube.com\/channel\/UCWrAdUQk6ZmrfVUqBwX0cug","https:\/\/www.linkedin.com\/company\/oftalmedic-clnica-salv\/"]}]}},"_links":{"self":[{"href":"https:\/\/oftalmedic.es\/de\/wp-json\/wp\/v2\/pages\/11871","targetHints":{"allow":["GET"]}}],"collection":[{"href":"https:\/\/oftalmedic.es\/de\/wp-json\/wp\/v2\/pages"}],"about":[{"href":"https:\/\/oftalmedic.es\/de\/wp-json\/wp\/v2\/types\/page"}],"author":[{"embeddable":true,"href":"https:\/\/oftalmedic.es\/de\/wp-json\/wp\/v2\/users\/2"}],"replies":[{"embeddable":true,"href":"https:\/\/oftalmedic.es\/de\/wp-json\/wp\/v2\/comments?post=11871"}],"version-history":[{"count":0,"href":"https:\/\/oftalmedic.es\/de\/wp-json\/wp\/v2\/pages\/11871\/revisions"}],"up":[{"embeddable":true,"href":"https:\/\/oftalmedic.es\/de\/wp-json\/wp\/v2\/pages\/12465"}],"wp:attachment":[{"href":"https:\/\/oftalmedic.es\/de\/wp-json\/wp\/v2\/media?parent=11871"}],"curies":[{"name":"wp","href":"https:\/\/api.w.org\/{rel}","templated":true}]}}