{"id":13986,"date":"2026-04-24T11:44:09","date_gmt":"2026-04-24T11:44:09","guid":{"rendered":"https:\/\/oftalmedic.es\/co2-laser-zur-gesichtsverjuengung\/"},"modified":"2026-04-24T11:44:10","modified_gmt":"2026-04-24T11:44:10","slug":"co2-laser-zur-gesichtsverjuengung","status":"publish","type":"page","link":"https:\/\/oftalmedic.es\/de\/co2-laser-zur-gesichtsverjuengung\/","title":{"rendered":"CO2-Laser zur Gesichtsverj\u00fcngung"},"content":{"rendered":"[vc_row type=&#8220;full_width_background&#8220; full_screen_row_position=&#8220;middle&#8220; column_margin=&#8220;default&#8220; equal_height=&#8220;yes&#8220; content_placement=&#8220;middle&#8220; column_direction=&#8220;default&#8220; column_direction_tablet=&#8220;default&#8220; column_direction_phone=&#8220;default&#8220; bg_color=&#8220;#ffffff&#8220; scene_position=&#8220;center&#8220; top_padding=&#8220;60&#8243; bottom_padding=&#8220;60&#8243; text_color=&#8220;dark&#8220; text_align=&#8220;left&#8220; row_border_radius=&#8220;none&#8220; row_border_radius_applies=&#8220;bg&#8220; overflow=&#8220;visible&#8220; overlay_strength=&#8220;0.3&#8243; gradient_direction=&#8220;left_to_right&#8220; shape_divider_color=&#8220;#d0d9e8&#8243; shape_divider_position=&#8220;bottom&#8220; shape_divider_height=&#8220;100&#8243; bg_image_animation=&#8220;none&#8220; shape_type=&#8220;curve_opacity&#8220;][vc_column column_padding=&#8220;padding-3-percent&#8220; column_padding_tablet=&#8220;inherit&#8220; column_padding_phone=&#8220;inherit&#8220; column_padding_position=&#8220;right&#8220; column_element_direction_desktop=&#8220;default&#8220; column_element_spacing=&#8220;default&#8220; desktop_text_alignment=&#8220;default&#8220; tablet_text_alignment=&#8220;default&#8220; phone_text_alignment=&#8220;default&#8220; background_color_opacity=&#8220;1&#8243; background_hover_color_opacity=&#8220;1&#8243; column_backdrop_filter=&#8220;none&#8220; column_shadow=&#8220;none&#8220; column_border_radius=&#8220;none&#8220; column_link_target=&#8220;_self&#8220; column_position=&#8220;default&#8220; gradient_direction=&#8220;left_to_right&#8220; overlay_strength=&#8220;0.3&#8243; width=&#8220;1\/2&#8243; tablet_width_inherit=&#8220;default&#8220; animation_type=&#8220;default&#8220; bg_image_animation=&#8220;none&#8220; border_type=&#8220;simple&#8220; column_border_width=&#8220;none&#8220; column_border_style=&#8220;solid&#8220;][vc_column_text el_class=&#8220;blue&#8220;]\n<h1 style=\"text-align: left;\">CO2-Laser zur Gesichtsverj\u00fcngung<\/h1>\n<p>Der CO2-Laser ist ein hochpr\u00e4ziser fraktionierter Laser, der die oberfl\u00e4chlichen Hautschichten kontrolliert verdampft und so die Regeneration, die Entfernung von Hautver\u00e4nderungen sowie eine deutliche Verbesserung von Hautstruktur und Festigkeit f\u00f6rdert.<\/p>\n<p>Er geh\u00f6rt zu den effektivsten Behandlungen zur Hautverj\u00fcngung und zur Behandlung von Hautunregelm\u00e4\u00dfigkeiten.<\/p>\n<h4>Die L\u00f6sung f\u00fcr diese 5 \u00e4sthetischen Probleme<br \/><\/h4>\n<p>1. <strong>Entfernung von Warzen<\/strong>: Der CO2-Laser vaporisiert Warzen pr\u00e4zise, ohne gesundes Gewebe zu sch\u00e4digen. Ideal f\u00fcr Warzen im Gesicht und am K\u00f6rper. <\/p>\n<p>2. <strong>Gesichtsverj\u00fcngung <\/strong>(Resurfacing): Der Laser wirkt durch fraktionierte Hautbehandlung und stimuliert die Kollagenproduktion. Er verbessert feine und mittlere Falten, ungleichm\u00e4\u00dfige Hautstruktur, vergr\u00f6\u00dferte Poren sowie fahle oder gealterte Haut und sorgt f\u00fcr ein glatteres, strafferes und strahlenderes Hautbild. <\/p>\n<p>3. <strong>Lidverj\u00fcngung<\/strong> (nicht-chirurgische Blepharoplastik): Hierbei wird die Haut der Ober- und Unterlider mit dem CO2-Laser gestrafft und erneuert \u2013 als nicht-invasive Alternative zur Operation. Diese Technik reduziert leichte bis moderate Hauterschlaffung, feine Falten (\u201ecrepey skin\u201c) und einen m\u00fcden Ausdruck.[\/vc_column_text][divider line_type=&#8220;No Line&#8220;][toggles style=&#8220;minimal_small&#8220;][toggle color=&#8220;Default&#8220; heading_tag=&#8220;default&#8220; heading_tag_functionality=&#8220;default&#8220; title=&#8220;Weiterlesen&#8220;][vc_column_text el_class=&#8220;blue&#8220;]4. <strong>Sonnenflecken <\/strong>(Lentigines): Der CO2-Laser entfernt sonnen- und altersbedingte Pigmentflecken. Die Laserenergie verdampft die pigmentierte Hautschicht und sorgt f\u00fcr einen gleichm\u00e4\u00dfigeren Teint. Besonders wirksam im Gesicht, an den H\u00e4nden, am Dekollet\u00e9 und an sonnenexponierten Stellen.  <\/p>\n<p>5. <strong>Narben<\/strong>: Der CO2-Laser gl\u00e4ttet Narben, stimuliert Kollagen und verbessert das gesamte Hautbild. Er ist wirksam bei Aknenarben sowie bei chirurgischen oder traumatischen Narben (sowohl atrophen als auch hypertrophen).[\/vc_column_text][vc_column_text][\/vc_column_text][\/toggle][\/toggles][\/vc_column][vc_column column_padding=&#8220;no-extra-padding&#8220; column_padding_tablet=&#8220;inherit&#8220; column_padding_phone=&#8220;inherit&#8220; column_padding_position=&#8220;all&#8220; column_element_direction_desktop=&#8220;default&#8220; column_element_spacing=&#8220;default&#8220; desktop_text_alignment=&#8220;default&#8220; tablet_text_alignment=&#8220;default&#8220; phone_text_alignment=&#8220;default&#8220; background_color_opacity=&#8220;1&#8243; background_hover_color_opacity=&#8220;1&#8243; column_backdrop_filter=&#8220;none&#8220; column_shadow=&#8220;none&#8220; column_border_radius=&#8220;none&#8220; column_link_target=&#8220;_self&#8220; column_position=&#8220;default&#8220; gradient_direction=&#8220;left_to_right&#8220; overlay_strength=&#8220;0.3&#8243; width=&#8220;1\/2&#8243; tablet_width_inherit=&#8220;default&#8220; animation_type=&#8220;default&#8220; bg_image_animation=&#8220;none&#8220; border_type=&#8220;simple&#8220; column_border_width=&#8220;none&#8220; column_border_style=&#8220;solid&#8220;][image_with_animation image_url=&#8220;13679&#8243; image_size=&#8220;full&#8220; animation_type=&#8220;entrance&#8220; animation=&#8220;Fade In&#8220; animation_easing=&#8220;default&#8220; animation_movement_type=&#8220;transform_y&#8220; hover_animation=&#8220;none&#8220; alignment=&#8220;&#8220; border_radius=&#8220;none&#8220; box_shadow=&#8220;none&#8220; image_loading=&#8220;default&#8220; max_width=&#8220;100%&#8220; max_width_mobile=&#8220;default&#8220;][\/vc_column][\/vc_row][vc_row type=&#8220;in_container&#8220; full_screen_row_position=&#8220;middle&#8220; column_margin=&#8220;default&#8220; column_direction=&#8220;default&#8220; column_direction_tablet=&#8220;default&#8220; column_direction_phone=&#8220;default&#8220; scene_position=&#8220;center&#8220; top_padding=&#8220;50&#8243; bottom_padding=&#8220;50&#8243; text_color=&#8220;dark&#8220; text_align=&#8220;left&#8220; row_border_radius=&#8220;none&#8220; row_border_radius_applies=&#8220;bg&#8220; overflow=&#8220;visible&#8220; id=&#8220;tratamiento-esp&#8220; overlay_strength=&#8220;0.3&#8243; gradient_direction=&#8220;left_to_right&#8220; shape_divider_color=&#8220;#1c2940&#8243; shape_divider_position=&#8220;bottom&#8220; shape_divider_height=&#8220;100&#8243; bg_image_animation=&#8220;none&#8220; shape_type=&#8220;curve_opacity&#8220;][vc_column column_padding=&#8220;no-extra-padding&#8220; column_padding_tablet=&#8220;inherit&#8220; column_padding_phone=&#8220;inherit&#8220; column_padding_position=&#8220;all&#8220; column_element_direction_desktop=&#8220;default&#8220; column_element_spacing=&#8220;default&#8220; desktop_text_alignment=&#8220;default&#8220; tablet_text_alignment=&#8220;default&#8220; phone_text_alignment=&#8220;default&#8220; background_color_opacity=&#8220;1&#8243; background_hover_color_opacity=&#8220;1&#8243; column_backdrop_filter=&#8220;none&#8220; column_shadow=&#8220;none&#8220; column_border_radius=&#8220;none&#8220; column_link_target=&#8220;_self&#8220; column_position=&#8220;default&#8220; gradient_direction=&#8220;left_to_right&#8220; overlay_strength=&#8220;0.3&#8243; width=&#8220;1\/1&#8243; tablet_width_inherit=&#8220;default&#8220; animation_type=&#8220;default&#8220; bg_image_animation=&#8220;none&#8220; border_type=&#8220;simple&#8220; column_border_width=&#8220;none&#8220; column_border_style=&#8220;solid&#8220;][divider line_type=&#8220;No Line&#8220; custom_height=&#8220;40&#8243;][vc_row_inner equal_height=&#8220;yes&#8220; content_placement=&#8220;top&#8220; column_margin=&#8220;default&#8220; column_direction=&#8220;default&#8220; column_direction_tablet=&#8220;default&#8220; column_direction_phone=&#8220;default&#8220; text_align=&#8220;left&#8220; row_position=&#8220;default&#8220; row_position_tablet=&#8220;inherit&#8220; row_position_phone=&#8220;inherit&#8220; overflow=&#8220;visible&#8220; pointer_events=&#8220;all&#8220;][vc_column_inner column_padding=&#8220;padding-3-percent&#8220; column_padding_tablet=&#8220;inherit&#8220; column_padding_phone=&#8220;inherit&#8220; column_padding_position=&#8220;all&#8220; column_element_direction_desktop=&#8220;default&#8220; column_element_spacing=&#8220;default&#8220; desktop_text_alignment=&#8220;default&#8220; tablet_text_alignment=&#8220;default&#8220; phone_text_alignment=&#8220;default&#8220; background_color=&#8220;#f8f8f8&#8243; background_color_opacity=&#8220;1&#8243; background_hover_color_opacity=&#8220;1&#8243; column_backdrop_filter=&#8220;none&#8220; column_shadow=&#8220;none&#8220; column_border_radius=&#8220;none&#8220; column_link_target=&#8220;_self&#8220; overflow=&#8220;visible&#8220; gradient_direction=&#8220;left_to_right&#8220; overlay_strength=&#8220;0.3&#8243; width=&#8220;2\/4&#8243; tablet_width_inherit=&#8220;default&#8220; animation_type=&#8220;default&#8220; bg_image_animation=&#8220;none&#8220; border_type=&#8220;simple&#8220; column_border_width=&#8220;none&#8220; column_border_style=&#8220;solid&#8220;][image_with_animation image_url=&#8220;1454&#8243; image_size=&#8220;full&#8220; animation_type=&#8220;entrance&#8220; animation=&#8220;None&#8220; animation_movement_type=&#8220;transform_y&#8220; hover_animation=&#8220;none&#8220; alignment=&#8220;center&#8220; border_radius=&#8220;none&#8220; box_shadow=&#8220;none&#8220; image_loading=&#8220;default&#8220; max_width=&#8220;100%&#8220; max_width_mobile=&#8220;default&#8220;][divider line_type=&#8220;No Line&#8220;][vc_column_text]\n<h4>Wie funktioniert die Behandlung?<\/h4>\n<p>Der CO2-Laser:<\/p>\n<ul>\n<li>Sendet einen Lichtstrahl aus, der Mikros\u00e4ulen gesch\u00e4digten Gewebes verdampft<\/li>\n<li>Stimuliert die vollst\u00e4ndige Hauterneuerung<\/li>\n<li>F\u00f6rdert die Neubildung von Kollagen und verbessert Festigkeit, Tonus und Textur<\/li>\n<li>Erm\u00f6glicht eine pr\u00e4zise und sichere Behandlung von Hautver\u00e4nderungen<\/li>\n<\/ul>\n[\/vc_column_text][\/vc_column_inner][vc_column_inner column_padding=&#8220;padding-3-percent&#8220; column_padding_tablet=&#8220;inherit&#8220; column_padding_phone=&#8220;inherit&#8220; column_padding_position=&#8220;all&#8220; column_element_direction_desktop=&#8220;default&#8220; column_element_spacing=&#8220;default&#8220; desktop_text_alignment=&#8220;default&#8220; tablet_text_alignment=&#8220;default&#8220; phone_text_alignment=&#8220;default&#8220; background_color=&#8220;#f8f8f8&#8243; background_color_opacity=&#8220;1&#8243; background_hover_color_opacity=&#8220;1&#8243; column_backdrop_filter=&#8220;none&#8220; column_shadow=&#8220;none&#8220; column_border_radius=&#8220;none&#8220; column_link_target=&#8220;_self&#8220; overflow=&#8220;visible&#8220; gradient_direction=&#8220;left_to_right&#8220; overlay_strength=&#8220;0.3&#8243; width=&#8220;1\/4&#8243; tablet_width_inherit=&#8220;default&#8220; animation_type=&#8220;default&#8220; bg_image_animation=&#8220;none&#8220; border_type=&#8220;simple&#8220; column_border_width=&#8220;none&#8220; column_border_style=&#8220;solid&#8220; column_padding_type=&#8220;default&#8220; gradient_type=&#8220;default&#8220;][image_with_animation image_url=&#8220;1341&#8243; image_size=&#8220;full&#8220; animation_type=&#8220;entrance&#8220; animation=&#8220;None&#8220; animation_movement_type=&#8220;transform_y&#8220; hover_animation=&#8220;none&#8220; alignment=&#8220;center&#8220; border_radius=&#8220;none&#8220; box_shadow=&#8220;none&#8220; image_loading=&#8220;default&#8220; max_width=&#8220;100%&#8220; max_width_mobile=&#8220;default&#8220;][divider line_type=&#8220;No Line&#8220;][vc_column_text]\n<h4>Verfahren<\/h4>\n<p>Die CO2-Laserbehandlung zur Gesichtsverj\u00fcngung erfolgt bei Bedarf unter lokaler oder topischer An\u00e4sthesie. Je nach Indikation k\u00f6nnen ein oder mehrere Sitzungen erforderlich sein. Jede Sitzung dauert etwa 15 bis 45 Minuten, abh\u00e4ngig von Areal und Ziel der Behandlung.[\/vc_column_text][\/vc_column_inner][vc_column_inner column_padding=&#8220;padding-3-percent&#8220; column_padding_tablet=&#8220;inherit&#8220; column_padding_phone=&#8220;inherit&#8220; column_padding_position=&#8220;all&#8220; column_element_direction_desktop=&#8220;default&#8220; column_element_spacing=&#8220;default&#8220; desktop_text_alignment=&#8220;default&#8220; tablet_text_alignment=&#8220;default&#8220; phone_text_alignment=&#8220;default&#8220; background_color=&#8220;#f8f8f8&#8243; background_color_opacity=&#8220;1&#8243; background_hover_color_opacity=&#8220;1&#8243; column_backdrop_filter=&#8220;none&#8220; column_shadow=&#8220;none&#8220; column_border_radius=&#8220;none&#8220; column_link_target=&#8220;_self&#8220; overflow=&#8220;visible&#8220; gradient_direction=&#8220;left_to_right&#8220; overlay_strength=&#8220;0.3&#8243; width=&#8220;1\/4&#8243; tablet_width_inherit=&#8220;default&#8220; animation_type=&#8220;default&#8220; bg_image_animation=&#8220;none&#8220; border_type=&#8220;simple&#8220; column_border_width=&#8220;none&#8220; column_border_style=&#8220;solid&#8220; column_padding_type=&#8220;default&#8220; gradient_type=&#8220;default&#8220;][image_with_animation image_url=&#8220;13617&#8243; image_size=&#8220;full&#8220; animation_type=&#8220;entrance&#8220; animation=&#8220;None&#8220; animation_movement_type=&#8220;transform_y&#8220; hover_animation=&#8220;none&#8220; alignment=&#8220;center&#8220; border_radius=&#8220;none&#8220; box_shadow=&#8220;none&#8220; image_loading=&#8220;default&#8220; max_width=&#8220;100%&#8220; max_width_mobile=&#8220;default&#8220;][divider line_type=&#8220;No Line&#8220;][vc_column_text]\n<h4>Ergebnisse<\/h4>\n<p>Der CO2-Laser zeigt bereits ab der ersten Woche sichtbare Verbesserungen. Das Endergebnis ist nach 4 bis 8 Wochen sichtbar, abh\u00e4ngig von der Heilung. Bei Verj\u00fcngungsbehandlungen steigt die Kollagenproduktion in den folgenden 3\u20136 Monaten weiter an. Bei Pigmentflecken oder Warzen sind die Ergebnisse nahezu sofort sichtbar.<\/p>\n[\/vc_column_text][\/vc_column_inner][\/vc_row_inner][\/vc_column][\/vc_row][vc_row type=&#8220;full_width_background&#8220; full_screen_row_position=&#8220;middle&#8220; column_margin=&#8220;default&#8220; column_direction=&#8220;default&#8220; column_direction_tablet=&#8220;default&#8220; column_direction_phone=&#8220;default&#8220; scene_position=&#8220;center&#8220; top_padding=&#8220;30&#8243; text_color=&#8220;dark&#8220; text_align=&#8220;left&#8220; row_border_radius=&#8220;none&#8220; row_border_radius_applies=&#8220;bg&#8220; overflow=&#8220;visible&#8220; overlay_strength=&#8220;0.3&#8243; gradient_direction=&#8220;left_to_right&#8220; shape_divider_color=&#8220;#ffffff&#8220; shape_divider_position=&#8220;bottom&#8220; shape_divider_height=&#8220;100&#8243; bg_image_animation=&#8220;none&#8220; shape_type=&#8220;speech&#8220;][vc_column column_padding=&#8220;no-extra-padding&#8220; column_padding_tablet=&#8220;inherit&#8220; column_padding_phone=&#8220;inherit&#8220; column_padding_position=&#8220;all&#8220; column_element_direction_desktop=&#8220;default&#8220; column_element_spacing=&#8220;default&#8220; desktop_text_alignment=&#8220;default&#8220; tablet_text_alignment=&#8220;default&#8220; phone_text_alignment=&#8220;default&#8220; background_color_opacity=&#8220;1&#8243; background_hover_color_opacity=&#8220;1&#8243; column_backdrop_filter=&#8220;none&#8220; column_shadow=&#8220;none&#8220; column_border_radius=&#8220;none&#8220; column_link_target=&#8220;_self&#8220; column_position=&#8220;default&#8220; gradient_direction=&#8220;left_to_right&#8220; overlay_strength=&#8220;0.3&#8243; width=&#8220;1\/1&#8243; tablet_width_inherit=&#8220;default&#8220; animation_type=&#8220;default&#8220; bg_image_animation=&#8220;none&#8220; border_type=&#8220;simple&#8220; column_border_width=&#8220;none&#8220; column_border_style=&#8220;solid&#8220;][vc_column_text]\n<h2 style=\"text-align: center;\"><strong>Weitere \u00e4sthetisch-medizinische Gesichtsbehandlungen<\/p>\n<p><\/strong><\/h2>\n[\/vc_column_text][divider line_type=&#8220;No Line&#8220; custom_height=&#8220;30&#8243;][\/vc_column][\/vc_row][vc_row type=&#8220;full_width_background&#8220; full_screen_row_position=&#8220;middle&#8220; column_margin=&#8220;default&#8220; equal_height=&#8220;yes&#8220; content_placement=&#8220;middle&#8220; column_direction=&#8220;default&#8220; column_direction_tablet=&#8220;default&#8220; column_direction_phone=&#8220;default&#8220; scene_position=&#8220;center&#8220; top_padding=&#8220;30&#8243; bottom_padding=&#8220;50&#8243; text_color=&#8220;dark&#8220; text_align=&#8220;left&#8220; row_border_radius=&#8220;none&#8220; row_border_radius_applies=&#8220;bg&#8220; overflow=&#8220;visible&#8220; id=&#8220;enlaces-patologias&#8220; overlay_strength=&#8220;0.3&#8243; gradient_direction=&#8220;left_to_right&#8220; shape_divider_color=&#8220;#1c2940&#8243; shape_divider_position=&#8220;bottom&#8220; shape_divider_height=&#8220;100&#8243; bg_image_animation=&#8220;none&#8220; shape_type=&#8220;curve_opacity&#8220; gradient_type=&#8220;default&#8220;][vc_column column_padding=&#8220;no-extra-padding&#8220; column_padding_tablet=&#8220;inherit&#8220; column_padding_phone=&#8220;inherit&#8220; column_padding_position=&#8220;all&#8220; column_element_direction_desktop=&#8220;default&#8220; column_element_spacing=&#8220;default&#8220; desktop_text_alignment=&#8220;default&#8220; tablet_text_alignment=&#8220;default&#8220; phone_text_alignment=&#8220;default&#8220; background_color_opacity=&#8220;1&#8243; background_hover_color_opacity=&#8220;1&#8243; column_backdrop_filter=&#8220;none&#8220; column_shadow=&#8220;none&#8220; column_border_radius=&#8220;none&#8220; column_link_target=&#8220;_self&#8220; column_position=&#8220;default&#8220; gradient_direction=&#8220;left_to_right&#8220; overlay_strength=&#8220;0.3&#8243; width=&#8220;1\/5&#8243; tablet_width_inherit=&#8220;default&#8220; animation_type=&#8220;default&#8220; bg_image_animation=&#8220;none&#8220; border_type=&#8220;simple&#8220; column_border_width=&#8220;none&#8220; column_border_style=&#8220;solid&#8220;][\/vc_column][vc_column column_padding=&#8220;padding-1-percent&#8220; column_padding_tablet=&#8220;inherit&#8220; column_padding_phone=&#8220;inherit&#8220; column_padding_position=&#8220;all&#8220; column_element_direction_desktop=&#8220;default&#8220; column_element_spacing=&#8220;default&#8220; centered_text=&#8220;true&#8220; desktop_text_alignment=&#8220;default&#8220; tablet_text_alignment=&#8220;default&#8220; phone_text_alignment=&#8220;default&#8220; background_color=&#8220;#ffffff&#8220; background_color_opacity=&#8220;1&#8243; background_color_hover=&#8220;#1c2940&#8243; background_hover_color_opacity=&#8220;1&#8243; column_backdrop_filter=&#8220;none&#8220; column_shadow=&#8220;small_depth&#8220; column_border_radius=&#8220;3px&#8220; column_link_target=&#8220;_blank&#8220; column_position=&#8220;default&#8220; boxed=&#8220;true&#8220; gradient_direction=&#8220;left_to_right&#8220; overlay_strength=&#8220;0.3&#8243; width=&#8220;1\/5&#8243; tablet_width_inherit=&#8220;default&#8220; animation_type=&#8220;default&#8220; bg_image_animation=&#8220;none&#8220; border_type=&#8220;simple&#8220; column_border_width=&#8220;3px&#8220; column_border_color=&#8220;#1c2940&#8243; column_border_style=&#8220;solid&#8220; column_link=&#8220;https:\/\/oftalmedic.es\/tratamiento-de-arrugas&#8220; column_padding_type=&#8220;default&#8220; gradient_type=&#8220;default&#8220;][vc_column_text]\n<h5 style=\"text-align: center;\">FALTENBEHANDLUNG<\/h5>\n[\/vc_column_text][\/vc_column][vc_column column_padding=&#8220;padding-1-percent&#8220; column_padding_tablet=&#8220;inherit&#8220; column_padding_phone=&#8220;inherit&#8220; column_padding_position=&#8220;all&#8220; column_element_direction_desktop=&#8220;default&#8220; column_element_spacing=&#8220;default&#8220; centered_text=&#8220;true&#8220; desktop_text_alignment=&#8220;default&#8220; tablet_text_alignment=&#8220;default&#8220; phone_text_alignment=&#8220;default&#8220; background_color=&#8220;#ffffff&#8220; background_color_opacity=&#8220;1&#8243; background_color_hover=&#8220;#1c2940&#8243; background_hover_color_opacity=&#8220;1&#8243; column_backdrop_filter=&#8220;none&#8220; column_shadow=&#8220;small_depth&#8220; column_border_radius=&#8220;3px&#8220; column_link_target=&#8220;_blank&#8220; column_position=&#8220;default&#8220; boxed=&#8220;true&#8220; gradient_direction=&#8220;left_to_right&#8220; overlay_strength=&#8220;0.3&#8243; width=&#8220;1\/5&#8243; tablet_width_inherit=&#8220;default&#8220; animation_type=&#8220;default&#8220; bg_image_animation=&#8220;none&#8220; border_type=&#8220;simple&#8220; column_border_width=&#8220;3px&#8220; column_border_color=&#8220;#1c2940&#8243; column_border_style=&#8220;solid&#8220; column_link=&#8220; https:\/\/oftalmedic.es\/tratamiento-con-rellenos-faciales&#8220; column_padding_type=&#8220;default&#8220; gradient_type=&#8220;default&#8220;][vc_column_text]\n<h5 style=\"text-align: center;\">GESICHTS-FILLER<\/h5>\n[\/vc_column_text][\/vc_column][vc_column column_padding=&#8220;padding-1-percent&#8220; column_padding_tablet=&#8220;inherit&#8220; column_padding_phone=&#8220;inherit&#8220; column_padding_position=&#8220;all&#8220; column_element_direction_desktop=&#8220;default&#8220; column_element_spacing=&#8220;default&#8220; centered_text=&#8220;true&#8220; desktop_text_alignment=&#8220;default&#8220; tablet_text_alignment=&#8220;default&#8220; phone_text_alignment=&#8220;default&#8220; background_color=&#8220;#ffffff&#8220; background_color_opacity=&#8220;1&#8243; background_color_hover=&#8220;#1c2940&#8243; background_hover_color_opacity=&#8220;1&#8243; column_backdrop_filter=&#8220;none&#8220; column_shadow=&#8220;small_depth&#8220; column_border_radius=&#8220;3px&#8220; column_link_target=&#8220;_blank&#8220; column_position=&#8220;default&#8220; boxed=&#8220;true&#8220; gradient_direction=&#8220;left_to_right&#8220; overlay_strength=&#8220;0.3&#8243; width=&#8220;1\/5&#8243; tablet_width_inherit=&#8220;default&#8220; animation_type=&#8220;default&#8220; bg_image_animation=&#8220;none&#8220; border_type=&#8220;simple&#8220; column_border_width=&#8220;3px&#8220; column_border_color=&#8220;#1c2940&#8243; column_border_style=&#8220;solid&#8220; column_link=&#8220;https:\/\/oftalmedic.es\/revitalizacion-facial-bioregeneradores&#8220; column_padding_type=&#8220;default&#8220; gradient_type=&#8220;default&#8220;][vc_column_text]\n<h5 style=\"text-align: center;\">REVITALISIERUNG MIT BIOREGENERATOREN<\/h5>\n[\/vc_column_text][\/vc_column][vc_column column_padding=&#8220;no-extra-padding&#8220; column_padding_tablet=&#8220;inherit&#8220; column_padding_phone=&#8220;inherit&#8220; column_padding_position=&#8220;all&#8220; column_element_direction_desktop=&#8220;default&#8220; column_element_spacing=&#8220;default&#8220; desktop_text_alignment=&#8220;default&#8220; tablet_text_alignment=&#8220;default&#8220; phone_text_alignment=&#8220;default&#8220; background_color_opacity=&#8220;1&#8243; background_hover_color_opacity=&#8220;1&#8243; column_backdrop_filter=&#8220;none&#8220; column_shadow=&#8220;none&#8220; column_border_radius=&#8220;none&#8220; column_link_target=&#8220;_self&#8220; column_position=&#8220;default&#8220; gradient_direction=&#8220;left_to_right&#8220; overlay_strength=&#8220;0.3&#8243; width=&#8220;1\/5&#8243; tablet_width_inherit=&#8220;default&#8220; animation_type=&#8220;default&#8220; bg_image_animation=&#8220;none&#8220; border_type=&#8220;simple&#8220; column_border_width=&#8220;none&#8220; column_border_style=&#8220;solid&#8220;][\/vc_column][\/vc_row][vc_row type=&#8220;full_width_background&#8220; full_screen_row_position=&#8220;middle&#8220; column_margin=&#8220;default&#8220; equal_height=&#8220;yes&#8220; content_placement=&#8220;middle&#8220; column_direction=&#8220;default&#8220; column_direction_tablet=&#8220;default&#8220; column_direction_phone=&#8220;default&#8220; scene_position=&#8220;center&#8220; bottom_padding=&#8220;160&#8243; text_color=&#8220;dark&#8220; text_align=&#8220;left&#8220; row_border_radius=&#8220;none&#8220; row_border_radius_applies=&#8220;bg&#8220; overflow=&#8220;visible&#8220; id=&#8220;enlaces-patologias&#8220; overlay_strength=&#8220;0.3&#8243; gradient_direction=&#8220;left_to_right&#8220; enable_shape_divider=&#8220;true&#8220; shape_divider_color=&#8220;#1c2940&#8243; shape_divider_position=&#8220;bottom&#8220; shape_divider_height=&#8220;100&#8243; bg_image_animation=&#8220;none&#8220; shape_type=&#8220;curve_opacity&#8220; gradient_type=&#8220;default&#8220;][vc_column column_padding=&#8220;no-extra-padding&#8220; column_padding_tablet=&#8220;inherit&#8220; column_padding_phone=&#8220;inherit&#8220; column_padding_position=&#8220;all&#8220; column_element_direction_desktop=&#8220;default&#8220; column_element_spacing=&#8220;default&#8220; desktop_text_alignment=&#8220;default&#8220; tablet_text_alignment=&#8220;default&#8220; phone_text_alignment=&#8220;default&#8220; background_color_opacity=&#8220;1&#8243; background_hover_color_opacity=&#8220;1&#8243; column_backdrop_filter=&#8220;none&#8220; column_shadow=&#8220;none&#8220; column_border_radius=&#8220;none&#8220; column_link_target=&#8220;_self&#8220; column_position=&#8220;default&#8220; gradient_direction=&#8220;left_to_right&#8220; overlay_strength=&#8220;0.3&#8243; width=&#8220;1\/5&#8243; tablet_width_inherit=&#8220;default&#8220; animation_type=&#8220;default&#8220; bg_image_animation=&#8220;none&#8220; border_type=&#8220;simple&#8220; column_border_width=&#8220;none&#8220; column_border_style=&#8220;solid&#8220;][\/vc_column][vc_column column_padding=&#8220;padding-1-percent&#8220; column_padding_tablet=&#8220;inherit&#8220; column_padding_phone=&#8220;inherit&#8220; column_padding_position=&#8220;all&#8220; column_element_direction_desktop=&#8220;default&#8220; column_element_spacing=&#8220;default&#8220; centered_text=&#8220;true&#8220; desktop_text_alignment=&#8220;default&#8220; tablet_text_alignment=&#8220;default&#8220; phone_text_alignment=&#8220;default&#8220; background_color=&#8220;#ffffff&#8220; background_color_opacity=&#8220;1&#8243; background_color_hover=&#8220;#1c2940&#8243; background_hover_color_opacity=&#8220;1&#8243; column_backdrop_filter=&#8220;none&#8220; column_shadow=&#8220;small_depth&#8220; column_border_radius=&#8220;3px&#8220; column_link_target=&#8220;_blank&#8220; column_position=&#8220;default&#8220; boxed=&#8220;true&#8220; gradient_direction=&#8220;left_to_right&#8220; overlay_strength=&#8220;0.3&#8243; width=&#8220;1\/5&#8243; tablet_width_inherit=&#8220;default&#8220; animation_type=&#8220;default&#8220; bg_image_animation=&#8220;none&#8220; border_type=&#8220;simple&#8220; column_border_width=&#8220;3px&#8220; column_border_color=&#8220;#1c2940&#8243; column_border_style=&#8220;solid&#8220; column_link=&#8220;https:\/\/oftalmedic.es\/terapias-faciales-estimulacion-dermica&#8220; column_padding_type=&#8220;default&#8220; gradient_type=&#8220;default&#8220;][vc_column_text]\n<h5 style=\"text-align: center;\">DERMALE STIMULATION<\/h5>\n[\/vc_column_text][\/vc_column][vc_column column_padding=&#8220;padding-1-percent&#8220; column_padding_tablet=&#8220;inherit&#8220; column_padding_phone=&#8220;inherit&#8220; column_padding_position=&#8220;all&#8220; column_element_direction_desktop=&#8220;default&#8220; column_element_spacing=&#8220;default&#8220; centered_text=&#8220;true&#8220; desktop_text_alignment=&#8220;default&#8220; tablet_text_alignment=&#8220;default&#8220; phone_text_alignment=&#8220;default&#8220; background_color=&#8220;#ffffff&#8220; background_color_opacity=&#8220;1&#8243; background_color_hover=&#8220;#1c2940&#8243; background_hover_color_opacity=&#8220;1&#8243; column_backdrop_filter=&#8220;none&#8220; column_shadow=&#8220;small_depth&#8220; column_border_radius=&#8220;3px&#8220; column_link_target=&#8220;_blank&#8220; column_position=&#8220;default&#8220; boxed=&#8220;true&#8220; gradient_direction=&#8220;left_to_right&#8220; overlay_strength=&#8220;0.3&#8243; width=&#8220;1\/5&#8243; tablet_width_inherit=&#8220;default&#8220; animation_type=&#8220;default&#8220; bg_image_animation=&#8220;none&#8220; border_type=&#8220;simple&#8220; column_border_width=&#8220;3px&#8220; column_border_color=&#8220;#1c2940&#8243; column_border_style=&#8220;solid&#8220; column_link=&#8220; https:\/\/oftalmedic.es\/regeneracion-celular-facial&#8220; column_padding_type=&#8220;default&#8220; gradient_type=&#8220;default&#8220;][vc_column_text]\n<h5 style=\"text-align: center;\">GESICHTSREGENERATION<\/h5>\n[\/vc_column_text][\/vc_column][vc_column column_padding=&#8220;padding-1-percent&#8220; column_padding_tablet=&#8220;inherit&#8220; column_padding_phone=&#8220;inherit&#8220; column_padding_position=&#8220;all&#8220; column_element_direction_desktop=&#8220;default&#8220; column_element_spacing=&#8220;default&#8220; centered_text=&#8220;true&#8220; desktop_text_alignment=&#8220;default&#8220; tablet_text_alignment=&#8220;default&#8220; phone_text_alignment=&#8220;default&#8220; background_color=&#8220;#ffffff&#8220; background_color_opacity=&#8220;1&#8243; background_color_hover=&#8220;#1c2940&#8243; background_hover_color_opacity=&#8220;1&#8243; column_backdrop_filter=&#8220;none&#8220; column_shadow=&#8220;small_depth&#8220; column_border_radius=&#8220;3px&#8220; column_link_target=&#8220;_blank&#8220; column_position=&#8220;default&#8220; boxed=&#8220;true&#8220; gradient_direction=&#8220;left_to_right&#8220; overlay_strength=&#8220;0.3&#8243; width=&#8220;1\/5&#8243; tablet_width_inherit=&#8220;default&#8220; animation_type=&#8220;default&#8220; bg_image_animation=&#8220;none&#8220; border_type=&#8220;simple&#8220; column_border_width=&#8220;3px&#8220; column_border_color=&#8220;#1c2940&#8243; column_border_style=&#8220;solid&#8220; column_link=&#8220; https:\/\/oftalmedic.es\/microneedling-para-rejuvenecer-la-piel&#8220; column_padding_type=&#8220;default&#8220; gradient_type=&#8220;default&#8220;][vc_column_text]\n<h5 style=\"text-align: center;\">MICRONEEDLING<\/h5>\n[\/vc_column_text][\/vc_column][vc_column column_padding=&#8220;no-extra-padding&#8220; column_padding_tablet=&#8220;inherit&#8220; column_padding_phone=&#8220;inherit&#8220; column_padding_position=&#8220;all&#8220; column_element_direction_desktop=&#8220;default&#8220; column_element_spacing=&#8220;default&#8220; desktop_text_alignment=&#8220;default&#8220; tablet_text_alignment=&#8220;default&#8220; phone_text_alignment=&#8220;default&#8220; background_color_opacity=&#8220;1&#8243; background_hover_color_opacity=&#8220;1&#8243; column_backdrop_filter=&#8220;none&#8220; column_shadow=&#8220;none&#8220; column_border_radius=&#8220;none&#8220; column_link_target=&#8220;_self&#8220; column_position=&#8220;default&#8220; gradient_direction=&#8220;left_to_right&#8220; overlay_strength=&#8220;0.3&#8243; width=&#8220;1\/5&#8243; tablet_width_inherit=&#8220;default&#8220; animation_type=&#8220;default&#8220; bg_image_animation=&#8220;none&#8220; border_type=&#8220;simple&#8220; column_border_width=&#8220;none&#8220; column_border_style=&#8220;solid&#8220;][\/vc_column][\/vc_row][vc_row type=&#8220;full_width_background&#8220; full_screen_row_position=&#8220;middle&#8220; column_margin=&#8220;default&#8220; equal_height=&#8220;yes&#8220; content_placement=&#8220;top&#8220; column_direction=&#8220;default&#8220; column_direction_tablet=&#8220;default&#8220; column_direction_phone=&#8220;default&#8220; bg_color=&#8220;#1c2940&#8243; scene_position=&#8220;center&#8220; top_padding=&#8220;60&#8243; bottom_padding=&#8220;60&#8243; text_color=&#8220;light&#8220; text_align=&#8220;left&#8220; row_border_radius=&#8220;none&#8220; row_border_radius_applies=&#8220;bg&#8220; overflow=&#8220;visible&#8220; id=&#8220;sec_8_home&#8220; overlay_strength=&#8220;0.3&#8243; gradient_direction=&#8220;left_to_right&#8220; shape_divider_position=&#8220;bottom&#8220; bg_image_animation=&#8220;none&#8220; shape_type=&#8220;&#8220;][vc_column column_padding=&#8220;no-extra-padding&#8220; column_padding_tablet=&#8220;inherit&#8220; column_padding_phone=&#8220;inherit&#8220; column_padding_position=&#8220;all&#8220; column_element_direction_desktop=&#8220;default&#8220; column_element_spacing=&#8220;default&#8220; desktop_text_alignment=&#8220;default&#8220; tablet_text_alignment=&#8220;default&#8220; phone_text_alignment=&#8220;default&#8220; background_color_opacity=&#8220;1&#8243; background_hover_color_opacity=&#8220;1&#8243; column_backdrop_filter=&#8220;none&#8220; column_shadow=&#8220;none&#8220; column_border_radius=&#8220;none&#8220; column_link_target=&#8220;_self&#8220; column_position=&#8220;default&#8220; el_class=&#8220;form-light&#8220; gradient_direction=&#8220;left_to_right&#8220; overlay_strength=&#8220;0.3&#8243; width=&#8220;1\/2&#8243; tablet_width_inherit=&#8220;default&#8220; animation_type=&#8220;default&#8220; bg_image_animation=&#8220;none&#8220; border_type=&#8220;simple&#8220; column_border_width=&#8220;none&#8220; column_border_style=&#8220;solid&#8220;][vc_column_text el_class=&#8220;white&#8220;]\n<h3 style=\"text-transform: none; font-weight: 300;\"><strong>ABONNIERE<\/strong><br \/>\nunseren Newsletter<\/h3>\n<p>So erf\u00e4hrst du als Erster alle Neuigkeiten der Gruppe Oftalmedic Salv\u00e0 und erh\u00e4ltst exklusive Angebote, die dich interessieren k\u00f6nnten.[\/vc_column_text]\n<div class=\"wpcf7 no-js\" id=\"wpcf7-f10072-o1\" lang=\"de-DE\" dir=\"ltr\" data-wpcf7-id=\"10072\">\n<div class=\"screen-reader-response\"><p role=\"status\" aria-live=\"polite\" aria-atomic=\"true\"><\/p> <ul><\/ul><\/div>\n<form action=\"\/de\/wp-json\/wp\/v2\/pages\/13986#wpcf7-f10072-o1\" method=\"post\" class=\"wpcf7-form init wpcf7-acceptance-as-validation\" aria-label=\"Kontaktformular\" novalidate=\"novalidate\" data-status=\"init\">\n<fieldset class=\"hidden-fields-container\"><input type=\"hidden\" name=\"_wpcf7\" value=\"10072\" \/><input type=\"hidden\" name=\"_wpcf7_version\" value=\"6.1.5\" \/><input type=\"hidden\" name=\"_wpcf7_locale\" value=\"de_DE\" \/><input type=\"hidden\" name=\"_wpcf7_unit_tag\" value=\"wpcf7-f10072-o1\" \/><input type=\"hidden\" name=\"_wpcf7_container_post\" value=\"0\" \/><input type=\"hidden\" name=\"_wpcf7_posted_data_hash\" value=\"\" \/>\n<\/fieldset>\n<div class=\"wpcf7-turnstile cf-turnstile\" data-sitekey=\"0x4AAAAAACrqnsGY4NFqb7wN\" data-response-field-name=\"_wpcf7_turnstile_response\"><\/div>\n\n<p><label> E-Mail<br \/>\n<span class=\"wpcf7-form-control-wrap\" data-name=\"your-email\"><input size=\"40\" maxlength=\"400\" class=\"wpcf7-form-control wpcf7-email wpcf7-validates-as-required wpcf7-text wpcf7-validates-as-email\" aria-required=\"true\" aria-invalid=\"false\" value=\"\" type=\"email\" name=\"your-email\" \/><\/span> <\/label>\n<\/p>\n<p><label> Name<br \/>\n<span class=\"wpcf7-form-control-wrap\" data-name=\"your-name\"><input size=\"40\" maxlength=\"400\" class=\"wpcf7-form-control wpcf7-text wpcf7-validates-as-required\" aria-required=\"true\" aria-invalid=\"false\" value=\"\" type=\"text\" name=\"your-name\" \/><\/span> <\/label>\n<\/p>\n<div style=\"display:none!important;\">\n\t<p><!-- Mailchimp for WordPress v4.11.1 - https:\/\/www.mc4wp.com\/ --><input type=\"hidden\" name=\"_mc4wp_subscribe_contact-form-7\" value=\"0\" \/><span class=\"mc4wp-checkbox mc4wp-checkbox-contact-form-7 \"><label><input type=\"checkbox\" name=\"_mc4wp_subscribe_contact-form-7\" value=\"1\" ><span>Quiero recibir comunicaciones personalizadas para estar al d\u00eda de las novedades m\u00e1s relevantes sobre servicios, t\u00e9cnicas o tratamientos m\u00e9dicos y noticias sobre el Grupo Oftalmedic Salv\u00e0 por correo electr\u00f3nico, de acuerdo a la Pol\u00edtica de Privacidad.<\/span><\/label><\/span><!-- \/ Mailchimp for WordPress -->\n\t<\/p>\n<\/div>\n<p><span class=\"wpcf7-form-control-wrap\" data-name=\"privacy\"><span class=\"wpcf7-form-control wpcf7-acceptance\"><span class=\"wpcf7-list-item\"><label><input type=\"checkbox\" name=\"privacy\" value=\"1\" aria-invalid=\"false\" \/><span class=\"wpcf7-list-item-label\">Ich habe die <a href=\"\/politica-privacidad\/\" target=\"_blank\" style=\"color:#fff!important;\">Datenschutzrichtlinie<\/a> von Oftalmedic Salv\u00e0 gelesen und akzeptiere sie.<\/span><\/label><\/span><\/span><\/span>\n<\/p>\n<p style=\"font-size: 12px!important;\"><span style=\"color: #ffffff;\">GRUNDINFORMATIONEN ZUM DATENSCHUTZ.<\/span><br \/>\n<span style=\"color: #ffffff;\">Der f\u00fcr die Datenverarbeitung Verantwortliche ist die Oftalmedic Salv\u00e0 Gruppe. Wir verarbeiten Ihre personenbezogenen Daten auf Grundlage Ihrer ausdr\u00fccklichen Einwilligung, um Ihnen die von Ihnen in unseren Zentren in Anspruch genommenen medizinischen und pflegerischen Leistungen zu erbringen sowie f\u00fcr die in der Datenschutzrichtlinie definierten weiteren Zwecke. Diese Daten werden nur im gesetzlich vorgeschriebenen Umfang an Dritte weitergegeben. Sie k\u00f6nnen jederzeit Ihre Rechte auf Auskunft, Berichtigung, L\u00f6schung, Einschr\u00e4nkung der Verarbeitung, Widerspruch und Daten\u00fcbertragbarkeit aus\u00fcben, die in den erg\u00e4nzenden Datenschutzinformationen auf unserer Website (\u201eDatenschutzrichtlinie\u201c) ausf\u00fchrlich beschrieben sind. <\/span>\n<\/p>\n<p>[recaptcha]\n<\/p>\n<p><input class=\"wpcf7-form-control wpcf7-submit has-spinner\" type=\"submit\" value=\"Absenden\" \/>\n<\/p><input type='hidden' class='wpcf7-pum' value='{\"closepopup\":false,\"closedelay\":0,\"openpopup\":false,\"openpopup_id\":0}' \/><div class=\"wpcf7-response-output\" aria-hidden=\"true\"><\/div>\n<\/form>\n<\/div>\n[\/vc_column][vc_column column_padding=&#8220;no-extra-padding&#8220; column_padding_tablet=&#8220;inherit&#8220; column_padding_phone=&#8220;inherit&#8220; column_padding_position=&#8220;all&#8220; column_element_direction_desktop=&#8220;default&#8220; column_element_spacing=&#8220;default&#8220; desktop_text_alignment=&#8220;default&#8220; tablet_text_alignment=&#8220;default&#8220; phone_text_alignment=&#8220;default&#8220; background_color_opacity=&#8220;1&#8243; background_hover_color_opacity=&#8220;1&#8243; background_image=&#8220;792&#8243; background_image_position=&#8220;center center&#8220; background_image_stacking=&#8220;default&#8220; enable_bg_scale=&#8220;true&#8220; background_image_loading=&#8220;default&#8220; column_backdrop_filter=&#8220;none&#8220; column_shadow=&#8220;none&#8220; column_border_radius=&#8220;none&#8220; column_link_target=&#8220;_self&#8220; column_position=&#8220;default&#8220; gradient_direction=&#8220;left_to_right&#8220; overlay_strength=&#8220;0.3&#8243; width=&#8220;1\/2&#8243; tablet_width_inherit=&#8220;default&#8220; animation_type=&#8220;default&#8220; bg_image_animation=&#8220;none&#8220; border_type=&#8220;simple&#8220; column_border_width=&#8220;none&#8220; column_border_style=&#8220;solid&#8220; column_padding_type=&#8220;default&#8220; gradient_type=&#8220;default&#8220;][\/vc_column][\/vc_row]\n","protected":false},"excerpt":{"rendered":"<p>[vc_row type=&#8220;full_width_background&#8220; full_screen_row_position=&#8220;middle&#8220; column_margin=&#8220;default&#8220; equal_height=&#8220;yes&#8220; content_placement=&#8220;middle&#8220; column_direction=&#8220;default&#8220; column_direction_tablet=&#8220;default&#8220; column_direction_phone=&#8220;default&#8220; bg_color=&#8220;#ffffff&#8220; scene_position=&#8220;center&#8220; top_padding=&#8220;60&#8243; bottom_padding=&#8220;60&#8243; text_color=&#8220;dark&#8220; text_align=&#8220;left&#8220; row_border_radius=&#8220;none&#8220; row_border_radius_applies=&#8220;bg&#8220; overflow=&#8220;visible&#8220; overlay_strength=&#8220;0.3&#8243; gradient_direction=&#8220;left_to_right&#8220; shape_divider_color=&#8220;#d0d9e8&#8243; shape_divider_position=&#8220;bottom&#8220; shape_divider_height=&#8220;100&#8243; bg_image_animation=&#8220;none&#8220; shape_type=&#8220;curve_opacity&#8220;][vc_column column_padding=&#8220;padding-3-percent&#8220; column_padding_tablet=&#8220;inherit&#8220; column_padding_phone=&#8220;inherit&#8220; column_padding_position=&#8220;right&#8220; column_element_direction_desktop=&#8220;default&#8220; column_element_spacing=&#8220;default&#8220; desktop_text_alignment=&#8220;default&#8220; tablet_text_alignment=&#8220;default&#8220; phone_text_alignment=&#8220;default&#8220; background_color_opacity=&#8220;1&#8243; background_hover_color_opacity=&#8220;1&#8243; column_backdrop_filter=&#8220;none&#8220; column_shadow=&#8220;none&#8220; column_border_radius=&#8220;none&#8220; column_link_target=&#8220;_self&#8220; column_position=&#8220;default&#8220; gradient_direction=&#8220;left_to_right&#8220; overlay_strength=&#8220;0.3&#8243; width=&#8220;1\/2&#8243; tablet_width_inherit=&#8220;default&#8220; animation_type=&#8220;default&#8220; bg_image_animation=&#8220;none&#8220; border_type=&#8220;simple&#8220; column_border_width=&#8220;none&#8220; column_border_style=&#8220;solid&#8220;][vc_column_text el_class=&#8220;blue&#8220;] CO2-Laser zur Gesichtsverj\u00fcngung Der CO2-Laser ist ein hochpr\u00e4ziser fraktionierter&#8230;<\/p>\n","protected":false},"author":5,"featured_media":0,"parent":0,"menu_order":0,"comment_status":"closed","ping_status":"closed","template":"","meta":{"footnotes":""},"class_list":["post-13986","page","type-page","status-publish"],"yoast_head":"<!-- This site is optimized with the Yoast SEO plugin v27.1.1 - https:\/\/yoast.com\/product\/yoast-seo-wordpress\/ -->\n<title>CO2-Laser zur Gesichtsverj\u00fcngung - Oftalmedic Salv\u00e1<\/title>\n<meta name=\"robots\" content=\"index, follow, max-snippet:-1, max-image-preview:large, max-video-preview:-1\" \/>\n<link rel=\"canonical\" href=\"https:\/\/oftalmedic.es\/de\/co2-laser-zur-gesichtsverjuengung\/\" \/>\n<meta property=\"og:locale\" content=\"de_DE\" \/>\n<meta property=\"og:type\" content=\"article\" \/>\n<meta property=\"og:title\" content=\"CO2-Laser zur Gesichtsverj\u00fcngung - Oftalmedic Salv\u00e1\" \/>\n<meta property=\"og:description\" content=\"[vc_row type=&#8220;full_width_background&#8220; full_screen_row_position=&#8220;middle&#8220; column_margin=&#8220;default&#8220; equal_height=&#8220;yes&#8220; content_placement=&#8220;middle&#8220; column_direction=&#8220;default&#8220; column_direction_tablet=&#8220;default&#8220; column_direction_phone=&#8220;default&#8220; bg_color=&#8220;#ffffff&#8220; scene_position=&#8220;center&#8220; top_padding=&#8220;60&#8243; bottom_padding=&#8220;60&#8243; text_color=&#8220;dark&#8220; text_align=&#8220;left&#8220; row_border_radius=&#8220;none&#8220; row_border_radius_applies=&#8220;bg&#8220; overflow=&#8220;visible&#8220; overlay_strength=&#8220;0.3&#8243; gradient_direction=&#8220;left_to_right&#8220; shape_divider_color=&#8220;#d0d9e8&#8243; shape_divider_position=&#8220;bottom&#8220; shape_divider_height=&#8220;100&#8243; bg_image_animation=&#8220;none&#8220; shape_type=&#8220;curve_opacity&#8220;][vc_column column_padding=&#8220;padding-3-percent&#8220; column_padding_tablet=&#8220;inherit&#8220; column_padding_phone=&#8220;inherit&#8220; column_padding_position=&#8220;right&#8220; column_element_direction_desktop=&#8220;default&#8220; column_element_spacing=&#8220;default&#8220; desktop_text_alignment=&#8220;default&#8220; tablet_text_alignment=&#8220;default&#8220; phone_text_alignment=&#8220;default&#8220; background_color_opacity=&#8220;1&#8243; background_hover_color_opacity=&#8220;1&#8243; column_backdrop_filter=&#8220;none&#8220; column_shadow=&#8220;none&#8220; column_border_radius=&#8220;none&#8220; column_link_target=&#8220;_self&#8220; column_position=&#8220;default&#8220; gradient_direction=&#8220;left_to_right&#8220; overlay_strength=&#8220;0.3&#8243; width=&#8220;1\/2&#8243; tablet_width_inherit=&#8220;default&#8220; animation_type=&#8220;default&#8220; bg_image_animation=&#8220;none&#8220; border_type=&#8220;simple&#8220; column_border_width=&#8220;none&#8220; column_border_style=&#8220;solid&#8220;][vc_column_text el_class=&#8220;blue&#8220;] CO2-Laser zur Gesichtsverj\u00fcngung Der CO2-Laser ist ein hochpr\u00e4ziser fraktionierter...\" \/>\n<meta property=\"og:url\" content=\"https:\/\/oftalmedic.es\/de\/co2-laser-zur-gesichtsverjuengung\/\" \/>\n<meta property=\"og:site_name\" content=\"Oftalmedic Salv\u00e1\" \/>\n<meta property=\"article:publisher\" content=\"https:\/\/www.facebook.com\/OftalmedicSalva\/\" \/>\n<meta property=\"article:modified_time\" content=\"2026-04-24T11:44:10+00:00\" \/>\n<meta name=\"twitter:card\" content=\"summary_large_image\" \/>\n<meta name=\"twitter:site\" content=\"@OftalmedicSalva\" \/>\n<meta name=\"twitter:label1\" content=\"Gesch\u00e4tzte Lesezeit\" \/>\n\t<meta name=\"twitter:data1\" content=\"17\u00a0Minuten\" \/>\n<script type=\"application\/ld+json\" class=\"yoast-schema-graph\">{\"@context\":\"https:\/\/schema.org\",\"@graph\":[{\"@type\":\"WebPage\",\"@id\":\"https:\/\/oftalmedic.es\/de\/co2-laser-zur-gesichtsverjuengung\/\",\"url\":\"https:\/\/oftalmedic.es\/de\/co2-laser-zur-gesichtsverjuengung\/\",\"name\":\"CO2-Laser zur Gesichtsverj\u00fcngung - Oftalmedic Salv\u00e1\",\"isPartOf\":{\"@id\":\"https:\/\/oftalmedic.es\/de\/#website\"},\"datePublished\":\"2026-04-24T11:44:09+00:00\",\"dateModified\":\"2026-04-24T11:44:10+00:00\",\"breadcrumb\":{\"@id\":\"https:\/\/oftalmedic.es\/de\/co2-laser-zur-gesichtsverjuengung\/#breadcrumb\"},\"inLanguage\":\"de\",\"potentialAction\":[{\"@type\":\"ReadAction\",\"target\":[\"https:\/\/oftalmedic.es\/de\/co2-laser-zur-gesichtsverjuengung\/\"]}]},{\"@type\":\"BreadcrumbList\",\"@id\":\"https:\/\/oftalmedic.es\/de\/co2-laser-zur-gesichtsverjuengung\/#breadcrumb\",\"itemListElement\":[{\"@type\":\"ListItem\",\"position\":1,\"name\":\"Portada\",\"item\":\"https:\/\/oftalmedic.es\/de\/\"},{\"@type\":\"ListItem\",\"position\":2,\"name\":\"CO2-Laser zur Gesichtsverj\u00fcngung\"}]},{\"@type\":\"WebSite\",\"@id\":\"https:\/\/oftalmedic.es\/de\/#website\",\"url\":\"https:\/\/oftalmedic.es\/de\/\",\"name\":\"Oftalmedic Salv\u00e1\",\"description\":\"Red de cl\u00ednicas oftalmol\u00f3gicas de referencia en Baleares. Pionera en tecnolog\u00eda l\u00e1ser para cirug\u00eda de cataratas y correcci\u00f3n de la miop\u00eda, hipermetrop\u00eda, astigmatismo y presbicia o vista cansada.\",\"publisher\":{\"@id\":\"https:\/\/oftalmedic.es\/de\/#organization\"},\"potentialAction\":[{\"@type\":\"SearchAction\",\"target\":{\"@type\":\"EntryPoint\",\"urlTemplate\":\"https:\/\/oftalmedic.es\/de\/?s={search_term_string}\"},\"query-input\":{\"@type\":\"PropertyValueSpecification\",\"valueRequired\":true,\"valueName\":\"search_term_string\"}}],\"inLanguage\":\"de\"},{\"@type\":\"Organization\",\"@id\":\"https:\/\/oftalmedic.es\/de\/#organization\",\"name\":\"[wpseo_titles]company_Nombre\",\"url\":\"https:\/\/oftalmedic.es\/de\/\",\"logo\":{\"@type\":\"ImageObject\",\"inLanguage\":\"de\",\"@id\":\"https:\/\/oftalmedic.es\/de\/#\/schema\/logo\/image\/\",\"url\":\"https:\/\/oftalmedic.es\/wp-content\/uploads\/2018\/06\/logo-oftalmedic.png\",\"contentUrl\":\"https:\/\/oftalmedic.es\/wp-content\/uploads\/2018\/06\/logo-oftalmedic.png\",\"width\":200,\"height\":58,\"caption\":\"[wpseo_titles]company_Nombre\"},\"image\":{\"@id\":\"https:\/\/oftalmedic.es\/de\/#\/schema\/logo\/image\/\"},\"sameAs\":[\"https:\/\/www.facebook.com\/OftalmedicSalva\/\",\"https:\/\/x.com\/OftalmedicSalva\",\"https:\/\/www.instagram.com\/oftalmedic_salva\",\"https:\/\/www.youtube.com\/channel\/UCWrAdUQk6ZmrfVUqBwX0cug\",\"https:\/\/www.linkedin.com\/company\/oftalmedic-clnica-salv\/\"]}]}<\/script>\n<!-- \/ Yoast SEO plugin. -->","yoast_head_json":{"title":"CO2-Laser zur Gesichtsverj\u00fcngung - Oftalmedic Salv\u00e1","robots":{"index":"index","follow":"follow","max-snippet":"max-snippet:-1","max-image-preview":"max-image-preview:large","max-video-preview":"max-video-preview:-1"},"canonical":"https:\/\/oftalmedic.es\/de\/co2-laser-zur-gesichtsverjuengung\/","og_locale":"de_DE","og_type":"article","og_title":"CO2-Laser zur Gesichtsverj\u00fcngung - Oftalmedic Salv\u00e1","og_description":"[vc_row type=&#8220;full_width_background&#8220; full_screen_row_position=&#8220;middle&#8220; column_margin=&#8220;default&#8220; equal_height=&#8220;yes&#8220; content_placement=&#8220;middle&#8220; column_direction=&#8220;default&#8220; column_direction_tablet=&#8220;default&#8220; column_direction_phone=&#8220;default&#8220; bg_color=&#8220;#ffffff&#8220; scene_position=&#8220;center&#8220; top_padding=&#8220;60&#8243; bottom_padding=&#8220;60&#8243; text_color=&#8220;dark&#8220; text_align=&#8220;left&#8220; row_border_radius=&#8220;none&#8220; row_border_radius_applies=&#8220;bg&#8220; overflow=&#8220;visible&#8220; overlay_strength=&#8220;0.3&#8243; gradient_direction=&#8220;left_to_right&#8220; shape_divider_color=&#8220;#d0d9e8&#8243; shape_divider_position=&#8220;bottom&#8220; shape_divider_height=&#8220;100&#8243; bg_image_animation=&#8220;none&#8220; shape_type=&#8220;curve_opacity&#8220;][vc_column column_padding=&#8220;padding-3-percent&#8220; column_padding_tablet=&#8220;inherit&#8220; column_padding_phone=&#8220;inherit&#8220; column_padding_position=&#8220;right&#8220; column_element_direction_desktop=&#8220;default&#8220; column_element_spacing=&#8220;default&#8220; desktop_text_alignment=&#8220;default&#8220; tablet_text_alignment=&#8220;default&#8220; phone_text_alignment=&#8220;default&#8220; background_color_opacity=&#8220;1&#8243; background_hover_color_opacity=&#8220;1&#8243; column_backdrop_filter=&#8220;none&#8220; column_shadow=&#8220;none&#8220; column_border_radius=&#8220;none&#8220; column_link_target=&#8220;_self&#8220; column_position=&#8220;default&#8220; gradient_direction=&#8220;left_to_right&#8220; overlay_strength=&#8220;0.3&#8243; width=&#8220;1\/2&#8243; tablet_width_inherit=&#8220;default&#8220; animation_type=&#8220;default&#8220; bg_image_animation=&#8220;none&#8220; border_type=&#8220;simple&#8220; column_border_width=&#8220;none&#8220; column_border_style=&#8220;solid&#8220;][vc_column_text el_class=&#8220;blue&#8220;] CO2-Laser zur Gesichtsverj\u00fcngung Der CO2-Laser ist ein hochpr\u00e4ziser fraktionierter...","og_url":"https:\/\/oftalmedic.es\/de\/co2-laser-zur-gesichtsverjuengung\/","og_site_name":"Oftalmedic Salv\u00e1","article_publisher":"https:\/\/www.facebook.com\/OftalmedicSalva\/","article_modified_time":"2026-04-24T11:44:10+00:00","twitter_card":"summary_large_image","twitter_site":"@OftalmedicSalva","twitter_misc":{"Gesch\u00e4tzte Lesezeit":"17\u00a0Minuten"},"schema":{"@context":"https:\/\/schema.org","@graph":[{"@type":"WebPage","@id":"https:\/\/oftalmedic.es\/de\/co2-laser-zur-gesichtsverjuengung\/","url":"https:\/\/oftalmedic.es\/de\/co2-laser-zur-gesichtsverjuengung\/","name":"CO2-Laser zur Gesichtsverj\u00fcngung - Oftalmedic Salv\u00e1","isPartOf":{"@id":"https:\/\/oftalmedic.es\/de\/#website"},"datePublished":"2026-04-24T11:44:09+00:00","dateModified":"2026-04-24T11:44:10+00:00","breadcrumb":{"@id":"https:\/\/oftalmedic.es\/de\/co2-laser-zur-gesichtsverjuengung\/#breadcrumb"},"inLanguage":"de","potentialAction":[{"@type":"ReadAction","target":["https:\/\/oftalmedic.es\/de\/co2-laser-zur-gesichtsverjuengung\/"]}]},{"@type":"BreadcrumbList","@id":"https:\/\/oftalmedic.es\/de\/co2-laser-zur-gesichtsverjuengung\/#breadcrumb","itemListElement":[{"@type":"ListItem","position":1,"name":"Portada","item":"https:\/\/oftalmedic.es\/de\/"},{"@type":"ListItem","position":2,"name":"CO2-Laser zur Gesichtsverj\u00fcngung"}]},{"@type":"WebSite","@id":"https:\/\/oftalmedic.es\/de\/#website","url":"https:\/\/oftalmedic.es\/de\/","name":"Oftalmedic Salv\u00e1","description":"Red de cl\u00ednicas oftalmol\u00f3gicas de referencia en Baleares. Pionera en tecnolog\u00eda l\u00e1ser para cirug\u00eda de cataratas y correcci\u00f3n de la miop\u00eda, hipermetrop\u00eda, astigmatismo y presbicia o vista cansada.","publisher":{"@id":"https:\/\/oftalmedic.es\/de\/#organization"},"potentialAction":[{"@type":"SearchAction","target":{"@type":"EntryPoint","urlTemplate":"https:\/\/oftalmedic.es\/de\/?s={search_term_string}"},"query-input":{"@type":"PropertyValueSpecification","valueRequired":true,"valueName":"search_term_string"}}],"inLanguage":"de"},{"@type":"Organization","@id":"https:\/\/oftalmedic.es\/de\/#organization","name":"[wpseo_titles]company_Nombre","url":"https:\/\/oftalmedic.es\/de\/","logo":{"@type":"ImageObject","inLanguage":"de","@id":"https:\/\/oftalmedic.es\/de\/#\/schema\/logo\/image\/","url":"https:\/\/oftalmedic.es\/wp-content\/uploads\/2018\/06\/logo-oftalmedic.png","contentUrl":"https:\/\/oftalmedic.es\/wp-content\/uploads\/2018\/06\/logo-oftalmedic.png","width":200,"height":58,"caption":"[wpseo_titles]company_Nombre"},"image":{"@id":"https:\/\/oftalmedic.es\/de\/#\/schema\/logo\/image\/"},"sameAs":["https:\/\/www.facebook.com\/OftalmedicSalva\/","https:\/\/x.com\/OftalmedicSalva","https:\/\/www.instagram.com\/oftalmedic_salva","https:\/\/www.youtube.com\/channel\/UCWrAdUQk6ZmrfVUqBwX0cug","https:\/\/www.linkedin.com\/company\/oftalmedic-clnica-salv\/"]}]}},"_links":{"self":[{"href":"https:\/\/oftalmedic.es\/de\/wp-json\/wp\/v2\/pages\/13986","targetHints":{"allow":["GET"]}}],"collection":[{"href":"https:\/\/oftalmedic.es\/de\/wp-json\/wp\/v2\/pages"}],"about":[{"href":"https:\/\/oftalmedic.es\/de\/wp-json\/wp\/v2\/types\/page"}],"author":[{"embeddable":true,"href":"https:\/\/oftalmedic.es\/de\/wp-json\/wp\/v2\/users\/5"}],"replies":[{"embeddable":true,"href":"https:\/\/oftalmedic.es\/de\/wp-json\/wp\/v2\/comments?post=13986"}],"version-history":[{"count":2,"href":"https:\/\/oftalmedic.es\/de\/wp-json\/wp\/v2\/pages\/13986\/revisions"}],"predecessor-version":[{"id":13988,"href":"https:\/\/oftalmedic.es\/de\/wp-json\/wp\/v2\/pages\/13986\/revisions\/13988"}],"wp:attachment":[{"href":"https:\/\/oftalmedic.es\/de\/wp-json\/wp\/v2\/media?parent=13986"}],"curies":[{"name":"wp","href":"https:\/\/api.w.org\/{rel}","templated":true}]}}