{"id":14022,"date":"2026-04-27T08:38:24","date_gmt":"2026-04-27T08:38:24","guid":{"rendered":"https:\/\/oftalmedic.es\/termin-fuer-aesthetische-aesthetische-medizin-anfragen\/"},"modified":"2026-04-27T08:38:25","modified_gmt":"2026-04-27T08:38:25","slug":"termin-fuer-aesthetische-aesthetische-medizin-anfragen","status":"publish","type":"page","link":"https:\/\/oftalmedic.es\/de\/termin-fuer-aesthetische-aesthetische-medizin-anfragen\/","title":{"rendered":"Termin f\u00fcr \u00e4sthetische \u00e4sthetische Medizin anfragen<br>"},"content":{"rendered":"[vc_row type=&#8220;full_width_background&#8220; full_screen_row_position=&#8220;middle&#8220; column_margin=&#8220;default&#8220; column_direction=&#8220;default&#8220; column_direction_tablet=&#8220;default&#8220; column_direction_phone=&#8220;default&#8220; bg_image=&#8220;13733&#8243; bg_position=&#8220;left top&#8220; background_image_loading=&#8220;default&#8220; bg_repeat=&#8220;no-repeat&#8220; scene_position=&#8220;center&#8220; text_color=&#8220;dark&#8220; text_align=&#8220;left&#8220; row_border_radius=&#8220;none&#8220; row_border_radius_applies=&#8220;bg&#8220; overflow=&#8220;visible&#8220; overlay_strength=&#8220;0.3&#8243; gradient_direction=&#8220;left_to_right&#8220; shape_divider_position=&#8220;bottom&#8220; bg_image_animation=&#8220;none&#8220; gradient_type=&#8220;default&#8220; shape_type=&#8220;&#8220;][vc_column column_padding=&#8220;padding-7-percent&#8220; column_padding_tablet=&#8220;inherit&#8220; column_padding_phone=&#8220;inherit&#8220; column_padding_position=&#8220;all&#8220; column_element_direction_desktop=&#8220;default&#8220; column_element_spacing=&#8220;default&#8220; desktop_text_alignment=&#8220;default&#8220; tablet_text_alignment=&#8220;default&#8220; phone_text_alignment=&#8220;default&#8220; background_color_opacity=&#8220;1&#8243; background_hover_color_opacity=&#8220;1&#8243; column_backdrop_filter=&#8220;none&#8220; column_shadow=&#8220;none&#8220; column_border_radius=&#8220;none&#8220; column_link_target=&#8220;_self&#8220; column_position=&#8220;default&#8220; gradient_direction=&#8220;left_to_right&#8220; overlay_strength=&#8220;0.3&#8243; width=&#8220;1\/1&#8243; tablet_width_inherit=&#8220;default&#8220; animation_type=&#8220;default&#8220; bg_image_animation=&#8220;none&#8220; border_type=&#8220;simple&#8220; column_border_width=&#8220;none&#8220; column_border_style=&#8220;solid&#8220; column_padding_type=&#8220;default&#8220; gradient_type=&#8220;default&#8220;][divider line_type=&#8220;No Line&#8220; custom_height=&#8220;50&#8243;][vc_column_text]\n<h1 style=\"text-align: center;\">Termin f\u00fcr \u00e4sthetische \u00e4sthetische Medizin anfragen<\/h1>\n[\/vc_column_text][divider line_type=&#8220;No Line&#8220; custom_height=&#8220;50&#8243;][vc_column_text]\n<h2 style=\"text-align: center;\">Einheit f\u00fcr \u00e4sthetische Gesichtsmedizin<\/h2>\n<h2 style=\"text-align: center;\">Oftalmedic Salv\u00e0<\/h2>\n[\/vc_column_text][divider line_type=&#8220;No Line&#8220; custom_height=&#8220;50&#8243;][\/vc_column][\/vc_row][vc_row type=&#8220;full_width_background&#8220; full_screen_row_position=&#8220;middle&#8220; column_margin=&#8220;default&#8220; equal_height=&#8220;yes&#8220; content_placement=&#8220;top&#8220; column_direction=&#8220;default&#8220; column_direction_tablet=&#8220;default&#8220; column_direction_phone=&#8220;default&#8220; bg_color=&#8220;#ffffff&#8220; scene_position=&#8220;center&#8220; top_padding=&#8220;60&#8243; bottom_padding=&#8220;60&#8243; text_color=&#8220;dark&#8220; text_align=&#8220;left&#8220; row_border_radius=&#8220;none&#8220; row_border_radius_applies=&#8220;bg&#8220; overflow=&#8220;visible&#8220; id=&#8220;formulario-esp&#8220; overlay_strength=&#8220;0.3&#8243; gradient_direction=&#8220;left_to_right&#8220; enable_shape_divider=&#8220;true&#8220; shape_divider_color=&#8220;#d0d9e8&#8243; shape_divider_position=&#8220;bottom&#8220; shape_divider_height=&#8220;100&#8243; bg_image_animation=&#8220;none&#8220; shape_type=&#8220;curve_opacity&#8220;][vc_column column_padding=&#8220;no-extra-padding&#8220; column_padding_tablet=&#8220;inherit&#8220; column_padding_phone=&#8220;inherit&#8220; column_padding_position=&#8220;all&#8220; column_element_direction_desktop=&#8220;default&#8220; column_element_spacing=&#8220;default&#8220; desktop_text_alignment=&#8220;default&#8220; tablet_text_alignment=&#8220;default&#8220; phone_text_alignment=&#8220;default&#8220; background_color_opacity=&#8220;1&#8243; background_hover_color_opacity=&#8220;1&#8243; column_backdrop_filter=&#8220;none&#8220; column_shadow=&#8220;none&#8220; column_border_radius=&#8220;none&#8220; column_link_target=&#8220;_self&#8220; column_position=&#8220;default&#8220; gradient_direction=&#8220;left_to_right&#8220; overlay_strength=&#8220;0.3&#8243; width=&#8220;1\/1&#8243; tablet_width_inherit=&#8220;default&#8220; animation_type=&#8220;default&#8220; bg_image_animation=&#8220;none&#8220; border_type=&#8220;simple&#8220; column_border_width=&#8220;none&#8220; column_border_style=&#8220;solid&#8220;][divider line_type=&#8220;No Line&#8220;][\/vc_column][vc_column column_padding=&#8220;no-extra-padding&#8220; column_padding_tablet=&#8220;inherit&#8220; column_padding_phone=&#8220;inherit&#8220; column_padding_position=&#8220;all&#8220; column_element_direction_desktop=&#8220;default&#8220; column_element_spacing=&#8220;default&#8220; desktop_text_alignment=&#8220;default&#8220; tablet_text_alignment=&#8220;default&#8220; phone_text_alignment=&#8220;default&#8220; background_color_opacity=&#8220;1&#8243; background_hover_color_opacity=&#8220;1&#8243; column_backdrop_filter=&#8220;none&#8220; column_shadow=&#8220;none&#8220; column_border_radius=&#8220;none&#8220; column_link_target=&#8220;_self&#8220; column_position=&#8220;default&#8220; gradient_direction=&#8220;left_to_right&#8220; overlay_strength=&#8220;0.3&#8243; width=&#8220;2\/5&#8243; tablet_width_inherit=&#8220;default&#8220; animation_type=&#8220;default&#8220; bg_image_animation=&#8220;none&#8220; border_type=&#8220;simple&#8220; column_border_width=&#8220;none&#8220; column_border_style=&#8220;solid&#8220;][tabbed_section style=&#8220;material&#8220; tab_change_animation=&#8220;fade&#8220; alignment=&#8220;left&#8220; spacing=&#8220;default&#8220; tab_color=&#8220;Accent-Color&#8220; vs_content_animation=&#8220;fade&#8220; vs_link_animation=&#8220;opacity&#8220; vs_navigation_alignment=&#8220;left&#8220; vs_navigation_width_2=&#8220;25%&#8220; vs_navigation_func=&#8220;default&#8220; vs_navigation_width=&#8220;regular&#8220; vs_navigation_spacing=&#8220;15px&#8220; vs_navigation_mobile_display=&#8220;visible&#8220; vs_tab_spacing=&#8220;5%&#8220; icon_size=&#8220;34&#8243; el_class=&#8220;.forms_home&#8220;][tab icon_family=&#8220;none&#8220; title=&#8220;FORDERN SIE IHREN TERMIN F\u00dcR \u00c4STHETISCHE GESICHTSMEDIZIN AN&#8220; id=&#8220;1771595967933-10&#8243; tab_id=&#8220;1771595967936-6&#8243;][vc_column_text css=&#8220;.vc_custom_1769769358283{margin-bottom: 0px !important;}&#8220;]F\u00fcllen Sie dieses Formular aus und wir kontaktieren Sie, um Ihren TERMIN F\u00dcR \u00c4STHETISCHE GESICHTSMEDIZIN zu vereinbaren.<br \/>[\/vc_column_text]\n<div class=\"wpcf7 no-js\" id=\"wpcf7-f14018-o1\" lang=\"de-DE\" dir=\"ltr\" data-wpcf7-id=\"14018\">\n<div class=\"screen-reader-response\"><p role=\"status\" aria-live=\"polite\" aria-atomic=\"true\"><\/p> <ul><\/ul><\/div>\n<form action=\"\/de\/wp-json\/wp\/v2\/pages\/14022#wpcf7-f14018-o1\" method=\"post\" class=\"wpcf7-form init wpcf7-acceptance-as-validation\" aria-label=\"Kontaktformular\" novalidate=\"novalidate\" data-status=\"init\">\n<fieldset class=\"hidden-fields-container\"><input type=\"hidden\" name=\"_wpcf7\" value=\"14018\" \/><input type=\"hidden\" name=\"_wpcf7_version\" value=\"6.1.5\" \/><input type=\"hidden\" name=\"_wpcf7_locale\" value=\"de_DE\" \/><input type=\"hidden\" name=\"_wpcf7_unit_tag\" value=\"wpcf7-f14018-o1\" \/><input type=\"hidden\" name=\"_wpcf7_container_post\" value=\"0\" \/><input type=\"hidden\" name=\"_wpcf7_posted_data_hash\" value=\"\" \/>\n<\/fieldset>\n<h5>VOR- UND NACHNAME *\n<\/h5>\n<p><span class=\"wpcf7-form-control-wrap\" data-name=\"your-name\"><input size=\"40\" maxlength=\"400\" class=\"wpcf7-form-control wpcf7-text wpcf7-validates-as-required\" aria-required=\"true\" aria-invalid=\"false\" value=\"\" type=\"text\" name=\"your-name\" \/><\/span>\n<\/p>\n<h5>E-MAIL *\n<\/h5>\n<p><span class=\"wpcf7-form-control-wrap\" data-name=\"your-email\"><input size=\"40\" maxlength=\"400\" class=\"wpcf7-form-control wpcf7-email wpcf7-validates-as-required wpcf7-text wpcf7-validates-as-email\" aria-required=\"true\" aria-invalid=\"false\" value=\"\" type=\"email\" name=\"your-email\" \/><\/span>\n<\/p>\n<h5>TELEFON *\n<\/h5>\n<p><span class=\"wpcf7-form-control-wrap\" data-name=\"your-tel\"><input size=\"40\" maxlength=\"400\" class=\"wpcf7-form-control wpcf7-tel wpcf7-validates-as-required wpcf7-text wpcf7-validates-as-tel\" aria-required=\"true\" aria-invalid=\"false\" value=\"\" type=\"tel\" name=\"your-tel\" \/><\/span>\n<\/p>\n<h5>GEBEN SIE IHRE PR\u00c4FERENZ AN\n<\/h5>\n<div style=\"margin:20px 0;\">\n\t<div style=\"display:inline-block; margin-right: 2%;\">\n\t\t<p>Waren Sie schon einmal bei Oftalmedic Salv\u00e0?\n\t\t<\/p>\n\t<\/div>\n\t<div style=\"display:inline-block;\">\n\t\t<p><span class=\"wpcf7-form-control-wrap\" data-name=\"primera-vez\"><span class=\"wpcf7-form-control wpcf7-radio\"><span class=\"wpcf7-list-item first\"><span class=\"wpcf7-list-item-label\">JA<\/span><input type=\"radio\" name=\"primera-vez\" value=\"JA\" checked=\"checked\" \/><\/span><span class=\"wpcf7-list-item last\"><span class=\"wpcf7-list-item-label\">NEIN<\/span><input type=\"radio\" name=\"primera-vez\" value=\"NEIN\" \/><\/span><\/span><\/span>\n\t\t<\/p>\n\t<\/div>\n<\/div>\n<h5>KOMMENTARE (optional)\n<\/h5>\n<p><span class=\"wpcf7-form-control-wrap\" data-name=\"your-message\"><textarea cols=\"40\" rows=\"10\" maxlength=\"2000\" class=\"wpcf7-form-control wpcf7-textarea\" aria-invalid=\"false\" name=\"your-message\"><\/textarea><\/span>\n<\/p>\n<p><span class=\"wpcf7-form-control-wrap\" data-name=\"privacy\"><span class=\"wpcf7-form-control wpcf7-acceptance\"><span class=\"wpcf7-list-item\"><label><input type=\"checkbox\" name=\"privacy\" value=\"1\" aria-invalid=\"false\" \/><span class=\"wpcf7-list-item-label\">Ich habe die <a href=\"\/politica-privacidad\/\" target=\"_blank\">Datenschutzrichtlinie von Oftalmedic Salv\u00e0<\/a> gelesen und akzeptiere sie.<\/span><\/label><\/span><\/span><\/span>\n<\/p>\n<p><!-- Mailchimp for WordPress v4.11.1 - https:\/\/www.mc4wp.com\/ --><input type=\"hidden\" name=\"_mc4wp_subscribe_contact-form-7\" value=\"0\" \/><span class=\"mc4wp-checkbox mc4wp-checkbox-contact-form-7 \"><label><input type=\"checkbox\" name=\"_mc4wp_subscribe_contact-form-7\" value=\"1\" ><span>Quiero recibir comunicaciones personalizadas para estar al d\u00eda de las novedades m\u00e1s relevantes sobre servicios, t\u00e9cnicas o tratamientos m\u00e9dicos y noticias sobre el Grupo Oftalmedic Salv\u00e0 por correo electr\u00f3nico, de acuerdo a la Pol\u00edtica de Privacidad.<\/span><\/label><\/span><!-- \/ Mailchimp for WordPress -->\n<\/p>\n<p style=\"font-size:12px!important;\">GRUNDLEGENDE INFORMATIONEN ZUM DATENSCHUTZ.<br \/>\nVerantwortlich f\u00fcr die Datenverarbeitung ist die Gruppe Oftalmedic Salv\u00e0. Wir verarbeiten Ihre personenbezogenen Daten auf Grundlage Ihrer ausdr\u00fccklichen Einwilligung, um Ihnen die von Ihnen in unseren Zentren in Anspruch genommenen medizinischen und gesundheitlichen Leistungen bereitzustellen sowie f\u00fcr weitere in der Datenschutzrichtlinie festgelegte Zwecke. Diese Daten werden nicht an Dritte weitergegeben, au\u00dfer bei gesetzlicher Verpflichtung. Sie haben jederzeit das Recht auf Auskunft, Berichtigung, L\u00f6schung, Einschr\u00e4nkung der Verarbeitung, Widerspruch und Daten\u00fcbertragbarkeit, wie in den zus\u00e4tzlichen Datenschutzinformationen auf unserer Website (Datenschutzrichtlinie) ausf\u00fchrlich beschrieben.\n<\/p>\n<div class=\"wpcf7-turnstile cf-turnstile\" data-sitekey=\"0x4AAAAAACrqnsGY4NFqb7wN\" data-response-field-name=\"_wpcf7_turnstile_response\" data-size=\"compact\" data-language=\"es\"><\/div>\n<p><input class=\"wpcf7-form-control wpcf7-submit has-spinner\" type=\"submit\" value=\"Senden\" \/>\n<\/p><input type='hidden' class='wpcf7-pum' value='{\"closepopup\":false,\"closedelay\":0,\"openpopup\":false,\"openpopup_id\":0}' \/><div class=\"wpcf7-response-output\" aria-hidden=\"true\"><\/div>\n<\/form>\n<\/div>\n[\/tab][\/tabbed_section][\/vc_column][vc_column column_padding=&#8220;padding-5-percent&#8220; column_padding_tablet=&#8220;inherit&#8220; column_padding_phone=&#8220;inherit&#8220; column_padding_position=&#8220;left&#8220; column_element_direction_desktop=&#8220;default&#8220; column_element_spacing=&#8220;default&#8220; desktop_text_alignment=&#8220;default&#8220; tablet_text_alignment=&#8220;default&#8220; phone_text_alignment=&#8220;default&#8220; background_color_opacity=&#8220;1&#8243; background_hover_color_opacity=&#8220;1&#8243; column_backdrop_filter=&#8220;none&#8220; column_shadow=&#8220;none&#8220; column_border_radius=&#8220;none&#8220; column_link_target=&#8220;_self&#8220; column_position=&#8220;default&#8220; gradient_direction=&#8220;left_to_right&#8220; overlay_strength=&#8220;0.3&#8243; width=&#8220;3\/5&#8243; tablet_width_inherit=&#8220;default&#8220; animation_type=&#8220;default&#8220; bg_image_animation=&#8220;none&#8220; border_type=&#8220;simple&#8220; column_border_width=&#8220;none&#8220; column_border_style=&#8220;solid&#8220; column_padding_type=&#8220;default&#8220; gradient_type=&#8220;default&#8220;][vc_column_text]\n<h2>Unsere Behandlungen<\/h2>\n<h4>\u00e4sthetischen Medizin<\/h4>\n[\/vc_column_text][divider line_type=&#8220;No Line&#8220;][vc_gallery type=&#8220;image_grid&#8220; images=&#8220;13623,13632,13658,13668,13679,13696,13715&#8243; image_grid_loading=&#8220;default&#8220; display_title_caption=&#8220;true&#8220; layout=&#8220;2&#8243; item_spacing=&#8220;default&#8220; gallery_style=&#8220;3&#8243; load_in_animation=&#8220;fade_in_from_bottom&#8220;][\/vc_column][\/vc_row]\n","protected":false},"excerpt":{"rendered":"<p>[vc_row type=&#8220;full_width_background&#8220; full_screen_row_position=&#8220;middle&#8220; column_margin=&#8220;default&#8220; column_direction=&#8220;default&#8220; column_direction_tablet=&#8220;default&#8220; column_direction_phone=&#8220;default&#8220; bg_image=&#8220;13733&#8243; bg_position=&#8220;left top&#8220; background_image_loading=&#8220;default&#8220; bg_repeat=&#8220;no-repeat&#8220; scene_position=&#8220;center&#8220; text_color=&#8220;dark&#8220; text_align=&#8220;left&#8220; row_border_radius=&#8220;none&#8220; row_border_radius_applies=&#8220;bg&#8220; overflow=&#8220;visible&#8220; overlay_strength=&#8220;0.3&#8243; gradient_direction=&#8220;left_to_right&#8220; shape_divider_position=&#8220;bottom&#8220; bg_image_animation=&#8220;none&#8220; gradient_type=&#8220;default&#8220; shape_type=&#8220;&#8220;][vc_column column_padding=&#8220;padding-7-percent&#8220; column_padding_tablet=&#8220;inherit&#8220; column_padding_phone=&#8220;inherit&#8220; column_padding_position=&#8220;all&#8220; column_element_direction_desktop=&#8220;default&#8220; column_element_spacing=&#8220;default&#8220; desktop_text_alignment=&#8220;default&#8220; tablet_text_alignment=&#8220;default&#8220; phone_text_alignment=&#8220;default&#8220; background_color_opacity=&#8220;1&#8243; background_hover_color_opacity=&#8220;1&#8243; column_backdrop_filter=&#8220;none&#8220; column_shadow=&#8220;none&#8220; column_border_radius=&#8220;none&#8220; column_link_target=&#8220;_self&#8220; column_position=&#8220;default&#8220; gradient_direction=&#8220;left_to_right&#8220; overlay_strength=&#8220;0.3&#8243; width=&#8220;1\/1&#8243; tablet_width_inherit=&#8220;default&#8220; animation_type=&#8220;default&#8220; bg_image_animation=&#8220;none&#8220; border_type=&#8220;simple&#8220; column_border_width=&#8220;none&#8220; column_border_style=&#8220;solid&#8220; column_padding_type=&#8220;default&#8220; gradient_type=&#8220;default&#8220;][divider line_type=&#8220;No Line&#8220; custom_height=&#8220;50&#8243;][vc_column_text] Termin f\u00fcr \u00e4sthetische \u00e4sthetische Medizin anfragen&#8230;<\/p>\n","protected":false},"author":5,"featured_media":0,"parent":0,"menu_order":0,"comment_status":"closed","ping_status":"closed","template":"","meta":{"footnotes":""},"class_list":["post-14022","page","type-page","status-publish"],"yoast_head":"<!-- This site is optimized with the Yoast SEO plugin v27.1.1 - https:\/\/yoast.com\/product\/yoast-seo-wordpress\/ -->\n<title>Termin f\u00fcr \u00e4sthetische Medizin anfragen | Oftalmedic Salv\u00e0<\/title>\n<meta name=\"description\" content=\"Termin f\u00fcr \u00e4sthetische Medizin in Palma de Mallorca bei Oftalmedic Salv\u00e0 anfragen. F\u00fcllen Sie dieses Formular aus, um Ihren Termin zu buchen.\" \/>\n<meta name=\"robots\" content=\"index, follow, max-snippet:-1, max-image-preview:large, max-video-preview:-1\" \/>\n<link rel=\"canonical\" href=\"https:\/\/oftalmedic.es\/de\/termin-fuer-aesthetische-aesthetische-medizin-anfragen\/\" \/>\n<meta property=\"og:locale\" content=\"de_DE\" \/>\n<meta property=\"og:type\" content=\"article\" \/>\n<meta property=\"og:title\" content=\"Termin f\u00fcr \u00e4sthetische Medizin anfragen | Oftalmedic Salv\u00e0\" \/>\n<meta property=\"og:description\" content=\"Termin f\u00fcr \u00e4sthetische Medizin in Palma de Mallorca bei Oftalmedic Salv\u00e0 anfragen. F\u00fcllen Sie dieses Formular aus, um Ihren Termin zu buchen.\" \/>\n<meta property=\"og:url\" content=\"https:\/\/oftalmedic.es\/de\/termin-fuer-aesthetische-aesthetische-medizin-anfragen\/\" \/>\n<meta property=\"og:site_name\" content=\"Oftalmedic Salv\u00e1\" \/>\n<meta property=\"article:publisher\" content=\"https:\/\/www.facebook.com\/OftalmedicSalva\/\" \/>\n<meta property=\"article:modified_time\" content=\"2026-04-27T08:38:25+00:00\" \/>\n<meta name=\"twitter:card\" content=\"summary_large_image\" \/>\n<meta name=\"twitter:site\" content=\"@OftalmedicSalva\" \/>\n<meta name=\"twitter:label1\" content=\"Gesch\u00e4tzte Lesezeit\" \/>\n\t<meta name=\"twitter:data1\" content=\"4\u00a0Minuten\" \/>\n<script type=\"application\/ld+json\" class=\"yoast-schema-graph\">{\"@context\":\"https:\/\/schema.org\",\"@graph\":[{\"@type\":\"WebPage\",\"@id\":\"https:\/\/oftalmedic.es\/de\/termin-fuer-aesthetische-aesthetische-medizin-anfragen\/\",\"url\":\"https:\/\/oftalmedic.es\/de\/termin-fuer-aesthetische-aesthetische-medizin-anfragen\/\",\"name\":\"Termin f\u00fcr \u00e4sthetische Medizin anfragen | Oftalmedic Salv\u00e0\",\"isPartOf\":{\"@id\":\"https:\/\/oftalmedic.es\/de\/#website\"},\"datePublished\":\"2026-04-27T08:38:24+00:00\",\"dateModified\":\"2026-04-27T08:38:25+00:00\",\"description\":\"Termin f\u00fcr \u00e4sthetische Medizin in Palma de Mallorca bei Oftalmedic Salv\u00e0 anfragen. F\u00fcllen Sie dieses Formular aus, um Ihren Termin zu buchen.\",\"breadcrumb\":{\"@id\":\"https:\/\/oftalmedic.es\/de\/termin-fuer-aesthetische-aesthetische-medizin-anfragen\/#breadcrumb\"},\"inLanguage\":\"de\",\"potentialAction\":[{\"@type\":\"ReadAction\",\"target\":[\"https:\/\/oftalmedic.es\/de\/termin-fuer-aesthetische-aesthetische-medizin-anfragen\/\"]}]},{\"@type\":\"BreadcrumbList\",\"@id\":\"https:\/\/oftalmedic.es\/de\/termin-fuer-aesthetische-aesthetische-medizin-anfragen\/#breadcrumb\",\"itemListElement\":[{\"@type\":\"ListItem\",\"position\":1,\"name\":\"Portada\",\"item\":\"https:\/\/oftalmedic.es\/de\/\"},{\"@type\":\"ListItem\",\"position\":2,\"name\":\"Termin f\u00fcr \u00e4sthetische \u00e4sthetische Medizin anfragen\"}]},{\"@type\":\"WebSite\",\"@id\":\"https:\/\/oftalmedic.es\/de\/#website\",\"url\":\"https:\/\/oftalmedic.es\/de\/\",\"name\":\"Oftalmedic Salv\u00e1\",\"description\":\"Red de cl\u00ednicas oftalmol\u00f3gicas de referencia en Baleares. Pionera en tecnolog\u00eda l\u00e1ser para cirug\u00eda de cataratas y correcci\u00f3n de la miop\u00eda, hipermetrop\u00eda, astigmatismo y presbicia o vista cansada.\",\"publisher\":{\"@id\":\"https:\/\/oftalmedic.es\/de\/#organization\"},\"potentialAction\":[{\"@type\":\"SearchAction\",\"target\":{\"@type\":\"EntryPoint\",\"urlTemplate\":\"https:\/\/oftalmedic.es\/de\/?s={search_term_string}\"},\"query-input\":{\"@type\":\"PropertyValueSpecification\",\"valueRequired\":true,\"valueName\":\"search_term_string\"}}],\"inLanguage\":\"de\"},{\"@type\":\"Organization\",\"@id\":\"https:\/\/oftalmedic.es\/de\/#organization\",\"name\":\"[wpseo_titles]company_Nombre\",\"url\":\"https:\/\/oftalmedic.es\/de\/\",\"logo\":{\"@type\":\"ImageObject\",\"inLanguage\":\"de\",\"@id\":\"https:\/\/oftalmedic.es\/de\/#\/schema\/logo\/image\/\",\"url\":\"https:\/\/oftalmedic.es\/wp-content\/uploads\/2018\/06\/logo-oftalmedic.png\",\"contentUrl\":\"https:\/\/oftalmedic.es\/wp-content\/uploads\/2018\/06\/logo-oftalmedic.png\",\"width\":200,\"height\":58,\"caption\":\"[wpseo_titles]company_Nombre\"},\"image\":{\"@id\":\"https:\/\/oftalmedic.es\/de\/#\/schema\/logo\/image\/\"},\"sameAs\":[\"https:\/\/www.facebook.com\/OftalmedicSalva\/\",\"https:\/\/x.com\/OftalmedicSalva\",\"https:\/\/www.instagram.com\/oftalmedic_salva\",\"https:\/\/www.youtube.com\/channel\/UCWrAdUQk6ZmrfVUqBwX0cug\",\"https:\/\/www.linkedin.com\/company\/oftalmedic-clnica-salv\/\"]}]}<\/script>\n<!-- \/ Yoast SEO plugin. -->","yoast_head_json":{"title":"Termin f\u00fcr \u00e4sthetische Medizin anfragen | Oftalmedic Salv\u00e0","description":"Termin f\u00fcr \u00e4sthetische Medizin in Palma de Mallorca bei Oftalmedic Salv\u00e0 anfragen. F\u00fcllen Sie dieses Formular aus, um Ihren Termin zu buchen.","robots":{"index":"index","follow":"follow","max-snippet":"max-snippet:-1","max-image-preview":"max-image-preview:large","max-video-preview":"max-video-preview:-1"},"canonical":"https:\/\/oftalmedic.es\/de\/termin-fuer-aesthetische-aesthetische-medizin-anfragen\/","og_locale":"de_DE","og_type":"article","og_title":"Termin f\u00fcr \u00e4sthetische Medizin anfragen | Oftalmedic Salv\u00e0","og_description":"Termin f\u00fcr \u00e4sthetische Medizin in Palma de Mallorca bei Oftalmedic Salv\u00e0 anfragen. F\u00fcllen Sie dieses Formular aus, um Ihren Termin zu buchen.","og_url":"https:\/\/oftalmedic.es\/de\/termin-fuer-aesthetische-aesthetische-medizin-anfragen\/","og_site_name":"Oftalmedic Salv\u00e1","article_publisher":"https:\/\/www.facebook.com\/OftalmedicSalva\/","article_modified_time":"2026-04-27T08:38:25+00:00","twitter_card":"summary_large_image","twitter_site":"@OftalmedicSalva","twitter_misc":{"Gesch\u00e4tzte Lesezeit":"4\u00a0Minuten"},"schema":{"@context":"https:\/\/schema.org","@graph":[{"@type":"WebPage","@id":"https:\/\/oftalmedic.es\/de\/termin-fuer-aesthetische-aesthetische-medizin-anfragen\/","url":"https:\/\/oftalmedic.es\/de\/termin-fuer-aesthetische-aesthetische-medizin-anfragen\/","name":"Termin f\u00fcr \u00e4sthetische Medizin anfragen | Oftalmedic Salv\u00e0","isPartOf":{"@id":"https:\/\/oftalmedic.es\/de\/#website"},"datePublished":"2026-04-27T08:38:24+00:00","dateModified":"2026-04-27T08:38:25+00:00","description":"Termin f\u00fcr \u00e4sthetische Medizin in Palma de Mallorca bei Oftalmedic Salv\u00e0 anfragen. F\u00fcllen Sie dieses Formular aus, um Ihren Termin zu buchen.","breadcrumb":{"@id":"https:\/\/oftalmedic.es\/de\/termin-fuer-aesthetische-aesthetische-medizin-anfragen\/#breadcrumb"},"inLanguage":"de","potentialAction":[{"@type":"ReadAction","target":["https:\/\/oftalmedic.es\/de\/termin-fuer-aesthetische-aesthetische-medizin-anfragen\/"]}]},{"@type":"BreadcrumbList","@id":"https:\/\/oftalmedic.es\/de\/termin-fuer-aesthetische-aesthetische-medizin-anfragen\/#breadcrumb","itemListElement":[{"@type":"ListItem","position":1,"name":"Portada","item":"https:\/\/oftalmedic.es\/de\/"},{"@type":"ListItem","position":2,"name":"Termin f\u00fcr \u00e4sthetische \u00e4sthetische Medizin anfragen"}]},{"@type":"WebSite","@id":"https:\/\/oftalmedic.es\/de\/#website","url":"https:\/\/oftalmedic.es\/de\/","name":"Oftalmedic Salv\u00e1","description":"Red de cl\u00ednicas oftalmol\u00f3gicas de referencia en Baleares. Pionera en tecnolog\u00eda l\u00e1ser para cirug\u00eda de cataratas y correcci\u00f3n de la miop\u00eda, hipermetrop\u00eda, astigmatismo y presbicia o vista cansada.","publisher":{"@id":"https:\/\/oftalmedic.es\/de\/#organization"},"potentialAction":[{"@type":"SearchAction","target":{"@type":"EntryPoint","urlTemplate":"https:\/\/oftalmedic.es\/de\/?s={search_term_string}"},"query-input":{"@type":"PropertyValueSpecification","valueRequired":true,"valueName":"search_term_string"}}],"inLanguage":"de"},{"@type":"Organization","@id":"https:\/\/oftalmedic.es\/de\/#organization","name":"[wpseo_titles]company_Nombre","url":"https:\/\/oftalmedic.es\/de\/","logo":{"@type":"ImageObject","inLanguage":"de","@id":"https:\/\/oftalmedic.es\/de\/#\/schema\/logo\/image\/","url":"https:\/\/oftalmedic.es\/wp-content\/uploads\/2018\/06\/logo-oftalmedic.png","contentUrl":"https:\/\/oftalmedic.es\/wp-content\/uploads\/2018\/06\/logo-oftalmedic.png","width":200,"height":58,"caption":"[wpseo_titles]company_Nombre"},"image":{"@id":"https:\/\/oftalmedic.es\/de\/#\/schema\/logo\/image\/"},"sameAs":["https:\/\/www.facebook.com\/OftalmedicSalva\/","https:\/\/x.com\/OftalmedicSalva","https:\/\/www.instagram.com\/oftalmedic_salva","https:\/\/www.youtube.com\/channel\/UCWrAdUQk6ZmrfVUqBwX0cug","https:\/\/www.linkedin.com\/company\/oftalmedic-clnica-salv\/"]}]}},"_links":{"self":[{"href":"https:\/\/oftalmedic.es\/de\/wp-json\/wp\/v2\/pages\/14022","targetHints":{"allow":["GET"]}}],"collection":[{"href":"https:\/\/oftalmedic.es\/de\/wp-json\/wp\/v2\/pages"}],"about":[{"href":"https:\/\/oftalmedic.es\/de\/wp-json\/wp\/v2\/types\/page"}],"author":[{"embeddable":true,"href":"https:\/\/oftalmedic.es\/de\/wp-json\/wp\/v2\/users\/5"}],"replies":[{"embeddable":true,"href":"https:\/\/oftalmedic.es\/de\/wp-json\/wp\/v2\/comments?post=14022"}],"version-history":[{"count":2,"href":"https:\/\/oftalmedic.es\/de\/wp-json\/wp\/v2\/pages\/14022\/revisions"}],"predecessor-version":[{"id":14024,"href":"https:\/\/oftalmedic.es\/de\/wp-json\/wp\/v2\/pages\/14022\/revisions\/14024"}],"wp:attachment":[{"href":"https:\/\/oftalmedic.es\/de\/wp-json\/wp\/v2\/media?parent=14022"}],"curies":[{"name":"wp","href":"https:\/\/api.w.org\/{rel}","templated":true}]}}