{"id":11581,"date":"2025-07-07T07:34:32","date_gmt":"2025-07-07T07:34:32","guid":{"rendered":"https:\/\/oftalmedic.rwdesarrollos.es\/team\/dra-teresa-salva-palomeque\/"},"modified":"2025-11-07T10:35:28","modified_gmt":"2025-11-07T10:35:28","slug":"dra-teresa-salva-palomeque","status":"publish","type":"page","link":"https:\/\/oftalmedic.es\/en\/equipo\/dra-teresa-salva-palomeque\/","title":{"rendered":"Dra. Teresa Salv\u00e0 Palomeque"},"content":{"rendered":"[vc_row type=&#8221;in_container&#8221; full_screen_row_position=&#8221;middle&#8221; column_margin=&#8221;default&#8221; column_direction=&#8221;default&#8221; column_direction_tablet=&#8221;default&#8221; column_direction_phone=&#8221;default&#8221; scene_position=&#8221;center&#8221; bottom_padding=&#8221;30&#8243; text_color=&#8221;dark&#8221; text_align=&#8221;left&#8221; row_border_radius=&#8221;none&#8221; row_border_radius_applies=&#8221;bg&#8221; overflow=&#8221;visible&#8221; overlay_strength=&#8221;0.3&#8243; gradient_direction=&#8221;left_to_right&#8221; shape_divider_position=&#8221;bottom&#8221; bg_image_animation=&#8221;none&#8221; shape_type=&#8221;&#8221;][vc_column column_padding=&#8221;no-extra-padding&#8221; column_padding_tablet=&#8221;inherit&#8221; column_padding_phone=&#8221;inherit&#8221; column_padding_position=&#8221;all&#8221; column_element_direction_desktop=&#8221;default&#8221; column_element_spacing=&#8221;default&#8221; desktop_text_alignment=&#8221;default&#8221; tablet_text_alignment=&#8221;default&#8221; phone_text_alignment=&#8221;default&#8221; background_color_opacity=&#8221;1&#8243; background_hover_color_opacity=&#8221;1&#8243; column_backdrop_filter=&#8221;none&#8221; column_shadow=&#8221;none&#8221; column_border_radius=&#8221;none&#8221; column_link_target=&#8221;_self&#8221; column_position=&#8221;default&#8221; gradient_direction=&#8221;left_to_right&#8221; overlay_strength=&#8221;0.3&#8243; width=&#8221;2\/3&#8243; tablet_width_inherit=&#8221;default&#8221; animation_type=&#8221;default&#8221; bg_image_animation=&#8221;none&#8221; border_type=&#8221;simple&#8221; column_border_width=&#8221;none&#8221; column_border_style=&#8221;solid&#8221;][vc_row_inner column_margin=&#8221;default&#8221; column_direction=&#8221;default&#8221; column_direction_tablet=&#8221;default&#8221; column_direction_phone=&#8221;default&#8221; text_align=&#8221;left&#8221; row_position=&#8221;default&#8221; row_position_tablet=&#8221;inherit&#8221; row_position_phone=&#8221;inherit&#8221; overflow=&#8221;visible&#8221; pointer_events=&#8221;all&#8221;][vc_column_inner column_padding=&#8221;no-extra-padding&#8221; column_padding_tablet=&#8221;inherit&#8221; column_padding_phone=&#8221;inherit&#8221; column_padding_position=&#8221;all&#8221; column_element_direction_desktop=&#8221;default&#8221; column_element_spacing=&#8221;default&#8221; desktop_text_alignment=&#8221;default&#8221; tablet_text_alignment=&#8221;default&#8221; phone_text_alignment=&#8221;default&#8221; background_color_opacity=&#8221;1&#8243; background_hover_color_opacity=&#8221;1&#8243; column_backdrop_filter=&#8221;none&#8221; column_shadow=&#8221;none&#8221; column_border_radius=&#8221;none&#8221; column_link_target=&#8221;_self&#8221; overflow=&#8221;visible&#8221; gradient_direction=&#8221;left_to_right&#8221; overlay_strength=&#8221;0.3&#8243; width=&#8221;1\/3&#8243; tablet_width_inherit=&#8221;default&#8221; animation_type=&#8221;default&#8221; bg_image_animation=&#8221;none&#8221; border_type=&#8221;simple&#8221; column_border_width=&#8221;none&#8221; column_border_style=&#8221;solid&#8221;][image_with_animation image_url=&#8221;7930&#8243; image_size=&#8221;full&#8221; animation_type=&#8221;entrance&#8221; animation=&#8221;Fade In&#8221; animation_easing=&#8221;default&#8221; animation_movement_type=&#8221;transform_y&#8221; hover_animation=&#8221;none&#8221; alignment=&#8221;&#8221; border_radius=&#8221;none&#8221; box_shadow=&#8221;none&#8221; image_loading=&#8221;default&#8221; max_width=&#8221;100%&#8221; max_width_mobile=&#8221;default&#8221;][\/vc_column_inner][vc_column_inner column_padding=&#8221;no-extra-padding&#8221; column_padding_tablet=&#8221;inherit&#8221; column_padding_phone=&#8221;inherit&#8221; column_padding_position=&#8221;all&#8221; column_element_direction_desktop=&#8221;default&#8221; column_element_spacing=&#8221;default&#8221; desktop_text_alignment=&#8221;default&#8221; tablet_text_alignment=&#8221;default&#8221; phone_text_alignment=&#8221;default&#8221; background_color_opacity=&#8221;1&#8243; background_hover_color_opacity=&#8221;1&#8243; column_backdrop_filter=&#8221;none&#8221; column_shadow=&#8221;none&#8221; column_border_radius=&#8221;none&#8221; column_link_target=&#8221;_self&#8221; overflow=&#8221;visible&#8221; gradient_direction=&#8221;left_to_right&#8221; overlay_strength=&#8221;0.3&#8243; width=&#8221;2\/3&#8243; tablet_width_inherit=&#8221;default&#8221; animation_type=&#8221;default&#8221; bg_image_animation=&#8221;none&#8221; border_type=&#8221;simple&#8221; column_border_width=&#8221;none&#8221; column_border_style=&#8221;solid&#8221;][vc_column_text]\n<h1>Dra. Teresa Salv\u00e0 Palomeque <\/h1>\n<p>Membership number: 070710467[\/vc_column_text][divider line_type=&#8221;Small Line&#8221; line_alignment=&#8221;default&#8221; line_thickness=&#8221;4&#8243; divider_color=&#8221;default&#8221; animate=&#8221;yes&#8221; custom_height=&#8221;30&#8243;][vc_column_text]\n<h5>Education and Training<\/h5>\n<ul>\n<li>Graduated in Medicine from the University of Barcelona (UB), Hospital Clinic, 2016.<\/li>\n<li>Specialist in Ophthalmology via MIR by the Hospital Universitario Ram\u00f3n y Cajal (Madrid), 2021.<\/li>\n<li>External rotations in Retina and Vitreous Service, Hospital Universitario Son Ll\u00e0tzer, October 2020.<\/li>\n<li>The Basic Science Examination in Ophthalmology. Passed, 2018. <\/li>\n<li>The Optics and Refraction Examination in Ophthalmology. Passed, 2019. <\/li>\n<\/ul>\n<h5>Professional Experience<\/h5>\n<ul>\n<li>Resident Medical Intern in Ophthalmology at Hospital Universitario Ram\u00f3n y Cajal (Madrid), 2017-2021.<\/li>\n<li>Ophthalmologist at Oftalmedic Salv\u00e0 since 2021.<\/li>\n<\/ul>\n<h5>Scientific Activities<\/h5>\n<ul>\n<li>Salva-Palomeque T, Munoz-Ramon P, Alonso-Formento N, Albandea AR, Barrancos C, Sales-Sanz M. Congenital lacrimal sac diverticulum. J AAPOS. 2020 Aug;24(4):247-249.  <\/li>\n<li>De-Arriba-Palomero F, Salva-Palomeque T, de-Arriba-Palomero P, Arnalich-Montiel F. Eur J Ophthalmol. 2020 Sep 9;1120672120957581. doi: 10.1177\/1120672120957581. Online ahead of print.   <\/li>\n<li>Salva-Palomeque T, Ruiz-Casas D, Alonso-Formento N. Bilateral spontaneous suprachoroidal hemorrhage in a patient taking a low-molecular-weight heparin. Arch Soc Esp Oftalmol. 2021 Jan 27;S0365-6691(20)30493-7. doi: 10.1016\/j.oftal.2020.11.023. Online ahead of print.    <\/li>\n<li>Laura Diez-Alvarez, Teresa Salva-Palomeque, Laia Jaumandreu, Marta Gomez-Mariscal, Francisco J. Munoz-Negrete, Gema Rebolleda. Toxicidad ocular tras sobredosificaci\u00f3n accidental de cefuroxima intracameral en cirug\u00eda de catarata. Arch Soc Esp Oftalmol. Aceptado para publicaci\u00f3n en marzo 2021.   <\/li>\n<li>Non-penetrating deep sclerectomy in patients with ocular hypertension secondary to intravitreal injection of dexamethasone. Clara Auladell, Ma Teresa Salva, Ane Perez-Sarriegui, Laura Diez-Alvarez, Francisco J. Munoz-Negrete. Annual meeting of the Madrid Society of Ophthalmology. Panel communication. Madrid, December 2017.    <\/li>\n<li>Usefulness of wide-field retinal angiofluoresceinography in the screening of familial exudative vitreretinopathy. Maria Moreno Lopez, Teresa Salva Palomeque, Fernando de Arriba Palomero, Ana D\u0131 \u0301az Montealegre. Annual meeting of the Sociedad Madrile\u00f1a de Oftalmolog\u00eda. Panel communication. Madrid, December 2018.    <\/li>\n<li>Ocular rosacea: importance of a correct diagnosis and treatment. Teresa Salva Palomeque, Pablo de Arriba Palomero, Carlota Fuente Garcia. SECOIR (Spanish Society of Ocular Implant-Refractive Surgery). Panel communication. Santiago de Compostela, May 2019.    <\/li>\n<li>Perineuritis in the context of idiopathic orbital inflammation.<br \/>\nPanel presentation.  Ignacio Garc\u00eda, Teresa Salv\u00e0, Ana Albandea, Nieves Alonso. SECPOO (Spanish Society of Ocular and Orbital Plastic Surgery).  Barcelona, June 2019.<\/li>\n<li>Angio-OCT and age: variability in the study of two groups of healthy subjects. Teresa Salva Palomeque, Victor Aguado Casanova, Ana Diaz Montealegre, Beatriz Felix Espinar, Maria Moreno Lopez. Spanish Society of Ophthalmology. Panel communication. Madrid, September 2019.    <\/li>\n<li>Angiography-OCT in central retinal vein obstruction with naive macular edema: a preliminary study. Ana D\u00edaz Montealegre, Maria Teresa Salva Palomeque, Maria Moreno L\u00f3pez, Sara Ortiz Toquero. Annual meeting of the Madrid Society of Ophthalmology. Panel communication. Madrid, December 2019.    <\/li>\n<li>Ocular toxicity after high-dose intracameral cefuroxime injection. Teresa Salva, Laura Diez, Laia Jaumandreu, Francisco Munoz-Negrete. Annual meeting of the Madrid Society of Ophthalmology. Panel communication. Madrid, December 2019.    <\/li>\n<li>Inferior peripheral iridectomy as a treatment for acute ocular hypertension secondary to silicone oil migration to the anterior chamber. Teresa Salva, Laia Jaumandreu, Laura Diez, Ana Diaz, Beatriz Felix, Francisco Munoz-Negrete. Spanish Glaucoma Society. Panel communication. Online, April 2020.    <\/li>\n<li>Fibrin membrane obtained from plasma rich in growth factors (mPRGF\u00e2\/Endoret\u00e2) as a therapeutic option for the closure of small-sized defects in filtration bleb. Laia Jaumandreu, Francisco Munoz-Negrete, Laura Diez, Teresa Salva, Gema Rebolleda. Spanish Glaucoma Society. Panel communication. Online, April 2020.    <\/li>\n<li>Changes in the palpebral fissure after glaucoma filtering surgery. Teresa Salva, Pablo Munoz, Francisco Munoz-Negrete, Laura Diez, Laia Jaumandreu, Gema Rebolleda. Spanish Glaucoma Society. Oral communication. Online, April 2020.    <\/li>\n<li>Changes in Eyelid Position after Glaucoma Filtering Surgery. Teresa Salva, Pablo Munoz, Francisco Munoz-Negrete, Laura Diez, Laia Jaumandreu, Gema Rebolleda. European Glaucoma Society Congress. Panel communication. Online, December 2020.    <\/li>\n<li>Siepser type iridoplasty in phakic patient. Diego Ruiz Casas, Fernando de Arriba Palomero, Teresa Salva Palomeque. Annual meeting of the Madrid Society of Ophthalmology. Video symposium. Madrid, December 2018.    <\/li>\n<li>Course of basic surgical techniques. Ram\u00f3n y Cajal University Hospital, 2017. <\/li>\n<li>Monographic course of initiation to ophthalmology: Ram\u00f3n Castroviejo. Madrid, 2018. <\/li>\n<li>Live retinal surgery and angioOCT course. Hospital Universitario La Paz, 2018. <\/li>\n<li>VII Training Course in Oculoplastic Surgery. Ram\u00f3n y Cajal University Hospital, 2018. <\/li>\n<li>XI Biennial Refresher Course in Neuro-ophthalmology. Ram\u00f3n y Cajal University Hospital, 2019. <\/li>\n<li>Retinal Pearls. Video symposium of clinical cases, surgical maneuvers and intraoperative complications of small caliber, 2019. <\/li>\n<li>Drylab advanced surgical techniques for the anterior segment surgeon: Scleral fixated IOLs, iris trauma repair and Menaging. European Society of Cataract &amp; Refractive Surgeons (ESCRS) Congress, 2019. <\/li>\n<li>Retina and Vitreous Academy Online Course: Medical and Surgical Course. 2018.<\/li>\n<li>Course Ophthalmology up to date. Ram\u00f3n y Cajal University Hospital, 2018-2019-2020.  <\/li>\n<li>Refractive Mentoring Course at Instituto Alcon and Clinica Rementer\u00eda, Madrid, 2020.<\/li>\n<li>Online glaucoma course organized by the University Institute of Applied Ophthalmobiology (IOBA) of the University of Valladolid, 2020.<\/li>\n<li>Curso online International Conference on Harmonisation Good Clinical Practice E6, 2020.<\/li>\n<li>Online refresher course for MIR and POSTMIR: Fundamentals of cornea and phacoimplant refractive surgery on behalf of the Spanish Society of Refractive Implant Eye Surgery. January 2021. <\/li>\n<\/ul>\n<h5>Languages<\/h5>\n<p>Spanish, Catalan, English.[\/vc_column_text][nectar_btn size=&#8221;small&#8221; button_style=&#8221;regular&#8221; button_color_2=&#8221;Accent-Color&#8221; icon_family=&#8221;none&#8221; url=&#8221;\/equipo\/&#8221; text=&#8221;MEDICAL TEAM&#8221; margin_top=&#8221;30px&#8221;][\/vc_column_inner][\/vc_row_inner][\/vc_column][vc_column column_padding=&#8221;padding-2-percent&#8221; column_padding_tablet=&#8221;inherit&#8221; column_padding_phone=&#8221;inherit&#8221; column_padding_position=&#8221;left-right&#8221; column_element_direction_desktop=&#8221;default&#8221; column_element_spacing=&#8221;default&#8221; desktop_text_alignment=&#8221;default&#8221; tablet_text_alignment=&#8221;default&#8221; phone_text_alignment=&#8221;default&#8221; background_color_opacity=&#8221;1&#8243; background_hover_color_opacity=&#8221;1&#8243; column_backdrop_filter=&#8221;none&#8221; column_shadow=&#8221;none&#8221; column_border_radius=&#8221;none&#8221; column_link_target=&#8221;_self&#8221; column_position=&#8221;default&#8221; gradient_direction=&#8221;left_to_right&#8221; overlay_strength=&#8221;0.3&#8243; width=&#8221;1\/3&#8243; tablet_width_inherit=&#8221;default&#8221; animation_type=&#8221;default&#8221; bg_image_animation=&#8221;none&#8221; border_type=&#8221;simple&#8221; column_border_width=&#8221;none&#8221; column_border_style=&#8221;solid&#8221;][vc_column_text css=&#8221;.vc_custom_1762511059010{padding-top: 20px !important;padding-right: 20px !important;padding-bottom: 20px !important;padding-left: 20px !important;background-color: #f8f8f8 !important;}&#8221;]\n<h5><strong>Specialist in<\/strong><\/h5>\n<ul>\n<li class=\"m_3265373467215399838MsoListParagraph\"><a href=\"https:\/\/oftalmedic.es\/en\/unidad-de-retina\/\" target=\"_blank\" rel=\"noopener\">Retina and vitreous<\/a><\/li>\n<li><a href=\"https:\/\/oftalmedic.es\/en\/cataratas\/\" target=\"_blank\" rel=\"noopener\">Cataract treatment<\/a><\/li>\n<\/ul>\n[\/vc_column_text][divider line_type=&#8221;No Line&#8221;][\/vc_column][\/vc_row]\n","protected":false},"excerpt":{"rendered":"<p>[vc_row type=&#8221;in_container&#8221; full_screen_row_position=&#8221;middle&#8221; column_margin=&#8221;default&#8221; column_direction=&#8221;default&#8221; column_direction_tablet=&#8221;default&#8221; column_direction_phone=&#8221;default&#8221; scene_position=&#8221;center&#8221; bottom_padding=&#8221;30&#8243; text_color=&#8221;dark&#8221; text_align=&#8221;left&#8221; row_border_radius=&#8221;none&#8221; row_border_radius_applies=&#8221;bg&#8221; overflow=&#8221;visible&#8221; overlay_strength=&#8221;0.3&#8243; gradient_direction=&#8221;left_to_right&#8221; shape_divider_position=&#8221;bottom&#8221; bg_image_animation=&#8221;none&#8221; shape_type=&#8221;&#8221;][vc_column column_padding=&#8221;no-extra-padding&#8221; column_padding_tablet=&#8221;inherit&#8221; column_padding_phone=&#8221;inherit&#8221; column_padding_position=&#8221;all&#8221; column_element_direction_desktop=&#8221;default&#8221; column_element_spacing=&#8221;default&#8221; desktop_text_alignment=&#8221;default&#8221; tablet_text_alignment=&#8221;default&#8221; phone_text_alignment=&#8221;default&#8221; background_color_opacity=&#8221;1&#8243; background_hover_color_opacity=&#8221;1&#8243; column_backdrop_filter=&#8221;none&#8221; column_shadow=&#8221;none&#8221; column_border_radius=&#8221;none&#8221; column_link_target=&#8221;_self&#8221; column_position=&#8221;default&#8221; gradient_direction=&#8221;left_to_right&#8221; overlay_strength=&#8221;0.3&#8243; width=&#8221;2\/3&#8243; tablet_width_inherit=&#8221;default&#8221; animation_type=&#8221;default&#8221; bg_image_animation=&#8221;none&#8221; border_type=&#8221;simple&#8221; column_border_width=&#8221;none&#8221; column_border_style=&#8221;solid&#8221;][vc_row_inner column_margin=&#8221;default&#8221; column_direction=&#8221;default&#8221; column_direction_tablet=&#8221;default&#8221; column_direction_phone=&#8221;default&#8221; text_align=&#8221;left&#8221; row_position=&#8221;default&#8221; row_position_tablet=&#8221;inherit&#8221; row_position_phone=&#8221;inherit&#8221; overflow=&#8221;visible&#8221; pointer_events=&#8221;all&#8221;][vc_column_inner column_padding=&#8221;no-extra-padding&#8221; column_padding_tablet=&#8221;inherit&#8221; column_padding_phone=&#8221;inherit&#8221; column_padding_position=&#8221;all&#8221; column_element_direction_desktop=&#8221;default&#8221; column_element_spacing=&#8221;default&#8221;&#8230;<\/p>\n","protected":false},"author":5,"featured_media":0,"parent":12433,"menu_order":0,"comment_status":"closed","ping_status":"closed","template":"","meta":{"footnotes":""},"class_list":["post-11581","page","type-page","status-publish"],"yoast_head":"<!-- This site is optimized with the Yoast SEO plugin v27.1.1 - https:\/\/yoast.com\/product\/yoast-seo-wordpress\/ -->\n<title>Dr. Teresa Salv\u00e0 Palomeque | Glaucoma specialist | Oftalmedic Salv\u00e0<\/title>\n<meta name=\"description\" content=\"Dr Teresa Salv\u00e0 Palomeque. Specialist in glaucoma, medical retina and cataract treatment in Palma. Ophthalmologist at Oftalmedic Salv\u00e0.\" \/>\n<meta name=\"robots\" content=\"index, follow, max-snippet:-1, max-image-preview:large, max-video-preview:-1\" \/>\n<link rel=\"canonical\" href=\"https:\/\/oftalmedic.es\/en\/equipo\/dra-teresa-salva-palomeque\/\" \/>\n<meta property=\"og:locale\" content=\"en_US\" \/>\n<meta property=\"og:type\" content=\"article\" \/>\n<meta property=\"og:title\" content=\"Dr. Teresa Salv\u00e0 Palomeque | Glaucoma specialist | Oftalmedic Salv\u00e0\" \/>\n<meta property=\"og:description\" content=\"Dr Teresa Salv\u00e0 Palomeque. Specialist in glaucoma, medical retina and cataract treatment in Palma. Ophthalmologist at Oftalmedic Salv\u00e0.\" \/>\n<meta property=\"og:url\" content=\"https:\/\/oftalmedic.es\/en\/equipo\/dra-teresa-salva-palomeque\/\" \/>\n<meta property=\"og:site_name\" content=\"Oftalmedic Salv\u00e1\" \/>\n<meta property=\"article:publisher\" content=\"https:\/\/www.facebook.com\/OftalmedicSalva\/\" \/>\n<meta property=\"article:modified_time\" content=\"2025-11-07T10:35:28+00:00\" \/>\n<meta name=\"twitter:card\" content=\"summary_large_image\" \/>\n<meta name=\"twitter:site\" content=\"@OftalmedicSalva\" \/>\n<meta name=\"twitter:label1\" content=\"Est. reading time\" \/>\n\t<meta name=\"twitter:data1\" content=\"7 minutes\" \/>\n<script type=\"application\/ld+json\" class=\"yoast-schema-graph\">{\"@context\":\"https:\/\/schema.org\",\"@graph\":[{\"@type\":\"WebPage\",\"@id\":\"https:\/\/oftalmedic.es\/en\/equipo\/dra-teresa-salva-palomeque\/\",\"url\":\"https:\/\/oftalmedic.es\/en\/equipo\/dra-teresa-salva-palomeque\/\",\"name\":\"Dr. Teresa Salv\u00e0 Palomeque | Glaucoma specialist | Oftalmedic Salv\u00e0\",\"isPartOf\":{\"@id\":\"https:\/\/oftalmedic.es\/en\/#website\"},\"datePublished\":\"2025-07-07T07:34:32+00:00\",\"dateModified\":\"2025-11-07T10:35:28+00:00\",\"description\":\"Dr Teresa Salv\u00e0 Palomeque. Specialist in glaucoma, medical retina and cataract treatment in Palma. Ophthalmologist at Oftalmedic Salv\u00e0.\",\"breadcrumb\":{\"@id\":\"https:\/\/oftalmedic.es\/en\/equipo\/dra-teresa-salva-palomeque\/#breadcrumb\"},\"inLanguage\":\"en-US\",\"potentialAction\":[{\"@type\":\"ReadAction\",\"target\":[\"https:\/\/oftalmedic.es\/en\/equipo\/dra-teresa-salva-palomeque\/\"]}]},{\"@type\":\"BreadcrumbList\",\"@id\":\"https:\/\/oftalmedic.es\/en\/equipo\/dra-teresa-salva-palomeque\/#breadcrumb\",\"itemListElement\":[{\"@type\":\"ListItem\",\"position\":1,\"name\":\"Portada\",\"item\":\"https:\/\/oftalmedic.es\/en\/\"},{\"@type\":\"ListItem\",\"position\":2,\"name\":\"Equipo\",\"item\":\"https:\/\/oftalmedic.es\/en\/equipo\/\"},{\"@type\":\"ListItem\",\"position\":3,\"name\":\"Dra. Teresa Salv\u00e0 Palomeque\"}]},{\"@type\":\"WebSite\",\"@id\":\"https:\/\/oftalmedic.es\/en\/#website\",\"url\":\"https:\/\/oftalmedic.es\/en\/\",\"name\":\"Oftalmedic Salv\u00e1\",\"description\":\"Red de cl\u00ednicas oftalmol\u00f3gicas de referencia en Baleares. Pionera en tecnolog\u00eda l\u00e1ser para cirug\u00eda de cataratas y correcci\u00f3n de la miop\u00eda, hipermetrop\u00eda, astigmatismo y presbicia o vista cansada.\",\"publisher\":{\"@id\":\"https:\/\/oftalmedic.es\/en\/#organization\"},\"potentialAction\":[{\"@type\":\"SearchAction\",\"target\":{\"@type\":\"EntryPoint\",\"urlTemplate\":\"https:\/\/oftalmedic.es\/en\/?s={search_term_string}\"},\"query-input\":{\"@type\":\"PropertyValueSpecification\",\"valueRequired\":true,\"valueName\":\"search_term_string\"}}],\"inLanguage\":\"en-US\"},{\"@type\":\"Organization\",\"@id\":\"https:\/\/oftalmedic.es\/en\/#organization\",\"name\":\"[wpseo_titles]company_Nombre\",\"url\":\"https:\/\/oftalmedic.es\/en\/\",\"logo\":{\"@type\":\"ImageObject\",\"inLanguage\":\"en-US\",\"@id\":\"https:\/\/oftalmedic.es\/en\/#\/schema\/logo\/image\/\",\"url\":\"https:\/\/oftalmedic.es\/wp-content\/uploads\/2018\/06\/logo-oftalmedic.png\",\"contentUrl\":\"https:\/\/oftalmedic.es\/wp-content\/uploads\/2018\/06\/logo-oftalmedic.png\",\"width\":200,\"height\":58,\"caption\":\"[wpseo_titles]company_Nombre\"},\"image\":{\"@id\":\"https:\/\/oftalmedic.es\/en\/#\/schema\/logo\/image\/\"},\"sameAs\":[\"https:\/\/www.facebook.com\/OftalmedicSalva\/\",\"https:\/\/x.com\/OftalmedicSalva\",\"https:\/\/www.instagram.com\/oftalmedic_salva\",\"https:\/\/www.youtube.com\/channel\/UCWrAdUQk6ZmrfVUqBwX0cug\",\"https:\/\/www.linkedin.com\/company\/oftalmedic-clnica-salv\/\"]}]}<\/script>\n<!-- \/ Yoast SEO plugin. -->","yoast_head_json":{"title":"Dr. Teresa Salv\u00e0 Palomeque | Glaucoma specialist | Oftalmedic Salv\u00e0","description":"Dr Teresa Salv\u00e0 Palomeque. Specialist in glaucoma, medical retina and cataract treatment in Palma. Ophthalmologist at Oftalmedic Salv\u00e0.","robots":{"index":"index","follow":"follow","max-snippet":"max-snippet:-1","max-image-preview":"max-image-preview:large","max-video-preview":"max-video-preview:-1"},"canonical":"https:\/\/oftalmedic.es\/en\/equipo\/dra-teresa-salva-palomeque\/","og_locale":"en_US","og_type":"article","og_title":"Dr. Teresa Salv\u00e0 Palomeque | Glaucoma specialist | Oftalmedic Salv\u00e0","og_description":"Dr Teresa Salv\u00e0 Palomeque. Specialist in glaucoma, medical retina and cataract treatment in Palma. Ophthalmologist at Oftalmedic Salv\u00e0.","og_url":"https:\/\/oftalmedic.es\/en\/equipo\/dra-teresa-salva-palomeque\/","og_site_name":"Oftalmedic Salv\u00e1","article_publisher":"https:\/\/www.facebook.com\/OftalmedicSalva\/","article_modified_time":"2025-11-07T10:35:28+00:00","twitter_card":"summary_large_image","twitter_site":"@OftalmedicSalva","twitter_misc":{"Est. reading time":"7 minutes"},"schema":{"@context":"https:\/\/schema.org","@graph":[{"@type":"WebPage","@id":"https:\/\/oftalmedic.es\/en\/equipo\/dra-teresa-salva-palomeque\/","url":"https:\/\/oftalmedic.es\/en\/equipo\/dra-teresa-salva-palomeque\/","name":"Dr. Teresa Salv\u00e0 Palomeque | Glaucoma specialist | Oftalmedic Salv\u00e0","isPartOf":{"@id":"https:\/\/oftalmedic.es\/en\/#website"},"datePublished":"2025-07-07T07:34:32+00:00","dateModified":"2025-11-07T10:35:28+00:00","description":"Dr Teresa Salv\u00e0 Palomeque. Specialist in glaucoma, medical retina and cataract treatment in Palma. Ophthalmologist at Oftalmedic Salv\u00e0.","breadcrumb":{"@id":"https:\/\/oftalmedic.es\/en\/equipo\/dra-teresa-salva-palomeque\/#breadcrumb"},"inLanguage":"en-US","potentialAction":[{"@type":"ReadAction","target":["https:\/\/oftalmedic.es\/en\/equipo\/dra-teresa-salva-palomeque\/"]}]},{"@type":"BreadcrumbList","@id":"https:\/\/oftalmedic.es\/en\/equipo\/dra-teresa-salva-palomeque\/#breadcrumb","itemListElement":[{"@type":"ListItem","position":1,"name":"Portada","item":"https:\/\/oftalmedic.es\/en\/"},{"@type":"ListItem","position":2,"name":"Equipo","item":"https:\/\/oftalmedic.es\/en\/equipo\/"},{"@type":"ListItem","position":3,"name":"Dra. Teresa Salv\u00e0 Palomeque"}]},{"@type":"WebSite","@id":"https:\/\/oftalmedic.es\/en\/#website","url":"https:\/\/oftalmedic.es\/en\/","name":"Oftalmedic Salv\u00e1","description":"Red de cl\u00ednicas oftalmol\u00f3gicas de referencia en Baleares. Pionera en tecnolog\u00eda l\u00e1ser para cirug\u00eda de cataratas y correcci\u00f3n de la miop\u00eda, hipermetrop\u00eda, astigmatismo y presbicia o vista cansada.","publisher":{"@id":"https:\/\/oftalmedic.es\/en\/#organization"},"potentialAction":[{"@type":"SearchAction","target":{"@type":"EntryPoint","urlTemplate":"https:\/\/oftalmedic.es\/en\/?s={search_term_string}"},"query-input":{"@type":"PropertyValueSpecification","valueRequired":true,"valueName":"search_term_string"}}],"inLanguage":"en-US"},{"@type":"Organization","@id":"https:\/\/oftalmedic.es\/en\/#organization","name":"[wpseo_titles]company_Nombre","url":"https:\/\/oftalmedic.es\/en\/","logo":{"@type":"ImageObject","inLanguage":"en-US","@id":"https:\/\/oftalmedic.es\/en\/#\/schema\/logo\/image\/","url":"https:\/\/oftalmedic.es\/wp-content\/uploads\/2018\/06\/logo-oftalmedic.png","contentUrl":"https:\/\/oftalmedic.es\/wp-content\/uploads\/2018\/06\/logo-oftalmedic.png","width":200,"height":58,"caption":"[wpseo_titles]company_Nombre"},"image":{"@id":"https:\/\/oftalmedic.es\/en\/#\/schema\/logo\/image\/"},"sameAs":["https:\/\/www.facebook.com\/OftalmedicSalva\/","https:\/\/x.com\/OftalmedicSalva","https:\/\/www.instagram.com\/oftalmedic_salva","https:\/\/www.youtube.com\/channel\/UCWrAdUQk6ZmrfVUqBwX0cug","https:\/\/www.linkedin.com\/company\/oftalmedic-clnica-salv\/"]}]}},"_links":{"self":[{"href":"https:\/\/oftalmedic.es\/en\/wp-json\/wp\/v2\/pages\/11581","targetHints":{"allow":["GET"]}}],"collection":[{"href":"https:\/\/oftalmedic.es\/en\/wp-json\/wp\/v2\/pages"}],"about":[{"href":"https:\/\/oftalmedic.es\/en\/wp-json\/wp\/v2\/types\/page"}],"author":[{"embeddable":true,"href":"https:\/\/oftalmedic.es\/en\/wp-json\/wp\/v2\/users\/5"}],"replies":[{"embeddable":true,"href":"https:\/\/oftalmedic.es\/en\/wp-json\/wp\/v2\/comments?post=11581"}],"version-history":[{"count":0,"href":"https:\/\/oftalmedic.es\/en\/wp-json\/wp\/v2\/pages\/11581\/revisions"}],"up":[{"embeddable":true,"href":"https:\/\/oftalmedic.es\/en\/wp-json\/wp\/v2\/pages\/12433"}],"wp:attachment":[{"href":"https:\/\/oftalmedic.es\/en\/wp-json\/wp\/v2\/media?parent=11581"}],"curies":[{"name":"wp","href":"https:\/\/api.w.org\/{rel}","templated":true}]}}