{"id":11589,"date":"2025-07-07T07:49:39","date_gmt":"2025-07-07T07:49:39","guid":{"rendered":"https:\/\/oftalmedic.rwdesarrollos.es\/team\/dra-olivia-rodriguez-quet\/"},"modified":"2025-07-07T07:49:40","modified_gmt":"2025-07-07T07:49:40","slug":"dra-olivia-rodriguez-quet","status":"publish","type":"page","link":"https:\/\/oftalmedic.es\/en\/equipo\/dra-olivia-rodriguez-quet\/","title":{"rendered":"Dra. Olivia Rodr\u00edguez Quet"},"content":{"rendered":"[vc_row type=&#8221;in_container&#8221; full_screen_row_position=&#8221;middle&#8221; column_margin=&#8221;default&#8221; column_direction=&#8221;default&#8221; column_direction_tablet=&#8221;default&#8221; column_direction_phone=&#8221;default&#8221; scene_position=&#8221;center&#8221; bottom_padding=&#8221;30&#8243; text_color=&#8221;dark&#8221; text_align=&#8221;left&#8221; row_border_radius=&#8221;none&#8221; row_border_radius_applies=&#8221;bg&#8221; overflow=&#8221;visible&#8221; overlay_strength=&#8221;0.3&#8243; gradient_direction=&#8221;left_to_right&#8221; shape_divider_position=&#8221;bottom&#8221; bg_image_animation=&#8221;none&#8221; shape_type=&#8221;&#8221;][vc_column column_padding=&#8221;no-extra-padding&#8221; column_padding_tablet=&#8221;inherit&#8221; column_padding_phone=&#8221;inherit&#8221; column_padding_position=&#8221;all&#8221; column_element_direction_desktop=&#8221;default&#8221; column_element_spacing=&#8221;default&#8221; desktop_text_alignment=&#8221;default&#8221; tablet_text_alignment=&#8221;default&#8221; phone_text_alignment=&#8221;default&#8221; background_color_opacity=&#8221;1&#8243; background_hover_color_opacity=&#8221;1&#8243; column_backdrop_filter=&#8221;none&#8221; column_shadow=&#8221;none&#8221; column_border_radius=&#8221;none&#8221; column_link_target=&#8221;_self&#8221; column_position=&#8221;default&#8221; gradient_direction=&#8221;left_to_right&#8221; overlay_strength=&#8221;0.3&#8243; width=&#8221;2\/3&#8243; tablet_width_inherit=&#8221;default&#8221; animation_type=&#8221;default&#8221; bg_image_animation=&#8221;none&#8221; border_type=&#8221;simple&#8221; column_border_width=&#8221;none&#8221; column_border_style=&#8221;solid&#8221;][vc_row_inner column_margin=&#8221;default&#8221; column_direction=&#8221;default&#8221; column_direction_tablet=&#8221;default&#8221; column_direction_phone=&#8221;default&#8221; text_align=&#8221;left&#8221; row_position=&#8221;default&#8221; row_position_tablet=&#8221;inherit&#8221; row_position_phone=&#8221;inherit&#8221; overflow=&#8221;visible&#8221; pointer_events=&#8221;all&#8221;][vc_column_inner column_padding=&#8221;no-extra-padding&#8221; column_padding_tablet=&#8221;inherit&#8221; column_padding_phone=&#8221;inherit&#8221; column_padding_position=&#8221;all&#8221; column_element_direction_desktop=&#8221;default&#8221; column_element_spacing=&#8221;default&#8221; desktop_text_alignment=&#8221;default&#8221; tablet_text_alignment=&#8221;default&#8221; phone_text_alignment=&#8221;default&#8221; background_color_opacity=&#8221;1&#8243; background_hover_color_opacity=&#8221;1&#8243; column_backdrop_filter=&#8221;none&#8221; column_shadow=&#8221;none&#8221; column_border_radius=&#8221;none&#8221; column_link_target=&#8221;_self&#8221; overflow=&#8221;visible&#8221; gradient_direction=&#8221;left_to_right&#8221; overlay_strength=&#8221;0.3&#8243; width=&#8221;1\/3&#8243; tablet_width_inherit=&#8221;default&#8221; animation_type=&#8221;default&#8221; bg_image_animation=&#8221;none&#8221; border_type=&#8221;simple&#8221; column_border_width=&#8221;none&#8221; column_border_style=&#8221;solid&#8221;][image_with_animation image_url=&#8221;8386&#8243; image_size=&#8221;full&#8221; animation_type=&#8221;entrance&#8221; animation=&#8221;Fade In&#8221; animation_easing=&#8221;default&#8221; animation_movement_type=&#8221;transform_y&#8221; hover_animation=&#8221;none&#8221; alignment=&#8221;&#8221; border_radius=&#8221;none&#8221; box_shadow=&#8221;none&#8221; image_loading=&#8221;default&#8221; max_width=&#8221;100%&#8221; max_width_mobile=&#8221;default&#8221;][\/vc_column_inner][vc_column_inner column_padding=&#8221;no-extra-padding&#8221; column_padding_tablet=&#8221;inherit&#8221; column_padding_phone=&#8221;inherit&#8221; column_padding_position=&#8221;all&#8221; column_element_direction_desktop=&#8221;default&#8221; column_element_spacing=&#8221;default&#8221; desktop_text_alignment=&#8221;default&#8221; tablet_text_alignment=&#8221;default&#8221; phone_text_alignment=&#8221;default&#8221; background_color_opacity=&#8221;1&#8243; background_hover_color_opacity=&#8221;1&#8243; column_backdrop_filter=&#8221;none&#8221; column_shadow=&#8221;none&#8221; column_border_radius=&#8221;none&#8221; column_link_target=&#8221;_self&#8221; overflow=&#8221;visible&#8221; gradient_direction=&#8221;left_to_right&#8221; overlay_strength=&#8221;0.3&#8243; width=&#8221;2\/3&#8243; tablet_width_inherit=&#8221;default&#8221; animation_type=&#8221;default&#8221; bg_image_animation=&#8221;none&#8221; border_type=&#8221;simple&#8221; column_border_width=&#8221;none&#8221; column_border_style=&#8221;solid&#8221;][vc_column_text]\n<h1>Dra. Olivia Rodr\u00edguez Quet <\/h1>\n<p>Number of collegiate: 072876817[\/vc_column_text][divider line_type=&#8221;Small Line&#8221; line_alignment=&#8221;default&#8221; line_thickness=&#8221;4&#8243; divider_color=&#8221;default&#8221; animate=&#8221;yes&#8221; custom_height=&#8221;30&#8243;][vc_column_text]\n<h5>Qualifications and training<\/h5>\n<ul>\n<li>Graduated in Medicine from the University of Salamanca, 2017.<\/li>\n<li>Medical Specialist in Ophthalmology via MIR by the Hospital Cl\u00ednico San Carlos (Madrid), 2022.<\/li>\n<li>Training stay in the Cornea and Lens Surgery Unit at the Instituto Oftalmol\u00f3gico Fern\u00e1ndez-Vega.<\/li>\n<li>Training stay in the Pediatric Ophthalmology Department of the Hospital Universitario Ni\u00f1o Jes\u00fas.<\/li>\n<li>D. student in Vision Sciences at the Complutense University of Madrid.<\/li>\n<li>Fellow of the European Board of Ophthalmology (FEBO).<\/li>\n<li>Master in Clinical Ophthalmology by the CEU Cardenal Herrera University.<\/li>\n<li>University Expert in Ophthalmologic Surgery by the CEU Cardenal Herrera University.<\/li>\n<\/ul>\n<h5>Career Path<\/h5>\n<ul>\n<li>Resident Medical Intern in Ophthalmology at Hospital Cl\u00ednico San Carlos de Madrid, 2018-2022.<\/li>\n<li>Development of care activity in the Department of Ophthalmology of the Hospital Cl\u00ednico San Carlos, 2018-2022.<\/li>\n<li>Ophthalmologist at Oftalmedic Salv\u00e0 since 2022.<\/li>\n<\/ul>\n<h5>Scientificactivities<\/h5>\n<ul>\n<li>Speaker at Mallorca Facorefractiva Congress 2023. October 2023. <\/li>\n<li>Rodr\u00edguez-Quet O, S\u00e1nchez-Nav\u00e9s J. Oral communication: &#8220;Analysis of the changes induced on asphericity and corneal aberrometry in myopic patients after presbyLASIK&#8221;. 99th Congress of the Spanish Society of Ophthalmology. Seville, September 2023.  <\/li>\n<li>Fern\u00e1ndez-Vigo JI, G\u00f3mez de Lia\u00f1o CN, Rodr\u00edguez-Quet O, Burgos-Blasco B, Montol\u00edo-Marzo E, de-Pablo-G\u00f3mez-de-Lia\u00f1o L, Gonz\u00e1lez-Martin-Moro J, Garc\u00eda-Feij\u00f3o J. Clinical update in nanophthalmos: Features, diseases and complications associated. Arch Soc Esp Oftalmol (Engl Ed). 2023 Oct 7:S2173-5794(23)  <\/li>\n<li>Jim\u00e9nez-Santos M, S\u00e1enz-Franc\u00e9s F, Rodr\u00edguez-Quet O, Cerv\u00e1n-Lopez I, Santos-Bueso E, Martinez-de-la-Casa JM, Ja\u00f1ez-Escalada L. Dependence of corneal hysteresis on non-central corneal thickness in healthy subjects. J Fr Ophtalmol. 2023 Oct;46(8):866-872.  <\/li>\n<li>Fern\u00e1ndez-Vigo JI, Rodr\u00edguez-Quet O, Montol\u00edo-Marzo E, Burgos-Blasco B, Kudsieh B, Gonz\u00e1lez-Martin-Moro J, Garc\u00eda-Feij\u00f3o J. Anterior Scleral Thickness and Other Dimensions in Nanophthalmos by Swept-Source Optical Coherence Tomography: A Comparative Study. J Clin Med. 2023 Aug 26;12(17):5564.  <\/li>\n<li>Participation in SEO 2022 Requested Communication. &#8220;Update on the diagnosis and treatment of pachychoroid diseases&#8221;. <\/li>\n<li>G\u00fcemes-Villahoz N, Rodr\u00edguez-Quet O, D\u00edaz-Valle D. Acute Exaggerated Meibomitis as Initial Manifestation of Sweet Syndrome. Ophthalmology. 2020 Aug;127(8):1036. Doi:10.1016\/j.ophtha.2020.04.040.   <\/li>\n<li>S\u00e1nchez-Quir\u00f3s J, Rodr\u00edguez-Quet O, Rego-Lorca D, Carrasco-Lopez-Brea M, Santos-Bueso E. Bilateral solar maculopathy in a patient with bipolar disorder. Arch Soc Esp Oftalmol (Engl Ed). 2020 Dec 25:S0365-6691(20)30434-2. doi: 10.1016\/j.oftal.2020.10.013.   <\/li>\n<li>Epithelial inclusion cyst secondary to glaucoma surgery. Presentation of two cases (panel communication). Rodr\u00edguez-Quet O, Benito-Pascual B, M\u00e9ndez-Hern\u00e1ndez CD, Garc\u00eda-Feij\u00f3o J. XVI Congress of the Spanish Glaucoma Society, Palma de Mallorca, 2022.  <\/li>\n<li>How do large glaucoma studies affect our daily clinical practice? Ocular Hypertension (OHTS) (oral communication). Rodr\u00edguez-Quet O, Garc\u00eda-S\u00e1enz S. XVI Congress of the Spanish Glaucoma Society, Palma de Mallorca, 2022.  <\/li>\n<li>Importance of the tear film in anterior segment surgery (panel discussion). Rodr\u00edguez-Quet O. 6\u00baCurso de Actualizaci\u00f3n para MIR &amp; POSTMIR (SECOIR), Toledo, 2022. <\/li>\n<li>Evaluation of Corneal Biomechanical and Topographic Parameters in Alopecia Areata Patients: Novel Findings in a Controlled-Study (comunicaci\u00f3n en panel). Burgos-Blasco B, Burgos-Blasco P, Arriola-Villalobos P, Rodr\u00edguez-Quet O, Fern\u00e1ndez-Vigo JI, Saceda-Corralo D, Va\u00f1o-Galvan S, Garc\u00eda-Feij\u00f3o J. CONGRESO: 2022 ASCRS ASOA Annual Meeting, Washington (EEUU), 2022. <\/li>\n<li>Epithelial inclusion cyst secondary to glaucoma surgery (oral communication). Rodr\u00edguez-Quet O, Benito-Pascual B, M\u00e9ndez-Hern\u00e1ndez C, Garc\u00eda-Feij\u00f3o, J. Seminar of the Department of Ophthalmology Prof. Garc\u00eda S\u00e1nchez, Aula Instituto Castroviejo, 2021. <\/li>\n<li>Ophthalmologic and orbital alterations in Crouzon Syndrome (oral communication). Rodr\u00edguez-Quet O, Rivera-Zori M, Guti\u00e9rrez-Partida B, Puertas-Bordallo D. XXVIII Congress of the Spanish Society of Strabology and Pediatric Ophthalmology (SEEOP) Virtual, Madrid, 2021. <\/li>\n<li>Oculomotor paresis in the context of the first wave of COVID-19 disease in Spain (oral communication). Rodr\u00edguez-Quet O, Pascual-Prieto J, Hern\u00e1ndez-Garc\u00eda E, G\u00f3mez-de-Lia\u00f1o-S\u00e1nchez R. XXVIII Congress of the Spanish Society of Strabology and Pediatric Ophthalmology (SEEOP) Virtual, Madrid, 2021. <\/li>\n<li>Simulator developed with 3D printing for strabismus surgery (oral communication). Garc\u00eda-Caride S, Rodr\u00edguez-Quet O, Hern\u00e1ndez-Garc\u00eda E, G\u00f3mez-de-Lia\u00f1o-S\u00e1nchez R. XXVIII Virtual Congress of the Spanish Society of Strabology and Pediatric Ophthalmology (SEEOP), Madrid, 2021. <\/li>\n<li>Extraocular cranial nerve paresis occurring during the first wave of COVID-19 infections in Spain (editor\u2019s comment). G\u00f3mez-de-Lia\u00f1o S\u00e1nchez R, Rodr\u00edguez-Quet O, Pascual-Prieto J, Hern\u00e1ndez-Garc\u00eda E. International Strabismological Association Website, 2021. <\/li>\n<li>Ophthalmologic examination of the anterior pole in patients with alopecia areata: possible association with keratoconus (panel communication). Burgos-Blasco P, Burgos-Blasco B, Rodr\u00edguez-Quet O, Saceda-Corralo D, Va\u00f1o-Galv\u00e1n S, Fern\u00e1ndez-Vigo JI, Garc\u00eda-Feij\u00f3o J, Arriola-Villalobos P. XXII National Meeting of the Spanish Trichology Group of the AEDV, Barcelona, 2021. First Runner-up Award for the Best Trichology Poster.  <\/li>\n<li>Epithelial inclusion cyst secondary to glaucoma surgery. Presentation of two cases (panel communication). Rodr\u00edguez-Quet O, Benito-Pascual B, M\u00e9ndez-Hern\u00e1ndez CD, Garc\u00eda-Feij\u00f3o J. 2021 Annual Meeting of the Madrid Ophthalmological Society , Madrid, 2021.  <\/li>\n<li>Alterations in corneal biomechanics and topography in patients with alopecia areata (panel communication). Burgos-Blasco B, Burgos-Blasco P, Rodr\u00edguez-Quet O, Saceda-C\u00f3rralo D, Arriola-Villalobos P. 2021 Annual Meeting of the Madrid Ophthalmological Society, Madrid, 2021. <\/li>\n<li>Auto-FALK: rotational eccentric anterior lamellar lamellar autokeratoplasty with Femtosecond laser (video symposium). Geg\u00fandez-Fern\u00e1ndez JA, Ari\u00f1o-Guti\u00e9rrez M, D\u00edaz-Valle D, Rodr\u00edguez-Quet O. 2021 Annual Meeting of the Madrid Ophthalmological Society, Madrid, 2021. <\/li>\n<li>Association between central and peripheral corneal thickness and glaucomatous visual field damage (panel communication). AUTHORS: S\u00e1nchez-Quir\u00f3s J, Jim\u00e9nez-Santos M, Rodr\u00edguez-Quet O, Santos-Bueso E, S\u00e1enz-Franc\u00e9s F. 2021 Annual Meeting of the Madrid Ophthalmological Society, Madrid, 2021. <\/li>\n<li>Acute exaggerated meibomitis as the first clinical manifestation of Sweet&#8217; s syndrome (panel communication). G\u00fcemes-Villahoz N, Rodr\u00edguez-Quet O. 96th Congress\/ I Virtual of the Spanish Society of Ophthalmology, Madrid, 2020. <\/li>\n<li>Accommodation and presbyopia. Rodr\u00edguez-Quet O. Lecture given at the XXIII National Course on Initiation to Refraction for Ophthalmology Residents. Provincial Institute of Ophthalmology of Madrid, 2020.  <\/li>\n<li>Boston keratoprosthesis in a patient with an intraocular lens incarcerated between two overlapping corneal lenticules (panel communication). D\u00edaz-Valle D, Rodr\u00edguez-Quet O. 96th Congress\/ I Virtual Congress of the Spanish Society of Ophthalmology, Madrid, 2020. <\/li>\n<li>Acute vision loss secondary to pituitary macroadenoma (panel communication). Carrasco-L\u00f3pez-Brea M, Rodr\u00edguez-Quet O, S\u00e1nchez-Quir\u00f3s J, Gin\u00e9s-Gallego C. Ophthalmology Department Seminar. Prof. Garc\u00eda S\u00e1nchez. Year XLII, Castroviejo Institute Lecture Hall, 2020.  <\/li>\n<li>Optical coherence tomography angiography retinal vascular network and optic nerve head colorimetry assessment in glaucoma patients (panel presentation). M\u00e9ndez-Hern\u00e1ndez C, Wang S, Gonz\u00e1lez-Hern\u00e1ndez M, Fern\u00e1ndez-Fern\u00e1ndez R, Rodr\u00edguez-Quet O, Gonz\u00e1lez-de-la-Rosa M. 14th European Glaucoma Society Congress (online), 2020. <\/li>\n<li>Straatsma syndrome. Presentation of two cases (panel discussion). Rodr\u00edguez-Quet O, Rouco-Fern\u00e1ndez A, Burgos-Blasco B, Santos-Bueso E, S\u00e1enz-Franc\u00e9s-San-Baldomero F. 95th Congress of the Spanish Society of Ophthalmology, Madrid, 2019.  <\/li>\n<li>Horner syndrome. Case series (panel communication). Rouco-Fern\u00e1ndez A; Rodr\u00edguez-Quet O; Gin\u00e9s-Gallego C; Narv\u00e1ez-Palaz\u00f3n C; P\u00e9rez-\u00c1lvarez MJ. 95th Congress of the Spanish Society of Ophthalmology, Madrid, 2019.   <\/li>\n<li>Solar maculopathy in a patient with bipolar disorder (panel communication). S\u00e1nchez-Quir\u00f3s J, Rodr\u00edguez-Quet O, Rego-Lorca D, Carrasco-Lopez-Brea M, Santos-Bueso E. 95th Congress of the Spanish Society of Ophthalmology, Madrid, 2019. <\/li>\n<li>Straatsma syndrome. Presentation of three cases (panel discussion). Rodr\u00edguez-Quet O, Rouco-Fern\u00e1ndez A, Burgos-Blasco B, Santos-Bueso E, S\u00e1enz-Franc\u00e9s-San-Baldomero F. Annual Meeting of the Madrid Ophthalmological Society, Madrid, 2018.  <\/li>\n<li>Horner syndrome. Case series (panel communication). Rouco-Fern\u00e1ndez A; Rodr\u00edguez-Quet O; Gin\u00e9s-Gallego C; Narv\u00e1ez-Palaz\u00f3n C; P\u00e9rez-\u00c1lvarez MJ. Annual Meeting of the Madrid Ophthalmological Society, Madrid, 2018.   <\/li>\n<li>Update Course on Multimodal Imaging in Retinal Pathology (Bayer), 2021.<\/li>\n<li>Complex Cataract Surgery Course as part of the FV-Johnson &amp; Johnson Vision Classroom program, Madrid, 2021.<\/li>\n<li>Course on Safe Use of Medicines, Subdirectorate General for Pharmacy and Health Products. Madrid Health Service, 2021. <\/li>\n<li>PROA. Alcon Ophthalmology Resident Program, 2021. <\/li>\n<li>IV Refresher Course for MIR and POSTMIR: Fundamentals of Cornea and Phaco-Implant-Refractive Surgery. Spanish Society of Cornea and Implant-Refractive Eye Surgery. Toledo Conference Center &#8220;El Greco,&#8221; 2020.  <\/li>\n<li>Ophthalmic Ultrasound Webinar. Adult Retinal Surgery and Intraocular Tumors Unit. University of Santiago de Compostela, 2020.  <\/li>\n<li>23rd National Introductory Course on Refraction for Ophthalmology Residents. Provincial Institute of Ophthalmology of Madrid, 2020. <\/li>\n<li>Glaucoma Course. University Institute of Applied Ophthalmobiology (IOBA) at the University of Valladolid, 2020. <\/li>\n<li>32nd Monographic Course on Introduction to Ophthalmology. Ram\u00f3n Castroviejo Research Institute, Madrid, 2019. <\/li>\n<li>Alcon Wetlab. Cataract surgery and corneal sutures, Madrid, 2019. <\/li>\n<li>IV Practical Course on Updates in Imaging Techniques in Ophthalmology. Alcorc\u00f3n University Hospital Foundation, 2019. <\/li>\n<li>Retina for Residents, Madrid, 2019.<\/li>\n<li>14th Symposium on Geriatric Ophthalmology &#8220;Neurodegenerative diseases: the eye and the brain, a symbiotic relationship.&#8221; Ram\u00f3n Castroviejo Institute for Ophthalmological Research, Madrid, 2019. <\/li>\n<li>Radiation Protection Training Course. Basic Level. San Carlos University Hospital, 2018.  <\/li>\n<li>Introduction to Emergency Medicine Course, Madrid, 2018.<\/li>\n<li>Immediate Life Support Course for Residents. San Carlos University Hospital, 2018. <\/li>\n<li>21st National Introductory Course on Refraction for Ophthalmology Residents. Provincial Institute of Ophthalmology of Madrid, 2018. <\/li>\n<li>Course on anterior segment and ocular surface surgery for resident physicians. Le\u00f3n University Healthcare Complex, 2018. <\/li>\n<li>Alcon Wetlab. Introductory Course on Phacoemulsification, Madrid, 2018. <\/li>\n<li>Continuous attendance at clinical sessions at the Ophthalmology Department of Hospital Cl\u00ednico San Carlos.<\/li>\n<li>6th Refresher Course for MIR &amp; POSTMIR (SECOIR), Toledo (2022).<\/li>\n<li>Participation in the Study of Visual Quality and Biometric and Refractive Changes after Posterior Capsulotomy with ND:YAG Laser. Together with Dr. Arriola-Villalobos, Dr. Carrasco-L\u00f3pez-Brea. <\/li>\n<li>Participation in the retrospective controlled study Intrastromal corneal rings and keratoconus progression. Together with Dr. Benito-Pascual, Dr. Arriola-Villalobos, Dr. Termine, Dr. Vidal-Villegas, Dr. Cui\u00f1a-Sardi\u00f1a, and Dr. D\u00edaz-Valle.    <\/li>\n<li>Participation in the anatomical study of eyes with nanophthalmos. Together with Dr. Fern\u00e1ndez-Vigo, Dr. Burgos-Blasco, Dr. Ly-Yang, and Dr. Garc\u00eda-Feij\u00f3o.  <\/li>\n<li>Participation in the study of ocular alterations in alopecia areata. Together with Dr. Burgos-Blasco, Dr. Arriola-Villalobos, and Dr. Saceda-Corralo.  <\/li>\n<\/ul>\n<h5>Other information of interest<\/h5>\n<ul>\n<li>Member of the Spanish Society of Ophthalmology (SEO).<\/li>\n<li>Member of the Madrid Ophthalmology Society.<\/li>\n<li>Miembro de la European Society of Cataract and Refractive Surgeons (ESCRS).<\/li>\n<li>Member of the Spanish Society of Implant Refractive Eye Surgery (SECOIR).<\/li>\n<\/ul>\n<h5>Languages<\/h5>\n<p>Spanish, French, English.[\/vc_column_text][nectar_btn size=&#8221;small&#8221; button_style=&#8221;regular&#8221; button_color_2=&#8221;Accent-Color&#8221; icon_family=&#8221;none&#8221; url=&#8221;\/equipo\/&#8221; text=&#8221;MEDICAL TEAM&#8221; margin_top=&#8221;30px&#8221;][\/vc_column_inner][\/vc_row_inner][\/vc_column][vc_column column_padding=&#8221;padding-2-percent&#8221; column_padding_tablet=&#8221;inherit&#8221; column_padding_phone=&#8221;inherit&#8221; column_padding_position=&#8221;left-right&#8221; column_element_direction_desktop=&#8221;default&#8221; column_element_spacing=&#8221;default&#8221; desktop_text_alignment=&#8221;default&#8221; tablet_text_alignment=&#8221;default&#8221; phone_text_alignment=&#8221;default&#8221; background_color_opacity=&#8221;1&#8243; background_hover_color_opacity=&#8221;1&#8243; column_backdrop_filter=&#8221;none&#8221; column_shadow=&#8221;none&#8221; column_border_radius=&#8221;none&#8221; column_link_target=&#8221;_self&#8221; column_position=&#8221;default&#8221; gradient_direction=&#8221;left_to_right&#8221; overlay_strength=&#8221;0.3&#8243; width=&#8221;1\/3&#8243; tablet_width_inherit=&#8221;default&#8221; animation_type=&#8221;default&#8221; bg_image_animation=&#8221;none&#8221; border_type=&#8221;simple&#8221; column_border_width=&#8221;none&#8221; column_border_style=&#8221;solid&#8221;][vc_column_text css=&#8221;.vc_custom_1656414102158{padding-top: 20px !important;padding-right: 20px !important;padding-bottom: 20px !important;padding-left: 20px !important;background-color: #f8f8f8 !important;}&#8221;]\n<h5><strong>Specialist in <\/strong><\/h5>\n<ul>\n<li class=\"m_3265373467215399838MsoListParagraph\"><a href=\"https:\/\/oftalmedic.es\/en\/cirugia-refractiva\/\" target=\"_blank\" rel=\"noopener\">Refractive surgery<\/a><\/li>\n<li><a href=\"https:\/\/oftalmedic.es\/en\/ocular-surface\/\" target=\"_blank\" rel=\"noopener\">Cornea<\/a><\/li>\n<li><a href=\"https:\/\/oftalmedic.es\/en\/ocular-surface\/\" target=\"_blank\" rel=\"noopener\">Ocular Surface<\/a><\/li>\n<li><a href=\"https:\/\/oftalmedic.es\/en\/cataratas\/\" target=\"_blank\" rel=\"noopener\">Cataract treatment<\/a><\/li>\n<li><a href=\"https:\/\/oftalmedic.es\/en\/oftalmologia-general\/\" target=\"_blank\" rel=\"noopener\">General Ophthalmology<\/a><\/li>\n<\/ul>\n[\/vc_column_text][divider line_type=&#8221;No Line&#8221;][\/vc_column][\/vc_row]\n","protected":false},"excerpt":{"rendered":"<p>[vc_row type=&#8221;in_container&#8221; full_screen_row_position=&#8221;middle&#8221; column_margin=&#8221;default&#8221; column_direction=&#8221;default&#8221; column_direction_tablet=&#8221;default&#8221; column_direction_phone=&#8221;default&#8221; scene_position=&#8221;center&#8221; bottom_padding=&#8221;30&#8243; text_color=&#8221;dark&#8221; text_align=&#8221;left&#8221; row_border_radius=&#8221;none&#8221; row_border_radius_applies=&#8221;bg&#8221; overflow=&#8221;visible&#8221; overlay_strength=&#8221;0.3&#8243; gradient_direction=&#8221;left_to_right&#8221; shape_divider_position=&#8221;bottom&#8221; bg_image_animation=&#8221;none&#8221; shape_type=&#8221;&#8221;][vc_column column_padding=&#8221;no-extra-padding&#8221; column_padding_tablet=&#8221;inherit&#8221; column_padding_phone=&#8221;inherit&#8221; column_padding_position=&#8221;all&#8221; column_element_direction_desktop=&#8221;default&#8221; column_element_spacing=&#8221;default&#8221; desktop_text_alignment=&#8221;default&#8221; tablet_text_alignment=&#8221;default&#8221; phone_text_alignment=&#8221;default&#8221; background_color_opacity=&#8221;1&#8243; background_hover_color_opacity=&#8221;1&#8243; column_backdrop_filter=&#8221;none&#8221; column_shadow=&#8221;none&#8221; column_border_radius=&#8221;none&#8221; column_link_target=&#8221;_self&#8221; column_position=&#8221;default&#8221; gradient_direction=&#8221;left_to_right&#8221; overlay_strength=&#8221;0.3&#8243; width=&#8221;2\/3&#8243; tablet_width_inherit=&#8221;default&#8221; animation_type=&#8221;default&#8221; bg_image_animation=&#8221;none&#8221; border_type=&#8221;simple&#8221; column_border_width=&#8221;none&#8221; column_border_style=&#8221;solid&#8221;][vc_row_inner column_margin=&#8221;default&#8221; column_direction=&#8221;default&#8221; column_direction_tablet=&#8221;default&#8221; column_direction_phone=&#8221;default&#8221; text_align=&#8221;left&#8221; row_position=&#8221;default&#8221; row_position_tablet=&#8221;inherit&#8221; row_position_phone=&#8221;inherit&#8221; overflow=&#8221;visible&#8221; pointer_events=&#8221;all&#8221;][vc_column_inner column_padding=&#8221;no-extra-padding&#8221; column_padding_tablet=&#8221;inherit&#8221; column_padding_phone=&#8221;inherit&#8221; column_padding_position=&#8221;all&#8221; column_element_direction_desktop=&#8221;default&#8221; column_element_spacing=&#8221;default&#8221;&#8230;<\/p>\n","protected":false},"author":5,"featured_media":0,"parent":12433,"menu_order":0,"comment_status":"closed","ping_status":"closed","template":"","meta":{"footnotes":""},"class_list":["post-11589","page","type-page","status-publish"],"yoast_head":"<!-- This site is optimized with the Yoast SEO plugin v27.1.1 - https:\/\/yoast.com\/product\/yoast-seo-wordpress\/ -->\n<title>Dr. Olivia Rodr\u00edguez Quet : Refractive Surgery : Oftalmedic Salv\u00e0<\/title>\n<meta name=\"description\" content=\"Dr. Olivia Rodr\u00edguez Quet. Specialist in refractive surgery, cornea and cataract treatment in Palma. Ophthalmologist at Oftalmedic Salv\u00e0.\" \/>\n<meta name=\"robots\" content=\"index, follow, max-snippet:-1, max-image-preview:large, max-video-preview:-1\" \/>\n<link rel=\"canonical\" href=\"https:\/\/oftalmedic.es\/en\/equipo\/dra-olivia-rodriguez-quet\/\" \/>\n<meta property=\"og:locale\" content=\"en_US\" \/>\n<meta property=\"og:type\" content=\"article\" \/>\n<meta property=\"og:title\" content=\"Dr. Olivia Rodr\u00edguez Quet : Refractive Surgery : Oftalmedic Salv\u00e0\" \/>\n<meta property=\"og:description\" content=\"Dr. Olivia Rodr\u00edguez Quet. Specialist in refractive surgery, cornea and cataract treatment in Palma. Ophthalmologist at Oftalmedic Salv\u00e0.\" \/>\n<meta property=\"og:url\" content=\"https:\/\/oftalmedic.es\/en\/equipo\/dra-olivia-rodriguez-quet\/\" \/>\n<meta property=\"og:site_name\" content=\"Oftalmedic Salv\u00e1\" \/>\n<meta property=\"article:publisher\" content=\"https:\/\/www.facebook.com\/OftalmedicSalva\/\" \/>\n<meta property=\"article:modified_time\" content=\"2025-07-07T07:49:40+00:00\" \/>\n<meta name=\"twitter:card\" content=\"summary_large_image\" \/>\n<meta name=\"twitter:site\" content=\"@OftalmedicSalva\" \/>\n<meta name=\"twitter:label1\" content=\"Est. reading time\" \/>\n\t<meta name=\"twitter:data1\" content=\"11 minutes\" \/>\n<script type=\"application\/ld+json\" class=\"yoast-schema-graph\">{\"@context\":\"https:\/\/schema.org\",\"@graph\":[{\"@type\":\"WebPage\",\"@id\":\"https:\/\/oftalmedic.es\/en\/equipo\/dra-olivia-rodriguez-quet\/\",\"url\":\"https:\/\/oftalmedic.es\/en\/equipo\/dra-olivia-rodriguez-quet\/\",\"name\":\"Dr. Olivia Rodr\u00edguez Quet : Refractive Surgery : Oftalmedic Salv\u00e0\",\"isPartOf\":{\"@id\":\"https:\/\/oftalmedic.es\/en\/#website\"},\"datePublished\":\"2025-07-07T07:49:39+00:00\",\"dateModified\":\"2025-07-07T07:49:40+00:00\",\"description\":\"Dr. Olivia Rodr\u00edguez Quet. Specialist in refractive surgery, cornea and cataract treatment in Palma. Ophthalmologist at Oftalmedic Salv\u00e0.\",\"breadcrumb\":{\"@id\":\"https:\/\/oftalmedic.es\/en\/equipo\/dra-olivia-rodriguez-quet\/#breadcrumb\"},\"inLanguage\":\"en-US\",\"potentialAction\":[{\"@type\":\"ReadAction\",\"target\":[\"https:\/\/oftalmedic.es\/en\/equipo\/dra-olivia-rodriguez-quet\/\"]}]},{\"@type\":\"BreadcrumbList\",\"@id\":\"https:\/\/oftalmedic.es\/en\/equipo\/dra-olivia-rodriguez-quet\/#breadcrumb\",\"itemListElement\":[{\"@type\":\"ListItem\",\"position\":1,\"name\":\"Portada\",\"item\":\"https:\/\/oftalmedic.es\/en\/\"},{\"@type\":\"ListItem\",\"position\":2,\"name\":\"Dra. Olivia Rodr\u00edguez Quet\"}]},{\"@type\":\"WebSite\",\"@id\":\"https:\/\/oftalmedic.es\/en\/#website\",\"url\":\"https:\/\/oftalmedic.es\/en\/\",\"name\":\"Oftalmedic Salv\u00e1\",\"description\":\"Red de cl\u00ednicas oftalmol\u00f3gicas de referencia en Baleares. Pionera en tecnolog\u00eda l\u00e1ser para cirug\u00eda de cataratas y correcci\u00f3n de la miop\u00eda, hipermetrop\u00eda, astigmatismo y presbicia o vista cansada.\",\"publisher\":{\"@id\":\"https:\/\/oftalmedic.es\/en\/#organization\"},\"potentialAction\":[{\"@type\":\"SearchAction\",\"target\":{\"@type\":\"EntryPoint\",\"urlTemplate\":\"https:\/\/oftalmedic.es\/en\/?s={search_term_string}\"},\"query-input\":{\"@type\":\"PropertyValueSpecification\",\"valueRequired\":true,\"valueName\":\"search_term_string\"}}],\"inLanguage\":\"en-US\"},{\"@type\":\"Organization\",\"@id\":\"https:\/\/oftalmedic.es\/en\/#organization\",\"name\":\"[wpseo_titles]company_Nombre\",\"url\":\"https:\/\/oftalmedic.es\/en\/\",\"logo\":{\"@type\":\"ImageObject\",\"inLanguage\":\"en-US\",\"@id\":\"https:\/\/oftalmedic.es\/en\/#\/schema\/logo\/image\/\",\"url\":\"https:\/\/oftalmedic.es\/wp-content\/uploads\/2018\/06\/logo-oftalmedic.png\",\"contentUrl\":\"https:\/\/oftalmedic.es\/wp-content\/uploads\/2018\/06\/logo-oftalmedic.png\",\"width\":200,\"height\":58,\"caption\":\"[wpseo_titles]company_Nombre\"},\"image\":{\"@id\":\"https:\/\/oftalmedic.es\/en\/#\/schema\/logo\/image\/\"},\"sameAs\":[\"https:\/\/www.facebook.com\/OftalmedicSalva\/\",\"https:\/\/x.com\/OftalmedicSalva\",\"https:\/\/www.instagram.com\/oftalmedic_salva\",\"https:\/\/www.youtube.com\/channel\/UCWrAdUQk6ZmrfVUqBwX0cug\",\"https:\/\/www.linkedin.com\/company\/oftalmedic-clnica-salv\/\"]}]}<\/script>\n<!-- \/ Yoast SEO plugin. -->","yoast_head_json":{"title":"Dr. Olivia Rodr\u00edguez Quet : Refractive Surgery : Oftalmedic Salv\u00e0","description":"Dr. Olivia Rodr\u00edguez Quet. Specialist in refractive surgery, cornea and cataract treatment in Palma. Ophthalmologist at Oftalmedic Salv\u00e0.","robots":{"index":"index","follow":"follow","max-snippet":"max-snippet:-1","max-image-preview":"max-image-preview:large","max-video-preview":"max-video-preview:-1"},"canonical":"https:\/\/oftalmedic.es\/en\/equipo\/dra-olivia-rodriguez-quet\/","og_locale":"en_US","og_type":"article","og_title":"Dr. Olivia Rodr\u00edguez Quet : Refractive Surgery : Oftalmedic Salv\u00e0","og_description":"Dr. Olivia Rodr\u00edguez Quet. Specialist in refractive surgery, cornea and cataract treatment in Palma. Ophthalmologist at Oftalmedic Salv\u00e0.","og_url":"https:\/\/oftalmedic.es\/en\/equipo\/dra-olivia-rodriguez-quet\/","og_site_name":"Oftalmedic Salv\u00e1","article_publisher":"https:\/\/www.facebook.com\/OftalmedicSalva\/","article_modified_time":"2025-07-07T07:49:40+00:00","twitter_card":"summary_large_image","twitter_site":"@OftalmedicSalva","twitter_misc":{"Est. reading time":"11 minutes"},"schema":{"@context":"https:\/\/schema.org","@graph":[{"@type":"WebPage","@id":"https:\/\/oftalmedic.es\/en\/equipo\/dra-olivia-rodriguez-quet\/","url":"https:\/\/oftalmedic.es\/en\/equipo\/dra-olivia-rodriguez-quet\/","name":"Dr. Olivia Rodr\u00edguez Quet : Refractive Surgery : Oftalmedic Salv\u00e0","isPartOf":{"@id":"https:\/\/oftalmedic.es\/en\/#website"},"datePublished":"2025-07-07T07:49:39+00:00","dateModified":"2025-07-07T07:49:40+00:00","description":"Dr. Olivia Rodr\u00edguez Quet. Specialist in refractive surgery, cornea and cataract treatment in Palma. Ophthalmologist at Oftalmedic Salv\u00e0.","breadcrumb":{"@id":"https:\/\/oftalmedic.es\/en\/equipo\/dra-olivia-rodriguez-quet\/#breadcrumb"},"inLanguage":"en-US","potentialAction":[{"@type":"ReadAction","target":["https:\/\/oftalmedic.es\/en\/equipo\/dra-olivia-rodriguez-quet\/"]}]},{"@type":"BreadcrumbList","@id":"https:\/\/oftalmedic.es\/en\/equipo\/dra-olivia-rodriguez-quet\/#breadcrumb","itemListElement":[{"@type":"ListItem","position":1,"name":"Portada","item":"https:\/\/oftalmedic.es\/en\/"},{"@type":"ListItem","position":2,"name":"Dra. Olivia Rodr\u00edguez Quet"}]},{"@type":"WebSite","@id":"https:\/\/oftalmedic.es\/en\/#website","url":"https:\/\/oftalmedic.es\/en\/","name":"Oftalmedic Salv\u00e1","description":"Red de cl\u00ednicas oftalmol\u00f3gicas de referencia en Baleares. Pionera en tecnolog\u00eda l\u00e1ser para cirug\u00eda de cataratas y correcci\u00f3n de la miop\u00eda, hipermetrop\u00eda, astigmatismo y presbicia o vista cansada.","publisher":{"@id":"https:\/\/oftalmedic.es\/en\/#organization"},"potentialAction":[{"@type":"SearchAction","target":{"@type":"EntryPoint","urlTemplate":"https:\/\/oftalmedic.es\/en\/?s={search_term_string}"},"query-input":{"@type":"PropertyValueSpecification","valueRequired":true,"valueName":"search_term_string"}}],"inLanguage":"en-US"},{"@type":"Organization","@id":"https:\/\/oftalmedic.es\/en\/#organization","name":"[wpseo_titles]company_Nombre","url":"https:\/\/oftalmedic.es\/en\/","logo":{"@type":"ImageObject","inLanguage":"en-US","@id":"https:\/\/oftalmedic.es\/en\/#\/schema\/logo\/image\/","url":"https:\/\/oftalmedic.es\/wp-content\/uploads\/2018\/06\/logo-oftalmedic.png","contentUrl":"https:\/\/oftalmedic.es\/wp-content\/uploads\/2018\/06\/logo-oftalmedic.png","width":200,"height":58,"caption":"[wpseo_titles]company_Nombre"},"image":{"@id":"https:\/\/oftalmedic.es\/en\/#\/schema\/logo\/image\/"},"sameAs":["https:\/\/www.facebook.com\/OftalmedicSalva\/","https:\/\/x.com\/OftalmedicSalva","https:\/\/www.instagram.com\/oftalmedic_salva","https:\/\/www.youtube.com\/channel\/UCWrAdUQk6ZmrfVUqBwX0cug","https:\/\/www.linkedin.com\/company\/oftalmedic-clnica-salv\/"]}]}},"_links":{"self":[{"href":"https:\/\/oftalmedic.es\/en\/wp-json\/wp\/v2\/pages\/11589","targetHints":{"allow":["GET"]}}],"collection":[{"href":"https:\/\/oftalmedic.es\/en\/wp-json\/wp\/v2\/pages"}],"about":[{"href":"https:\/\/oftalmedic.es\/en\/wp-json\/wp\/v2\/types\/page"}],"author":[{"embeddable":true,"href":"https:\/\/oftalmedic.es\/en\/wp-json\/wp\/v2\/users\/5"}],"replies":[{"embeddable":true,"href":"https:\/\/oftalmedic.es\/en\/wp-json\/wp\/v2\/comments?post=11589"}],"version-history":[{"count":0,"href":"https:\/\/oftalmedic.es\/en\/wp-json\/wp\/v2\/pages\/11589\/revisions"}],"up":[{"embeddable":true,"href":"https:\/\/oftalmedic.es\/en\/wp-json\/wp\/v2\/pages\/12433"}],"wp:attachment":[{"href":"https:\/\/oftalmedic.es\/en\/wp-json\/wp\/v2\/media?parent=11589"}],"curies":[{"name":"wp","href":"https:\/\/api.w.org\/{rel}","templated":true}]}}